{"id":4494,"date":"2023-04-05T08:58:38","date_gmt":"2023-04-05T08:58:38","guid":{"rendered":"http:\/\/www.ferrolcultura.gal\/?post_type=event&#038;p=4494"},"modified":"2023-07-14T08:15:34","modified_gmt":"2023-07-14T08:15:34","slug":"mauro-trastoy-e-pablo-barreiro-mais-outra-vez-mais","status":"publish","type":"event","link":"https:\/\/www.ferrolcultura.gal\/index.php\/event\/mauro-trastoy-e-pablo-barreiro-mais-outra-vez-mais\/","title":{"rendered":"Exposici\u00f3n &#8220;Mauro Trastoy e Pablo Barreiro: Mais outra vez m\u00e1is&#8221;"},"content":{"rendered":"\n<p>Do 12 de maio ao 13 de agosto na Sala \u00c1lvarez de Sotomayor<\/p>\n\n\n\n<p>O corpo de obras que formar\u00e1n parte do proxecto M\u00c1IS UNHA VEZ M\u00c1IS te\u00f1en coma punto de partida o movemento modernista da arquitectura ferrol\u00e1. As singulares soluci\u00f3ns que caracterizan os elementos decorativos das fachadas de principios de s\u00e9culo XX.<\/p>\n\n\n\n<p>No traballo de Mauro Trastoy e Pablo Barreiro entrecr\u00fazanse certos exercicios e xestos com\u00fans; maneiras de pensar e actuar con relaci\u00f3n aos materiais. A busca dun pensamento circular e ensemismado que reflexa un traballo de repetici\u00f3ns, series e m\u00f3dulos. Atar, colar, encher, copiar. E Repetir.<\/p>\n\n\n\n<p>Abarcando m\u00faltiples soluci\u00f3ns nos que a pegada da manualidade reflexa unha busca polo err\u00e1tico dentro dunha ontolox\u00eda preciosista.<\/p>\n\n\n\n<p>O erro ocupando o tempo entre a excepci\u00f3n e a regra.<\/p>\n\n\n\n<h4 class=\"wp-block-heading\">Programaci\u00f3n Expositiva Torrente Ballester<\/h4>\n\n\n\n<p>Martes e s\u00e1bado de 11.00 a 14.00 e de 17.00 a 21.horas<\/p>\n\n\n\n<p>Domingos e festivos de 11.00 a 14.00 horas. Luns pechado<\/p>\n\n\n\n<figure class=\"wp-block-gallery has-nested-images columns-default is-cropped wp-block-gallery-1 is-layout-flex wp-block-gallery-is-layout-flex\">\n<figure class=\"wp-block-image size-large\"><img loading=\"lazy\" decoding=\"async\" width=\"1024\" height=\"768\" data-id=\"4975\" src=\"http:\/\/www.ferrolcultura.gal\/wp-content\/uploads\/2023\/07\/IMG_1217-1024x768.jpg\" alt=\"\" class=\"wp-image-4975\" srcset=\"https:\/\/www.ferrolcultura.gal\/wp-content\/uploads\/2023\/07\/IMG_1217-1024x768.jpg 1024w, https:\/\/www.ferrolcultura.gal\/wp-content\/uploads\/2023\/07\/IMG_1217-300x225.jpg 300w, https:\/\/www.ferrolcultura.gal\/wp-content\/uploads\/2023\/07\/IMG_1217-768x576.jpg 768w, https:\/\/www.ferrolcultura.gal\/wp-content\/uploads\/2023\/07\/IMG_1217-600x450.jpg 600w, https:\/\/www.ferrolcultura.gal\/wp-content\/uploads\/2023\/07\/IMG_1217.jpg 1200w\" sizes=\"auto, (max-width: 1024px) 100vw, 1024px\" \/><\/figure>\n\n\n\n<figure class=\"wp-block-image size-large\"><img loading=\"lazy\" decoding=\"async\" width=\"768\" height=\"1024\" data-id=\"4977\" src=\"http:\/\/www.ferrolcultura.gal\/wp-content\/uploads\/2023\/07\/IMG_1219-768x1024.jpg\" alt=\"\" class=\"wp-image-4977\" srcset=\"https:\/\/www.ferrolcultura.gal\/wp-content\/uploads\/2023\/07\/IMG_1219-768x1024.jpg 768w, https:\/\/www.ferrolcultura.gal\/wp-content\/uploads\/2023\/07\/IMG_1219-225x300.jpg 225w, https:\/\/www.ferrolcultura.gal\/wp-content\/uploads\/2023\/07\/IMG_1219-600x800.jpg 600w, https:\/\/www.ferrolcultura.gal\/wp-content\/uploads\/2023\/07\/IMG_1219.jpg 800w\" sizes=\"auto, (max-width: 768px) 100vw, 768px\" \/><\/figure>\n\n\n\n<figure class=\"wp-block-image size-large\"><img loading=\"lazy\" decoding=\"async\" width=\"1024\" height=\"768\" data-id=\"4979\" src=\"http:\/\/www.ferrolcultura.gal\/wp-content\/uploads\/2023\/07\/IMG_1220-1024x768.jpg\" alt=\"\" class=\"wp-image-4979\" srcset=\"https:\/\/www.ferrolcultura.gal\/wp-content\/uploads\/2023\/07\/IMG_1220-1024x768.jpg 1024w, https:\/\/www.ferrolcultura.gal\/wp-content\/uploads\/2023\/07\/IMG_1220-300x225.jpg 300w, https:\/\/www.ferrolcultura.gal\/wp-content\/uploads\/2023\/07\/IMG_1220-768x576.jpg 768w, https:\/\/www.ferrolcultura.gal\/wp-content\/uploads\/2023\/07\/IMG_1220-600x450.jpg 600w, https:\/\/www.ferrolcultura.gal\/wp-content\/uploads\/2023\/07\/IMG_1220.jpg 1200w\" sizes=\"auto, (max-width: 1024px) 100vw, 1024px\" \/><\/figure>\n<\/figure>\n","protected":false},"excerpt":{"rendered":"<p>Do 12 de maio ao 13 de agosto na Sala \u00c1lvarez de Sotomayor O corpo de obras que formar\u00e1n parte do proxecto M\u00c1IS UNHA VEZ M\u00c1IS te\u00f1en coma punto de partida o movemento modernista da arquitectura ferrol\u00e1. As singulares soluci\u00f3ns&#8230;<\/p>\n","protected":false},"author":7,"featured_media":0,"comment_status":"closed","ping_status":"closed","template":"","meta":{"_monsterinsights_skip_tracking":false,"_monsterinsights_sitenote_active":false,"_monsterinsights_sitenote_note":"","_monsterinsights_sitenote_category":0,"footnotes":""},"eventcat":[88],"organizer":[83],"event_tags":[],"location":[85],"class_list":["post-4494","event","type-event","status-publish","hentry","eventcat-exposicions","organizer-torrente-ballester","location-torrente-ballester"],"yoast_head":"<!-- This site is optimized with the Yoast SEO plugin v27.0 - https:\/\/yoast.com\/product\/yoast-seo-wordpress\/ -->\r\n<title>Exposici\u00f3n &quot;Mauro Trastoy e Pablo Barreiro: Mais outra vez m\u00e1is&quot; - Ferrol Cultura<\/title>\r\n<meta name=\"robots\" content=\"index, follow, max-snippet:-1, max-image-preview:large, max-video-preview:-1\" \/>\r\n<link rel=\"canonical\" href=\"https:\/\/www.ferrolcultura.gal\/index.php\/event\/mauro-trastoy-e-pablo-barreiro-mais-outra-vez-mais\/\" \/>\r\n<meta property=\"og:locale\" content=\"gl_ES\" \/>\r\n<meta property=\"og:type\" content=\"article\" \/>\r\n<meta property=\"og:title\" content=\"Exposici\u00f3n &quot;Mauro Trastoy e Pablo Barreiro: Mais outra vez m\u00e1is&quot; - Ferrol Cultura\" \/>\r\n<meta property=\"og:description\" content=\"Do 12 de maio ao 13 de agosto na Sala \u00c1lvarez de Sotomayor O corpo de obras que formar\u00e1n parte do proxecto M\u00c1IS UNHA VEZ M\u00c1IS te\u00f1en coma punto de partida o movemento modernista da arquitectura ferrol\u00e1. As singulares soluci\u00f3ns...\" \/>\r\n<meta property=\"og:url\" content=\"https:\/\/www.ferrolcultura.gal\/index.php\/event\/mauro-trastoy-e-pablo-barreiro-mais-outra-vez-mais\/\" \/>\r\n<meta property=\"og:site_name\" content=\"Ferrol Cultura\" \/>\r\n<meta property=\"article:publisher\" content=\"https:\/\/www.facebook.com\/ConcellodeFerrol\" \/>\r\n<meta property=\"article:modified_time\" content=\"2023-07-14T08:15:34+00:00\" \/>\r\n<meta property=\"og:image\" content=\"http:\/\/www.ferrolcultura.gal\/wp-content\/uploads\/2023\/07\/IMG_1217-1024x768.jpg\" \/>\r\n<meta name=\"twitter:card\" content=\"summary_large_image\" \/>\r\n<meta name=\"twitter:site\" content=\"@ferroloficial\" \/>\r\n<meta name=\"twitter:label1\" content=\"Tempo de lectura\" \/>\n\t<meta name=\"twitter:data1\" content=\"1 minuto\" \/>\r\n<script type=\"application\/ld+json\" class=\"yoast-schema-graph\">{\"@context\":\"https:\/\/schema.org\",\"@graph\":[{\"@type\":\"WebPage\",\"@id\":\"https:\/\/www.ferrolcultura.gal\/index.php\/event\/mauro-trastoy-e-pablo-barreiro-mais-outra-vez-mais\/\",\"url\":\"https:\/\/www.ferrolcultura.gal\/index.php\/event\/mauro-trastoy-e-pablo-barreiro-mais-outra-vez-mais\/\",\"name\":\"Exposici\u00f3n \\\"Mauro Trastoy e Pablo Barreiro: Mais outra vez m\u00e1is\\\" - Ferrol Cultura\",\"isPartOf\":{\"@id\":\"https:\/\/www.ferrolcultura.gal\/#website\"},\"primaryImageOfPage\":{\"@id\":\"https:\/\/www.ferrolcultura.gal\/index.php\/event\/mauro-trastoy-e-pablo-barreiro-mais-outra-vez-mais\/#primaryimage\"},\"image\":{\"@id\":\"https:\/\/www.ferrolcultura.gal\/index.php\/event\/mauro-trastoy-e-pablo-barreiro-mais-outra-vez-mais\/#primaryimage\"},\"thumbnailUrl\":\"http:\/\/www.ferrolcultura.gal\/wp-content\/uploads\/2023\/07\/IMG_1217-1024x768.jpg\",\"datePublished\":\"2023-04-05T08:58:38+00:00\",\"dateModified\":\"2023-07-14T08:15:34+00:00\",\"breadcrumb\":{\"@id\":\"https:\/\/www.ferrolcultura.gal\/index.php\/event\/mauro-trastoy-e-pablo-barreiro-mais-outra-vez-mais\/#breadcrumb\"},\"inLanguage\":\"gl-ES\",\"potentialAction\":[{\"@type\":\"ReadAction\",\"target\":[\"https:\/\/www.ferrolcultura.gal\/index.php\/event\/mauro-trastoy-e-pablo-barreiro-mais-outra-vez-mais\/\"]}]},{\"@type\":\"ImageObject\",\"inLanguage\":\"gl-ES\",\"@id\":\"https:\/\/www.ferrolcultura.gal\/index.php\/event\/mauro-trastoy-e-pablo-barreiro-mais-outra-vez-mais\/#primaryimage\",\"url\":\"http:\/\/www.ferrolcultura.gal\/wp-content\/uploads\/2023\/07\/IMG_1217-1024x768.jpg\",\"contentUrl\":\"http:\/\/www.ferrolcultura.gal\/wp-content\/uploads\/2023\/07\/IMG_1217-1024x768.jpg\"},{\"@type\":\"BreadcrumbList\",\"@id\":\"https:\/\/www.ferrolcultura.gal\/index.php\/event\/mauro-trastoy-e-pablo-barreiro-mais-outra-vez-mais\/#breadcrumb\",\"itemListElement\":[{\"@type\":\"ListItem\",\"position\":1,\"name\":\"Portada\",\"item\":\"https:\/\/www.ferrolcultura.gal\/\"},{\"@type\":\"ListItem\",\"position\":2,\"name\":\"Events\",\"item\":\"https:\/\/www.ferrolcultura.gal\/index.php\/event\/\"},{\"@type\":\"ListItem\",\"position\":3,\"name\":\"Exposici\u00f3n &#8220;Mauro Trastoy e Pablo Barreiro: Mais outra vez m\u00e1is&#8221;\"}]},{\"@type\":\"WebSite\",\"@id\":\"https:\/\/www.ferrolcultura.gal\/#website\",\"url\":\"https:\/\/www.ferrolcultura.gal\/\",\"name\":\"Ferrol Cultura\",\"description\":\"P\u00e1xina de Cultura do Concello de Ferrol\",\"publisher\":{\"@id\":\"https:\/\/www.ferrolcultura.gal\/#organization\"},\"potentialAction\":[{\"@type\":\"SearchAction\",\"target\":{\"@type\":\"EntryPoint\",\"urlTemplate\":\"https:\/\/www.ferrolcultura.gal\/?s={search_term_string}\"},\"query-input\":{\"@type\":\"PropertyValueSpecification\",\"valueRequired\":true,\"valueName\":\"search_term_string\"}}],\"inLanguage\":\"gl-ES\"},{\"@type\":\"Organization\",\"@id\":\"https:\/\/www.ferrolcultura.gal\/#organization\",\"name\":\"Concello de Ferrol\",\"url\":\"https:\/\/www.ferrolcultura.gal\/\",\"logo\":{\"@type\":\"ImageObject\",\"inLanguage\":\"gl-ES\",\"@id\":\"https:\/\/www.ferrolcultura.gal\/#\/schema\/logo\/image\/\",\"url\":\"http:\/\/www.ferrolcultura.gal\/wp-content\/uploads\/2023\/03\/Concello-de-Ferrol-Cultura.png\",\"contentUrl\":\"http:\/\/www.ferrolcultura.gal\/wp-content\/uploads\/2023\/03\/Concello-de-Ferrol-Cultura.png\",\"width\":3033,\"height\":419,\"caption\":\"Concello de Ferrol\"},\"image\":{\"@id\":\"https:\/\/www.ferrolcultura.gal\/#\/schema\/logo\/image\/\"},\"sameAs\":[\"https:\/\/www.facebook.com\/ConcellodeFerrol\",\"https:\/\/x.com\/ferroloficial\",\"https:\/\/www.instagram.com\/concellodeferrol\",\"https:\/\/youtube.com\/@ferrolcultura\"]}]}<\/script>\r\n<!-- \/ Yoast SEO plugin. -->","yoast_head_json":{"title":"Exposici\u00f3n \"Mauro Trastoy e Pablo Barreiro: Mais outra vez m\u00e1is\" - Ferrol Cultura","robots":{"index":"index","follow":"follow","max-snippet":"max-snippet:-1","max-image-preview":"max-image-preview:large","max-video-preview":"max-video-preview:-1"},"canonical":"https:\/\/www.ferrolcultura.gal\/index.php\/event\/mauro-trastoy-e-pablo-barreiro-mais-outra-vez-mais\/","og_locale":"gl_ES","og_type":"article","og_title":"Exposici\u00f3n \"Mauro Trastoy e Pablo Barreiro: Mais outra vez m\u00e1is\" - Ferrol Cultura","og_description":"Do 12 de maio ao 13 de agosto na Sala \u00c1lvarez de Sotomayor O corpo de obras que formar\u00e1n parte do proxecto M\u00c1IS UNHA VEZ M\u00c1IS te\u00f1en coma punto de partida o movemento modernista da arquitectura ferrol\u00e1. As singulares soluci\u00f3ns...","og_url":"https:\/\/www.ferrolcultura.gal\/index.php\/event\/mauro-trastoy-e-pablo-barreiro-mais-outra-vez-mais\/","og_site_name":"Ferrol Cultura","article_publisher":"https:\/\/www.facebook.com\/ConcellodeFerrol","article_modified_time":"2023-07-14T08:15:34+00:00","og_image":[{"url":"http:\/\/www.ferrolcultura.gal\/wp-content\/uploads\/2023\/07\/IMG_1217-1024x768.jpg","type":"","width":"","height":""}],"twitter_card":"summary_large_image","twitter_site":"@ferroloficial","twitter_misc":{"Tempo de lectura":"1 minuto"},"schema":{"@context":"https:\/\/schema.org","@graph":[{"@type":"WebPage","@id":"https:\/\/www.ferrolcultura.gal\/index.php\/event\/mauro-trastoy-e-pablo-barreiro-mais-outra-vez-mais\/","url":"https:\/\/www.ferrolcultura.gal\/index.php\/event\/mauro-trastoy-e-pablo-barreiro-mais-outra-vez-mais\/","name":"Exposici\u00f3n \"Mauro Trastoy e Pablo Barreiro: Mais outra vez m\u00e1is\" - Ferrol Cultura","isPartOf":{"@id":"https:\/\/www.ferrolcultura.gal\/#website"},"primaryImageOfPage":{"@id":"https:\/\/www.ferrolcultura.gal\/index.php\/event\/mauro-trastoy-e-pablo-barreiro-mais-outra-vez-mais\/#primaryimage"},"image":{"@id":"https:\/\/www.ferrolcultura.gal\/index.php\/event\/mauro-trastoy-e-pablo-barreiro-mais-outra-vez-mais\/#primaryimage"},"thumbnailUrl":"http:\/\/www.ferrolcultura.gal\/wp-content\/uploads\/2023\/07\/IMG_1217-1024x768.jpg","datePublished":"2023-04-05T08:58:38+00:00","dateModified":"2023-07-14T08:15:34+00:00","breadcrumb":{"@id":"https:\/\/www.ferrolcultura.gal\/index.php\/event\/mauro-trastoy-e-pablo-barreiro-mais-outra-vez-mais\/#breadcrumb"},"inLanguage":"gl-ES","potentialAction":[{"@type":"ReadAction","target":["https:\/\/www.ferrolcultura.gal\/index.php\/event\/mauro-trastoy-e-pablo-barreiro-mais-outra-vez-mais\/"]}]},{"@type":"ImageObject","inLanguage":"gl-ES","@id":"https:\/\/www.ferrolcultura.gal\/index.php\/event\/mauro-trastoy-e-pablo-barreiro-mais-outra-vez-mais\/#primaryimage","url":"http:\/\/www.ferrolcultura.gal\/wp-content\/uploads\/2023\/07\/IMG_1217-1024x768.jpg","contentUrl":"http:\/\/www.ferrolcultura.gal\/wp-content\/uploads\/2023\/07\/IMG_1217-1024x768.jpg"},{"@type":"BreadcrumbList","@id":"https:\/\/www.ferrolcultura.gal\/index.php\/event\/mauro-trastoy-e-pablo-barreiro-mais-outra-vez-mais\/#breadcrumb","itemListElement":[{"@type":"ListItem","position":1,"name":"Portada","item":"https:\/\/www.ferrolcultura.gal\/"},{"@type":"ListItem","position":2,"name":"Events","item":"https:\/\/www.ferrolcultura.gal\/index.php\/event\/"},{"@type":"ListItem","position":3,"name":"Exposici\u00f3n &#8220;Mauro Trastoy e Pablo Barreiro: Mais outra vez m\u00e1is&#8221;"}]},{"@type":"WebSite","@id":"https:\/\/www.ferrolcultura.gal\/#website","url":"https:\/\/www.ferrolcultura.gal\/","name":"Ferrol Cultura","description":"P\u00e1xina de Cultura do Concello de Ferrol","publisher":{"@id":"https:\/\/www.ferrolcultura.gal\/#organization"},"potentialAction":[{"@type":"SearchAction","target":{"@type":"EntryPoint","urlTemplate":"https:\/\/www.ferrolcultura.gal\/?s={search_term_string}"},"query-input":{"@type":"PropertyValueSpecification","valueRequired":true,"valueName":"search_term_string"}}],"inLanguage":"gl-ES"},{"@type":"Organization","@id":"https:\/\/www.ferrolcultura.gal\/#organization","name":"Concello de Ferrol","url":"https:\/\/www.ferrolcultura.gal\/","logo":{"@type":"ImageObject","inLanguage":"gl-ES","@id":"https:\/\/www.ferrolcultura.gal\/#\/schema\/logo\/image\/","url":"http:\/\/www.ferrolcultura.gal\/wp-content\/uploads\/2023\/03\/Concello-de-Ferrol-Cultura.png","contentUrl":"http:\/\/www.ferrolcultura.gal\/wp-content\/uploads\/2023\/03\/Concello-de-Ferrol-Cultura.png","width":3033,"height":419,"caption":"Concello de Ferrol"},"image":{"@id":"https:\/\/www.ferrolcultura.gal\/#\/schema\/logo\/image\/"},"sameAs":["https:\/\/www.facebook.com\/ConcellodeFerrol","https:\/\/x.com\/ferroloficial","https:\/\/www.instagram.com\/concellodeferrol","https:\/\/youtube.com\/@ferrolcultura"]}]}},"event_fields":{"start_date":"2023-05-05","start_time":"","end_date":"2023-06-30","expire_date":"2023-07-01 00:00","start_datetime":"2023-05-05"},"_links":{"self":[{"href":"https:\/\/www.ferrolcultura.gal\/index.php\/wp-json\/wp\/v2\/event\/4494","targetHints":{"allow":["GET"]}}],"collection":[{"href":"https:\/\/www.ferrolcultura.gal\/index.php\/wp-json\/wp\/v2\/event"}],"about":[{"href":"https:\/\/www.ferrolcultura.gal\/index.php\/wp-json\/wp\/v2\/types\/event"}],"author":[{"embeddable":true,"href":"https:\/\/www.ferrolcultura.gal\/index.php\/wp-json\/wp\/v2\/users\/7"}],"replies":[{"embeddable":true,"href":"https:\/\/www.ferrolcultura.gal\/index.php\/wp-json\/wp\/v2\/comments?post=4494"}],"version-history":[{"count":0,"href":"https:\/\/www.ferrolcultura.gal\/index.php\/wp-json\/wp\/v2\/event\/4494\/revisions"}],"wp:attachment":[{"href":"https:\/\/www.ferrolcultura.gal\/index.php\/wp-json\/wp\/v2\/media?parent=4494"}],"wp:term":[{"taxonomy":"eventcat","embeddable":true,"href":"https:\/\/www.ferrolcultura.gal\/index.php\/wp-json\/wp\/v2\/eventcat?post=4494"},{"taxonomy":"organizer","embeddable":true,"href":"https:\/\/www.ferrolcultura.gal\/index.php\/wp-json\/wp\/v2\/organizer?post=4494"},{"taxonomy":"event_tags","embeddable":true,"href":"https:\/\/www.ferrolcultura.gal\/index.php\/wp-json\/wp\/v2\/event_tags?post=4494"},{"taxonomy":"location","embeddable":true,"href":"https:\/\/www.ferrolcultura.gal\/index.php\/wp-json\/wp\/v2\/location?post=4494"}],"curies":[{"name":"wp","href":"https:\/\/api.w.org\/{rel}","templated":true}]}}