{"id":4497,"date":"2023-04-05T10:00:10","date_gmt":"2023-04-05T10:00:10","guid":{"rendered":"http:\/\/www.ferrolcultura.gal\/?post_type=event&#038;p=4497"},"modified":"2023-07-14T08:38:51","modified_gmt":"2023-07-14T08:38:51","slug":"exposicion-carlos-muinos-disparando-cos-meus-ollos","status":"publish","type":"event","link":"https:\/\/www.ferrolcultura.gal\/index.php\/event\/exposicion-carlos-muinos-disparando-cos-meus-ollos\/","title":{"rendered":"Exposici\u00f3n &#8220;Carlos Mui\u00f1os: Disparando cos meus ollos&#8221;"},"content":{"rendered":"\n<p><em>Na Sala de Proxectos do Torrente Ballester do 28 de abril ao 11 de xu\u00f1o<\/em><\/p>\n\n\n\n<p>A fotograf\u00eda de retrato \u00e9 sido o x\u00e9nero fotogr\u00e1fico de referencia de Carlos Mui\u00f1os, a trav\u00e9s do que mostra a s\u00faa necesidade de capturar as caracter\u00edsticas e peculiaridades propias das persoas, utilizando a luz, o fondo, as poses, a t\u00e9cnica ou a propia composici\u00f3n, outorg\u00e1ndolle \u00e1 persoa retratada o papel inescusable de protagonista con t\u00f3dalas s\u00faas consecuencias.<\/p>\n\n\n\n<p>A\u00ednda que, nas s\u00faas publicaci\u00f3ns en redes sociais abundan os proxectos relacionados con contornas naturais, escenas urbanas ou outras de \u00edndole m\u00e1is art\u00edstica ou versadas sobre calquera outra tem\u00e1tica, sempre comparten o mesmo denominador com\u00fan, o protagonismo das persoas. A interacci\u00f3n entre a persoa obxecto do retrato e a contorna ou marco seleccionado, buscando sempre esa fusi\u00f3n ou integraci\u00f3n natural e espont\u00e1nea dentro do alcance da escena.<\/p>\n\n\n\n<figure class=\"wp-block-gallery has-nested-images columns-default is-cropped wp-block-gallery-1 is-layout-flex wp-block-gallery-is-layout-flex\">\n<figure class=\"wp-block-image size-large\"><img loading=\"lazy\" decoding=\"async\" width=\"1024\" height=\"768\" data-id=\"5001\" src=\"http:\/\/www.ferrolcultura.gal\/wp-content\/uploads\/2023\/04\/IMG_1224-1024x768.jpg\" alt=\"\" class=\"wp-image-5001\" srcset=\"https:\/\/www.ferrolcultura.gal\/wp-content\/uploads\/2023\/04\/IMG_1224-1024x768.jpg 1024w, https:\/\/www.ferrolcultura.gal\/wp-content\/uploads\/2023\/04\/IMG_1224-300x225.jpg 300w, https:\/\/www.ferrolcultura.gal\/wp-content\/uploads\/2023\/04\/IMG_1224-768x576.jpg 768w, https:\/\/www.ferrolcultura.gal\/wp-content\/uploads\/2023\/04\/IMG_1224-600x450.jpg 600w, https:\/\/www.ferrolcultura.gal\/wp-content\/uploads\/2023\/04\/IMG_1224.jpg 1200w\" sizes=\"auto, (max-width: 1024px) 100vw, 1024px\" \/><\/figure>\n\n\n\n<figure class=\"wp-block-image size-large\"><img loading=\"lazy\" decoding=\"async\" width=\"1024\" height=\"768\" data-id=\"5003\" src=\"http:\/\/www.ferrolcultura.gal\/wp-content\/uploads\/2023\/04\/IMG_1225-1024x768.jpg\" alt=\"\" class=\"wp-image-5003\" srcset=\"https:\/\/www.ferrolcultura.gal\/wp-content\/uploads\/2023\/04\/IMG_1225-1024x768.jpg 1024w, https:\/\/www.ferrolcultura.gal\/wp-content\/uploads\/2023\/04\/IMG_1225-300x225.jpg 300w, https:\/\/www.ferrolcultura.gal\/wp-content\/uploads\/2023\/04\/IMG_1225-768x576.jpg 768w, https:\/\/www.ferrolcultura.gal\/wp-content\/uploads\/2023\/04\/IMG_1225-600x450.jpg 600w, https:\/\/www.ferrolcultura.gal\/wp-content\/uploads\/2023\/04\/IMG_1225.jpg 1200w\" sizes=\"auto, (max-width: 1024px) 100vw, 1024px\" \/><\/figure>\n<\/figure>\n\n\n\n<h2 class=\"wp-block-heading\">Cat\u00e1logo<\/h2>\n\n\n\n<a href=\"http:\/\/www.ferrolcultura.gal\/wp-content\/uploads\/2023\/05\/01_Carlos Muinhos_Disparando con mis ojos.pdf\" target=\"_blank\" rel=\"noopener\">Descargar PDF<\/a>\n","protected":false},"excerpt":{"rendered":"<p>Na Sala de Proxectos do Torrente Ballester do 28 de abril ao 11 de xu\u00f1o A fotograf\u00eda de retrato \u00e9 sido o x\u00e9nero fotogr\u00e1fico de referencia de Carlos Mui\u00f1os, a trav\u00e9s do que mostra a s\u00faa necesidade de capturar as&#8230;<\/p>\n","protected":false},"author":7,"featured_media":4999,"comment_status":"closed","ping_status":"closed","template":"","meta":{"_monsterinsights_skip_tracking":false,"_monsterinsights_sitenote_active":false,"_monsterinsights_sitenote_note":"","_monsterinsights_sitenote_category":0,"footnotes":""},"eventcat":[88],"organizer":[83],"event_tags":[],"location":[85],"class_list":["post-4497","event","type-event","status-publish","has-post-thumbnail","hentry","eventcat-exposicions","organizer-torrente-ballester","location-torrente-ballester"],"yoast_head":"<!-- This site is optimized with the Yoast SEO plugin v27.0 - https:\/\/yoast.com\/product\/yoast-seo-wordpress\/ -->\r\n<title>Exposici\u00f3n &quot;Carlos Mui\u00f1os: Disparando cos meus ollos&quot; - Ferrol Cultura<\/title>\r\n<meta name=\"robots\" content=\"index, follow, max-snippet:-1, max-image-preview:large, max-video-preview:-1\" \/>\r\n<link rel=\"canonical\" href=\"https:\/\/www.ferrolcultura.gal\/index.php\/event\/exposicion-carlos-muinos-disparando-cos-meus-ollos\/\" \/>\r\n<meta property=\"og:locale\" content=\"gl_ES\" \/>\r\n<meta property=\"og:type\" content=\"article\" \/>\r\n<meta property=\"og:title\" content=\"Exposici\u00f3n &quot;Carlos Mui\u00f1os: Disparando cos meus ollos&quot; - Ferrol Cultura\" \/>\r\n<meta property=\"og:description\" content=\"Na Sala de Proxectos do Torrente Ballester do 28 de abril ao 11 de xu\u00f1o A fotograf\u00eda de retrato \u00e9 sido o x\u00e9nero fotogr\u00e1fico de referencia de Carlos Mui\u00f1os, a trav\u00e9s do que mostra a s\u00faa necesidade de capturar as...\" \/>\r\n<meta property=\"og:url\" content=\"https:\/\/www.ferrolcultura.gal\/index.php\/event\/exposicion-carlos-muinos-disparando-cos-meus-ollos\/\" \/>\r\n<meta property=\"og:site_name\" content=\"Ferrol Cultura\" \/>\r\n<meta property=\"article:publisher\" content=\"https:\/\/www.facebook.com\/ConcellodeFerrol\" \/>\r\n<meta property=\"article:modified_time\" content=\"2023-07-14T08:38:51+00:00\" \/>\r\n<meta property=\"og:image\" content=\"https:\/\/www.ferrolcultura.gal\/wp-content\/uploads\/2023\/04\/Carlos-muinhos.jpg\" \/>\r\n\t<meta property=\"og:image:width\" content=\"480\" \/>\r\n\t<meta property=\"og:image:height\" content=\"680\" \/>\r\n\t<meta property=\"og:image:type\" content=\"image\/jpeg\" \/>\r\n<meta name=\"twitter:card\" content=\"summary_large_image\" \/>\r\n<meta name=\"twitter:site\" content=\"@ferroloficial\" \/>\r\n<meta name=\"twitter:label1\" content=\"Tempo de lectura\" \/>\n\t<meta name=\"twitter:data1\" content=\"1 minuto\" \/>\r\n<script type=\"application\/ld+json\" class=\"yoast-schema-graph\">{\"@context\":\"https:\/\/schema.org\",\"@graph\":[{\"@type\":\"WebPage\",\"@id\":\"https:\/\/www.ferrolcultura.gal\/index.php\/event\/exposicion-carlos-muinos-disparando-cos-meus-ollos\/\",\"url\":\"https:\/\/www.ferrolcultura.gal\/index.php\/event\/exposicion-carlos-muinos-disparando-cos-meus-ollos\/\",\"name\":\"Exposici\u00f3n \\\"Carlos Mui\u00f1os: Disparando cos meus ollos\\\" - Ferrol Cultura\",\"isPartOf\":{\"@id\":\"https:\/\/www.ferrolcultura.gal\/#website\"},\"primaryImageOfPage\":{\"@id\":\"https:\/\/www.ferrolcultura.gal\/index.php\/event\/exposicion-carlos-muinos-disparando-cos-meus-ollos\/#primaryimage\"},\"image\":{\"@id\":\"https:\/\/www.ferrolcultura.gal\/index.php\/event\/exposicion-carlos-muinos-disparando-cos-meus-ollos\/#primaryimage\"},\"thumbnailUrl\":\"https:\/\/www.ferrolcultura.gal\/wp-content\/uploads\/2023\/04\/Carlos-muinhos.jpg\",\"datePublished\":\"2023-04-05T10:00:10+00:00\",\"dateModified\":\"2023-07-14T08:38:51+00:00\",\"breadcrumb\":{\"@id\":\"https:\/\/www.ferrolcultura.gal\/index.php\/event\/exposicion-carlos-muinos-disparando-cos-meus-ollos\/#breadcrumb\"},\"inLanguage\":\"gl-ES\",\"potentialAction\":[{\"@type\":\"ReadAction\",\"target\":[\"https:\/\/www.ferrolcultura.gal\/index.php\/event\/exposicion-carlos-muinos-disparando-cos-meus-ollos\/\"]}]},{\"@type\":\"ImageObject\",\"inLanguage\":\"gl-ES\",\"@id\":\"https:\/\/www.ferrolcultura.gal\/index.php\/event\/exposicion-carlos-muinos-disparando-cos-meus-ollos\/#primaryimage\",\"url\":\"https:\/\/www.ferrolcultura.gal\/wp-content\/uploads\/2023\/04\/Carlos-muinhos.jpg\",\"contentUrl\":\"https:\/\/www.ferrolcultura.gal\/wp-content\/uploads\/2023\/04\/Carlos-muinhos.jpg\",\"width\":480,\"height\":680},{\"@type\":\"BreadcrumbList\",\"@id\":\"https:\/\/www.ferrolcultura.gal\/index.php\/event\/exposicion-carlos-muinos-disparando-cos-meus-ollos\/#breadcrumb\",\"itemListElement\":[{\"@type\":\"ListItem\",\"position\":1,\"name\":\"Portada\",\"item\":\"https:\/\/www.ferrolcultura.gal\/\"},{\"@type\":\"ListItem\",\"position\":2,\"name\":\"Events\",\"item\":\"https:\/\/www.ferrolcultura.gal\/index.php\/event\/\"},{\"@type\":\"ListItem\",\"position\":3,\"name\":\"Exposici\u00f3n &#8220;Carlos Mui\u00f1os: Disparando cos meus ollos&#8221;\"}]},{\"@type\":\"WebSite\",\"@id\":\"https:\/\/www.ferrolcultura.gal\/#website\",\"url\":\"https:\/\/www.ferrolcultura.gal\/\",\"name\":\"Ferrol Cultura\",\"description\":\"P\u00e1xina de Cultura do Concello de Ferrol\",\"publisher\":{\"@id\":\"https:\/\/www.ferrolcultura.gal\/#organization\"},\"potentialAction\":[{\"@type\":\"SearchAction\",\"target\":{\"@type\":\"EntryPoint\",\"urlTemplate\":\"https:\/\/www.ferrolcultura.gal\/?s={search_term_string}\"},\"query-input\":{\"@type\":\"PropertyValueSpecification\",\"valueRequired\":true,\"valueName\":\"search_term_string\"}}],\"inLanguage\":\"gl-ES\"},{\"@type\":\"Organization\",\"@id\":\"https:\/\/www.ferrolcultura.gal\/#organization\",\"name\":\"Concello de Ferrol\",\"url\":\"https:\/\/www.ferrolcultura.gal\/\",\"logo\":{\"@type\":\"ImageObject\",\"inLanguage\":\"gl-ES\",\"@id\":\"https:\/\/www.ferrolcultura.gal\/#\/schema\/logo\/image\/\",\"url\":\"http:\/\/www.ferrolcultura.gal\/wp-content\/uploads\/2023\/03\/Concello-de-Ferrol-Cultura.png\",\"contentUrl\":\"http:\/\/www.ferrolcultura.gal\/wp-content\/uploads\/2023\/03\/Concello-de-Ferrol-Cultura.png\",\"width\":3033,\"height\":419,\"caption\":\"Concello de Ferrol\"},\"image\":{\"@id\":\"https:\/\/www.ferrolcultura.gal\/#\/schema\/logo\/image\/\"},\"sameAs\":[\"https:\/\/www.facebook.com\/ConcellodeFerrol\",\"https:\/\/x.com\/ferroloficial\",\"https:\/\/www.instagram.com\/concellodeferrol\",\"https:\/\/youtube.com\/@ferrolcultura\"]}]}<\/script>\r\n<!-- \/ Yoast SEO plugin. -->","yoast_head_json":{"title":"Exposici\u00f3n \"Carlos Mui\u00f1os: Disparando cos meus ollos\" - Ferrol Cultura","robots":{"index":"index","follow":"follow","max-snippet":"max-snippet:-1","max-image-preview":"max-image-preview:large","max-video-preview":"max-video-preview:-1"},"canonical":"https:\/\/www.ferrolcultura.gal\/index.php\/event\/exposicion-carlos-muinos-disparando-cos-meus-ollos\/","og_locale":"gl_ES","og_type":"article","og_title":"Exposici\u00f3n \"Carlos Mui\u00f1os: Disparando cos meus ollos\" - Ferrol Cultura","og_description":"Na Sala de Proxectos do Torrente Ballester do 28 de abril ao 11 de xu\u00f1o A fotograf\u00eda de retrato \u00e9 sido o x\u00e9nero fotogr\u00e1fico de referencia de Carlos Mui\u00f1os, a trav\u00e9s do que mostra a s\u00faa necesidade de capturar as...","og_url":"https:\/\/www.ferrolcultura.gal\/index.php\/event\/exposicion-carlos-muinos-disparando-cos-meus-ollos\/","og_site_name":"Ferrol Cultura","article_publisher":"https:\/\/www.facebook.com\/ConcellodeFerrol","article_modified_time":"2023-07-14T08:38:51+00:00","og_image":[{"width":480,"height":680,"url":"https:\/\/www.ferrolcultura.gal\/wp-content\/uploads\/2023\/04\/Carlos-muinhos.jpg","type":"image\/jpeg"}],"twitter_card":"summary_large_image","twitter_site":"@ferroloficial","twitter_misc":{"Tempo de lectura":"1 minuto"},"schema":{"@context":"https:\/\/schema.org","@graph":[{"@type":"WebPage","@id":"https:\/\/www.ferrolcultura.gal\/index.php\/event\/exposicion-carlos-muinos-disparando-cos-meus-ollos\/","url":"https:\/\/www.ferrolcultura.gal\/index.php\/event\/exposicion-carlos-muinos-disparando-cos-meus-ollos\/","name":"Exposici\u00f3n \"Carlos Mui\u00f1os: Disparando cos meus ollos\" - Ferrol Cultura","isPartOf":{"@id":"https:\/\/www.ferrolcultura.gal\/#website"},"primaryImageOfPage":{"@id":"https:\/\/www.ferrolcultura.gal\/index.php\/event\/exposicion-carlos-muinos-disparando-cos-meus-ollos\/#primaryimage"},"image":{"@id":"https:\/\/www.ferrolcultura.gal\/index.php\/event\/exposicion-carlos-muinos-disparando-cos-meus-ollos\/#primaryimage"},"thumbnailUrl":"https:\/\/www.ferrolcultura.gal\/wp-content\/uploads\/2023\/04\/Carlos-muinhos.jpg","datePublished":"2023-04-05T10:00:10+00:00","dateModified":"2023-07-14T08:38:51+00:00","breadcrumb":{"@id":"https:\/\/www.ferrolcultura.gal\/index.php\/event\/exposicion-carlos-muinos-disparando-cos-meus-ollos\/#breadcrumb"},"inLanguage":"gl-ES","potentialAction":[{"@type":"ReadAction","target":["https:\/\/www.ferrolcultura.gal\/index.php\/event\/exposicion-carlos-muinos-disparando-cos-meus-ollos\/"]}]},{"@type":"ImageObject","inLanguage":"gl-ES","@id":"https:\/\/www.ferrolcultura.gal\/index.php\/event\/exposicion-carlos-muinos-disparando-cos-meus-ollos\/#primaryimage","url":"https:\/\/www.ferrolcultura.gal\/wp-content\/uploads\/2023\/04\/Carlos-muinhos.jpg","contentUrl":"https:\/\/www.ferrolcultura.gal\/wp-content\/uploads\/2023\/04\/Carlos-muinhos.jpg","width":480,"height":680},{"@type":"BreadcrumbList","@id":"https:\/\/www.ferrolcultura.gal\/index.php\/event\/exposicion-carlos-muinos-disparando-cos-meus-ollos\/#breadcrumb","itemListElement":[{"@type":"ListItem","position":1,"name":"Portada","item":"https:\/\/www.ferrolcultura.gal\/"},{"@type":"ListItem","position":2,"name":"Events","item":"https:\/\/www.ferrolcultura.gal\/index.php\/event\/"},{"@type":"ListItem","position":3,"name":"Exposici\u00f3n &#8220;Carlos Mui\u00f1os: Disparando cos meus ollos&#8221;"}]},{"@type":"WebSite","@id":"https:\/\/www.ferrolcultura.gal\/#website","url":"https:\/\/www.ferrolcultura.gal\/","name":"Ferrol Cultura","description":"P\u00e1xina de Cultura do Concello de Ferrol","publisher":{"@id":"https:\/\/www.ferrolcultura.gal\/#organization"},"potentialAction":[{"@type":"SearchAction","target":{"@type":"EntryPoint","urlTemplate":"https:\/\/www.ferrolcultura.gal\/?s={search_term_string}"},"query-input":{"@type":"PropertyValueSpecification","valueRequired":true,"valueName":"search_term_string"}}],"inLanguage":"gl-ES"},{"@type":"Organization","@id":"https:\/\/www.ferrolcultura.gal\/#organization","name":"Concello de Ferrol","url":"https:\/\/www.ferrolcultura.gal\/","logo":{"@type":"ImageObject","inLanguage":"gl-ES","@id":"https:\/\/www.ferrolcultura.gal\/#\/schema\/logo\/image\/","url":"http:\/\/www.ferrolcultura.gal\/wp-content\/uploads\/2023\/03\/Concello-de-Ferrol-Cultura.png","contentUrl":"http:\/\/www.ferrolcultura.gal\/wp-content\/uploads\/2023\/03\/Concello-de-Ferrol-Cultura.png","width":3033,"height":419,"caption":"Concello de Ferrol"},"image":{"@id":"https:\/\/www.ferrolcultura.gal\/#\/schema\/logo\/image\/"},"sameAs":["https:\/\/www.facebook.com\/ConcellodeFerrol","https:\/\/x.com\/ferroloficial","https:\/\/www.instagram.com\/concellodeferrol","https:\/\/youtube.com\/@ferrolcultura"]}]}},"event_fields":{"start_date":"2023-04-28","start_time":"","end_date":"2023-05-11","expire_date":"2023-05-12 00:00","start_datetime":"2023-04-28"},"_links":{"self":[{"href":"https:\/\/www.ferrolcultura.gal\/index.php\/wp-json\/wp\/v2\/event\/4497","targetHints":{"allow":["GET"]}}],"collection":[{"href":"https:\/\/www.ferrolcultura.gal\/index.php\/wp-json\/wp\/v2\/event"}],"about":[{"href":"https:\/\/www.ferrolcultura.gal\/index.php\/wp-json\/wp\/v2\/types\/event"}],"author":[{"embeddable":true,"href":"https:\/\/www.ferrolcultura.gal\/index.php\/wp-json\/wp\/v2\/users\/7"}],"replies":[{"embeddable":true,"href":"https:\/\/www.ferrolcultura.gal\/index.php\/wp-json\/wp\/v2\/comments?post=4497"}],"version-history":[{"count":0,"href":"https:\/\/www.ferrolcultura.gal\/index.php\/wp-json\/wp\/v2\/event\/4497\/revisions"}],"wp:featuredmedia":[{"embeddable":true,"href":"https:\/\/www.ferrolcultura.gal\/index.php\/wp-json\/wp\/v2\/media\/4999"}],"wp:attachment":[{"href":"https:\/\/www.ferrolcultura.gal\/index.php\/wp-json\/wp\/v2\/media?parent=4497"}],"wp:term":[{"taxonomy":"eventcat","embeddable":true,"href":"https:\/\/www.ferrolcultura.gal\/index.php\/wp-json\/wp\/v2\/eventcat?post=4497"},{"taxonomy":"organizer","embeddable":true,"href":"https:\/\/www.ferrolcultura.gal\/index.php\/wp-json\/wp\/v2\/organizer?post=4497"},{"taxonomy":"event_tags","embeddable":true,"href":"https:\/\/www.ferrolcultura.gal\/index.php\/wp-json\/wp\/v2\/event_tags?post=4497"},{"taxonomy":"location","embeddable":true,"href":"https:\/\/www.ferrolcultura.gal\/index.php\/wp-json\/wp\/v2\/location?post=4497"}],"curies":[{"name":"wp","href":"https:\/\/api.w.org\/{rel}","templated":true}]}}