{"id":4534,"date":"2023-04-17T08:00:10","date_gmt":"2023-04-17T08:00:10","guid":{"rendered":"http:\/\/www.ferrolcultura.gal\/?post_type=event&#038;p=4534"},"modified":"2023-07-14T09:16:34","modified_gmt":"2023-07-14T09:16:34","slug":"exposicion-maria-maquieira-albion","status":"publish","type":"event","link":"https:\/\/www.ferrolcultura.gal\/index.php\/event\/exposicion-maria-maquieira-albion\/","title":{"rendered":"Exposici\u00f3n &#8220;Mar\u00eda Maquieira. Albion&#8221;"},"content":{"rendered":"\n<p><em>Na Sala Bello Pi\u00f1eiro do 31 de marzo ao 14 de maio<\/em><\/p>\n\n\n\n<p>Mar\u00eda Maquieira (A Coru\u00f1a, 1985) \u00e9 unha artista de formaci\u00f3n multidisciplinar que utiliza diversas t\u00e9cnicas e linguaxes como a colaxe, o debuxo, a pintura, a filosof\u00eda, a escritura e o pensamento como ferramentas; na s\u00faa obra apr\u00e9cianse numerosas influencias, inspiraci\u00f3ns e distintas percepci\u00f3ns do mundo.<\/p>\n\n\n\n<p>Albion, t\u00edtulo desta mostra, \u00e9 tam\u00e9n o nome dun personaxe da mitolox\u00eda de William Blake, precisamente quen representa a imaxinaci\u00f3n como a v\u00eda m\u00e1is importante para levar ao home \u00e1 s\u00faa propia harmonizaci\u00f3n. Xa que logo, a presente exposici\u00f3n \u00e9 un canto \u00e1 imaxinaci\u00f3n, un percorrido por varios dos seus proxectos e colaboraci\u00f3ns nos que se evidencia o esp\u00edrito libre e cr\u00edtico desta creadora. Tr\u00e1tase dun conxunto de obras en pequeno formato, acorde co car\u00e1cter n\u00f3made da artista, que se engrandecen ante o espectador proxectando un universo moi particular que o rodea por completo.<\/p>\n\n\n\n<figure class=\"wp-block-gallery has-nested-images columns-default is-cropped wp-block-gallery-1 is-layout-flex wp-block-gallery-is-layout-flex\">\n<figure class=\"wp-block-image size-large\"><img loading=\"lazy\" decoding=\"async\" width=\"1024\" height=\"768\" data-id=\"5010\" src=\"http:\/\/www.ferrolcultura.gal\/wp-content\/uploads\/2023\/07\/IMG_1226-1024x768.jpg\" alt=\"\" class=\"wp-image-5010\" srcset=\"https:\/\/www.ferrolcultura.gal\/wp-content\/uploads\/2023\/07\/IMG_1226-1024x768.jpg 1024w, https:\/\/www.ferrolcultura.gal\/wp-content\/uploads\/2023\/07\/IMG_1226-300x225.jpg 300w, https:\/\/www.ferrolcultura.gal\/wp-content\/uploads\/2023\/07\/IMG_1226-768x576.jpg 768w, https:\/\/www.ferrolcultura.gal\/wp-content\/uploads\/2023\/07\/IMG_1226-600x450.jpg 600w, https:\/\/www.ferrolcultura.gal\/wp-content\/uploads\/2023\/07\/IMG_1226.jpg 1200w\" sizes=\"auto, (max-width: 1024px) 100vw, 1024px\" \/><\/figure>\n\n\n\n<figure class=\"wp-block-image size-large\"><img loading=\"lazy\" decoding=\"async\" width=\"1024\" height=\"768\" data-id=\"5008\" src=\"http:\/\/www.ferrolcultura.gal\/wp-content\/uploads\/2023\/07\/IMG_1227-1024x768.jpg\" alt=\"\" class=\"wp-image-5008\" srcset=\"https:\/\/www.ferrolcultura.gal\/wp-content\/uploads\/2023\/07\/IMG_1227-1024x768.jpg 1024w, https:\/\/www.ferrolcultura.gal\/wp-content\/uploads\/2023\/07\/IMG_1227-300x225.jpg 300w, https:\/\/www.ferrolcultura.gal\/wp-content\/uploads\/2023\/07\/IMG_1227-768x576.jpg 768w, https:\/\/www.ferrolcultura.gal\/wp-content\/uploads\/2023\/07\/IMG_1227-600x450.jpg 600w, https:\/\/www.ferrolcultura.gal\/wp-content\/uploads\/2023\/07\/IMG_1227.jpg 1200w\" sizes=\"auto, (max-width: 1024px) 100vw, 1024px\" \/><\/figure>\n\n\n\n<figure class=\"wp-block-image size-large\"><img loading=\"lazy\" decoding=\"async\" width=\"1024\" height=\"768\" data-id=\"5006\" src=\"http:\/\/www.ferrolcultura.gal\/wp-content\/uploads\/2023\/07\/IMG_1231-1024x768.jpg\" alt=\"\" class=\"wp-image-5006\" srcset=\"https:\/\/www.ferrolcultura.gal\/wp-content\/uploads\/2023\/07\/IMG_1231-1024x768.jpg 1024w, https:\/\/www.ferrolcultura.gal\/wp-content\/uploads\/2023\/07\/IMG_1231-300x225.jpg 300w, https:\/\/www.ferrolcultura.gal\/wp-content\/uploads\/2023\/07\/IMG_1231-768x576.jpg 768w, https:\/\/www.ferrolcultura.gal\/wp-content\/uploads\/2023\/07\/IMG_1231-600x450.jpg 600w, https:\/\/www.ferrolcultura.gal\/wp-content\/uploads\/2023\/07\/IMG_1231.jpg 1200w\" sizes=\"auto, (max-width: 1024px) 100vw, 1024px\" \/><\/figure>\n<\/figure>\n\n\n\n<h2 class=\"wp-block-heading\">Cat\u00e1logo<\/h2>\n\n\n\n<div data-wp-interactive=\"core\/file\" class=\"wp-block-file\"><object data-wp-bind--hidden=\"!state.hasPdfPreview\" hidden class=\"wp-block-file__embed\" data=\"http:\/\/www.ferrolcultura.gal\/wp-content\/uploads\/2023\/05\/02_DesplegableMaquieiraVER.pdf\" type=\"application\/pdf\" style=\"width:100%;height:600px\" aria-label=\"Incrustado de 02_DesplegableMaquieiraVER.\"><\/object><a id=\"wp-block-file--media-8a0ab3a2-3350-4291-a598-14b52ce08acf\" href=\"http:\/\/www.ferrolcultura.gal\/wp-content\/uploads\/2023\/05\/02_DesplegableMaquieiraVER.pdf\">02_DesplegableMaquieiraVER<\/a><a href=\"http:\/\/www.ferrolcultura.gal\/wp-content\/uploads\/2023\/05\/02_DesplegableMaquieiraVER.pdf\" class=\"wp-block-file__button wp-element-button\" download aria-describedby=\"wp-block-file--media-8a0ab3a2-3350-4291-a598-14b52ce08acf\"><\/a><\/div>\n","protected":false},"excerpt":{"rendered":"<p>Na Sala Bello Pi\u00f1eiro do 31 de marzo ao 14 de maio Mar\u00eda Maquieira (A Coru\u00f1a, 1985) \u00e9 unha artista de formaci\u00f3n multidisciplinar que utiliza diversas t\u00e9cnicas e linguaxes como a colaxe, o debuxo, a pintura, a filosof\u00eda, a escritura&#8230;<\/p>\n","protected":false},"author":7,"featured_media":4714,"comment_status":"closed","ping_status":"closed","template":"","meta":{"_monsterinsights_skip_tracking":false,"_monsterinsights_sitenote_active":false,"_monsterinsights_sitenote_note":"","_monsterinsights_sitenote_category":0,"footnotes":""},"eventcat":[88],"organizer":[83],"event_tags":[],"location":[85],"class_list":["post-4534","event","type-event","status-publish","has-post-thumbnail","hentry","eventcat-exposicions","organizer-torrente-ballester","location-torrente-ballester"],"yoast_head":"<!-- This site is optimized with the Yoast SEO plugin v27.0 - https:\/\/yoast.com\/product\/yoast-seo-wordpress\/ -->\r\n<title>Exposici\u00f3n &quot;Mar\u00eda Maquieira. Albion&quot; - Ferrol Cultura<\/title>\r\n<meta name=\"robots\" content=\"index, follow, max-snippet:-1, max-image-preview:large, max-video-preview:-1\" \/>\r\n<link rel=\"canonical\" href=\"https:\/\/www.ferrolcultura.gal\/index.php\/event\/exposicion-maria-maquieira-albion\/\" \/>\r\n<meta property=\"og:locale\" content=\"gl_ES\" \/>\r\n<meta property=\"og:type\" content=\"article\" \/>\r\n<meta property=\"og:title\" content=\"Exposici\u00f3n &quot;Mar\u00eda Maquieira. Albion&quot; - Ferrol Cultura\" \/>\r\n<meta property=\"og:description\" content=\"Na Sala Bello Pi\u00f1eiro do 31 de marzo ao 14 de maio Mar\u00eda Maquieira (A Coru\u00f1a, 1985) \u00e9 unha artista de formaci\u00f3n multidisciplinar que utiliza diversas t\u00e9cnicas e linguaxes como a colaxe, o debuxo, a pintura, a filosof\u00eda, a escritura...\" \/>\r\n<meta property=\"og:url\" content=\"https:\/\/www.ferrolcultura.gal\/index.php\/event\/exposicion-maria-maquieira-albion\/\" \/>\r\n<meta property=\"og:site_name\" content=\"Ferrol Cultura\" \/>\r\n<meta property=\"article:publisher\" content=\"https:\/\/www.facebook.com\/ConcellodeFerrol\" \/>\r\n<meta property=\"article:modified_time\" content=\"2023-07-14T09:16:34+00:00\" \/>\r\n<meta property=\"og:image\" content=\"https:\/\/www.ferrolcultura.gal\/wp-content\/uploads\/2023\/04\/CARTEL-ALBION_NOTA-DE-PRENSA.jpg\" \/>\r\n\t<meta property=\"og:image:width\" content=\"800\" \/>\r\n\t<meta property=\"og:image:height\" content=\"1814\" \/>\r\n\t<meta property=\"og:image:type\" content=\"image\/jpeg\" \/>\r\n<meta name=\"twitter:card\" content=\"summary_large_image\" \/>\r\n<meta name=\"twitter:site\" content=\"@ferroloficial\" \/>\r\n<meta name=\"twitter:label1\" content=\"Tempo de lectura\" \/>\n\t<meta name=\"twitter:data1\" content=\"1 minuto\" \/>\r\n<script type=\"application\/ld+json\" class=\"yoast-schema-graph\">{\"@context\":\"https:\/\/schema.org\",\"@graph\":[{\"@type\":\"WebPage\",\"@id\":\"https:\/\/www.ferrolcultura.gal\/index.php\/event\/exposicion-maria-maquieira-albion\/\",\"url\":\"https:\/\/www.ferrolcultura.gal\/index.php\/event\/exposicion-maria-maquieira-albion\/\",\"name\":\"Exposici\u00f3n \\\"Mar\u00eda Maquieira. Albion\\\" - Ferrol Cultura\",\"isPartOf\":{\"@id\":\"https:\/\/www.ferrolcultura.gal\/#website\"},\"primaryImageOfPage\":{\"@id\":\"https:\/\/www.ferrolcultura.gal\/index.php\/event\/exposicion-maria-maquieira-albion\/#primaryimage\"},\"image\":{\"@id\":\"https:\/\/www.ferrolcultura.gal\/index.php\/event\/exposicion-maria-maquieira-albion\/#primaryimage\"},\"thumbnailUrl\":\"https:\/\/www.ferrolcultura.gal\/wp-content\/uploads\/2023\/04\/CARTEL-ALBION_NOTA-DE-PRENSA.jpg\",\"datePublished\":\"2023-04-17T08:00:10+00:00\",\"dateModified\":\"2023-07-14T09:16:34+00:00\",\"breadcrumb\":{\"@id\":\"https:\/\/www.ferrolcultura.gal\/index.php\/event\/exposicion-maria-maquieira-albion\/#breadcrumb\"},\"inLanguage\":\"gl-ES\",\"potentialAction\":[{\"@type\":\"ReadAction\",\"target\":[\"https:\/\/www.ferrolcultura.gal\/index.php\/event\/exposicion-maria-maquieira-albion\/\"]}]},{\"@type\":\"ImageObject\",\"inLanguage\":\"gl-ES\",\"@id\":\"https:\/\/www.ferrolcultura.gal\/index.php\/event\/exposicion-maria-maquieira-albion\/#primaryimage\",\"url\":\"https:\/\/www.ferrolcultura.gal\/wp-content\/uploads\/2023\/04\/CARTEL-ALBION_NOTA-DE-PRENSA.jpg\",\"contentUrl\":\"https:\/\/www.ferrolcultura.gal\/wp-content\/uploads\/2023\/04\/CARTEL-ALBION_NOTA-DE-PRENSA.jpg\",\"width\":800,\"height\":1814},{\"@type\":\"BreadcrumbList\",\"@id\":\"https:\/\/www.ferrolcultura.gal\/index.php\/event\/exposicion-maria-maquieira-albion\/#breadcrumb\",\"itemListElement\":[{\"@type\":\"ListItem\",\"position\":1,\"name\":\"Portada\",\"item\":\"https:\/\/www.ferrolcultura.gal\/\"},{\"@type\":\"ListItem\",\"position\":2,\"name\":\"Events\",\"item\":\"https:\/\/www.ferrolcultura.gal\/index.php\/event\/\"},{\"@type\":\"ListItem\",\"position\":3,\"name\":\"Exposici\u00f3n &#8220;Mar\u00eda Maquieira. Albion&#8221;\"}]},{\"@type\":\"WebSite\",\"@id\":\"https:\/\/www.ferrolcultura.gal\/#website\",\"url\":\"https:\/\/www.ferrolcultura.gal\/\",\"name\":\"Ferrol Cultura\",\"description\":\"P\u00e1xina de Cultura do Concello de Ferrol\",\"publisher\":{\"@id\":\"https:\/\/www.ferrolcultura.gal\/#organization\"},\"potentialAction\":[{\"@type\":\"SearchAction\",\"target\":{\"@type\":\"EntryPoint\",\"urlTemplate\":\"https:\/\/www.ferrolcultura.gal\/?s={search_term_string}\"},\"query-input\":{\"@type\":\"PropertyValueSpecification\",\"valueRequired\":true,\"valueName\":\"search_term_string\"}}],\"inLanguage\":\"gl-ES\"},{\"@type\":\"Organization\",\"@id\":\"https:\/\/www.ferrolcultura.gal\/#organization\",\"name\":\"Concello de Ferrol\",\"url\":\"https:\/\/www.ferrolcultura.gal\/\",\"logo\":{\"@type\":\"ImageObject\",\"inLanguage\":\"gl-ES\",\"@id\":\"https:\/\/www.ferrolcultura.gal\/#\/schema\/logo\/image\/\",\"url\":\"http:\/\/www.ferrolcultura.gal\/wp-content\/uploads\/2023\/03\/Concello-de-Ferrol-Cultura.png\",\"contentUrl\":\"http:\/\/www.ferrolcultura.gal\/wp-content\/uploads\/2023\/03\/Concello-de-Ferrol-Cultura.png\",\"width\":3033,\"height\":419,\"caption\":\"Concello de Ferrol\"},\"image\":{\"@id\":\"https:\/\/www.ferrolcultura.gal\/#\/schema\/logo\/image\/\"},\"sameAs\":[\"https:\/\/www.facebook.com\/ConcellodeFerrol\",\"https:\/\/x.com\/ferroloficial\",\"https:\/\/www.instagram.com\/concellodeferrol\",\"https:\/\/youtube.com\/@ferrolcultura\"]}]}<\/script>\r\n<!-- \/ Yoast SEO plugin. -->","yoast_head_json":{"title":"Exposici\u00f3n \"Mar\u00eda Maquieira. Albion\" - Ferrol Cultura","robots":{"index":"index","follow":"follow","max-snippet":"max-snippet:-1","max-image-preview":"max-image-preview:large","max-video-preview":"max-video-preview:-1"},"canonical":"https:\/\/www.ferrolcultura.gal\/index.php\/event\/exposicion-maria-maquieira-albion\/","og_locale":"gl_ES","og_type":"article","og_title":"Exposici\u00f3n \"Mar\u00eda Maquieira. Albion\" - Ferrol Cultura","og_description":"Na Sala Bello Pi\u00f1eiro do 31 de marzo ao 14 de maio Mar\u00eda Maquieira (A Coru\u00f1a, 1985) \u00e9 unha artista de formaci\u00f3n multidisciplinar que utiliza diversas t\u00e9cnicas e linguaxes como a colaxe, o debuxo, a pintura, a filosof\u00eda, a escritura...","og_url":"https:\/\/www.ferrolcultura.gal\/index.php\/event\/exposicion-maria-maquieira-albion\/","og_site_name":"Ferrol Cultura","article_publisher":"https:\/\/www.facebook.com\/ConcellodeFerrol","article_modified_time":"2023-07-14T09:16:34+00:00","og_image":[{"width":800,"height":1814,"url":"https:\/\/www.ferrolcultura.gal\/wp-content\/uploads\/2023\/04\/CARTEL-ALBION_NOTA-DE-PRENSA.jpg","type":"image\/jpeg"}],"twitter_card":"summary_large_image","twitter_site":"@ferroloficial","twitter_misc":{"Tempo de lectura":"1 minuto"},"schema":{"@context":"https:\/\/schema.org","@graph":[{"@type":"WebPage","@id":"https:\/\/www.ferrolcultura.gal\/index.php\/event\/exposicion-maria-maquieira-albion\/","url":"https:\/\/www.ferrolcultura.gal\/index.php\/event\/exposicion-maria-maquieira-albion\/","name":"Exposici\u00f3n \"Mar\u00eda Maquieira. Albion\" - Ferrol Cultura","isPartOf":{"@id":"https:\/\/www.ferrolcultura.gal\/#website"},"primaryImageOfPage":{"@id":"https:\/\/www.ferrolcultura.gal\/index.php\/event\/exposicion-maria-maquieira-albion\/#primaryimage"},"image":{"@id":"https:\/\/www.ferrolcultura.gal\/index.php\/event\/exposicion-maria-maquieira-albion\/#primaryimage"},"thumbnailUrl":"https:\/\/www.ferrolcultura.gal\/wp-content\/uploads\/2023\/04\/CARTEL-ALBION_NOTA-DE-PRENSA.jpg","datePublished":"2023-04-17T08:00:10+00:00","dateModified":"2023-07-14T09:16:34+00:00","breadcrumb":{"@id":"https:\/\/www.ferrolcultura.gal\/index.php\/event\/exposicion-maria-maquieira-albion\/#breadcrumb"},"inLanguage":"gl-ES","potentialAction":[{"@type":"ReadAction","target":["https:\/\/www.ferrolcultura.gal\/index.php\/event\/exposicion-maria-maquieira-albion\/"]}]},{"@type":"ImageObject","inLanguage":"gl-ES","@id":"https:\/\/www.ferrolcultura.gal\/index.php\/event\/exposicion-maria-maquieira-albion\/#primaryimage","url":"https:\/\/www.ferrolcultura.gal\/wp-content\/uploads\/2023\/04\/CARTEL-ALBION_NOTA-DE-PRENSA.jpg","contentUrl":"https:\/\/www.ferrolcultura.gal\/wp-content\/uploads\/2023\/04\/CARTEL-ALBION_NOTA-DE-PRENSA.jpg","width":800,"height":1814},{"@type":"BreadcrumbList","@id":"https:\/\/www.ferrolcultura.gal\/index.php\/event\/exposicion-maria-maquieira-albion\/#breadcrumb","itemListElement":[{"@type":"ListItem","position":1,"name":"Portada","item":"https:\/\/www.ferrolcultura.gal\/"},{"@type":"ListItem","position":2,"name":"Events","item":"https:\/\/www.ferrolcultura.gal\/index.php\/event\/"},{"@type":"ListItem","position":3,"name":"Exposici\u00f3n &#8220;Mar\u00eda Maquieira. Albion&#8221;"}]},{"@type":"WebSite","@id":"https:\/\/www.ferrolcultura.gal\/#website","url":"https:\/\/www.ferrolcultura.gal\/","name":"Ferrol Cultura","description":"P\u00e1xina de Cultura do Concello de Ferrol","publisher":{"@id":"https:\/\/www.ferrolcultura.gal\/#organization"},"potentialAction":[{"@type":"SearchAction","target":{"@type":"EntryPoint","urlTemplate":"https:\/\/www.ferrolcultura.gal\/?s={search_term_string}"},"query-input":{"@type":"PropertyValueSpecification","valueRequired":true,"valueName":"search_term_string"}}],"inLanguage":"gl-ES"},{"@type":"Organization","@id":"https:\/\/www.ferrolcultura.gal\/#organization","name":"Concello de Ferrol","url":"https:\/\/www.ferrolcultura.gal\/","logo":{"@type":"ImageObject","inLanguage":"gl-ES","@id":"https:\/\/www.ferrolcultura.gal\/#\/schema\/logo\/image\/","url":"http:\/\/www.ferrolcultura.gal\/wp-content\/uploads\/2023\/03\/Concello-de-Ferrol-Cultura.png","contentUrl":"http:\/\/www.ferrolcultura.gal\/wp-content\/uploads\/2023\/03\/Concello-de-Ferrol-Cultura.png","width":3033,"height":419,"caption":"Concello de Ferrol"},"image":{"@id":"https:\/\/www.ferrolcultura.gal\/#\/schema\/logo\/image\/"},"sameAs":["https:\/\/www.facebook.com\/ConcellodeFerrol","https:\/\/x.com\/ferroloficial","https:\/\/www.instagram.com\/concellodeferrol","https:\/\/youtube.com\/@ferrolcultura"]}]}},"event_fields":{"start_date":"2023-03-31","start_time":"","end_date":"2023-05-14","expire_date":"2023-05-15 00:00","start_datetime":"2023-03-31"},"_links":{"self":[{"href":"https:\/\/www.ferrolcultura.gal\/index.php\/wp-json\/wp\/v2\/event\/4534","targetHints":{"allow":["GET"]}}],"collection":[{"href":"https:\/\/www.ferrolcultura.gal\/index.php\/wp-json\/wp\/v2\/event"}],"about":[{"href":"https:\/\/www.ferrolcultura.gal\/index.php\/wp-json\/wp\/v2\/types\/event"}],"author":[{"embeddable":true,"href":"https:\/\/www.ferrolcultura.gal\/index.php\/wp-json\/wp\/v2\/users\/7"}],"replies":[{"embeddable":true,"href":"https:\/\/www.ferrolcultura.gal\/index.php\/wp-json\/wp\/v2\/comments?post=4534"}],"version-history":[{"count":0,"href":"https:\/\/www.ferrolcultura.gal\/index.php\/wp-json\/wp\/v2\/event\/4534\/revisions"}],"wp:featuredmedia":[{"embeddable":true,"href":"https:\/\/www.ferrolcultura.gal\/index.php\/wp-json\/wp\/v2\/media\/4714"}],"wp:attachment":[{"href":"https:\/\/www.ferrolcultura.gal\/index.php\/wp-json\/wp\/v2\/media?parent=4534"}],"wp:term":[{"taxonomy":"eventcat","embeddable":true,"href":"https:\/\/www.ferrolcultura.gal\/index.php\/wp-json\/wp\/v2\/eventcat?post=4534"},{"taxonomy":"organizer","embeddable":true,"href":"https:\/\/www.ferrolcultura.gal\/index.php\/wp-json\/wp\/v2\/organizer?post=4534"},{"taxonomy":"event_tags","embeddable":true,"href":"https:\/\/www.ferrolcultura.gal\/index.php\/wp-json\/wp\/v2\/event_tags?post=4534"},{"taxonomy":"location","embeddable":true,"href":"https:\/\/www.ferrolcultura.gal\/index.php\/wp-json\/wp\/v2\/location?post=4534"}],"curies":[{"name":"wp","href":"https:\/\/api.w.org\/{rel}","templated":true}]}}