{"id":4968,"date":"2023-07-12T11:55:08","date_gmt":"2023-07-12T11:55:08","guid":{"rendered":"http:\/\/www.ferrolcultura.gal\/?post_type=event&#038;p=4968"},"modified":"2023-07-14T09:44:55","modified_gmt":"2023-07-14T09:44:55","slug":"exposicion-loureiro-entorno-ao-real","status":"publish","type":"event","link":"https:\/\/www.ferrolcultura.gal\/index.php\/event\/exposicion-loureiro-entorno-ao-real\/","title":{"rendered":"Exposici\u00f3n &#8220;LOUREIRO. Entorno ao real&#8221;"},"content":{"rendered":"\n<p>Sala \u00c1lvarez de Sotomayor\/Sala de Proxectos. Centro Torrente Ballester<\/p>\n\n\n\n<p><em>31 de xaneiro a 16 de abril de 2023<\/em><\/p>\n\n\n\n<p>A exposici\u00f3n proposta, <em>Da realidade \u00e1 abstracci\u00f3n<\/em>, aborda a \u00faltima decada de traballo do artista e contar\u00e1 con m\u00e1is de 400 obras entre pintura e escultura. Dende unha representaci\u00f3n case realista da realidade, da paisaxe, ata a simplificaci\u00f3n da representaci\u00f3n, chegando \u00e1 li\u00f1a m\u00e1is pura como simplificaci\u00f3n da forma. Esta evoluci\u00f3n nas formas estar\u00e1 representada por m\u00e1is de trescentas obras pict\u00f3ricas na Sala \u00c1lvarez de Sotomayor.<\/p>\n\n\n\n<p>Na Sala de Proxectos estar\u00e1 o resto de obras que compo\u00f1en a exposici\u00f3n. M\u00e1is de setenta obras que son froito do traballo dos dous \u00faltimos anos, m\u00e1is dirixido cara o dese\u00f1o e otraballo coas li\u00f1as e as formas puras, experimentando coa cor e os contrastes. Nesta sala estar\u00e1 presente tam\u00e9n a s\u00faa \u00faltima obra escult\u00f3rica, realizada sobre panel de pl\u00e1stico e pintada en parte o desenrolo da cidade ideal; ademais de seis esculturas de aceiro que son as s\u00faas \u00faltimas obras realizadas.<\/p>\n\n\n\n<figure class=\"wp-block-gallery has-nested-images columns-default is-cropped wp-block-gallery-1 is-layout-flex wp-block-gallery-is-layout-flex\">\n<figure class=\"wp-block-image size-large\"><img loading=\"lazy\" decoding=\"async\" width=\"1024\" height=\"507\" data-id=\"5017\" src=\"http:\/\/www.ferrolcultura.gal\/wp-content\/uploads\/2023\/07\/DSF9153_Panorama-1024x507.jpeg\" alt=\"\" class=\"wp-image-5017\" srcset=\"https:\/\/www.ferrolcultura.gal\/wp-content\/uploads\/2023\/07\/DSF9153_Panorama-1024x507.jpeg 1024w, https:\/\/www.ferrolcultura.gal\/wp-content\/uploads\/2023\/07\/DSF9153_Panorama-300x148.jpeg 300w, https:\/\/www.ferrolcultura.gal\/wp-content\/uploads\/2023\/07\/DSF9153_Panorama-768x380.jpeg 768w, https:\/\/www.ferrolcultura.gal\/wp-content\/uploads\/2023\/07\/DSF9153_Panorama-1536x760.jpeg 1536w, https:\/\/www.ferrolcultura.gal\/wp-content\/uploads\/2023\/07\/DSF9153_Panorama-600x297.jpeg 600w, https:\/\/www.ferrolcultura.gal\/wp-content\/uploads\/2023\/07\/DSF9153_Panorama.jpeg 1920w\" sizes=\"auto, (max-width: 1024px) 100vw, 1024px\" \/><\/figure>\n\n\n\n<figure class=\"wp-block-image size-large\"><img loading=\"lazy\" decoding=\"async\" width=\"1024\" height=\"683\" data-id=\"5015\" src=\"http:\/\/www.ferrolcultura.gal\/wp-content\/uploads\/2023\/07\/DSF9158-1024x683.jpeg\" alt=\"\" class=\"wp-image-5015\" srcset=\"https:\/\/www.ferrolcultura.gal\/wp-content\/uploads\/2023\/07\/DSF9158-1024x683.jpeg 1024w, https:\/\/www.ferrolcultura.gal\/wp-content\/uploads\/2023\/07\/DSF9158-300x200.jpeg 300w, https:\/\/www.ferrolcultura.gal\/wp-content\/uploads\/2023\/07\/DSF9158-768x512.jpeg 768w, https:\/\/www.ferrolcultura.gal\/wp-content\/uploads\/2023\/07\/DSF9158-1536x1024.jpeg 1536w, https:\/\/www.ferrolcultura.gal\/wp-content\/uploads\/2023\/07\/DSF9158-600x400.jpeg 600w, https:\/\/www.ferrolcultura.gal\/wp-content\/uploads\/2023\/07\/DSF9158.jpeg 1920w\" sizes=\"auto, (max-width: 1024px) 100vw, 1024px\" \/><\/figure>\n<\/figure>\n\n\n\n<h2 class=\"wp-block-heading\">Cat\u00e1logo<\/h2>\n\n\n\n<a href=\"http:\/\/www.ferrolcultura.gal\/wp-content\/uploads\/2023\/05\/03_Loureiro_Entorno%20ao%20real.pdf\" target=\"_blank\" rel=\"noopener\">Cat\u00e1logo en PDF<\/a>\n","protected":false},"excerpt":{"rendered":"<p>Sala \u00c1lvarez de Sotomayor\/Sala de Proxectos. Centro Torrente Ballester 31 de xaneiro a 16 de abril de 2023 A exposici\u00f3n proposta, Da realidade \u00e1 abstracci\u00f3n, aborda a \u00faltima decada de traballo do artista e contar\u00e1 con m\u00e1is de 400 obras&#8230;<\/p>\n","protected":false},"author":7,"featured_media":4969,"comment_status":"closed","ping_status":"closed","template":"","meta":{"_monsterinsights_skip_tracking":false,"_monsterinsights_sitenote_active":false,"_monsterinsights_sitenote_note":"","_monsterinsights_sitenote_category":0,"footnotes":""},"eventcat":[88],"organizer":[83],"event_tags":[],"location":[85],"class_list":["post-4968","event","type-event","status-publish","has-post-thumbnail","hentry","eventcat-exposicions","organizer-torrente-ballester","location-torrente-ballester"],"yoast_head":"<!-- This site is optimized with the Yoast SEO plugin v27.0 - https:\/\/yoast.com\/product\/yoast-seo-wordpress\/ -->\r\n<title>Exposici\u00f3n &quot;LOUREIRO. Entorno ao real&quot; - Ferrol Cultura<\/title>\r\n<meta name=\"robots\" content=\"index, follow, max-snippet:-1, max-image-preview:large, max-video-preview:-1\" \/>\r\n<link rel=\"canonical\" href=\"https:\/\/www.ferrolcultura.gal\/index.php\/event\/exposicion-loureiro-entorno-ao-real\/\" \/>\r\n<meta property=\"og:locale\" content=\"gl_ES\" \/>\r\n<meta property=\"og:type\" content=\"article\" \/>\r\n<meta property=\"og:title\" content=\"Exposici\u00f3n &quot;LOUREIRO. Entorno ao real&quot; - Ferrol Cultura\" \/>\r\n<meta property=\"og:description\" content=\"Sala \u00c1lvarez de Sotomayor\/Sala de Proxectos. Centro Torrente Ballester 31 de xaneiro a 16 de abril de 2023 A exposici\u00f3n proposta, Da realidade \u00e1 abstracci\u00f3n, aborda a \u00faltima decada de traballo do artista e contar\u00e1 con m\u00e1is de 400 obras...\" \/>\r\n<meta property=\"og:url\" content=\"https:\/\/www.ferrolcultura.gal\/index.php\/event\/exposicion-loureiro-entorno-ao-real\/\" \/>\r\n<meta property=\"og:site_name\" content=\"Ferrol Cultura\" \/>\r\n<meta property=\"article:publisher\" content=\"https:\/\/www.facebook.com\/ConcellodeFerrol\" \/>\r\n<meta property=\"article:modified_time\" content=\"2023-07-14T09:44:55+00:00\" \/>\r\n<meta property=\"og:image\" content=\"https:\/\/www.ferrolcultura.gal\/wp-content\/uploads\/2023\/07\/03_Loureiro_Entorno-ao-real-1.jpg\" \/>\r\n\t<meta property=\"og:image:width\" content=\"900\" \/>\r\n\t<meta property=\"og:image:height\" content=\"1064\" \/>\r\n\t<meta property=\"og:image:type\" content=\"image\/jpeg\" \/>\r\n<meta name=\"twitter:card\" content=\"summary_large_image\" \/>\r\n<meta name=\"twitter:site\" content=\"@ferroloficial\" \/>\r\n<meta name=\"twitter:label1\" content=\"Tempo de lectura\" \/>\n\t<meta name=\"twitter:data1\" content=\"1 minuto\" \/>\r\n<script type=\"application\/ld+json\" class=\"yoast-schema-graph\">{\"@context\":\"https:\/\/schema.org\",\"@graph\":[{\"@type\":\"WebPage\",\"@id\":\"https:\/\/www.ferrolcultura.gal\/index.php\/event\/exposicion-loureiro-entorno-ao-real\/\",\"url\":\"https:\/\/www.ferrolcultura.gal\/index.php\/event\/exposicion-loureiro-entorno-ao-real\/\",\"name\":\"Exposici\u00f3n \\\"LOUREIRO. Entorno ao real\\\" - Ferrol Cultura\",\"isPartOf\":{\"@id\":\"https:\/\/www.ferrolcultura.gal\/#website\"},\"primaryImageOfPage\":{\"@id\":\"https:\/\/www.ferrolcultura.gal\/index.php\/event\/exposicion-loureiro-entorno-ao-real\/#primaryimage\"},\"image\":{\"@id\":\"https:\/\/www.ferrolcultura.gal\/index.php\/event\/exposicion-loureiro-entorno-ao-real\/#primaryimage\"},\"thumbnailUrl\":\"https:\/\/www.ferrolcultura.gal\/wp-content\/uploads\/2023\/07\/03_Loureiro_Entorno-ao-real-1.jpg\",\"datePublished\":\"2023-07-12T11:55:08+00:00\",\"dateModified\":\"2023-07-14T09:44:55+00:00\",\"breadcrumb\":{\"@id\":\"https:\/\/www.ferrolcultura.gal\/index.php\/event\/exposicion-loureiro-entorno-ao-real\/#breadcrumb\"},\"inLanguage\":\"gl-ES\",\"potentialAction\":[{\"@type\":\"ReadAction\",\"target\":[\"https:\/\/www.ferrolcultura.gal\/index.php\/event\/exposicion-loureiro-entorno-ao-real\/\"]}]},{\"@type\":\"ImageObject\",\"inLanguage\":\"gl-ES\",\"@id\":\"https:\/\/www.ferrolcultura.gal\/index.php\/event\/exposicion-loureiro-entorno-ao-real\/#primaryimage\",\"url\":\"https:\/\/www.ferrolcultura.gal\/wp-content\/uploads\/2023\/07\/03_Loureiro_Entorno-ao-real-1.jpg\",\"contentUrl\":\"https:\/\/www.ferrolcultura.gal\/wp-content\/uploads\/2023\/07\/03_Loureiro_Entorno-ao-real-1.jpg\",\"width\":900,\"height\":1064},{\"@type\":\"BreadcrumbList\",\"@id\":\"https:\/\/www.ferrolcultura.gal\/index.php\/event\/exposicion-loureiro-entorno-ao-real\/#breadcrumb\",\"itemListElement\":[{\"@type\":\"ListItem\",\"position\":1,\"name\":\"Portada\",\"item\":\"https:\/\/www.ferrolcultura.gal\/\"},{\"@type\":\"ListItem\",\"position\":2,\"name\":\"Events\",\"item\":\"https:\/\/www.ferrolcultura.gal\/index.php\/event\/\"},{\"@type\":\"ListItem\",\"position\":3,\"name\":\"Exposici\u00f3n &#8220;LOUREIRO. Entorno ao real&#8221;\"}]},{\"@type\":\"WebSite\",\"@id\":\"https:\/\/www.ferrolcultura.gal\/#website\",\"url\":\"https:\/\/www.ferrolcultura.gal\/\",\"name\":\"Ferrol Cultura\",\"description\":\"P\u00e1xina de Cultura do Concello de Ferrol\",\"publisher\":{\"@id\":\"https:\/\/www.ferrolcultura.gal\/#organization\"},\"potentialAction\":[{\"@type\":\"SearchAction\",\"target\":{\"@type\":\"EntryPoint\",\"urlTemplate\":\"https:\/\/www.ferrolcultura.gal\/?s={search_term_string}\"},\"query-input\":{\"@type\":\"PropertyValueSpecification\",\"valueRequired\":true,\"valueName\":\"search_term_string\"}}],\"inLanguage\":\"gl-ES\"},{\"@type\":\"Organization\",\"@id\":\"https:\/\/www.ferrolcultura.gal\/#organization\",\"name\":\"Concello de Ferrol\",\"url\":\"https:\/\/www.ferrolcultura.gal\/\",\"logo\":{\"@type\":\"ImageObject\",\"inLanguage\":\"gl-ES\",\"@id\":\"https:\/\/www.ferrolcultura.gal\/#\/schema\/logo\/image\/\",\"url\":\"http:\/\/www.ferrolcultura.gal\/wp-content\/uploads\/2023\/03\/Concello-de-Ferrol-Cultura.png\",\"contentUrl\":\"http:\/\/www.ferrolcultura.gal\/wp-content\/uploads\/2023\/03\/Concello-de-Ferrol-Cultura.png\",\"width\":3033,\"height\":419,\"caption\":\"Concello de Ferrol\"},\"image\":{\"@id\":\"https:\/\/www.ferrolcultura.gal\/#\/schema\/logo\/image\/\"},\"sameAs\":[\"https:\/\/www.facebook.com\/ConcellodeFerrol\",\"https:\/\/x.com\/ferroloficial\",\"https:\/\/www.instagram.com\/concellodeferrol\",\"https:\/\/youtube.com\/@ferrolcultura\"]}]}<\/script>\r\n<!-- \/ Yoast SEO plugin. -->","yoast_head_json":{"title":"Exposici\u00f3n \"LOUREIRO. Entorno ao real\" - Ferrol Cultura","robots":{"index":"index","follow":"follow","max-snippet":"max-snippet:-1","max-image-preview":"max-image-preview:large","max-video-preview":"max-video-preview:-1"},"canonical":"https:\/\/www.ferrolcultura.gal\/index.php\/event\/exposicion-loureiro-entorno-ao-real\/","og_locale":"gl_ES","og_type":"article","og_title":"Exposici\u00f3n \"LOUREIRO. Entorno ao real\" - Ferrol Cultura","og_description":"Sala \u00c1lvarez de Sotomayor\/Sala de Proxectos. Centro Torrente Ballester 31 de xaneiro a 16 de abril de 2023 A exposici\u00f3n proposta, Da realidade \u00e1 abstracci\u00f3n, aborda a \u00faltima decada de traballo do artista e contar\u00e1 con m\u00e1is de 400 obras...","og_url":"https:\/\/www.ferrolcultura.gal\/index.php\/event\/exposicion-loureiro-entorno-ao-real\/","og_site_name":"Ferrol Cultura","article_publisher":"https:\/\/www.facebook.com\/ConcellodeFerrol","article_modified_time":"2023-07-14T09:44:55+00:00","og_image":[{"width":900,"height":1064,"url":"https:\/\/www.ferrolcultura.gal\/wp-content\/uploads\/2023\/07\/03_Loureiro_Entorno-ao-real-1.jpg","type":"image\/jpeg"}],"twitter_card":"summary_large_image","twitter_site":"@ferroloficial","twitter_misc":{"Tempo de lectura":"1 minuto"},"schema":{"@context":"https:\/\/schema.org","@graph":[{"@type":"WebPage","@id":"https:\/\/www.ferrolcultura.gal\/index.php\/event\/exposicion-loureiro-entorno-ao-real\/","url":"https:\/\/www.ferrolcultura.gal\/index.php\/event\/exposicion-loureiro-entorno-ao-real\/","name":"Exposici\u00f3n \"LOUREIRO. Entorno ao real\" - Ferrol Cultura","isPartOf":{"@id":"https:\/\/www.ferrolcultura.gal\/#website"},"primaryImageOfPage":{"@id":"https:\/\/www.ferrolcultura.gal\/index.php\/event\/exposicion-loureiro-entorno-ao-real\/#primaryimage"},"image":{"@id":"https:\/\/www.ferrolcultura.gal\/index.php\/event\/exposicion-loureiro-entorno-ao-real\/#primaryimage"},"thumbnailUrl":"https:\/\/www.ferrolcultura.gal\/wp-content\/uploads\/2023\/07\/03_Loureiro_Entorno-ao-real-1.jpg","datePublished":"2023-07-12T11:55:08+00:00","dateModified":"2023-07-14T09:44:55+00:00","breadcrumb":{"@id":"https:\/\/www.ferrolcultura.gal\/index.php\/event\/exposicion-loureiro-entorno-ao-real\/#breadcrumb"},"inLanguage":"gl-ES","potentialAction":[{"@type":"ReadAction","target":["https:\/\/www.ferrolcultura.gal\/index.php\/event\/exposicion-loureiro-entorno-ao-real\/"]}]},{"@type":"ImageObject","inLanguage":"gl-ES","@id":"https:\/\/www.ferrolcultura.gal\/index.php\/event\/exposicion-loureiro-entorno-ao-real\/#primaryimage","url":"https:\/\/www.ferrolcultura.gal\/wp-content\/uploads\/2023\/07\/03_Loureiro_Entorno-ao-real-1.jpg","contentUrl":"https:\/\/www.ferrolcultura.gal\/wp-content\/uploads\/2023\/07\/03_Loureiro_Entorno-ao-real-1.jpg","width":900,"height":1064},{"@type":"BreadcrumbList","@id":"https:\/\/www.ferrolcultura.gal\/index.php\/event\/exposicion-loureiro-entorno-ao-real\/#breadcrumb","itemListElement":[{"@type":"ListItem","position":1,"name":"Portada","item":"https:\/\/www.ferrolcultura.gal\/"},{"@type":"ListItem","position":2,"name":"Events","item":"https:\/\/www.ferrolcultura.gal\/index.php\/event\/"},{"@type":"ListItem","position":3,"name":"Exposici\u00f3n &#8220;LOUREIRO. Entorno ao real&#8221;"}]},{"@type":"WebSite","@id":"https:\/\/www.ferrolcultura.gal\/#website","url":"https:\/\/www.ferrolcultura.gal\/","name":"Ferrol Cultura","description":"P\u00e1xina de Cultura do Concello de Ferrol","publisher":{"@id":"https:\/\/www.ferrolcultura.gal\/#organization"},"potentialAction":[{"@type":"SearchAction","target":{"@type":"EntryPoint","urlTemplate":"https:\/\/www.ferrolcultura.gal\/?s={search_term_string}"},"query-input":{"@type":"PropertyValueSpecification","valueRequired":true,"valueName":"search_term_string"}}],"inLanguage":"gl-ES"},{"@type":"Organization","@id":"https:\/\/www.ferrolcultura.gal\/#organization","name":"Concello de Ferrol","url":"https:\/\/www.ferrolcultura.gal\/","logo":{"@type":"ImageObject","inLanguage":"gl-ES","@id":"https:\/\/www.ferrolcultura.gal\/#\/schema\/logo\/image\/","url":"http:\/\/www.ferrolcultura.gal\/wp-content\/uploads\/2023\/03\/Concello-de-Ferrol-Cultura.png","contentUrl":"http:\/\/www.ferrolcultura.gal\/wp-content\/uploads\/2023\/03\/Concello-de-Ferrol-Cultura.png","width":3033,"height":419,"caption":"Concello de Ferrol"},"image":{"@id":"https:\/\/www.ferrolcultura.gal\/#\/schema\/logo\/image\/"},"sameAs":["https:\/\/www.facebook.com\/ConcellodeFerrol","https:\/\/x.com\/ferroloficial","https:\/\/www.instagram.com\/concellodeferrol","https:\/\/youtube.com\/@ferrolcultura"]}]}},"event_fields":{"start_date":"2023-01-31","start_time":"","end_date":"2023-04-16","expire_date":"2023-04-17 00:00","start_datetime":"2023-01-31"},"_links":{"self":[{"href":"https:\/\/www.ferrolcultura.gal\/index.php\/wp-json\/wp\/v2\/event\/4968","targetHints":{"allow":["GET"]}}],"collection":[{"href":"https:\/\/www.ferrolcultura.gal\/index.php\/wp-json\/wp\/v2\/event"}],"about":[{"href":"https:\/\/www.ferrolcultura.gal\/index.php\/wp-json\/wp\/v2\/types\/event"}],"author":[{"embeddable":true,"href":"https:\/\/www.ferrolcultura.gal\/index.php\/wp-json\/wp\/v2\/users\/7"}],"replies":[{"embeddable":true,"href":"https:\/\/www.ferrolcultura.gal\/index.php\/wp-json\/wp\/v2\/comments?post=4968"}],"version-history":[{"count":0,"href":"https:\/\/www.ferrolcultura.gal\/index.php\/wp-json\/wp\/v2\/event\/4968\/revisions"}],"wp:featuredmedia":[{"embeddable":true,"href":"https:\/\/www.ferrolcultura.gal\/index.php\/wp-json\/wp\/v2\/media\/4969"}],"wp:attachment":[{"href":"https:\/\/www.ferrolcultura.gal\/index.php\/wp-json\/wp\/v2\/media?parent=4968"}],"wp:term":[{"taxonomy":"eventcat","embeddable":true,"href":"https:\/\/www.ferrolcultura.gal\/index.php\/wp-json\/wp\/v2\/eventcat?post=4968"},{"taxonomy":"organizer","embeddable":true,"href":"https:\/\/www.ferrolcultura.gal\/index.php\/wp-json\/wp\/v2\/organizer?post=4968"},{"taxonomy":"event_tags","embeddable":true,"href":"https:\/\/www.ferrolcultura.gal\/index.php\/wp-json\/wp\/v2\/event_tags?post=4968"},{"taxonomy":"location","embeddable":true,"href":"https:\/\/www.ferrolcultura.gal\/index.php\/wp-json\/wp\/v2\/location?post=4968"}],"curies":[{"name":"wp","href":"https:\/\/api.w.org\/{rel}","templated":true}]}}