{"id":6738,"date":"2024-10-11T11:37:03","date_gmt":"2024-10-11T11:37:03","guid":{"rendered":"https:\/\/www.ferrolcultura.gal\/?post_type=event&#038;p=6738"},"modified":"2024-10-11T11:43:26","modified_gmt":"2024-10-11T11:43:26","slug":"titeres-alakran-a-cuba","status":"publish","type":"event","link":"https:\/\/www.ferrolcultura.gal\/index.php\/event\/titeres-alakran-a-cuba\/","title":{"rendered":"T\u00edteres Alakr\u00e1n: &#8220;A Cuba!&#8221;"},"content":{"rendered":"\n<figure class=\"wp-block-image size-large\"><img loading=\"lazy\" decoding=\"async\" width=\"728\" height=\"1024\" src=\"https:\/\/www.ferrolcultura.gal\/wp-content\/uploads\/2024\/10\/Cartel-Festea-2024-728x1024.jpg\" alt=\"\" class=\"wp-image-6739\" srcset=\"https:\/\/www.ferrolcultura.gal\/wp-content\/uploads\/2024\/10\/Cartel-Festea-2024-728x1024.jpg 728w, https:\/\/www.ferrolcultura.gal\/wp-content\/uploads\/2024\/10\/Cartel-Festea-2024-213x300.jpg 213w, https:\/\/www.ferrolcultura.gal\/wp-content\/uploads\/2024\/10\/Cartel-Festea-2024-768x1080.jpg 768w, https:\/\/www.ferrolcultura.gal\/wp-content\/uploads\/2024\/10\/Cartel-Festea-2024-600x844.jpg 600w, https:\/\/www.ferrolcultura.gal\/wp-content\/uploads\/2024\/10\/Cartel-Festea-2024.jpg 1000w\" sizes=\"auto, (max-width: 728px) 100vw, 728px\" \/><\/figure>\n\n\n\n<p>A compa\u00f1\u00eda galega T\u00edteres Alakr\u00e1n leva ao centro cultural Torrente Ballester a s\u00faa obra &#8220;A Cuba!&#8221;, dentro do ciclo de teatro de obxectos e monicreques &#8220;Festea&#8221;. Entrada de balde previa retirada de invitaci\u00f3n na billeteira do Jofre.<\/p>\n\n\n\n<hr class=\"wp-block-separator has-alpha-channel-opacity\"\/>\n\n\n\n<p>La compa\u00f1\u00eda gallega T\u00edteres Alakr\u00e1n lleva al centro cultural Torrente Ballester su obra &#8220;A Cuba!&#8221;, dentro del ciclo de teatro de objetos y marionetas &#8220;Festea&#8221;. Entrada gratis previa retirada de invitaci\u00f3n en la taquilla del Jofre.<\/p>\n","protected":false},"excerpt":{"rendered":"<p>A compa\u00f1\u00eda galega T\u00edteres Alakr\u00e1n leva ao centro cultural Torrente Ballester a s\u00faa obra &#8220;A Cuba!&#8221;, dentro do ciclo de teatro de obxectos e monicreques &#8220;Festea&#8221;. Entrada de balde previa retirada de invitaci\u00f3n na billeteira do Jofre. La compa\u00f1\u00eda gallega&#8230;<\/p>\n","protected":false},"author":5,"featured_media":6739,"comment_status":"closed","ping_status":"closed","template":"","meta":{"_monsterinsights_skip_tracking":false,"_monsterinsights_sitenote_active":false,"_monsterinsights_sitenote_note":"","_monsterinsights_sitenote_category":0,"footnotes":""},"eventcat":[103],"organizer":[133],"event_tags":[],"location":[41],"class_list":["post-6738","event","type-event","status-publish","has-post-thumbnail","hentry","eventcat-teatro-de-monicreques","organizer-festea","location-capela-do-torrente-ballester"],"yoast_head":"<!-- This site is optimized with the Yoast SEO plugin v27.0 - https:\/\/yoast.com\/product\/yoast-seo-wordpress\/ -->\r\n<title>T\u00edteres Alakr\u00e1n: &quot;A Cuba!&quot; - Ferrol Cultura<\/title>\r\n<meta name=\"robots\" content=\"index, follow, max-snippet:-1, max-image-preview:large, max-video-preview:-1\" \/>\r\n<link rel=\"canonical\" href=\"https:\/\/www.ferrolcultura.gal\/index.php\/event\/titeres-alakran-a-cuba\/\" \/>\r\n<meta property=\"og:locale\" content=\"gl_ES\" \/>\r\n<meta property=\"og:type\" content=\"article\" \/>\r\n<meta property=\"og:title\" content=\"T\u00edteres Alakr\u00e1n: &quot;A Cuba!&quot; - Ferrol Cultura\" \/>\r\n<meta property=\"og:description\" content=\"A compa\u00f1\u00eda galega T\u00edteres Alakr\u00e1n leva ao centro cultural Torrente Ballester a s\u00faa obra &#8220;A Cuba!&#8221;, dentro do ciclo de teatro de obxectos e monicreques &#8220;Festea&#8221;. Entrada de balde previa retirada de invitaci\u00f3n na billeteira do Jofre. La compa\u00f1\u00eda gallega...\" \/>\r\n<meta property=\"og:url\" content=\"https:\/\/www.ferrolcultura.gal\/index.php\/event\/titeres-alakran-a-cuba\/\" \/>\r\n<meta property=\"og:site_name\" content=\"Ferrol Cultura\" \/>\r\n<meta property=\"article:publisher\" content=\"https:\/\/www.facebook.com\/ConcellodeFerrol\" \/>\r\n<meta property=\"article:modified_time\" content=\"2024-10-11T11:43:26+00:00\" \/>\r\n<meta property=\"og:image\" content=\"https:\/\/www.ferrolcultura.gal\/wp-content\/uploads\/2024\/10\/Cartel-Festea-2024.jpg\" \/>\r\n\t<meta property=\"og:image:width\" content=\"1000\" \/>\r\n\t<meta property=\"og:image:height\" content=\"1406\" \/>\r\n\t<meta property=\"og:image:type\" content=\"image\/jpeg\" \/>\r\n<meta name=\"twitter:card\" content=\"summary_large_image\" \/>\r\n<meta name=\"twitter:site\" content=\"@ferroloficial\" \/>\r\n<meta name=\"twitter:label1\" content=\"Tempo de lectura\" \/>\n\t<meta name=\"twitter:data1\" content=\"1 minuto\" \/>\r\n<script type=\"application\/ld+json\" class=\"yoast-schema-graph\">{\"@context\":\"https:\/\/schema.org\",\"@graph\":[{\"@type\":\"WebPage\",\"@id\":\"https:\/\/www.ferrolcultura.gal\/index.php\/event\/titeres-alakran-a-cuba\/\",\"url\":\"https:\/\/www.ferrolcultura.gal\/index.php\/event\/titeres-alakran-a-cuba\/\",\"name\":\"T\u00edteres Alakr\u00e1n: \\\"A Cuba!\\\" - Ferrol Cultura\",\"isPartOf\":{\"@id\":\"https:\/\/www.ferrolcultura.gal\/#website\"},\"primaryImageOfPage\":{\"@id\":\"https:\/\/www.ferrolcultura.gal\/index.php\/event\/titeres-alakran-a-cuba\/#primaryimage\"},\"image\":{\"@id\":\"https:\/\/www.ferrolcultura.gal\/index.php\/event\/titeres-alakran-a-cuba\/#primaryimage\"},\"thumbnailUrl\":\"https:\/\/www.ferrolcultura.gal\/wp-content\/uploads\/2024\/10\/Cartel-Festea-2024.jpg\",\"datePublished\":\"2024-10-11T11:37:03+00:00\",\"dateModified\":\"2024-10-11T11:43:26+00:00\",\"breadcrumb\":{\"@id\":\"https:\/\/www.ferrolcultura.gal\/index.php\/event\/titeres-alakran-a-cuba\/#breadcrumb\"},\"inLanguage\":\"gl-ES\",\"potentialAction\":[{\"@type\":\"ReadAction\",\"target\":[\"https:\/\/www.ferrolcultura.gal\/index.php\/event\/titeres-alakran-a-cuba\/\"]}]},{\"@type\":\"ImageObject\",\"inLanguage\":\"gl-ES\",\"@id\":\"https:\/\/www.ferrolcultura.gal\/index.php\/event\/titeres-alakran-a-cuba\/#primaryimage\",\"url\":\"https:\/\/www.ferrolcultura.gal\/wp-content\/uploads\/2024\/10\/Cartel-Festea-2024.jpg\",\"contentUrl\":\"https:\/\/www.ferrolcultura.gal\/wp-content\/uploads\/2024\/10\/Cartel-Festea-2024.jpg\",\"width\":1000,\"height\":1406},{\"@type\":\"BreadcrumbList\",\"@id\":\"https:\/\/www.ferrolcultura.gal\/index.php\/event\/titeres-alakran-a-cuba\/#breadcrumb\",\"itemListElement\":[{\"@type\":\"ListItem\",\"position\":1,\"name\":\"Portada\",\"item\":\"https:\/\/www.ferrolcultura.gal\/\"},{\"@type\":\"ListItem\",\"position\":2,\"name\":\"Events\",\"item\":\"https:\/\/www.ferrolcultura.gal\/index.php\/event\/\"},{\"@type\":\"ListItem\",\"position\":3,\"name\":\"T\u00edteres Alakr\u00e1n: &#8220;A Cuba!&#8221;\"}]},{\"@type\":\"WebSite\",\"@id\":\"https:\/\/www.ferrolcultura.gal\/#website\",\"url\":\"https:\/\/www.ferrolcultura.gal\/\",\"name\":\"Ferrol Cultura\",\"description\":\"P\u00e1xina de Cultura do Concello de Ferrol\",\"publisher\":{\"@id\":\"https:\/\/www.ferrolcultura.gal\/#organization\"},\"potentialAction\":[{\"@type\":\"SearchAction\",\"target\":{\"@type\":\"EntryPoint\",\"urlTemplate\":\"https:\/\/www.ferrolcultura.gal\/?s={search_term_string}\"},\"query-input\":{\"@type\":\"PropertyValueSpecification\",\"valueRequired\":true,\"valueName\":\"search_term_string\"}}],\"inLanguage\":\"gl-ES\"},{\"@type\":\"Organization\",\"@id\":\"https:\/\/www.ferrolcultura.gal\/#organization\",\"name\":\"Concello de Ferrol\",\"url\":\"https:\/\/www.ferrolcultura.gal\/\",\"logo\":{\"@type\":\"ImageObject\",\"inLanguage\":\"gl-ES\",\"@id\":\"https:\/\/www.ferrolcultura.gal\/#\/schema\/logo\/image\/\",\"url\":\"http:\/\/www.ferrolcultura.gal\/wp-content\/uploads\/2023\/03\/Concello-de-Ferrol-Cultura.png\",\"contentUrl\":\"http:\/\/www.ferrolcultura.gal\/wp-content\/uploads\/2023\/03\/Concello-de-Ferrol-Cultura.png\",\"width\":3033,\"height\":419,\"caption\":\"Concello de Ferrol\"},\"image\":{\"@id\":\"https:\/\/www.ferrolcultura.gal\/#\/schema\/logo\/image\/\"},\"sameAs\":[\"https:\/\/www.facebook.com\/ConcellodeFerrol\",\"https:\/\/x.com\/ferroloficial\",\"https:\/\/www.instagram.com\/concellodeferrol\",\"https:\/\/youtube.com\/@ferrolcultura\"]}]}<\/script>\r\n<!-- \/ Yoast SEO plugin. -->","yoast_head_json":{"title":"T\u00edteres Alakr\u00e1n: \"A Cuba!\" - Ferrol Cultura","robots":{"index":"index","follow":"follow","max-snippet":"max-snippet:-1","max-image-preview":"max-image-preview:large","max-video-preview":"max-video-preview:-1"},"canonical":"https:\/\/www.ferrolcultura.gal\/index.php\/event\/titeres-alakran-a-cuba\/","og_locale":"gl_ES","og_type":"article","og_title":"T\u00edteres Alakr\u00e1n: \"A Cuba!\" - Ferrol Cultura","og_description":"A compa\u00f1\u00eda galega T\u00edteres Alakr\u00e1n leva ao centro cultural Torrente Ballester a s\u00faa obra &#8220;A Cuba!&#8221;, dentro do ciclo de teatro de obxectos e monicreques &#8220;Festea&#8221;. Entrada de balde previa retirada de invitaci\u00f3n na billeteira do Jofre. La compa\u00f1\u00eda gallega...","og_url":"https:\/\/www.ferrolcultura.gal\/index.php\/event\/titeres-alakran-a-cuba\/","og_site_name":"Ferrol Cultura","article_publisher":"https:\/\/www.facebook.com\/ConcellodeFerrol","article_modified_time":"2024-10-11T11:43:26+00:00","og_image":[{"width":1000,"height":1406,"url":"https:\/\/www.ferrolcultura.gal\/wp-content\/uploads\/2024\/10\/Cartel-Festea-2024.jpg","type":"image\/jpeg"}],"twitter_card":"summary_large_image","twitter_site":"@ferroloficial","twitter_misc":{"Tempo de lectura":"1 minuto"},"schema":{"@context":"https:\/\/schema.org","@graph":[{"@type":"WebPage","@id":"https:\/\/www.ferrolcultura.gal\/index.php\/event\/titeres-alakran-a-cuba\/","url":"https:\/\/www.ferrolcultura.gal\/index.php\/event\/titeres-alakran-a-cuba\/","name":"T\u00edteres Alakr\u00e1n: \"A Cuba!\" - Ferrol Cultura","isPartOf":{"@id":"https:\/\/www.ferrolcultura.gal\/#website"},"primaryImageOfPage":{"@id":"https:\/\/www.ferrolcultura.gal\/index.php\/event\/titeres-alakran-a-cuba\/#primaryimage"},"image":{"@id":"https:\/\/www.ferrolcultura.gal\/index.php\/event\/titeres-alakran-a-cuba\/#primaryimage"},"thumbnailUrl":"https:\/\/www.ferrolcultura.gal\/wp-content\/uploads\/2024\/10\/Cartel-Festea-2024.jpg","datePublished":"2024-10-11T11:37:03+00:00","dateModified":"2024-10-11T11:43:26+00:00","breadcrumb":{"@id":"https:\/\/www.ferrolcultura.gal\/index.php\/event\/titeres-alakran-a-cuba\/#breadcrumb"},"inLanguage":"gl-ES","potentialAction":[{"@type":"ReadAction","target":["https:\/\/www.ferrolcultura.gal\/index.php\/event\/titeres-alakran-a-cuba\/"]}]},{"@type":"ImageObject","inLanguage":"gl-ES","@id":"https:\/\/www.ferrolcultura.gal\/index.php\/event\/titeres-alakran-a-cuba\/#primaryimage","url":"https:\/\/www.ferrolcultura.gal\/wp-content\/uploads\/2024\/10\/Cartel-Festea-2024.jpg","contentUrl":"https:\/\/www.ferrolcultura.gal\/wp-content\/uploads\/2024\/10\/Cartel-Festea-2024.jpg","width":1000,"height":1406},{"@type":"BreadcrumbList","@id":"https:\/\/www.ferrolcultura.gal\/index.php\/event\/titeres-alakran-a-cuba\/#breadcrumb","itemListElement":[{"@type":"ListItem","position":1,"name":"Portada","item":"https:\/\/www.ferrolcultura.gal\/"},{"@type":"ListItem","position":2,"name":"Events","item":"https:\/\/www.ferrolcultura.gal\/index.php\/event\/"},{"@type":"ListItem","position":3,"name":"T\u00edteres Alakr\u00e1n: &#8220;A Cuba!&#8221;"}]},{"@type":"WebSite","@id":"https:\/\/www.ferrolcultura.gal\/#website","url":"https:\/\/www.ferrolcultura.gal\/","name":"Ferrol Cultura","description":"P\u00e1xina de Cultura do Concello de Ferrol","publisher":{"@id":"https:\/\/www.ferrolcultura.gal\/#organization"},"potentialAction":[{"@type":"SearchAction","target":{"@type":"EntryPoint","urlTemplate":"https:\/\/www.ferrolcultura.gal\/?s={search_term_string}"},"query-input":{"@type":"PropertyValueSpecification","valueRequired":true,"valueName":"search_term_string"}}],"inLanguage":"gl-ES"},{"@type":"Organization","@id":"https:\/\/www.ferrolcultura.gal\/#organization","name":"Concello de Ferrol","url":"https:\/\/www.ferrolcultura.gal\/","logo":{"@type":"ImageObject","inLanguage":"gl-ES","@id":"https:\/\/www.ferrolcultura.gal\/#\/schema\/logo\/image\/","url":"http:\/\/www.ferrolcultura.gal\/wp-content\/uploads\/2023\/03\/Concello-de-Ferrol-Cultura.png","contentUrl":"http:\/\/www.ferrolcultura.gal\/wp-content\/uploads\/2023\/03\/Concello-de-Ferrol-Cultura.png","width":3033,"height":419,"caption":"Concello de Ferrol"},"image":{"@id":"https:\/\/www.ferrolcultura.gal\/#\/schema\/logo\/image\/"},"sameAs":["https:\/\/www.facebook.com\/ConcellodeFerrol","https:\/\/x.com\/ferroloficial","https:\/\/www.instagram.com\/concellodeferrol","https:\/\/youtube.com\/@ferrolcultura"]}]}},"event_fields":{"start_date":"2024-10-11","start_time":"18:30","end_date":"2024-10-11","expire_date":"2024-10-12 00:00","start_datetime":"2024-10-11 18:30"},"_links":{"self":[{"href":"https:\/\/www.ferrolcultura.gal\/index.php\/wp-json\/wp\/v2\/event\/6738","targetHints":{"allow":["GET"]}}],"collection":[{"href":"https:\/\/www.ferrolcultura.gal\/index.php\/wp-json\/wp\/v2\/event"}],"about":[{"href":"https:\/\/www.ferrolcultura.gal\/index.php\/wp-json\/wp\/v2\/types\/event"}],"author":[{"embeddable":true,"href":"https:\/\/www.ferrolcultura.gal\/index.php\/wp-json\/wp\/v2\/users\/5"}],"replies":[{"embeddable":true,"href":"https:\/\/www.ferrolcultura.gal\/index.php\/wp-json\/wp\/v2\/comments?post=6738"}],"version-history":[{"count":2,"href":"https:\/\/www.ferrolcultura.gal\/index.php\/wp-json\/wp\/v2\/event\/6738\/revisions"}],"predecessor-version":[{"id":6745,"href":"https:\/\/www.ferrolcultura.gal\/index.php\/wp-json\/wp\/v2\/event\/6738\/revisions\/6745"}],"wp:featuredmedia":[{"embeddable":true,"href":"https:\/\/www.ferrolcultura.gal\/index.php\/wp-json\/wp\/v2\/media\/6739"}],"wp:attachment":[{"href":"https:\/\/www.ferrolcultura.gal\/index.php\/wp-json\/wp\/v2\/media?parent=6738"}],"wp:term":[{"taxonomy":"eventcat","embeddable":true,"href":"https:\/\/www.ferrolcultura.gal\/index.php\/wp-json\/wp\/v2\/eventcat?post=6738"},{"taxonomy":"organizer","embeddable":true,"href":"https:\/\/www.ferrolcultura.gal\/index.php\/wp-json\/wp\/v2\/organizer?post=6738"},{"taxonomy":"event_tags","embeddable":true,"href":"https:\/\/www.ferrolcultura.gal\/index.php\/wp-json\/wp\/v2\/event_tags?post=6738"},{"taxonomy":"location","embeddable":true,"href":"https:\/\/www.ferrolcultura.gal\/index.php\/wp-json\/wp\/v2\/location?post=6738"}],"curies":[{"name":"wp","href":"https:\/\/api.w.org\/{rel}","templated":true}]}}