{"id":8220,"date":"2026-04-27T10:53:40","date_gmt":"2026-04-27T09:53:40","guid":{"rendered":"https:\/\/www.ferrolcultura.gal\/?post_type=event&#038;p=8220"},"modified":"2026-04-28T09:56:39","modified_gmt":"2026-04-28T08:56:39","slug":"amancio-prada-50o-aniversario-de-rosalia-de-castro","status":"publish","type":"event","link":"https:\/\/www.ferrolcultura.gal\/index.php\/event\/amancio-prada-50o-aniversario-de-rosalia-de-castro\/","title":{"rendered":"AMANCIO PRADA: 50\u00ba ANIVERSARIO DE ROSAL\u00cdA DE CASTRO"},"content":{"rendered":"\n<p>Celebrar medio s\u00e9culo dun disco \u00e9 celebrar a viaxe de toda unha vida. Hai cincuenta anos, Amancio Prada iniciou unha peregrinaci\u00f3n sonora ao coraz\u00f3n da poes\u00eda de Rosal\u00eda de Castro, e aquel primeiro paso, o seu lendario \u00e1lbum, converteuse no comp\u00e1s que guiou a s\u00faa traxectoria. <\/p>\n\n\n\n<p>Este concerto \u00e9 un miradoiro nese cami\u00f1o para contemplar a paisaxe percorrida: dende a pureza nunha das primeiras canci\u00f3ns, convertidas xa en parte da nosa memoria colectiva, ata as relecturas maduras que amosan como medrou o di\u00e1logo \u00edntimo coa poeta. <\/p>\n\n\n\n<p>A voz de Prada, hoxe m\u00e1is ca nunca, \u00e9 a resonancia dese longo cami\u00f1ar, pois atesoura a devoci\u00f3n do primeiro d\u00eda e a sabedor\u00eda de quen fixo dos versos doutro o seu propio fogar. M\u00e1is ca un aniversario, este concerto \u00e9 unha cerimonia de gratitude, unha ocasi\u00f3n irrepetible para sermos testemu\u00f1as de como un canto se fixo refuxio e a poes\u00eda, destino.<\/p>\n\n\n\n<!--more-->\n\n\n\n<p><strong>ENTRADAS<\/strong><\/p>\n\n\n\n<p>Prezo: Desde 14\u20ac. Entradas \u00e1 venda en\u00a0<a href=\"https:\/\/entradas.ataquilla.com\/gl\/ventaentradas\/conciertos\/53-teatro-jofre\/x3ak51hv-amancio-prada-50o-aniversario-rosalia-de-castro-\">Ataquilla<\/a>\u00a0e na billeteira do Teatro Jofre<\/p>\n\n\n\n<hr class=\"wp-block-separator has-alpha-channel-opacity\"\/>\n\n\n\n<p>Celebrar medio siglo de un disco es celebrar el viaje de toda una vida. Hace cincuenta a\u00f1os, Amancio Prada inici\u00f3 una peregrinaci\u00f3n sonora al coraz\u00f3n de la poes\u00eda de Rosal\u00eda de Castro, y aquel primer paso, su legendario \u00e1lbum, se convirti\u00f3 en el comp\u00e1s que gui\u00f3 su trayectoria. <\/p>\n\n\n\n<p>Este concierto es un mirador en ese camino para contemplar el paisaje recorrido: desde la pureza en una de las primeras canciones, convertidas ya en parte de nuestra memoria colectiva, hasta las relecturas maduras que muestran como creci\u00f3 el di\u00e1logo \u00edntimo con la poeta. <\/p>\n\n\n\n<p>La voz de Prada, hoy m\u00e1s que nunca, es la resonancia de ese largo caminar, pues atesora la devoci\u00f3n del primer d\u00eda y la sabidur\u00eda de quien hizo de los versos de otro su propio hogar. M\u00e1s que un aniversario, este concierto es una ceremonia de gratitud, una ocasi\u00f3n irrepetible para ser testigo de como un canto se hizo refugio y la poes\u00eda, destino. <\/p>\n\n\n\n<p><strong>ENTRADAS<\/strong><\/p>\n\n\n\n<p>Precio: Desde 14\u20ac. Entradas a la venta en\u00a0<a href=\"https:\/\/entradas.ataquilla.com\/gl\/ventaentradas\/conciertos\/53-teatro-jofre\/x3ak51hv-amancio-prada-50o-aniversario-rosalia-de-castro-\">Ataquilla<\/a>\u00a0y en la taquilla del Teatro Jofre<\/p>\n\n\n\n<p><\/p>\n","protected":false},"excerpt":{"rendered":"<p>Celebrar medio s\u00e9culo dun disco \u00e9 celebrar a viaxe de toda unha vida. Hai cincuenta anos, Amancio Prada iniciou unha peregrinaci\u00f3n sonora ao coraz\u00f3n da poes\u00eda de Rosal\u00eda de Castro, e aquel primeiro paso, o seu lendario \u00e1lbum, converteuse no&#8230;<\/p>\n","protected":false},"author":9,"featured_media":8222,"comment_status":"closed","ping_status":"closed","template":"","meta":{"_monsterinsights_skip_tracking":false,"_monsterinsights_sitenote_active":false,"_monsterinsights_sitenote_note":"","_monsterinsights_sitenote_category":0,"footnotes":""},"eventcat":[140],"organizer":[],"event_tags":[],"location":[42],"class_list":["post-8220","event","type-event","status-publish","has-post-thumbnail","hentry","eventcat-anima-mundi","location-teatro-jofre"],"yoast_head":"<!-- This site is optimized with the Yoast SEO plugin v27.0 - https:\/\/yoast.com\/product\/yoast-seo-wordpress\/ -->\r\n<title>AMANCIO PRADA: 50\u00ba ANIVERSARIO DE ROSAL\u00cdA DE CASTRO - Ferrol Cultura<\/title>\r\n<meta name=\"robots\" content=\"index, follow, max-snippet:-1, max-image-preview:large, max-video-preview:-1\" \/>\r\n<link rel=\"canonical\" href=\"https:\/\/www.ferrolcultura.gal\/index.php\/event\/amancio-prada-50o-aniversario-de-rosalia-de-castro\/\" \/>\r\n<meta property=\"og:locale\" content=\"gl_ES\" \/>\r\n<meta property=\"og:type\" content=\"article\" \/>\r\n<meta property=\"og:title\" content=\"AMANCIO PRADA: 50\u00ba ANIVERSARIO DE ROSAL\u00cdA DE CASTRO - Ferrol Cultura\" \/>\r\n<meta property=\"og:description\" content=\"Celebrar medio s\u00e9culo dun disco \u00e9 celebrar a viaxe de toda unha vida. Hai cincuenta anos, Amancio Prada iniciou unha peregrinaci\u00f3n sonora ao coraz\u00f3n da poes\u00eda de Rosal\u00eda de Castro, e aquel primeiro paso, o seu lendario \u00e1lbum, converteuse no...\" \/>\r\n<meta property=\"og:url\" content=\"https:\/\/www.ferrolcultura.gal\/index.php\/event\/amancio-prada-50o-aniversario-de-rosalia-de-castro\/\" \/>\r\n<meta property=\"og:site_name\" content=\"Ferrol Cultura\" \/>\r\n<meta property=\"article:publisher\" content=\"https:\/\/www.facebook.com\/ConcellodeFerrol\" \/>\r\n<meta property=\"article:modified_time\" content=\"2026-04-28T08:56:39+00:00\" \/>\r\n<meta property=\"og:image\" content=\"https:\/\/www.ferrolcultura.gal\/wp-content\/uploads\/2026\/04\/204x242px-01.jpg\" \/>\r\n\t<meta property=\"og:image:width\" content=\"850\" \/>\r\n\t<meta property=\"og:image:height\" content=\"1009\" \/>\r\n\t<meta property=\"og:image:type\" content=\"image\/jpeg\" \/>\r\n<meta name=\"twitter:card\" content=\"summary_large_image\" \/>\r\n<meta name=\"twitter:site\" content=\"@ferroloficial\" \/>\r\n<meta name=\"twitter:label1\" content=\"Tempo de lectura\" \/>\n\t<meta name=\"twitter:data1\" content=\"3 minutos\" \/>\r\n<script type=\"application\/ld+json\" class=\"yoast-schema-graph\">{\"@context\":\"https:\/\/schema.org\",\"@graph\":[{\"@type\":\"WebPage\",\"@id\":\"https:\/\/www.ferrolcultura.gal\/index.php\/event\/amancio-prada-50o-aniversario-de-rosalia-de-castro\/\",\"url\":\"https:\/\/www.ferrolcultura.gal\/index.php\/event\/amancio-prada-50o-aniversario-de-rosalia-de-castro\/\",\"name\":\"AMANCIO PRADA: 50\u00ba ANIVERSARIO DE ROSAL\u00cdA DE CASTRO - Ferrol Cultura\",\"isPartOf\":{\"@id\":\"https:\/\/www.ferrolcultura.gal\/#website\"},\"primaryImageOfPage\":{\"@id\":\"https:\/\/www.ferrolcultura.gal\/index.php\/event\/amancio-prada-50o-aniversario-de-rosalia-de-castro\/#primaryimage\"},\"image\":{\"@id\":\"https:\/\/www.ferrolcultura.gal\/index.php\/event\/amancio-prada-50o-aniversario-de-rosalia-de-castro\/#primaryimage\"},\"thumbnailUrl\":\"https:\/\/www.ferrolcultura.gal\/wp-content\/uploads\/2026\/04\/204x242px-01.jpg\",\"datePublished\":\"2026-04-27T09:53:40+00:00\",\"dateModified\":\"2026-04-28T08:56:39+00:00\",\"breadcrumb\":{\"@id\":\"https:\/\/www.ferrolcultura.gal\/index.php\/event\/amancio-prada-50o-aniversario-de-rosalia-de-castro\/#breadcrumb\"},\"inLanguage\":\"gl-ES\",\"potentialAction\":[{\"@type\":\"ReadAction\",\"target\":[\"https:\/\/www.ferrolcultura.gal\/index.php\/event\/amancio-prada-50o-aniversario-de-rosalia-de-castro\/\"]}]},{\"@type\":\"ImageObject\",\"inLanguage\":\"gl-ES\",\"@id\":\"https:\/\/www.ferrolcultura.gal\/index.php\/event\/amancio-prada-50o-aniversario-de-rosalia-de-castro\/#primaryimage\",\"url\":\"https:\/\/www.ferrolcultura.gal\/wp-content\/uploads\/2026\/04\/204x242px-01.jpg\",\"contentUrl\":\"https:\/\/www.ferrolcultura.gal\/wp-content\/uploads\/2026\/04\/204x242px-01.jpg\",\"width\":850,\"height\":1009},{\"@type\":\"BreadcrumbList\",\"@id\":\"https:\/\/www.ferrolcultura.gal\/index.php\/event\/amancio-prada-50o-aniversario-de-rosalia-de-castro\/#breadcrumb\",\"itemListElement\":[{\"@type\":\"ListItem\",\"position\":1,\"name\":\"Portada\",\"item\":\"https:\/\/www.ferrolcultura.gal\/\"},{\"@type\":\"ListItem\",\"position\":2,\"name\":\"Events\",\"item\":\"https:\/\/www.ferrolcultura.gal\/index.php\/event\/\"},{\"@type\":\"ListItem\",\"position\":3,\"name\":\"AMANCIO PRADA: 50\u00ba ANIVERSARIO DE ROSAL\u00cdA DE CASTRO\"}]},{\"@type\":\"WebSite\",\"@id\":\"https:\/\/www.ferrolcultura.gal\/#website\",\"url\":\"https:\/\/www.ferrolcultura.gal\/\",\"name\":\"Ferrol Cultura\",\"description\":\"P\u00e1xina de Cultura do Concello de Ferrol\",\"publisher\":{\"@id\":\"https:\/\/www.ferrolcultura.gal\/#organization\"},\"potentialAction\":[{\"@type\":\"SearchAction\",\"target\":{\"@type\":\"EntryPoint\",\"urlTemplate\":\"https:\/\/www.ferrolcultura.gal\/?s={search_term_string}\"},\"query-input\":{\"@type\":\"PropertyValueSpecification\",\"valueRequired\":true,\"valueName\":\"search_term_string\"}}],\"inLanguage\":\"gl-ES\"},{\"@type\":\"Organization\",\"@id\":\"https:\/\/www.ferrolcultura.gal\/#organization\",\"name\":\"Concello de Ferrol\",\"url\":\"https:\/\/www.ferrolcultura.gal\/\",\"logo\":{\"@type\":\"ImageObject\",\"inLanguage\":\"gl-ES\",\"@id\":\"https:\/\/www.ferrolcultura.gal\/#\/schema\/logo\/image\/\",\"url\":\"http:\/\/www.ferrolcultura.gal\/wp-content\/uploads\/2023\/03\/Concello-de-Ferrol-Cultura.png\",\"contentUrl\":\"http:\/\/www.ferrolcultura.gal\/wp-content\/uploads\/2023\/03\/Concello-de-Ferrol-Cultura.png\",\"width\":3033,\"height\":419,\"caption\":\"Concello de Ferrol\"},\"image\":{\"@id\":\"https:\/\/www.ferrolcultura.gal\/#\/schema\/logo\/image\/\"},\"sameAs\":[\"https:\/\/www.facebook.com\/ConcellodeFerrol\",\"https:\/\/x.com\/ferroloficial\",\"https:\/\/www.instagram.com\/concellodeferrol\",\"https:\/\/youtube.com\/@ferrolcultura\"]}]}<\/script>\r\n<!-- \/ Yoast SEO plugin. -->","yoast_head_json":{"title":"AMANCIO PRADA: 50\u00ba ANIVERSARIO DE ROSAL\u00cdA DE CASTRO - Ferrol Cultura","robots":{"index":"index","follow":"follow","max-snippet":"max-snippet:-1","max-image-preview":"max-image-preview:large","max-video-preview":"max-video-preview:-1"},"canonical":"https:\/\/www.ferrolcultura.gal\/index.php\/event\/amancio-prada-50o-aniversario-de-rosalia-de-castro\/","og_locale":"gl_ES","og_type":"article","og_title":"AMANCIO PRADA: 50\u00ba ANIVERSARIO DE ROSAL\u00cdA DE CASTRO - Ferrol Cultura","og_description":"Celebrar medio s\u00e9culo dun disco \u00e9 celebrar a viaxe de toda unha vida. Hai cincuenta anos, Amancio Prada iniciou unha peregrinaci\u00f3n sonora ao coraz\u00f3n da poes\u00eda de Rosal\u00eda de Castro, e aquel primeiro paso, o seu lendario \u00e1lbum, converteuse no...","og_url":"https:\/\/www.ferrolcultura.gal\/index.php\/event\/amancio-prada-50o-aniversario-de-rosalia-de-castro\/","og_site_name":"Ferrol Cultura","article_publisher":"https:\/\/www.facebook.com\/ConcellodeFerrol","article_modified_time":"2026-04-28T08:56:39+00:00","og_image":[{"width":850,"height":1009,"url":"https:\/\/www.ferrolcultura.gal\/wp-content\/uploads\/2026\/04\/204x242px-01.jpg","type":"image\/jpeg"}],"twitter_card":"summary_large_image","twitter_site":"@ferroloficial","twitter_misc":{"Tempo de lectura":"3 minutos"},"schema":{"@context":"https:\/\/schema.org","@graph":[{"@type":"WebPage","@id":"https:\/\/www.ferrolcultura.gal\/index.php\/event\/amancio-prada-50o-aniversario-de-rosalia-de-castro\/","url":"https:\/\/www.ferrolcultura.gal\/index.php\/event\/amancio-prada-50o-aniversario-de-rosalia-de-castro\/","name":"AMANCIO PRADA: 50\u00ba ANIVERSARIO DE ROSAL\u00cdA DE CASTRO - Ferrol Cultura","isPartOf":{"@id":"https:\/\/www.ferrolcultura.gal\/#website"},"primaryImageOfPage":{"@id":"https:\/\/www.ferrolcultura.gal\/index.php\/event\/amancio-prada-50o-aniversario-de-rosalia-de-castro\/#primaryimage"},"image":{"@id":"https:\/\/www.ferrolcultura.gal\/index.php\/event\/amancio-prada-50o-aniversario-de-rosalia-de-castro\/#primaryimage"},"thumbnailUrl":"https:\/\/www.ferrolcultura.gal\/wp-content\/uploads\/2026\/04\/204x242px-01.jpg","datePublished":"2026-04-27T09:53:40+00:00","dateModified":"2026-04-28T08:56:39+00:00","breadcrumb":{"@id":"https:\/\/www.ferrolcultura.gal\/index.php\/event\/amancio-prada-50o-aniversario-de-rosalia-de-castro\/#breadcrumb"},"inLanguage":"gl-ES","potentialAction":[{"@type":"ReadAction","target":["https:\/\/www.ferrolcultura.gal\/index.php\/event\/amancio-prada-50o-aniversario-de-rosalia-de-castro\/"]}]},{"@type":"ImageObject","inLanguage":"gl-ES","@id":"https:\/\/www.ferrolcultura.gal\/index.php\/event\/amancio-prada-50o-aniversario-de-rosalia-de-castro\/#primaryimage","url":"https:\/\/www.ferrolcultura.gal\/wp-content\/uploads\/2026\/04\/204x242px-01.jpg","contentUrl":"https:\/\/www.ferrolcultura.gal\/wp-content\/uploads\/2026\/04\/204x242px-01.jpg","width":850,"height":1009},{"@type":"BreadcrumbList","@id":"https:\/\/www.ferrolcultura.gal\/index.php\/event\/amancio-prada-50o-aniversario-de-rosalia-de-castro\/#breadcrumb","itemListElement":[{"@type":"ListItem","position":1,"name":"Portada","item":"https:\/\/www.ferrolcultura.gal\/"},{"@type":"ListItem","position":2,"name":"Events","item":"https:\/\/www.ferrolcultura.gal\/index.php\/event\/"},{"@type":"ListItem","position":3,"name":"AMANCIO PRADA: 50\u00ba ANIVERSARIO DE ROSAL\u00cdA DE CASTRO"}]},{"@type":"WebSite","@id":"https:\/\/www.ferrolcultura.gal\/#website","url":"https:\/\/www.ferrolcultura.gal\/","name":"Ferrol Cultura","description":"P\u00e1xina de Cultura do Concello de Ferrol","publisher":{"@id":"https:\/\/www.ferrolcultura.gal\/#organization"},"potentialAction":[{"@type":"SearchAction","target":{"@type":"EntryPoint","urlTemplate":"https:\/\/www.ferrolcultura.gal\/?s={search_term_string}"},"query-input":{"@type":"PropertyValueSpecification","valueRequired":true,"valueName":"search_term_string"}}],"inLanguage":"gl-ES"},{"@type":"Organization","@id":"https:\/\/www.ferrolcultura.gal\/#organization","name":"Concello de Ferrol","url":"https:\/\/www.ferrolcultura.gal\/","logo":{"@type":"ImageObject","inLanguage":"gl-ES","@id":"https:\/\/www.ferrolcultura.gal\/#\/schema\/logo\/image\/","url":"http:\/\/www.ferrolcultura.gal\/wp-content\/uploads\/2023\/03\/Concello-de-Ferrol-Cultura.png","contentUrl":"http:\/\/www.ferrolcultura.gal\/wp-content\/uploads\/2023\/03\/Concello-de-Ferrol-Cultura.png","width":3033,"height":419,"caption":"Concello de Ferrol"},"image":{"@id":"https:\/\/www.ferrolcultura.gal\/#\/schema\/logo\/image\/"},"sameAs":["https:\/\/www.facebook.com\/ConcellodeFerrol","https:\/\/x.com\/ferroloficial","https:\/\/www.instagram.com\/concellodeferrol","https:\/\/youtube.com\/@ferrolcultura"]}]}},"event_fields":{"start_date":"2026-05-16","start_time":"20:30","end_date":"","expire_date":"2026-05-17 00:00","start_datetime":"2026-05-16 20:30"},"_links":{"self":[{"href":"https:\/\/www.ferrolcultura.gal\/index.php\/wp-json\/wp\/v2\/event\/8220","targetHints":{"allow":["GET"]}}],"collection":[{"href":"https:\/\/www.ferrolcultura.gal\/index.php\/wp-json\/wp\/v2\/event"}],"about":[{"href":"https:\/\/www.ferrolcultura.gal\/index.php\/wp-json\/wp\/v2\/types\/event"}],"author":[{"embeddable":true,"href":"https:\/\/www.ferrolcultura.gal\/index.php\/wp-json\/wp\/v2\/users\/9"}],"replies":[{"embeddable":true,"href":"https:\/\/www.ferrolcultura.gal\/index.php\/wp-json\/wp\/v2\/comments?post=8220"}],"version-history":[{"count":2,"href":"https:\/\/www.ferrolcultura.gal\/index.php\/wp-json\/wp\/v2\/event\/8220\/revisions"}],"predecessor-version":[{"id":8224,"href":"https:\/\/www.ferrolcultura.gal\/index.php\/wp-json\/wp\/v2\/event\/8220\/revisions\/8224"}],"wp:featuredmedia":[{"embeddable":true,"href":"https:\/\/www.ferrolcultura.gal\/index.php\/wp-json\/wp\/v2\/media\/8222"}],"wp:attachment":[{"href":"https:\/\/www.ferrolcultura.gal\/index.php\/wp-json\/wp\/v2\/media?parent=8220"}],"wp:term":[{"taxonomy":"eventcat","embeddable":true,"href":"https:\/\/www.ferrolcultura.gal\/index.php\/wp-json\/wp\/v2\/eventcat?post=8220"},{"taxonomy":"organizer","embeddable":true,"href":"https:\/\/www.ferrolcultura.gal\/index.php\/wp-json\/wp\/v2\/organizer?post=8220"},{"taxonomy":"event_tags","embeddable":true,"href":"https:\/\/www.ferrolcultura.gal\/index.php\/wp-json\/wp\/v2\/event_tags?post=8220"},{"taxonomy":"location","embeddable":true,"href":"https:\/\/www.ferrolcultura.gal\/index.php\/wp-json\/wp\/v2\/location?post=8220"}],"curies":[{"name":"wp","href":"https:\/\/api.w.org\/{rel}","templated":true}]}}