{"id":8241,"date":"2026-04-28T10:04:45","date_gmt":"2026-04-28T09:04:45","guid":{"rendered":"https:\/\/www.ferrolcultura.gal\/?post_type=event&#038;p=8241"},"modified":"2026-04-28T10:55:53","modified_gmt":"2026-04-28T09:55:53","slug":"universos-paralelos-zoe-zeniodi-y-esteban-batallan","status":"publish","type":"event","link":"https:\/\/www.ferrolcultura.gal\/index.php\/event\/universos-paralelos-zoe-zeniodi-y-esteban-batallan\/","title":{"rendered":"UNIVERSOS PARALELOS: ZOE ZENIODI Y ESTEBAN BATALL\u00c1N"},"content":{"rendered":"\n<p>A directora Zoe Zeniodi dirixe \u00e1 Real Filharmon\u00eda de Galicia cun programa encargado a Nuria N\u00fa\u00f1ez Hierro que ser\u00e1 a protagonista desta estrea absoluta con <em>Universos Paralelos<\/em>, da compositora sueca Britta Bystr\u00f6m, no que prop\u00f3n traducir en m\u00fasica teor\u00edas cosmol\u00f3xicas sobre as realidades paralelas.<\/p>\n\n\n\n<p>M\u00e1is centrado na terra \u00e9 o Concerto para trompeta en Mi bemol maior de Hummel, quen, a pesar de ser un neno prodixio como Mozart, deixou un bo posto de traballo como sucesor de Haydn na corte Esterh\u00e1zy para gozar de Weimar e da amizade de Goethe. A pesar da marabillosa escrita do concerto, o solista da estrea tomouse a liberdade de cambiar partes. E a trompeta l\u00e9vanos tam\u00e9n ata o final deste ser\u00e1n, como o instrumento que escolleu Honegger na s\u00faa <em>Sinfon\u00eda n\u00fam. 2<\/em> para conducirnos dende a anguria do Par\u00eds ocupado ata a afirmaci\u00f3n da beleza da vida no terceiro movemento.<\/p>\n\n\n\n<!--more-->\n\n\n\n<p><strong>ENTRADAS<\/strong><\/p>\n\n\n\n<p>Prezo: Desde 16\u20ac (socios 5\u20ac). Entradas \u00e1 venda en&nbsp;<a href=\"https:\/\/entradas.ataquilla.com\/gl\/ventaentradas\/conciertos_clasica\/55-auditorio-de-ferrol\/x3ak5ymn-real-filharmonia-de-galicia-universos-paralelos\">Ataquilla<\/a>&nbsp;e na billeteira do Teatro Jofre<\/p>\n\n\n\n<hr class=\"wp-block-separator has-alpha-channel-opacity\"\/>\n\n\n\n<p>La directora Zoe Zeniodi dirige a la Real Filharmon\u00eda de Galicia con un programa encargado a Nuria N\u00fa\u00f1ez Hierro que ser\u00e1 la protagonista de este estreno absoluto con <em>Universos Paralelos<\/em>, de la compositora sueca Britta Bystr\u00f6m, en la que propone traducir en m\u00fasica teor\u00edas cosmol\u00f3xicas sobre las realidades paralelas. <\/p>\n\n\n\n<p>M\u00e1s centrado en la tierra es el Concierto para trompeta en Mi bemol mayor de Hummel, quien, a pesar de ser un ni\u00f1o prodigioso como Mozart, dej\u00f3 un buen puesto de trabajo como sucesor de Haydn en la corte Esterh\u00e1zy para disfrutar de Weimar y de la amistad de Goethe. A pesar de la maravillosa escrita del concierto, el solista del estreno se tom\u00f3 la libertad de cambiar partes. Y la trompeta nos lleva tambi\u00e9n hasta el final de esta noche, como el instrumento que eligi\u00f3 Honegger en su <em>Sinfon\u00eda n\u00fam. 2<\/em> para conducirnos desde la anguria del Pa\u00eds ocupado hasta la afirmaci\u00f3n de la belleza en el tercer movimiento.<\/p>\n\n\n\n<p><strong>ENTRADAS<\/strong><\/p>\n\n\n\n<p>Precio: Desde 16\u20ac (socios 5\u20ac). Entradas a la venta en&nbsp;<a href=\"https:\/\/entradas.ataquilla.com\/gl\/ventaentradas\/conciertos_clasica\/55-auditorio-de-ferrol\/x3ak5ymn-real-filharmonia-de-galicia-universos-paralelos\">Ataquilla<\/a>&nbsp;y en la taquilla del Teatro Jofre<\/p>\n\n\n\n<p><\/p>\n","protected":false},"excerpt":{"rendered":"<p>A directora Zoe Zeniodi dirixe \u00e1 Real Filharmon\u00eda de Galicia cun programa encargado a Nuria N\u00fa\u00f1ez Hierro que ser\u00e1 a protagonista desta estrea absoluta con Universos Paralelos, da compositora sueca Britta Bystr\u00f6m, no que prop\u00f3n traducir en m\u00fasica teor\u00edas cosmol\u00f3xicas&#8230;<\/p>\n","protected":false},"author":9,"featured_media":8244,"comment_status":"closed","ping_status":"closed","template":"","meta":{"_monsterinsights_skip_tracking":false,"_monsterinsights_sitenote_active":false,"_monsterinsights_sitenote_note":"","_monsterinsights_sitenote_category":0,"footnotes":""},"eventcat":[153],"organizer":[],"event_tags":[],"location":[43],"class_list":["post-8241","event","type-event","status-publish","has-post-thumbnail","hentry","eventcat-clasica-2","location-auditorio"],"yoast_head":"<!-- This site is optimized with the Yoast SEO plugin v27.0 - https:\/\/yoast.com\/product\/yoast-seo-wordpress\/ -->\r\n<title>UNIVERSOS PARALELOS: ZOE ZENIODI Y ESTEBAN BATALL\u00c1N - Ferrol Cultura<\/title>\r\n<meta name=\"robots\" content=\"index, follow, max-snippet:-1, max-image-preview:large, max-video-preview:-1\" \/>\r\n<link rel=\"canonical\" href=\"https:\/\/www.ferrolcultura.gal\/index.php\/event\/universos-paralelos-zoe-zeniodi-y-esteban-batallan\/\" \/>\r\n<meta property=\"og:locale\" content=\"gl_ES\" \/>\r\n<meta property=\"og:type\" content=\"article\" \/>\r\n<meta property=\"og:title\" content=\"UNIVERSOS PARALELOS: ZOE ZENIODI Y ESTEBAN BATALL\u00c1N - Ferrol Cultura\" \/>\r\n<meta property=\"og:description\" content=\"A directora Zoe Zeniodi dirixe \u00e1 Real Filharmon\u00eda de Galicia cun programa encargado a Nuria N\u00fa\u00f1ez Hierro que ser\u00e1 a protagonista desta estrea absoluta con Universos Paralelos, da compositora sueca Britta Bystr\u00f6m, no que prop\u00f3n traducir en m\u00fasica teor\u00edas cosmol\u00f3xicas...\" \/>\r\n<meta property=\"og:url\" content=\"https:\/\/www.ferrolcultura.gal\/index.php\/event\/universos-paralelos-zoe-zeniodi-y-esteban-batallan\/\" \/>\r\n<meta property=\"og:site_name\" content=\"Ferrol Cultura\" \/>\r\n<meta property=\"article:publisher\" content=\"https:\/\/www.facebook.com\/ConcellodeFerrol\" \/>\r\n<meta property=\"article:modified_time\" content=\"2026-04-28T09:55:53+00:00\" \/>\r\n<meta property=\"og:image\" content=\"https:\/\/www.ferrolcultura.gal\/wp-content\/uploads\/2026\/04\/22.05.JPEG.jpg\" \/>\r\n\t<meta property=\"og:image:width\" content=\"226\" \/>\r\n\t<meta property=\"og:image:height\" content=\"148\" \/>\r\n\t<meta property=\"og:image:type\" content=\"image\/jpeg\" \/>\r\n<meta name=\"twitter:card\" content=\"summary_large_image\" \/>\r\n<meta name=\"twitter:site\" content=\"@ferroloficial\" \/>\r\n<meta name=\"twitter:label1\" content=\"Tempo de lectura\" \/>\n\t<meta name=\"twitter:data1\" content=\"3 minutos\" \/>\r\n<script type=\"application\/ld+json\" class=\"yoast-schema-graph\">{\"@context\":\"https:\/\/schema.org\",\"@graph\":[{\"@type\":\"WebPage\",\"@id\":\"https:\/\/www.ferrolcultura.gal\/index.php\/event\/universos-paralelos-zoe-zeniodi-y-esteban-batallan\/\",\"url\":\"https:\/\/www.ferrolcultura.gal\/index.php\/event\/universos-paralelos-zoe-zeniodi-y-esteban-batallan\/\",\"name\":\"UNIVERSOS PARALELOS: ZOE ZENIODI Y ESTEBAN BATALL\u00c1N - Ferrol Cultura\",\"isPartOf\":{\"@id\":\"https:\/\/www.ferrolcultura.gal\/#website\"},\"primaryImageOfPage\":{\"@id\":\"https:\/\/www.ferrolcultura.gal\/index.php\/event\/universos-paralelos-zoe-zeniodi-y-esteban-batallan\/#primaryimage\"},\"image\":{\"@id\":\"https:\/\/www.ferrolcultura.gal\/index.php\/event\/universos-paralelos-zoe-zeniodi-y-esteban-batallan\/#primaryimage\"},\"thumbnailUrl\":\"https:\/\/www.ferrolcultura.gal\/wp-content\/uploads\/2026\/04\/22.05.JPEG.jpg\",\"datePublished\":\"2026-04-28T09:04:45+00:00\",\"dateModified\":\"2026-04-28T09:55:53+00:00\",\"breadcrumb\":{\"@id\":\"https:\/\/www.ferrolcultura.gal\/index.php\/event\/universos-paralelos-zoe-zeniodi-y-esteban-batallan\/#breadcrumb\"},\"inLanguage\":\"gl-ES\",\"potentialAction\":[{\"@type\":\"ReadAction\",\"target\":[\"https:\/\/www.ferrolcultura.gal\/index.php\/event\/universos-paralelos-zoe-zeniodi-y-esteban-batallan\/\"]}]},{\"@type\":\"ImageObject\",\"inLanguage\":\"gl-ES\",\"@id\":\"https:\/\/www.ferrolcultura.gal\/index.php\/event\/universos-paralelos-zoe-zeniodi-y-esteban-batallan\/#primaryimage\",\"url\":\"https:\/\/www.ferrolcultura.gal\/wp-content\/uploads\/2026\/04\/22.05.JPEG.jpg\",\"contentUrl\":\"https:\/\/www.ferrolcultura.gal\/wp-content\/uploads\/2026\/04\/22.05.JPEG.jpg\",\"width\":226,\"height\":148},{\"@type\":\"BreadcrumbList\",\"@id\":\"https:\/\/www.ferrolcultura.gal\/index.php\/event\/universos-paralelos-zoe-zeniodi-y-esteban-batallan\/#breadcrumb\",\"itemListElement\":[{\"@type\":\"ListItem\",\"position\":1,\"name\":\"Portada\",\"item\":\"https:\/\/www.ferrolcultura.gal\/\"},{\"@type\":\"ListItem\",\"position\":2,\"name\":\"Events\",\"item\":\"https:\/\/www.ferrolcultura.gal\/index.php\/event\/\"},{\"@type\":\"ListItem\",\"position\":3,\"name\":\"UNIVERSOS PARALELOS: ZOE ZENIODI Y ESTEBAN BATALL\u00c1N\"}]},{\"@type\":\"WebSite\",\"@id\":\"https:\/\/www.ferrolcultura.gal\/#website\",\"url\":\"https:\/\/www.ferrolcultura.gal\/\",\"name\":\"Ferrol Cultura\",\"description\":\"P\u00e1xina de Cultura do Concello de Ferrol\",\"publisher\":{\"@id\":\"https:\/\/www.ferrolcultura.gal\/#organization\"},\"potentialAction\":[{\"@type\":\"SearchAction\",\"target\":{\"@type\":\"EntryPoint\",\"urlTemplate\":\"https:\/\/www.ferrolcultura.gal\/?s={search_term_string}\"},\"query-input\":{\"@type\":\"PropertyValueSpecification\",\"valueRequired\":true,\"valueName\":\"search_term_string\"}}],\"inLanguage\":\"gl-ES\"},{\"@type\":\"Organization\",\"@id\":\"https:\/\/www.ferrolcultura.gal\/#organization\",\"name\":\"Concello de Ferrol\",\"url\":\"https:\/\/www.ferrolcultura.gal\/\",\"logo\":{\"@type\":\"ImageObject\",\"inLanguage\":\"gl-ES\",\"@id\":\"https:\/\/www.ferrolcultura.gal\/#\/schema\/logo\/image\/\",\"url\":\"http:\/\/www.ferrolcultura.gal\/wp-content\/uploads\/2023\/03\/Concello-de-Ferrol-Cultura.png\",\"contentUrl\":\"http:\/\/www.ferrolcultura.gal\/wp-content\/uploads\/2023\/03\/Concello-de-Ferrol-Cultura.png\",\"width\":3033,\"height\":419,\"caption\":\"Concello de Ferrol\"},\"image\":{\"@id\":\"https:\/\/www.ferrolcultura.gal\/#\/schema\/logo\/image\/\"},\"sameAs\":[\"https:\/\/www.facebook.com\/ConcellodeFerrol\",\"https:\/\/x.com\/ferroloficial\",\"https:\/\/www.instagram.com\/concellodeferrol\",\"https:\/\/youtube.com\/@ferrolcultura\"]}]}<\/script>\r\n<!-- \/ Yoast SEO plugin. -->","yoast_head_json":{"title":"UNIVERSOS PARALELOS: ZOE ZENIODI Y ESTEBAN BATALL\u00c1N - Ferrol Cultura","robots":{"index":"index","follow":"follow","max-snippet":"max-snippet:-1","max-image-preview":"max-image-preview:large","max-video-preview":"max-video-preview:-1"},"canonical":"https:\/\/www.ferrolcultura.gal\/index.php\/event\/universos-paralelos-zoe-zeniodi-y-esteban-batallan\/","og_locale":"gl_ES","og_type":"article","og_title":"UNIVERSOS PARALELOS: ZOE ZENIODI Y ESTEBAN BATALL\u00c1N - Ferrol Cultura","og_description":"A directora Zoe Zeniodi dirixe \u00e1 Real Filharmon\u00eda de Galicia cun programa encargado a Nuria N\u00fa\u00f1ez Hierro que ser\u00e1 a protagonista desta estrea absoluta con Universos Paralelos, da compositora sueca Britta Bystr\u00f6m, no que prop\u00f3n traducir en m\u00fasica teor\u00edas cosmol\u00f3xicas...","og_url":"https:\/\/www.ferrolcultura.gal\/index.php\/event\/universos-paralelos-zoe-zeniodi-y-esteban-batallan\/","og_site_name":"Ferrol Cultura","article_publisher":"https:\/\/www.facebook.com\/ConcellodeFerrol","article_modified_time":"2026-04-28T09:55:53+00:00","og_image":[{"width":226,"height":148,"url":"https:\/\/www.ferrolcultura.gal\/wp-content\/uploads\/2026\/04\/22.05.JPEG.jpg","type":"image\/jpeg"}],"twitter_card":"summary_large_image","twitter_site":"@ferroloficial","twitter_misc":{"Tempo de lectura":"3 minutos"},"schema":{"@context":"https:\/\/schema.org","@graph":[{"@type":"WebPage","@id":"https:\/\/www.ferrolcultura.gal\/index.php\/event\/universos-paralelos-zoe-zeniodi-y-esteban-batallan\/","url":"https:\/\/www.ferrolcultura.gal\/index.php\/event\/universos-paralelos-zoe-zeniodi-y-esteban-batallan\/","name":"UNIVERSOS PARALELOS: ZOE ZENIODI Y ESTEBAN BATALL\u00c1N - Ferrol Cultura","isPartOf":{"@id":"https:\/\/www.ferrolcultura.gal\/#website"},"primaryImageOfPage":{"@id":"https:\/\/www.ferrolcultura.gal\/index.php\/event\/universos-paralelos-zoe-zeniodi-y-esteban-batallan\/#primaryimage"},"image":{"@id":"https:\/\/www.ferrolcultura.gal\/index.php\/event\/universos-paralelos-zoe-zeniodi-y-esteban-batallan\/#primaryimage"},"thumbnailUrl":"https:\/\/www.ferrolcultura.gal\/wp-content\/uploads\/2026\/04\/22.05.JPEG.jpg","datePublished":"2026-04-28T09:04:45+00:00","dateModified":"2026-04-28T09:55:53+00:00","breadcrumb":{"@id":"https:\/\/www.ferrolcultura.gal\/index.php\/event\/universos-paralelos-zoe-zeniodi-y-esteban-batallan\/#breadcrumb"},"inLanguage":"gl-ES","potentialAction":[{"@type":"ReadAction","target":["https:\/\/www.ferrolcultura.gal\/index.php\/event\/universos-paralelos-zoe-zeniodi-y-esteban-batallan\/"]}]},{"@type":"ImageObject","inLanguage":"gl-ES","@id":"https:\/\/www.ferrolcultura.gal\/index.php\/event\/universos-paralelos-zoe-zeniodi-y-esteban-batallan\/#primaryimage","url":"https:\/\/www.ferrolcultura.gal\/wp-content\/uploads\/2026\/04\/22.05.JPEG.jpg","contentUrl":"https:\/\/www.ferrolcultura.gal\/wp-content\/uploads\/2026\/04\/22.05.JPEG.jpg","width":226,"height":148},{"@type":"BreadcrumbList","@id":"https:\/\/www.ferrolcultura.gal\/index.php\/event\/universos-paralelos-zoe-zeniodi-y-esteban-batallan\/#breadcrumb","itemListElement":[{"@type":"ListItem","position":1,"name":"Portada","item":"https:\/\/www.ferrolcultura.gal\/"},{"@type":"ListItem","position":2,"name":"Events","item":"https:\/\/www.ferrolcultura.gal\/index.php\/event\/"},{"@type":"ListItem","position":3,"name":"UNIVERSOS PARALELOS: ZOE ZENIODI Y ESTEBAN BATALL\u00c1N"}]},{"@type":"WebSite","@id":"https:\/\/www.ferrolcultura.gal\/#website","url":"https:\/\/www.ferrolcultura.gal\/","name":"Ferrol Cultura","description":"P\u00e1xina de Cultura do Concello de Ferrol","publisher":{"@id":"https:\/\/www.ferrolcultura.gal\/#organization"},"potentialAction":[{"@type":"SearchAction","target":{"@type":"EntryPoint","urlTemplate":"https:\/\/www.ferrolcultura.gal\/?s={search_term_string}"},"query-input":{"@type":"PropertyValueSpecification","valueRequired":true,"valueName":"search_term_string"}}],"inLanguage":"gl-ES"},{"@type":"Organization","@id":"https:\/\/www.ferrolcultura.gal\/#organization","name":"Concello de Ferrol","url":"https:\/\/www.ferrolcultura.gal\/","logo":{"@type":"ImageObject","inLanguage":"gl-ES","@id":"https:\/\/www.ferrolcultura.gal\/#\/schema\/logo\/image\/","url":"http:\/\/www.ferrolcultura.gal\/wp-content\/uploads\/2023\/03\/Concello-de-Ferrol-Cultura.png","contentUrl":"http:\/\/www.ferrolcultura.gal\/wp-content\/uploads\/2023\/03\/Concello-de-Ferrol-Cultura.png","width":3033,"height":419,"caption":"Concello de Ferrol"},"image":{"@id":"https:\/\/www.ferrolcultura.gal\/#\/schema\/logo\/image\/"},"sameAs":["https:\/\/www.facebook.com\/ConcellodeFerrol","https:\/\/x.com\/ferroloficial","https:\/\/www.instagram.com\/concellodeferrol","https:\/\/youtube.com\/@ferrolcultura"]}]}},"event_fields":{"start_date":"2026-05-22","start_time":"20:30","end_date":"","expire_date":"2026-05-23 00:00","start_datetime":"2026-05-22 20:30"},"_links":{"self":[{"href":"https:\/\/www.ferrolcultura.gal\/index.php\/wp-json\/wp\/v2\/event\/8241","targetHints":{"allow":["GET"]}}],"collection":[{"href":"https:\/\/www.ferrolcultura.gal\/index.php\/wp-json\/wp\/v2\/event"}],"about":[{"href":"https:\/\/www.ferrolcultura.gal\/index.php\/wp-json\/wp\/v2\/types\/event"}],"author":[{"embeddable":true,"href":"https:\/\/www.ferrolcultura.gal\/index.php\/wp-json\/wp\/v2\/users\/9"}],"replies":[{"embeddable":true,"href":"https:\/\/www.ferrolcultura.gal\/index.php\/wp-json\/wp\/v2\/comments?post=8241"}],"version-history":[{"count":4,"href":"https:\/\/www.ferrolcultura.gal\/index.php\/wp-json\/wp\/v2\/event\/8241\/revisions"}],"predecessor-version":[{"id":8255,"href":"https:\/\/www.ferrolcultura.gal\/index.php\/wp-json\/wp\/v2\/event\/8241\/revisions\/8255"}],"wp:featuredmedia":[{"embeddable":true,"href":"https:\/\/www.ferrolcultura.gal\/index.php\/wp-json\/wp\/v2\/media\/8244"}],"wp:attachment":[{"href":"https:\/\/www.ferrolcultura.gal\/index.php\/wp-json\/wp\/v2\/media?parent=8241"}],"wp:term":[{"taxonomy":"eventcat","embeddable":true,"href":"https:\/\/www.ferrolcultura.gal\/index.php\/wp-json\/wp\/v2\/eventcat?post=8241"},{"taxonomy":"organizer","embeddable":true,"href":"https:\/\/www.ferrolcultura.gal\/index.php\/wp-json\/wp\/v2\/organizer?post=8241"},{"taxonomy":"event_tags","embeddable":true,"href":"https:\/\/www.ferrolcultura.gal\/index.php\/wp-json\/wp\/v2\/event_tags?post=8241"},{"taxonomy":"location","embeddable":true,"href":"https:\/\/www.ferrolcultura.gal\/index.php\/wp-json\/wp\/v2\/location?post=8241"}],"curies":[{"name":"wp","href":"https:\/\/api.w.org\/{rel}","templated":true}]}}