{"id":8256,"date":"2026-04-28T11:32:23","date_gmt":"2026-04-28T10:32:23","guid":{"rendered":"https:\/\/www.ferrolcultura.gal\/?post_type=event&#038;p=8256"},"modified":"2026-04-28T11:34:55","modified_gmt":"2026-04-28T10:34:55","slug":"los-mejores-anos-de-nuestra-vida-30o-aniversario","status":"publish","type":"event","link":"https:\/\/www.ferrolcultura.gal\/index.php\/event\/los-mejores-anos-de-nuestra-vida-30o-aniversario\/","title":{"rendered":"LOS MEJORES A\u00d1OS DE NUESTRA VIDA (30\u00ba ANIVERSARIO)"},"content":{"rendered":"\n<p>Tras un longo cami\u00f1o, marcado pola amizade, a independencia e a paix\u00f3n pola m\u00fasica, o grupo constru\u00edu unha relaci\u00f3n moi especial co seu p\u00fablico, verdadeiro motor da s\u00faa continuidade. Agora celebran o seu 30 aniversario mirando atr\u00e1s para compartir, en directo, as canci\u00f3ns que acompa\u00f1aron a varias xeraci\u00f3ns e que forman parte <em>dos mellores anos das s\u00faas vidas. \u00a0<\/em><\/p>\n\n\n\n<!--more-->\n\n\n\n<p><strong>ENTRADAS<\/strong><\/p>\n\n\n\n<p>Prezo: Desde 10\u20ac. Entradas \u00e1 venda en\u00a0<a href=\"https:\/\/entradas.ataquilla.com\/gl\/ventaentradas\/conciertos\/53-teatro-jofre\/x3akd3f0-la-habitacion-roja-\">Ataquilla<\/a>\u00a0e na billeteira do Teatro Jofre<\/p>\n\n\n\n<hr class=\"wp-block-separator has-alpha-channel-opacity\"\/>\n\n\n\n<p>Tras un largo camino, marcado por la amistad, la independencia y la pasi\u00f3n por la m\u00fasica, el grupo construy\u00f3 una relaci\u00f3n muy especial con su p\u00fablico, verdadero motor de su continuidad. Ahora celebran su 30 aniversario mirando atr\u00e1s para compartir, en directo, las canciones que acompa\u00f1aron a varias generaciones y que forman parte de <em>los mejores a\u00f1os de sus vidas. <\/em><\/p>\n\n\n\n<p><strong>ENTRADAS<\/strong><\/p>\n\n\n\n<p>Precio: Desde 10\u20ac. Entradas a la venta en\u00a0<a href=\"https:\/\/entradas.ataquilla.com\/gl\/ventaentradas\/conciertos\/53-teatro-jofre\/x3akd3f0-la-habitacion-roja-\">Ataquilla<\/a>\u00a0y en la taquilla del Teatro Jofre<\/p>\n\n\n\n<p><\/p>\n","protected":false},"excerpt":{"rendered":"<p>Tras un longo cami\u00f1o, marcado pola amizade, a independencia e a paix\u00f3n pola m\u00fasica, o grupo constru\u00edu unha relaci\u00f3n moi especial co seu p\u00fablico, verdadeiro motor da s\u00faa continuidade. Agora celebran o seu 30 aniversario mirando atr\u00e1s para compartir, en&#8230;<\/p>\n","protected":false},"author":9,"featured_media":8260,"comment_status":"closed","ping_status":"closed","template":"","meta":{"_monsterinsights_skip_tracking":false,"_monsterinsights_sitenote_active":false,"_monsterinsights_sitenote_note":"","_monsterinsights_sitenote_category":0,"footnotes":""},"eventcat":[36,158],"organizer":[],"event_tags":[],"location":[42],"class_list":["post-8256","event","type-event","status-publish","has-post-thumbnail","hentry","eventcat-musica","eventcat-rockferrol","location-teatro-jofre"],"yoast_head":"<!-- This site is optimized with the Yoast SEO plugin v27.0 - https:\/\/yoast.com\/product\/yoast-seo-wordpress\/ -->\r\n<title>LOS MEJORES A\u00d1OS DE NUESTRA VIDA (30\u00ba ANIVERSARIO) - Ferrol Cultura<\/title>\r\n<meta name=\"robots\" content=\"index, follow, max-snippet:-1, max-image-preview:large, max-video-preview:-1\" \/>\r\n<link rel=\"canonical\" href=\"https:\/\/www.ferrolcultura.gal\/index.php\/event\/los-mejores-anos-de-nuestra-vida-30o-aniversario\/\" \/>\r\n<meta property=\"og:locale\" content=\"gl_ES\" \/>\r\n<meta property=\"og:type\" content=\"article\" \/>\r\n<meta property=\"og:title\" content=\"LOS MEJORES A\u00d1OS DE NUESTRA VIDA (30\u00ba ANIVERSARIO) - Ferrol Cultura\" \/>\r\n<meta property=\"og:description\" content=\"Tras un longo cami\u00f1o, marcado pola amizade, a independencia e a paix\u00f3n pola m\u00fasica, o grupo constru\u00edu unha relaci\u00f3n moi especial co seu p\u00fablico, verdadeiro motor da s\u00faa continuidade. Agora celebran o seu 30 aniversario mirando atr\u00e1s para compartir, en...\" \/>\r\n<meta property=\"og:url\" content=\"https:\/\/www.ferrolcultura.gal\/index.php\/event\/los-mejores-anos-de-nuestra-vida-30o-aniversario\/\" \/>\r\n<meta property=\"og:site_name\" content=\"Ferrol Cultura\" \/>\r\n<meta property=\"article:publisher\" content=\"https:\/\/www.facebook.com\/ConcellodeFerrol\" \/>\r\n<meta property=\"article:modified_time\" content=\"2026-04-28T10:34:55+00:00\" \/>\r\n<meta property=\"og:image\" content=\"https:\/\/www.ferrolcultura.gal\/wp-content\/uploads\/2026\/04\/FotoJet-27.png\" \/>\r\n\t<meta property=\"og:image:width\" content=\"506\" \/>\r\n\t<meta property=\"og:image:height\" content=\"900\" \/>\r\n\t<meta property=\"og:image:type\" content=\"image\/png\" \/>\r\n<meta name=\"twitter:card\" content=\"summary_large_image\" \/>\r\n<meta name=\"twitter:site\" content=\"@ferroloficial\" \/>\r\n<meta name=\"twitter:label1\" content=\"Tempo de lectura\" \/>\n\t<meta name=\"twitter:data1\" content=\"2 minutos\" \/>\r\n<script type=\"application\/ld+json\" class=\"yoast-schema-graph\">{\"@context\":\"https:\/\/schema.org\",\"@graph\":[{\"@type\":\"WebPage\",\"@id\":\"https:\/\/www.ferrolcultura.gal\/index.php\/event\/los-mejores-anos-de-nuestra-vida-30o-aniversario\/\",\"url\":\"https:\/\/www.ferrolcultura.gal\/index.php\/event\/los-mejores-anos-de-nuestra-vida-30o-aniversario\/\",\"name\":\"LOS MEJORES A\u00d1OS DE NUESTRA VIDA (30\u00ba ANIVERSARIO) - Ferrol Cultura\",\"isPartOf\":{\"@id\":\"https:\/\/www.ferrolcultura.gal\/#website\"},\"primaryImageOfPage\":{\"@id\":\"https:\/\/www.ferrolcultura.gal\/index.php\/event\/los-mejores-anos-de-nuestra-vida-30o-aniversario\/#primaryimage\"},\"image\":{\"@id\":\"https:\/\/www.ferrolcultura.gal\/index.php\/event\/los-mejores-anos-de-nuestra-vida-30o-aniversario\/#primaryimage\"},\"thumbnailUrl\":\"https:\/\/www.ferrolcultura.gal\/wp-content\/uploads\/2026\/04\/FotoJet-27.png\",\"datePublished\":\"2026-04-28T10:32:23+00:00\",\"dateModified\":\"2026-04-28T10:34:55+00:00\",\"breadcrumb\":{\"@id\":\"https:\/\/www.ferrolcultura.gal\/index.php\/event\/los-mejores-anos-de-nuestra-vida-30o-aniversario\/#breadcrumb\"},\"inLanguage\":\"gl-ES\",\"potentialAction\":[{\"@type\":\"ReadAction\",\"target\":[\"https:\/\/www.ferrolcultura.gal\/index.php\/event\/los-mejores-anos-de-nuestra-vida-30o-aniversario\/\"]}]},{\"@type\":\"ImageObject\",\"inLanguage\":\"gl-ES\",\"@id\":\"https:\/\/www.ferrolcultura.gal\/index.php\/event\/los-mejores-anos-de-nuestra-vida-30o-aniversario\/#primaryimage\",\"url\":\"https:\/\/www.ferrolcultura.gal\/wp-content\/uploads\/2026\/04\/FotoJet-27.png\",\"contentUrl\":\"https:\/\/www.ferrolcultura.gal\/wp-content\/uploads\/2026\/04\/FotoJet-27.png\",\"width\":506,\"height\":900},{\"@type\":\"BreadcrumbList\",\"@id\":\"https:\/\/www.ferrolcultura.gal\/index.php\/event\/los-mejores-anos-de-nuestra-vida-30o-aniversario\/#breadcrumb\",\"itemListElement\":[{\"@type\":\"ListItem\",\"position\":1,\"name\":\"Portada\",\"item\":\"https:\/\/www.ferrolcultura.gal\/\"},{\"@type\":\"ListItem\",\"position\":2,\"name\":\"Events\",\"item\":\"https:\/\/www.ferrolcultura.gal\/index.php\/event\/\"},{\"@type\":\"ListItem\",\"position\":3,\"name\":\"LOS MEJORES A\u00d1OS DE NUESTRA VIDA (30\u00ba ANIVERSARIO)\"}]},{\"@type\":\"WebSite\",\"@id\":\"https:\/\/www.ferrolcultura.gal\/#website\",\"url\":\"https:\/\/www.ferrolcultura.gal\/\",\"name\":\"Ferrol Cultura\",\"description\":\"P\u00e1xina de Cultura do Concello de Ferrol\",\"publisher\":{\"@id\":\"https:\/\/www.ferrolcultura.gal\/#organization\"},\"potentialAction\":[{\"@type\":\"SearchAction\",\"target\":{\"@type\":\"EntryPoint\",\"urlTemplate\":\"https:\/\/www.ferrolcultura.gal\/?s={search_term_string}\"},\"query-input\":{\"@type\":\"PropertyValueSpecification\",\"valueRequired\":true,\"valueName\":\"search_term_string\"}}],\"inLanguage\":\"gl-ES\"},{\"@type\":\"Organization\",\"@id\":\"https:\/\/www.ferrolcultura.gal\/#organization\",\"name\":\"Concello de Ferrol\",\"url\":\"https:\/\/www.ferrolcultura.gal\/\",\"logo\":{\"@type\":\"ImageObject\",\"inLanguage\":\"gl-ES\",\"@id\":\"https:\/\/www.ferrolcultura.gal\/#\/schema\/logo\/image\/\",\"url\":\"http:\/\/www.ferrolcultura.gal\/wp-content\/uploads\/2023\/03\/Concello-de-Ferrol-Cultura.png\",\"contentUrl\":\"http:\/\/www.ferrolcultura.gal\/wp-content\/uploads\/2023\/03\/Concello-de-Ferrol-Cultura.png\",\"width\":3033,\"height\":419,\"caption\":\"Concello de Ferrol\"},\"image\":{\"@id\":\"https:\/\/www.ferrolcultura.gal\/#\/schema\/logo\/image\/\"},\"sameAs\":[\"https:\/\/www.facebook.com\/ConcellodeFerrol\",\"https:\/\/x.com\/ferroloficial\",\"https:\/\/www.instagram.com\/concellodeferrol\",\"https:\/\/youtube.com\/@ferrolcultura\"]}]}<\/script>\r\n<!-- \/ Yoast SEO plugin. -->","yoast_head_json":{"title":"LOS MEJORES A\u00d1OS DE NUESTRA VIDA (30\u00ba ANIVERSARIO) - Ferrol Cultura","robots":{"index":"index","follow":"follow","max-snippet":"max-snippet:-1","max-image-preview":"max-image-preview:large","max-video-preview":"max-video-preview:-1"},"canonical":"https:\/\/www.ferrolcultura.gal\/index.php\/event\/los-mejores-anos-de-nuestra-vida-30o-aniversario\/","og_locale":"gl_ES","og_type":"article","og_title":"LOS MEJORES A\u00d1OS DE NUESTRA VIDA (30\u00ba ANIVERSARIO) - Ferrol Cultura","og_description":"Tras un longo cami\u00f1o, marcado pola amizade, a independencia e a paix\u00f3n pola m\u00fasica, o grupo constru\u00edu unha relaci\u00f3n moi especial co seu p\u00fablico, verdadeiro motor da s\u00faa continuidade. Agora celebran o seu 30 aniversario mirando atr\u00e1s para compartir, en...","og_url":"https:\/\/www.ferrolcultura.gal\/index.php\/event\/los-mejores-anos-de-nuestra-vida-30o-aniversario\/","og_site_name":"Ferrol Cultura","article_publisher":"https:\/\/www.facebook.com\/ConcellodeFerrol","article_modified_time":"2026-04-28T10:34:55+00:00","og_image":[{"width":506,"height":900,"url":"https:\/\/www.ferrolcultura.gal\/wp-content\/uploads\/2026\/04\/FotoJet-27.png","type":"image\/png"}],"twitter_card":"summary_large_image","twitter_site":"@ferroloficial","twitter_misc":{"Tempo de lectura":"2 minutos"},"schema":{"@context":"https:\/\/schema.org","@graph":[{"@type":"WebPage","@id":"https:\/\/www.ferrolcultura.gal\/index.php\/event\/los-mejores-anos-de-nuestra-vida-30o-aniversario\/","url":"https:\/\/www.ferrolcultura.gal\/index.php\/event\/los-mejores-anos-de-nuestra-vida-30o-aniversario\/","name":"LOS MEJORES A\u00d1OS DE NUESTRA VIDA (30\u00ba ANIVERSARIO) - Ferrol Cultura","isPartOf":{"@id":"https:\/\/www.ferrolcultura.gal\/#website"},"primaryImageOfPage":{"@id":"https:\/\/www.ferrolcultura.gal\/index.php\/event\/los-mejores-anos-de-nuestra-vida-30o-aniversario\/#primaryimage"},"image":{"@id":"https:\/\/www.ferrolcultura.gal\/index.php\/event\/los-mejores-anos-de-nuestra-vida-30o-aniversario\/#primaryimage"},"thumbnailUrl":"https:\/\/www.ferrolcultura.gal\/wp-content\/uploads\/2026\/04\/FotoJet-27.png","datePublished":"2026-04-28T10:32:23+00:00","dateModified":"2026-04-28T10:34:55+00:00","breadcrumb":{"@id":"https:\/\/www.ferrolcultura.gal\/index.php\/event\/los-mejores-anos-de-nuestra-vida-30o-aniversario\/#breadcrumb"},"inLanguage":"gl-ES","potentialAction":[{"@type":"ReadAction","target":["https:\/\/www.ferrolcultura.gal\/index.php\/event\/los-mejores-anos-de-nuestra-vida-30o-aniversario\/"]}]},{"@type":"ImageObject","inLanguage":"gl-ES","@id":"https:\/\/www.ferrolcultura.gal\/index.php\/event\/los-mejores-anos-de-nuestra-vida-30o-aniversario\/#primaryimage","url":"https:\/\/www.ferrolcultura.gal\/wp-content\/uploads\/2026\/04\/FotoJet-27.png","contentUrl":"https:\/\/www.ferrolcultura.gal\/wp-content\/uploads\/2026\/04\/FotoJet-27.png","width":506,"height":900},{"@type":"BreadcrumbList","@id":"https:\/\/www.ferrolcultura.gal\/index.php\/event\/los-mejores-anos-de-nuestra-vida-30o-aniversario\/#breadcrumb","itemListElement":[{"@type":"ListItem","position":1,"name":"Portada","item":"https:\/\/www.ferrolcultura.gal\/"},{"@type":"ListItem","position":2,"name":"Events","item":"https:\/\/www.ferrolcultura.gal\/index.php\/event\/"},{"@type":"ListItem","position":3,"name":"LOS MEJORES A\u00d1OS DE NUESTRA VIDA (30\u00ba ANIVERSARIO)"}]},{"@type":"WebSite","@id":"https:\/\/www.ferrolcultura.gal\/#website","url":"https:\/\/www.ferrolcultura.gal\/","name":"Ferrol Cultura","description":"P\u00e1xina de Cultura do Concello de Ferrol","publisher":{"@id":"https:\/\/www.ferrolcultura.gal\/#organization"},"potentialAction":[{"@type":"SearchAction","target":{"@type":"EntryPoint","urlTemplate":"https:\/\/www.ferrolcultura.gal\/?s={search_term_string}"},"query-input":{"@type":"PropertyValueSpecification","valueRequired":true,"valueName":"search_term_string"}}],"inLanguage":"gl-ES"},{"@type":"Organization","@id":"https:\/\/www.ferrolcultura.gal\/#organization","name":"Concello de Ferrol","url":"https:\/\/www.ferrolcultura.gal\/","logo":{"@type":"ImageObject","inLanguage":"gl-ES","@id":"https:\/\/www.ferrolcultura.gal\/#\/schema\/logo\/image\/","url":"http:\/\/www.ferrolcultura.gal\/wp-content\/uploads\/2023\/03\/Concello-de-Ferrol-Cultura.png","contentUrl":"http:\/\/www.ferrolcultura.gal\/wp-content\/uploads\/2023\/03\/Concello-de-Ferrol-Cultura.png","width":3033,"height":419,"caption":"Concello de Ferrol"},"image":{"@id":"https:\/\/www.ferrolcultura.gal\/#\/schema\/logo\/image\/"},"sameAs":["https:\/\/www.facebook.com\/ConcellodeFerrol","https:\/\/x.com\/ferroloficial","https:\/\/www.instagram.com\/concellodeferrol","https:\/\/youtube.com\/@ferrolcultura"]}]}},"event_fields":{"start_date":"2026-05-23","start_time":"20:30","end_date":"","expire_date":"2026-05-24 00:00","start_datetime":"2026-05-23 20:30"},"_links":{"self":[{"href":"https:\/\/www.ferrolcultura.gal\/index.php\/wp-json\/wp\/v2\/event\/8256","targetHints":{"allow":["GET"]}}],"collection":[{"href":"https:\/\/www.ferrolcultura.gal\/index.php\/wp-json\/wp\/v2\/event"}],"about":[{"href":"https:\/\/www.ferrolcultura.gal\/index.php\/wp-json\/wp\/v2\/types\/event"}],"author":[{"embeddable":true,"href":"https:\/\/www.ferrolcultura.gal\/index.php\/wp-json\/wp\/v2\/users\/9"}],"replies":[{"embeddable":true,"href":"https:\/\/www.ferrolcultura.gal\/index.php\/wp-json\/wp\/v2\/comments?post=8256"}],"version-history":[{"count":1,"href":"https:\/\/www.ferrolcultura.gal\/index.php\/wp-json\/wp\/v2\/event\/8256\/revisions"}],"predecessor-version":[{"id":8259,"href":"https:\/\/www.ferrolcultura.gal\/index.php\/wp-json\/wp\/v2\/event\/8256\/revisions\/8259"}],"wp:featuredmedia":[{"embeddable":true,"href":"https:\/\/www.ferrolcultura.gal\/index.php\/wp-json\/wp\/v2\/media\/8260"}],"wp:attachment":[{"href":"https:\/\/www.ferrolcultura.gal\/index.php\/wp-json\/wp\/v2\/media?parent=8256"}],"wp:term":[{"taxonomy":"eventcat","embeddable":true,"href":"https:\/\/www.ferrolcultura.gal\/index.php\/wp-json\/wp\/v2\/eventcat?post=8256"},{"taxonomy":"organizer","embeddable":true,"href":"https:\/\/www.ferrolcultura.gal\/index.php\/wp-json\/wp\/v2\/organizer?post=8256"},{"taxonomy":"event_tags","embeddable":true,"href":"https:\/\/www.ferrolcultura.gal\/index.php\/wp-json\/wp\/v2\/event_tags?post=8256"},{"taxonomy":"location","embeddable":true,"href":"https:\/\/www.ferrolcultura.gal\/index.php\/wp-json\/wp\/v2\/location?post=8256"}],"curies":[{"name":"wp","href":"https:\/\/api.w.org\/{rel}","templated":true}]}}