{"id":8269,"date":"2026-04-28T12:59:08","date_gmt":"2026-04-28T11:59:08","guid":{"rendered":"https:\/\/www.ferrolcultura.gal\/?post_type=event&#038;p=8269"},"modified":"2026-04-28T13:01:30","modified_gmt":"2026-04-28T12:01:30","slug":"andres-suarez-lua","status":"publish","type":"event","link":"https:\/\/www.ferrolcultura.gal\/index.php\/event\/andres-suarez-lua\/","title":{"rendered":"ANDR\u00c9S SU\u00c1REZ: L\u00daA"},"content":{"rendered":"\n<p>Andr\u00e9s Su\u00e1rez presenta a s\u00faa xira L\u00faa. O artista e compositor galego, considerado como un dos m\u00e1ximos expo\u00f1entes da nova canci\u00f3n en espa\u00f1ol, chega a Ferrol con L\u00faa, o seu d\u00e9cimo \u00e1lbum de estudo considerado como un dos m\u00e1is persoais e \u00edntimos ata o momento. L\u00faa sup\u00f3n un dos traballos m\u00e1is significativos e trascendentais da s\u00faa carreira discogr\u00e1fica.\u00a0<\/p>\n\n\n\n<p>Andr\u00e9s Su\u00e1rez chega acompa\u00f1ado da s\u00faa banda de sempre para traer ao seu p\u00fablico a esencia que sempre lle acompa\u00f1ou. A autenticidade, carisma e personalidade arrolladora do artista fai do seu directo unha experiencia inesquecible, na que percorrer\u00e1 as canci\u00f3ns do seu novo traballo e os hits m\u00e1is importantes que o acompa\u00f1aron ao longo de toda a s\u00faa carreira.<\/p>\n\n\n\n<!--more-->\n\n\n\n<p><strong>ENTRADAS<\/strong><\/p>\n\n\n\n<p>Prezo: Desde 30\u20ac. Entradas \u00e1 venda en\u00a0<a href=\"https:\/\/entradas.ataquilla.com\/gl\/ventaentradas\/conciertos\/55-auditorio-de-ferrol\/x3ajp8nt-andres-suarez-gira3a-lua\">Ataquilla<\/a>\u00a0e na billeteira do Teatro Jofre<\/p>\n\n\n\n<hr class=\"wp-block-separator has-alpha-channel-opacity\"\/>\n\n\n\n<p>Andr\u00e9s Su\u00e1rez presenta su gira L\u00faa. El artista y compositor gallego, considerado como uno de los m\u00e1ximos exponentes de la nueva canci\u00f3n en espa\u00f1ol, llega a Ferrol con L\u00faa, su d\u00e9cimo \u00e1lbum de estudio considerado como uno de los m\u00e1s personales e \u00edntimos hasta el momento. L\u00faa supone uno de los trabajos m\u00e1s significativos y trascendentales de su carrera discogr\u00e1fica. <\/p>\n\n\n\n<p>Andr\u00e9s Su\u00e1rez llega acompa\u00f1ado de su banda de siempre para traer a su p\u00fablico la esencia que siempre le acompa\u00f1\u00f3. La autenticidad, carisma y personalidad arrolladora del artista hace de su directo una experiencia inolvidable, en la que recorrer\u00e1 las canciones de su nuevo trabajo y los hits m\u00e1s importantes que lo acompa\u00f1aron a lo largo de toda su carrera. <\/p>\n\n\n\n<p><strong>ENTRADAS<\/strong><\/p>\n\n\n\n<p>Precio: Desde 30\u20ac. Entradas a la venta en\u00a0<a href=\"https:\/\/entradas.ataquilla.com\/gl\/ventaentradas\/conciertos\/55-auditorio-de-ferrol\/x3ajp8nt-andres-suarez-gira3a-lua\">Ataquilla<\/a>\u00a0y en la taquilla del Teatro Jofre<\/p>\n","protected":false},"excerpt":{"rendered":"<p>Andr\u00e9s Su\u00e1rez presenta a s\u00faa xira L\u00faa. O artista e compositor galego, considerado como un dos m\u00e1ximos expo\u00f1entes da nova canci\u00f3n en espa\u00f1ol, chega a Ferrol con L\u00faa, o seu d\u00e9cimo \u00e1lbum de estudo considerado como un dos m\u00e1is persoais&#8230;<\/p>\n","protected":false},"author":9,"featured_media":8272,"comment_status":"closed","ping_status":"closed","template":"","meta":{"_monsterinsights_skip_tracking":false,"_monsterinsights_sitenote_active":false,"_monsterinsights_sitenote_note":"","_monsterinsights_sitenote_category":0,"footnotes":""},"eventcat":[36],"organizer":[],"event_tags":[],"location":[43],"class_list":["post-8269","event","type-event","status-publish","has-post-thumbnail","hentry","eventcat-musica","location-auditorio"],"yoast_head":"<!-- This site is optimized with the Yoast SEO plugin v27.0 - https:\/\/yoast.com\/product\/yoast-seo-wordpress\/ -->\r\n<title>ANDR\u00c9S SU\u00c1REZ: L\u00daA - Ferrol Cultura<\/title>\r\n<meta name=\"robots\" content=\"index, follow, max-snippet:-1, max-image-preview:large, max-video-preview:-1\" \/>\r\n<link rel=\"canonical\" href=\"https:\/\/www.ferrolcultura.gal\/index.php\/event\/andres-suarez-lua\/\" \/>\r\n<meta property=\"og:locale\" content=\"gl_ES\" \/>\r\n<meta property=\"og:type\" content=\"article\" \/>\r\n<meta property=\"og:title\" content=\"ANDR\u00c9S SU\u00c1REZ: L\u00daA - Ferrol Cultura\" \/>\r\n<meta property=\"og:description\" content=\"Andr\u00e9s Su\u00e1rez presenta a s\u00faa xira L\u00faa. O artista e compositor galego, considerado como un dos m\u00e1ximos expo\u00f1entes da nova canci\u00f3n en espa\u00f1ol, chega a Ferrol con L\u00faa, o seu d\u00e9cimo \u00e1lbum de estudo considerado como un dos m\u00e1is persoais...\" \/>\r\n<meta property=\"og:url\" content=\"https:\/\/www.ferrolcultura.gal\/index.php\/event\/andres-suarez-lua\/\" \/>\r\n<meta property=\"og:site_name\" content=\"Ferrol Cultura\" \/>\r\n<meta property=\"article:publisher\" content=\"https:\/\/www.facebook.com\/ConcellodeFerrol\" \/>\r\n<meta property=\"article:modified_time\" content=\"2026-04-28T12:01:30+00:00\" \/>\r\n<meta property=\"og:image\" content=\"https:\/\/www.ferrolcultura.gal\/wp-content\/uploads\/2026\/04\/FotoJet-28.png\" \/>\r\n\t<meta property=\"og:image:width\" content=\"800\" \/>\r\n\t<meta property=\"og:image:height\" content=\"1000\" \/>\r\n\t<meta property=\"og:image:type\" content=\"image\/png\" \/>\r\n<meta name=\"twitter:card\" content=\"summary_large_image\" \/>\r\n<meta name=\"twitter:site\" content=\"@ferroloficial\" \/>\r\n<meta name=\"twitter:label1\" content=\"Tempo de lectura\" \/>\n\t<meta name=\"twitter:data1\" content=\"2 minutos\" \/>\r\n<script type=\"application\/ld+json\" class=\"yoast-schema-graph\">{\"@context\":\"https:\/\/schema.org\",\"@graph\":[{\"@type\":\"WebPage\",\"@id\":\"https:\/\/www.ferrolcultura.gal\/index.php\/event\/andres-suarez-lua\/\",\"url\":\"https:\/\/www.ferrolcultura.gal\/index.php\/event\/andres-suarez-lua\/\",\"name\":\"ANDR\u00c9S SU\u00c1REZ: L\u00daA - Ferrol Cultura\",\"isPartOf\":{\"@id\":\"https:\/\/www.ferrolcultura.gal\/#website\"},\"primaryImageOfPage\":{\"@id\":\"https:\/\/www.ferrolcultura.gal\/index.php\/event\/andres-suarez-lua\/#primaryimage\"},\"image\":{\"@id\":\"https:\/\/www.ferrolcultura.gal\/index.php\/event\/andres-suarez-lua\/#primaryimage\"},\"thumbnailUrl\":\"https:\/\/www.ferrolcultura.gal\/wp-content\/uploads\/2026\/04\/FotoJet-28.png\",\"datePublished\":\"2026-04-28T11:59:08+00:00\",\"dateModified\":\"2026-04-28T12:01:30+00:00\",\"breadcrumb\":{\"@id\":\"https:\/\/www.ferrolcultura.gal\/index.php\/event\/andres-suarez-lua\/#breadcrumb\"},\"inLanguage\":\"gl-ES\",\"potentialAction\":[{\"@type\":\"ReadAction\",\"target\":[\"https:\/\/www.ferrolcultura.gal\/index.php\/event\/andres-suarez-lua\/\"]}]},{\"@type\":\"ImageObject\",\"inLanguage\":\"gl-ES\",\"@id\":\"https:\/\/www.ferrolcultura.gal\/index.php\/event\/andres-suarez-lua\/#primaryimage\",\"url\":\"https:\/\/www.ferrolcultura.gal\/wp-content\/uploads\/2026\/04\/FotoJet-28.png\",\"contentUrl\":\"https:\/\/www.ferrolcultura.gal\/wp-content\/uploads\/2026\/04\/FotoJet-28.png\",\"width\":800,\"height\":1000},{\"@type\":\"BreadcrumbList\",\"@id\":\"https:\/\/www.ferrolcultura.gal\/index.php\/event\/andres-suarez-lua\/#breadcrumb\",\"itemListElement\":[{\"@type\":\"ListItem\",\"position\":1,\"name\":\"Portada\",\"item\":\"https:\/\/www.ferrolcultura.gal\/\"},{\"@type\":\"ListItem\",\"position\":2,\"name\":\"Events\",\"item\":\"https:\/\/www.ferrolcultura.gal\/index.php\/event\/\"},{\"@type\":\"ListItem\",\"position\":3,\"name\":\"ANDR\u00c9S SU\u00c1REZ: L\u00daA\"}]},{\"@type\":\"WebSite\",\"@id\":\"https:\/\/www.ferrolcultura.gal\/#website\",\"url\":\"https:\/\/www.ferrolcultura.gal\/\",\"name\":\"Ferrol Cultura\",\"description\":\"P\u00e1xina de Cultura do Concello de Ferrol\",\"publisher\":{\"@id\":\"https:\/\/www.ferrolcultura.gal\/#organization\"},\"potentialAction\":[{\"@type\":\"SearchAction\",\"target\":{\"@type\":\"EntryPoint\",\"urlTemplate\":\"https:\/\/www.ferrolcultura.gal\/?s={search_term_string}\"},\"query-input\":{\"@type\":\"PropertyValueSpecification\",\"valueRequired\":true,\"valueName\":\"search_term_string\"}}],\"inLanguage\":\"gl-ES\"},{\"@type\":\"Organization\",\"@id\":\"https:\/\/www.ferrolcultura.gal\/#organization\",\"name\":\"Concello de Ferrol\",\"url\":\"https:\/\/www.ferrolcultura.gal\/\",\"logo\":{\"@type\":\"ImageObject\",\"inLanguage\":\"gl-ES\",\"@id\":\"https:\/\/www.ferrolcultura.gal\/#\/schema\/logo\/image\/\",\"url\":\"http:\/\/www.ferrolcultura.gal\/wp-content\/uploads\/2023\/03\/Concello-de-Ferrol-Cultura.png\",\"contentUrl\":\"http:\/\/www.ferrolcultura.gal\/wp-content\/uploads\/2023\/03\/Concello-de-Ferrol-Cultura.png\",\"width\":3033,\"height\":419,\"caption\":\"Concello de Ferrol\"},\"image\":{\"@id\":\"https:\/\/www.ferrolcultura.gal\/#\/schema\/logo\/image\/\"},\"sameAs\":[\"https:\/\/www.facebook.com\/ConcellodeFerrol\",\"https:\/\/x.com\/ferroloficial\",\"https:\/\/www.instagram.com\/concellodeferrol\",\"https:\/\/youtube.com\/@ferrolcultura\"]}]}<\/script>\r\n<!-- \/ Yoast SEO plugin. -->","yoast_head_json":{"title":"ANDR\u00c9S SU\u00c1REZ: L\u00daA - Ferrol Cultura","robots":{"index":"index","follow":"follow","max-snippet":"max-snippet:-1","max-image-preview":"max-image-preview:large","max-video-preview":"max-video-preview:-1"},"canonical":"https:\/\/www.ferrolcultura.gal\/index.php\/event\/andres-suarez-lua\/","og_locale":"gl_ES","og_type":"article","og_title":"ANDR\u00c9S SU\u00c1REZ: L\u00daA - Ferrol Cultura","og_description":"Andr\u00e9s Su\u00e1rez presenta a s\u00faa xira L\u00faa. O artista e compositor galego, considerado como un dos m\u00e1ximos expo\u00f1entes da nova canci\u00f3n en espa\u00f1ol, chega a Ferrol con L\u00faa, o seu d\u00e9cimo \u00e1lbum de estudo considerado como un dos m\u00e1is persoais...","og_url":"https:\/\/www.ferrolcultura.gal\/index.php\/event\/andres-suarez-lua\/","og_site_name":"Ferrol Cultura","article_publisher":"https:\/\/www.facebook.com\/ConcellodeFerrol","article_modified_time":"2026-04-28T12:01:30+00:00","og_image":[{"width":800,"height":1000,"url":"https:\/\/www.ferrolcultura.gal\/wp-content\/uploads\/2026\/04\/FotoJet-28.png","type":"image\/png"}],"twitter_card":"summary_large_image","twitter_site":"@ferroloficial","twitter_misc":{"Tempo de lectura":"2 minutos"},"schema":{"@context":"https:\/\/schema.org","@graph":[{"@type":"WebPage","@id":"https:\/\/www.ferrolcultura.gal\/index.php\/event\/andres-suarez-lua\/","url":"https:\/\/www.ferrolcultura.gal\/index.php\/event\/andres-suarez-lua\/","name":"ANDR\u00c9S SU\u00c1REZ: L\u00daA - Ferrol Cultura","isPartOf":{"@id":"https:\/\/www.ferrolcultura.gal\/#website"},"primaryImageOfPage":{"@id":"https:\/\/www.ferrolcultura.gal\/index.php\/event\/andres-suarez-lua\/#primaryimage"},"image":{"@id":"https:\/\/www.ferrolcultura.gal\/index.php\/event\/andres-suarez-lua\/#primaryimage"},"thumbnailUrl":"https:\/\/www.ferrolcultura.gal\/wp-content\/uploads\/2026\/04\/FotoJet-28.png","datePublished":"2026-04-28T11:59:08+00:00","dateModified":"2026-04-28T12:01:30+00:00","breadcrumb":{"@id":"https:\/\/www.ferrolcultura.gal\/index.php\/event\/andres-suarez-lua\/#breadcrumb"},"inLanguage":"gl-ES","potentialAction":[{"@type":"ReadAction","target":["https:\/\/www.ferrolcultura.gal\/index.php\/event\/andres-suarez-lua\/"]}]},{"@type":"ImageObject","inLanguage":"gl-ES","@id":"https:\/\/www.ferrolcultura.gal\/index.php\/event\/andres-suarez-lua\/#primaryimage","url":"https:\/\/www.ferrolcultura.gal\/wp-content\/uploads\/2026\/04\/FotoJet-28.png","contentUrl":"https:\/\/www.ferrolcultura.gal\/wp-content\/uploads\/2026\/04\/FotoJet-28.png","width":800,"height":1000},{"@type":"BreadcrumbList","@id":"https:\/\/www.ferrolcultura.gal\/index.php\/event\/andres-suarez-lua\/#breadcrumb","itemListElement":[{"@type":"ListItem","position":1,"name":"Portada","item":"https:\/\/www.ferrolcultura.gal\/"},{"@type":"ListItem","position":2,"name":"Events","item":"https:\/\/www.ferrolcultura.gal\/index.php\/event\/"},{"@type":"ListItem","position":3,"name":"ANDR\u00c9S SU\u00c1REZ: L\u00daA"}]},{"@type":"WebSite","@id":"https:\/\/www.ferrolcultura.gal\/#website","url":"https:\/\/www.ferrolcultura.gal\/","name":"Ferrol Cultura","description":"P\u00e1xina de Cultura do Concello de Ferrol","publisher":{"@id":"https:\/\/www.ferrolcultura.gal\/#organization"},"potentialAction":[{"@type":"SearchAction","target":{"@type":"EntryPoint","urlTemplate":"https:\/\/www.ferrolcultura.gal\/?s={search_term_string}"},"query-input":{"@type":"PropertyValueSpecification","valueRequired":true,"valueName":"search_term_string"}}],"inLanguage":"gl-ES"},{"@type":"Organization","@id":"https:\/\/www.ferrolcultura.gal\/#organization","name":"Concello de Ferrol","url":"https:\/\/www.ferrolcultura.gal\/","logo":{"@type":"ImageObject","inLanguage":"gl-ES","@id":"https:\/\/www.ferrolcultura.gal\/#\/schema\/logo\/image\/","url":"http:\/\/www.ferrolcultura.gal\/wp-content\/uploads\/2023\/03\/Concello-de-Ferrol-Cultura.png","contentUrl":"http:\/\/www.ferrolcultura.gal\/wp-content\/uploads\/2023\/03\/Concello-de-Ferrol-Cultura.png","width":3033,"height":419,"caption":"Concello de Ferrol"},"image":{"@id":"https:\/\/www.ferrolcultura.gal\/#\/schema\/logo\/image\/"},"sameAs":["https:\/\/www.facebook.com\/ConcellodeFerrol","https:\/\/x.com\/ferroloficial","https:\/\/www.instagram.com\/concellodeferrol","https:\/\/youtube.com\/@ferrolcultura"]}]}},"event_fields":{"start_date":"2026-05-29","start_time":"20:30","end_date":"","expire_date":"2026-05-30 00:00","start_datetime":"2026-05-29 20:30"},"_links":{"self":[{"href":"https:\/\/www.ferrolcultura.gal\/index.php\/wp-json\/wp\/v2\/event\/8269","targetHints":{"allow":["GET"]}}],"collection":[{"href":"https:\/\/www.ferrolcultura.gal\/index.php\/wp-json\/wp\/v2\/event"}],"about":[{"href":"https:\/\/www.ferrolcultura.gal\/index.php\/wp-json\/wp\/v2\/types\/event"}],"author":[{"embeddable":true,"href":"https:\/\/www.ferrolcultura.gal\/index.php\/wp-json\/wp\/v2\/users\/9"}],"replies":[{"embeddable":true,"href":"https:\/\/www.ferrolcultura.gal\/index.php\/wp-json\/wp\/v2\/comments?post=8269"}],"version-history":[{"count":1,"href":"https:\/\/www.ferrolcultura.gal\/index.php\/wp-json\/wp\/v2\/event\/8269\/revisions"}],"predecessor-version":[{"id":8274,"href":"https:\/\/www.ferrolcultura.gal\/index.php\/wp-json\/wp\/v2\/event\/8269\/revisions\/8274"}],"wp:featuredmedia":[{"embeddable":true,"href":"https:\/\/www.ferrolcultura.gal\/index.php\/wp-json\/wp\/v2\/media\/8272"}],"wp:attachment":[{"href":"https:\/\/www.ferrolcultura.gal\/index.php\/wp-json\/wp\/v2\/media?parent=8269"}],"wp:term":[{"taxonomy":"eventcat","embeddable":true,"href":"https:\/\/www.ferrolcultura.gal\/index.php\/wp-json\/wp\/v2\/eventcat?post=8269"},{"taxonomy":"organizer","embeddable":true,"href":"https:\/\/www.ferrolcultura.gal\/index.php\/wp-json\/wp\/v2\/organizer?post=8269"},{"taxonomy":"event_tags","embeddable":true,"href":"https:\/\/www.ferrolcultura.gal\/index.php\/wp-json\/wp\/v2\/event_tags?post=8269"},{"taxonomy":"location","embeddable":true,"href":"https:\/\/www.ferrolcultura.gal\/index.php\/wp-json\/wp\/v2\/location?post=8269"}],"curies":[{"name":"wp","href":"https:\/\/api.w.org\/{rel}","templated":true}]}}