{"id":4069,"date":"2023-03-20T08:47:16","date_gmt":"2023-03-20T08:47:16","guid":{"rendered":"http:\/\/www.ferrolcultura.gal\/proyectos-unicos\/jazz-en-el-norte\/"},"modified":"2023-04-26T07:21:50","modified_gmt":"2023-04-26T07:21:50","slug":"jazz-en-el-norte","status":"publish","type":"page","link":"https:\/\/www.ferrolcultura.gal\/index.php\/proyectos-unicos\/jazz-en-el-norte\/?lang=es","title":{"rendered":"Jazz al norte"},"content":{"rendered":"\n<figure class=\"wp-block-embed aligncenter is-type-video is-provider-youtube wp-block-embed-youtube wp-embed-aspect-16-9 wp-has-aspect-ratio\"><div class=\"wp-block-embed__wrapper\">\n<iframe loading=\"lazy\" title=\"Jazz ao Norte\" width=\"500\" height=\"281\" src=\"https:\/\/www.youtube.com\/embed\/ibPapXlW7gM?feature=oembed\" frameborder=\"0\" allow=\"accelerometer; autoplay; clipboard-write; encrypted-media; gyroscope; picture-in-picture; web-share\" referrerpolicy=\"strict-origin-when-cross-origin\" allowfullscreen><\/iframe>\n<\/div><\/figure>\n\n<p>En 2021 se llev\u00f3 a cabo la primera edici\u00f3n de Jazz al Norte, festival que re\u00fane a los mejores m\u00fasicos internacionales de este estilo en lugares emblem\u00e1ticos de la ciudad. La iniciativa cont\u00f3 con la colaboraci\u00f3n de la Armada, que abri\u00f3 las puertas del Cuartel Dolores para convertirlo en escenario de una de las representaciones. El castillo de San Felipe y el parque Reina Sof\u00eda fueron otros de los espacios donde se desarroll\u00f3 esta primera edici\u00f3n, en la que se agotaron todas las entradas.<\/p>\n\n<figure class=\"wp-block-gallery has-nested-images columns-default is-cropped wp-block-gallery-1 is-layout-flex wp-block-gallery-is-layout-flex\">\n<figure class=\"wp-block-image size-large\"><img loading=\"lazy\" decoding=\"async\" width=\"726\" height=\"1024\" data-id=\"4721\" src=\"http:\/\/www.ferrolcultura.gal\/wp-content\/uploads\/2023\/04\/DATAS_jazz-ao-norte_datas_web-726x1024.jpg\" alt=\"\" class=\"wp-image-4721\" srcset=\"https:\/\/www.ferrolcultura.gal\/wp-content\/uploads\/2023\/04\/DATAS_jazz-ao-norte_datas_web-726x1024.jpg 726w, https:\/\/www.ferrolcultura.gal\/wp-content\/uploads\/2023\/04\/DATAS_jazz-ao-norte_datas_web-213x300.jpg 213w, https:\/\/www.ferrolcultura.gal\/wp-content\/uploads\/2023\/04\/DATAS_jazz-ao-norte_datas_web-768x1083.jpg 768w, https:\/\/www.ferrolcultura.gal\/wp-content\/uploads\/2023\/04\/DATAS_jazz-ao-norte_datas_web-600x846.jpg 600w, https:\/\/www.ferrolcultura.gal\/wp-content\/uploads\/2023\/04\/DATAS_jazz-ao-norte_datas_web.jpg 900w\" sizes=\"auto, (max-width: 726px) 100vw, 726px\" \/><\/figure>\n\n\n\n<figure class=\"wp-block-image size-large\"><img loading=\"lazy\" decoding=\"async\" width=\"1024\" height=\"1024\" data-id=\"4622\" src=\"http:\/\/www.ferrolcultura.gal\/wp-content\/uploads\/2023\/04\/Jazz-ao-Norte-1-1024x1024.jpg\" alt=\"\" class=\"wp-image-4622\" srcset=\"https:\/\/www.ferrolcultura.gal\/wp-content\/uploads\/2023\/04\/Jazz-ao-Norte-1-1024x1024.jpg 1024w, https:\/\/www.ferrolcultura.gal\/wp-content\/uploads\/2023\/04\/Jazz-ao-Norte-1-300x300.jpg 300w, https:\/\/www.ferrolcultura.gal\/wp-content\/uploads\/2023\/04\/Jazz-ao-Norte-1-150x150.jpg 150w, https:\/\/www.ferrolcultura.gal\/wp-content\/uploads\/2023\/04\/Jazz-ao-Norte-1-768x768.jpg 768w, https:\/\/www.ferrolcultura.gal\/wp-content\/uploads\/2023\/04\/Jazz-ao-Norte-1-350x350.jpg 350w, https:\/\/www.ferrolcultura.gal\/wp-content\/uploads\/2023\/04\/Jazz-ao-Norte-1-650x650.jpg 650w, https:\/\/www.ferrolcultura.gal\/wp-content\/uploads\/2023\/04\/Jazz-ao-Norte-1-85x85.jpg 85w, https:\/\/www.ferrolcultura.gal\/wp-content\/uploads\/2023\/04\/Jazz-ao-Norte-1-600x600.jpg 600w, https:\/\/www.ferrolcultura.gal\/wp-content\/uploads\/2023\/04\/Jazz-ao-Norte-1-100x100.jpg 100w, https:\/\/www.ferrolcultura.gal\/wp-content\/uploads\/2023\/04\/Jazz-ao-Norte-1.jpg 1066w\" sizes=\"auto, (max-width: 1024px) 100vw, 1024px\" \/><\/figure>\n\n\n\n<figure class=\"wp-block-image size-large\"><img loading=\"lazy\" decoding=\"async\" width=\"1024\" height=\"683\" data-id=\"4624\" src=\"http:\/\/www.ferrolcultura.gal\/wp-content\/uploads\/2023\/04\/Jazz-ao-Norte-2-1024x683.jpg\" alt=\"\" class=\"wp-image-4624\" srcset=\"https:\/\/www.ferrolcultura.gal\/wp-content\/uploads\/2023\/04\/Jazz-ao-Norte-2-1024x683.jpg 1024w, https:\/\/www.ferrolcultura.gal\/wp-content\/uploads\/2023\/04\/Jazz-ao-Norte-2-300x200.jpg 300w, https:\/\/www.ferrolcultura.gal\/wp-content\/uploads\/2023\/04\/Jazz-ao-Norte-2-768x512.jpg 768w, https:\/\/www.ferrolcultura.gal\/wp-content\/uploads\/2023\/04\/Jazz-ao-Norte-2-1536x1024.jpg 1536w, https:\/\/www.ferrolcultura.gal\/wp-content\/uploads\/2023\/04\/Jazz-ao-Norte-2-600x400.jpg 600w, https:\/\/www.ferrolcultura.gal\/wp-content\/uploads\/2023\/04\/Jazz-ao-Norte-2.jpg 2048w\" sizes=\"auto, (max-width: 1024px) 100vw, 1024px\" \/><\/figure>\n\n\n\n<figure class=\"wp-block-image size-large\"><img loading=\"lazy\" decoding=\"async\" width=\"736\" height=\"490\" data-id=\"3281\" src=\"http:\/\/www.ferrolcultura.gal\/wp-content\/uploads\/2023\/03\/jazz-ao-norte.jpg\" alt=\"\" class=\"wp-image-3281\"\/><\/figure>\n<\/figure>\n\n<p>M\u00e1s informaci\u00f3n:<\/p>\n\n<p><a rel=\"noreferrer noopener\" href=\"https:\/\/www.facebook.com\/festivaljazzaonorte\" data-type=\"URL\" data-id=\"https:\/\/www.facebook.com\/festivaljazzaonorte\" target=\"_blank\">https:\/\/www.facebook.com\/festivaljazzaonorte<\/a><\/p>\n\n<p><a rel=\"noreferrer noopener\" href=\"https:\/\/www.instagram.com\/jazzaonorte\/\" data-type=\"URL\" data-id=\"https:\/\/www.instagram.com\/jazzaonorte\/\" target=\"_blank\">https:\/\/www.instagram.com\/jazzaonorte\/<\/a><\/p>\n","protected":false},"excerpt":{"rendered":"<p>En 2021 se llev\u00f3 a cabo la primera edici\u00f3n de Jazz al Norte, festival que re\u00fane a los mejores m\u00fasicos internacionales de este estilo en lugares emblem\u00e1ticos de la ciudad. La iniciativa cont\u00f3 con la colaboraci\u00f3n de la Armada, que&#8230;<\/p>\n","protected":false},"author":7,"featured_media":0,"parent":4057,"menu_order":6,"comment_status":"closed","ping_status":"closed","template":"","meta":{"_monsterinsights_skip_tracking":false,"_monsterinsights_sitenote_active":false,"_monsterinsights_sitenote_note":"","_monsterinsights_sitenote_category":0,"footnotes":""},"class_list":["post-4069","page","type-page","status-publish","hentry"],"yoast_head":"<!-- This site is optimized with the Yoast SEO plugin v27.0 - https:\/\/yoast.com\/product\/yoast-seo-wordpress\/ -->\r\n<title>Jazz al norte - Ferrol Cultura<\/title>\r\n<meta name=\"robots\" content=\"index, follow, max-snippet:-1, max-image-preview:large, max-video-preview:-1\" \/>\r\n<link rel=\"canonical\" href=\"https:\/\/www.ferrolcultura.gal\/index.php\/proyectos-unicos\/jazz-en-el-norte\/\" \/>\r\n<meta property=\"og:locale\" content=\"gl_ES\" \/>\r\n<meta property=\"og:type\" content=\"article\" \/>\r\n<meta property=\"og:title\" content=\"Jazz al norte - Ferrol Cultura\" \/>\r\n<meta property=\"og:description\" content=\"En 2021 se llev\u00f3 a cabo la primera edici\u00f3n de Jazz al Norte, festival que re\u00fane a los mejores m\u00fasicos internacionales de este estilo en lugares emblem\u00e1ticos de la ciudad. La iniciativa cont\u00f3 con la colaboraci\u00f3n de la Armada, que...\" \/>\r\n<meta property=\"og:url\" content=\"https:\/\/www.ferrolcultura.gal\/index.php\/proyectos-unicos\/jazz-en-el-norte\/?lang=es\" \/>\r\n<meta property=\"og:site_name\" content=\"Ferrol Cultura\" \/>\r\n<meta property=\"article:publisher\" content=\"https:\/\/www.facebook.com\/ConcellodeFerrol\" \/>\r\n<meta property=\"article:modified_time\" content=\"2023-04-26T07:21:50+00:00\" \/>\r\n<meta property=\"og:image\" content=\"http:\/\/www.ferrolcultura.gal\/wp-content\/uploads\/2023\/04\/DATAS_jazz-ao-norte_datas_web-726x1024.jpg\" \/>\r\n<meta name=\"twitter:card\" content=\"summary_large_image\" \/>\r\n<meta name=\"twitter:site\" content=\"@ferroloficial\" \/>\r\n<meta name=\"twitter:label1\" content=\"Tempo de lectura\" \/>\n\t<meta name=\"twitter:data1\" content=\"1 minuto\" \/>\r\n<script type=\"application\/ld+json\" class=\"yoast-schema-graph\">{\"@context\":\"https:\/\/schema.org\",\"@graph\":[{\"@type\":\"WebPage\",\"@id\":\"https:\/\/www.ferrolcultura.gal\/index.php\/proyectos-unicos\/jazz-en-el-norte\/?lang=es\",\"url\":\"https:\/\/www.ferrolcultura.gal\/index.php\/proyectos-unicos\/jazz-en-el-norte\/?lang=es\",\"name\":\"Jazz al norte - Ferrol Cultura\",\"isPartOf\":{\"@id\":\"https:\/\/www.ferrolcultura.gal\/#website\"},\"primaryImageOfPage\":{\"@id\":\"https:\/\/www.ferrolcultura.gal\/index.php\/proyectos-unicos\/jazz-en-el-norte\/?lang=es#primaryimage\"},\"image\":{\"@id\":\"https:\/\/www.ferrolcultura.gal\/index.php\/proyectos-unicos\/jazz-en-el-norte\/?lang=es#primaryimage\"},\"thumbnailUrl\":\"http:\/\/www.ferrolcultura.gal\/wp-content\/uploads\/2023\/04\/DATAS_jazz-ao-norte_datas_web-726x1024.jpg\",\"datePublished\":\"2023-03-20T08:47:16+00:00\",\"dateModified\":\"2023-04-26T07:21:50+00:00\",\"breadcrumb\":{\"@id\":\"https:\/\/www.ferrolcultura.gal\/index.php\/proyectos-unicos\/jazz-en-el-norte\/?lang=es#breadcrumb\"},\"inLanguage\":\"gl-ES\",\"potentialAction\":[{\"@type\":\"ReadAction\",\"target\":[\"https:\/\/www.ferrolcultura.gal\/index.php\/proyectos-unicos\/jazz-en-el-norte\/?lang=es\"]}]},{\"@type\":\"ImageObject\",\"inLanguage\":\"gl-ES\",\"@id\":\"https:\/\/www.ferrolcultura.gal\/index.php\/proyectos-unicos\/jazz-en-el-norte\/?lang=es#primaryimage\",\"url\":\"http:\/\/www.ferrolcultura.gal\/wp-content\/uploads\/2023\/04\/DATAS_jazz-ao-norte_datas_web-726x1024.jpg\",\"contentUrl\":\"http:\/\/www.ferrolcultura.gal\/wp-content\/uploads\/2023\/04\/DATAS_jazz-ao-norte_datas_web-726x1024.jpg\"},{\"@type\":\"BreadcrumbList\",\"@id\":\"https:\/\/www.ferrolcultura.gal\/index.php\/proyectos-unicos\/jazz-en-el-norte\/?lang=es#breadcrumb\",\"itemListElement\":[{\"@type\":\"ListItem\",\"position\":1,\"name\":\"Portada\",\"item\":\"https:\/\/www.ferrolcultura.gal\/\"},{\"@type\":\"ListItem\",\"position\":2,\"name\":\"Proyectos singulares\",\"item\":\"https:\/\/www.ferrolcultura.gal\/index.php\/proyectos-unicos\/\"},{\"@type\":\"ListItem\",\"position\":3,\"name\":\"Jazz al norte\"}]},{\"@type\":\"WebSite\",\"@id\":\"https:\/\/www.ferrolcultura.gal\/#website\",\"url\":\"https:\/\/www.ferrolcultura.gal\/\",\"name\":\"Ferrol Cultura\",\"description\":\"P\u00e1xina de Cultura do Concello de Ferrol\",\"publisher\":{\"@id\":\"https:\/\/www.ferrolcultura.gal\/#organization\"},\"potentialAction\":[{\"@type\":\"SearchAction\",\"target\":{\"@type\":\"EntryPoint\",\"urlTemplate\":\"https:\/\/www.ferrolcultura.gal\/?s={search_term_string}\"},\"query-input\":{\"@type\":\"PropertyValueSpecification\",\"valueRequired\":true,\"valueName\":\"search_term_string\"}}],\"inLanguage\":\"gl-ES\"},{\"@type\":\"Organization\",\"@id\":\"https:\/\/www.ferrolcultura.gal\/#organization\",\"name\":\"Concello de Ferrol\",\"url\":\"https:\/\/www.ferrolcultura.gal\/\",\"logo\":{\"@type\":\"ImageObject\",\"inLanguage\":\"gl-ES\",\"@id\":\"https:\/\/www.ferrolcultura.gal\/#\/schema\/logo\/image\/\",\"url\":\"http:\/\/www.ferrolcultura.gal\/wp-content\/uploads\/2023\/03\/Concello-de-Ferrol-Cultura.png\",\"contentUrl\":\"http:\/\/www.ferrolcultura.gal\/wp-content\/uploads\/2023\/03\/Concello-de-Ferrol-Cultura.png\",\"width\":3033,\"height\":419,\"caption\":\"Concello de Ferrol\"},\"image\":{\"@id\":\"https:\/\/www.ferrolcultura.gal\/#\/schema\/logo\/image\/\"},\"sameAs\":[\"https:\/\/www.facebook.com\/ConcellodeFerrol\",\"https:\/\/x.com\/ferroloficial\",\"https:\/\/www.instagram.com\/concellodeferrol\",\"https:\/\/youtube.com\/@ferrolcultura\"]}]}<\/script>\r\n<!-- \/ Yoast SEO plugin. -->","yoast_head_json":{"title":"Jazz al norte - Ferrol Cultura","robots":{"index":"index","follow":"follow","max-snippet":"max-snippet:-1","max-image-preview":"max-image-preview:large","max-video-preview":"max-video-preview:-1"},"canonical":"https:\/\/www.ferrolcultura.gal\/index.php\/proyectos-unicos\/jazz-en-el-norte\/","og_locale":"gl_ES","og_type":"article","og_title":"Jazz al norte - Ferrol Cultura","og_description":"En 2021 se llev\u00f3 a cabo la primera edici\u00f3n de Jazz al Norte, festival que re\u00fane a los mejores m\u00fasicos internacionales de este estilo en lugares emblem\u00e1ticos de la ciudad. La iniciativa cont\u00f3 con la colaboraci\u00f3n de la Armada, que...","og_url":"https:\/\/www.ferrolcultura.gal\/index.php\/proyectos-unicos\/jazz-en-el-norte\/?lang=es","og_site_name":"Ferrol Cultura","article_publisher":"https:\/\/www.facebook.com\/ConcellodeFerrol","article_modified_time":"2023-04-26T07:21:50+00:00","og_image":[{"url":"http:\/\/www.ferrolcultura.gal\/wp-content\/uploads\/2023\/04\/DATAS_jazz-ao-norte_datas_web-726x1024.jpg","type":"","width":"","height":""}],"twitter_card":"summary_large_image","twitter_site":"@ferroloficial","twitter_misc":{"Tempo de lectura":"1 minuto"},"schema":{"@context":"https:\/\/schema.org","@graph":[{"@type":"WebPage","@id":"https:\/\/www.ferrolcultura.gal\/index.php\/proyectos-unicos\/jazz-en-el-norte\/?lang=es","url":"https:\/\/www.ferrolcultura.gal\/index.php\/proyectos-unicos\/jazz-en-el-norte\/?lang=es","name":"Jazz al norte - Ferrol Cultura","isPartOf":{"@id":"https:\/\/www.ferrolcultura.gal\/#website"},"primaryImageOfPage":{"@id":"https:\/\/www.ferrolcultura.gal\/index.php\/proyectos-unicos\/jazz-en-el-norte\/?lang=es#primaryimage"},"image":{"@id":"https:\/\/www.ferrolcultura.gal\/index.php\/proyectos-unicos\/jazz-en-el-norte\/?lang=es#primaryimage"},"thumbnailUrl":"http:\/\/www.ferrolcultura.gal\/wp-content\/uploads\/2023\/04\/DATAS_jazz-ao-norte_datas_web-726x1024.jpg","datePublished":"2023-03-20T08:47:16+00:00","dateModified":"2023-04-26T07:21:50+00:00","breadcrumb":{"@id":"https:\/\/www.ferrolcultura.gal\/index.php\/proyectos-unicos\/jazz-en-el-norte\/?lang=es#breadcrumb"},"inLanguage":"gl-ES","potentialAction":[{"@type":"ReadAction","target":["https:\/\/www.ferrolcultura.gal\/index.php\/proyectos-unicos\/jazz-en-el-norte\/?lang=es"]}]},{"@type":"ImageObject","inLanguage":"gl-ES","@id":"https:\/\/www.ferrolcultura.gal\/index.php\/proyectos-unicos\/jazz-en-el-norte\/?lang=es#primaryimage","url":"http:\/\/www.ferrolcultura.gal\/wp-content\/uploads\/2023\/04\/DATAS_jazz-ao-norte_datas_web-726x1024.jpg","contentUrl":"http:\/\/www.ferrolcultura.gal\/wp-content\/uploads\/2023\/04\/DATAS_jazz-ao-norte_datas_web-726x1024.jpg"},{"@type":"BreadcrumbList","@id":"https:\/\/www.ferrolcultura.gal\/index.php\/proyectos-unicos\/jazz-en-el-norte\/?lang=es#breadcrumb","itemListElement":[{"@type":"ListItem","position":1,"name":"Portada","item":"https:\/\/www.ferrolcultura.gal\/"},{"@type":"ListItem","position":2,"name":"Proyectos singulares","item":"https:\/\/www.ferrolcultura.gal\/index.php\/proyectos-unicos\/"},{"@type":"ListItem","position":3,"name":"Jazz al norte"}]},{"@type":"WebSite","@id":"https:\/\/www.ferrolcultura.gal\/#website","url":"https:\/\/www.ferrolcultura.gal\/","name":"Ferrol Cultura","description":"P\u00e1xina de Cultura do Concello de Ferrol","publisher":{"@id":"https:\/\/www.ferrolcultura.gal\/#organization"},"potentialAction":[{"@type":"SearchAction","target":{"@type":"EntryPoint","urlTemplate":"https:\/\/www.ferrolcultura.gal\/?s={search_term_string}"},"query-input":{"@type":"PropertyValueSpecification","valueRequired":true,"valueName":"search_term_string"}}],"inLanguage":"gl-ES"},{"@type":"Organization","@id":"https:\/\/www.ferrolcultura.gal\/#organization","name":"Concello de Ferrol","url":"https:\/\/www.ferrolcultura.gal\/","logo":{"@type":"ImageObject","inLanguage":"gl-ES","@id":"https:\/\/www.ferrolcultura.gal\/#\/schema\/logo\/image\/","url":"http:\/\/www.ferrolcultura.gal\/wp-content\/uploads\/2023\/03\/Concello-de-Ferrol-Cultura.png","contentUrl":"http:\/\/www.ferrolcultura.gal\/wp-content\/uploads\/2023\/03\/Concello-de-Ferrol-Cultura.png","width":3033,"height":419,"caption":"Concello de Ferrol"},"image":{"@id":"https:\/\/www.ferrolcultura.gal\/#\/schema\/logo\/image\/"},"sameAs":["https:\/\/www.facebook.com\/ConcellodeFerrol","https:\/\/x.com\/ferroloficial","https:\/\/www.instagram.com\/concellodeferrol","https:\/\/youtube.com\/@ferrolcultura"]}]}},"_links":{"self":[{"href":"https:\/\/www.ferrolcultura.gal\/index.php\/wp-json\/wp\/v2\/pages\/4069","targetHints":{"allow":["GET"]}}],"collection":[{"href":"https:\/\/www.ferrolcultura.gal\/index.php\/wp-json\/wp\/v2\/pages"}],"about":[{"href":"https:\/\/www.ferrolcultura.gal\/index.php\/wp-json\/wp\/v2\/types\/page"}],"author":[{"embeddable":true,"href":"https:\/\/www.ferrolcultura.gal\/index.php\/wp-json\/wp\/v2\/users\/7"}],"replies":[{"embeddable":true,"href":"https:\/\/www.ferrolcultura.gal\/index.php\/wp-json\/wp\/v2\/comments?post=4069"}],"version-history":[{"count":0,"href":"https:\/\/www.ferrolcultura.gal\/index.php\/wp-json\/wp\/v2\/pages\/4069\/revisions"}],"up":[{"embeddable":true,"href":"https:\/\/www.ferrolcultura.gal\/index.php\/wp-json\/wp\/v2\/pages\/4057"}],"wp:attachment":[{"href":"https:\/\/www.ferrolcultura.gal\/index.php\/wp-json\/wp\/v2\/media?parent=4069"}],"curies":[{"name":"wp","href":"https:\/\/api.w.org\/{rel}","templated":true}]}}