{"id":4087,"date":"2023-03-20T09:02:12","date_gmt":"2023-03-20T09:02:12","guid":{"rendered":"http:\/\/www.ferrolcultura.gal\/proyectos-unicos\/semana-de-poesia-salvaje\/"},"modified":"2023-05-09T11:27:15","modified_gmt":"2023-05-09T11:27:15","slug":"semana-de-poesia-salvaje","status":"publish","type":"page","link":"https:\/\/www.ferrolcultura.gal\/index.php\/proyectos-unicos\/semana-de-poesia-salvaje\/?lang=es","title":{"rendered":"Semana de Poes\u00eda Salvaje"},"content":{"rendered":"\n<p>La <a rel=\"noreferrer noopener\" href=\"https:\/\/www.poesiasalvaxe.gal\/?fbclid=IwAR2KgP_wnMjEMPE2adiMbp-r7ik5uhihrU1utidl21WHXmXiePFwUM2yMg8\" data-type=\"URL\" data-id=\"https:\/\/www.poesiasalvaxe.gal\/?fbclid=IwAR2KgP_wnMjEMPE2adiMbp-r7ik5uhihrU1utidl21WHXmXiePFwUM2yMg8\" target=\"_blank\">Semana de Poes\u00eda Salvaje<\/a> es un festival de poes\u00eda inspirado en Juan Carlos Valle \u201cKarlotti\u201d, Guillermo Ferr\u00e1ndez y Marcos Lorenzo y organizado por el Ayuntamiento de Ferrol, que lleva la palabra a las calles y espacios p\u00fablicos de la ciudad. La comunidad de poetas participa de la iniciativa, pero tambi\u00e9n est\u00e1 abierta a las intervenciones del p\u00fablico en general, con versos propios y ajenos, ya que la libertad es su principal premisa.<\/p>\n\n<figure class=\"wp-block-gallery has-nested-images columns-default is-cropped wp-block-gallery-1 is-layout-flex wp-block-gallery-is-layout-flex\">\n<figure class=\"wp-block-image size-large\"><img loading=\"lazy\" decoding=\"async\" width=\"1024\" height=\"768\" data-id=\"4808\" src=\"http:\/\/www.ferrolcultura.gal\/wp-content\/uploads\/2023\/05\/poesia-salvaxe-2-1024x768.jpg\" alt=\"\" class=\"wp-image-4808\" srcset=\"https:\/\/www.ferrolcultura.gal\/wp-content\/uploads\/2023\/05\/poesia-salvaxe-2-1024x768.jpg 1024w, https:\/\/www.ferrolcultura.gal\/wp-content\/uploads\/2023\/05\/poesia-salvaxe-2-300x225.jpg 300w, https:\/\/www.ferrolcultura.gal\/wp-content\/uploads\/2023\/05\/poesia-salvaxe-2-768x576.jpg 768w, https:\/\/www.ferrolcultura.gal\/wp-content\/uploads\/2023\/05\/poesia-salvaxe-2-600x450.jpg 600w, https:\/\/www.ferrolcultura.gal\/wp-content\/uploads\/2023\/05\/poesia-salvaxe-2.jpg 1200w\" sizes=\"auto, (max-width: 1024px) 100vw, 1024px\" \/><\/figure>\n\n\n\n<figure class=\"wp-block-image size-large\"><img loading=\"lazy\" decoding=\"async\" width=\"1024\" height=\"576\" data-id=\"4810\" src=\"http:\/\/www.ferrolcultura.gal\/wp-content\/uploads\/2023\/05\/poesia-salvaxe-3-1024x576.jpg\" alt=\"\" class=\"wp-image-4810\" srcset=\"https:\/\/www.ferrolcultura.gal\/wp-content\/uploads\/2023\/05\/poesia-salvaxe-3-1024x576.jpg 1024w, https:\/\/www.ferrolcultura.gal\/wp-content\/uploads\/2023\/05\/poesia-salvaxe-3-300x169.jpg 300w, https:\/\/www.ferrolcultura.gal\/wp-content\/uploads\/2023\/05\/poesia-salvaxe-3-768x432.jpg 768w, https:\/\/www.ferrolcultura.gal\/wp-content\/uploads\/2023\/05\/poesia-salvaxe-3-600x338.jpg 600w, https:\/\/www.ferrolcultura.gal\/wp-content\/uploads\/2023\/05\/poesia-salvaxe-3.jpg 1200w\" sizes=\"auto, (max-width: 1024px) 100vw, 1024px\" \/><\/figure>\n\n\n\n<figure class=\"wp-block-image size-large\"><img loading=\"lazy\" decoding=\"async\" width=\"1024\" height=\"683\" data-id=\"4812\" src=\"http:\/\/www.ferrolcultura.gal\/wp-content\/uploads\/2023\/05\/poesia-salvaxe-1-1024x683.jpg\" alt=\"\" class=\"wp-image-4812\" srcset=\"https:\/\/www.ferrolcultura.gal\/wp-content\/uploads\/2023\/05\/poesia-salvaxe-1-1024x683.jpg 1024w, https:\/\/www.ferrolcultura.gal\/wp-content\/uploads\/2023\/05\/poesia-salvaxe-1-300x200.jpg 300w, https:\/\/www.ferrolcultura.gal\/wp-content\/uploads\/2023\/05\/poesia-salvaxe-1-768x512.jpg 768w, https:\/\/www.ferrolcultura.gal\/wp-content\/uploads\/2023\/05\/poesia-salvaxe-1-600x400.jpg 600w, https:\/\/www.ferrolcultura.gal\/wp-content\/uploads\/2023\/05\/poesia-salvaxe-1.jpg 1200w\" sizes=\"auto, (max-width: 1024px) 100vw, 1024px\" \/><\/figure>\n\n\n\n<figure class=\"wp-block-image size-large\"><img loading=\"lazy\" decoding=\"async\" width=\"819\" height=\"1024\" data-id=\"4753\" src=\"http:\/\/www.ferrolcultura.gal\/wp-content\/uploads\/2023\/04\/Poesia-Salvaxe-819x1024.jpeg\" alt=\"\" class=\"wp-image-4753\" srcset=\"https:\/\/www.ferrolcultura.gal\/wp-content\/uploads\/2023\/04\/Poesia-Salvaxe-819x1024.jpeg 819w, https:\/\/www.ferrolcultura.gal\/wp-content\/uploads\/2023\/04\/Poesia-Salvaxe-240x300.jpeg 240w, https:\/\/www.ferrolcultura.gal\/wp-content\/uploads\/2023\/04\/Poesia-Salvaxe-768x960.jpeg 768w, https:\/\/www.ferrolcultura.gal\/wp-content\/uploads\/2023\/04\/Poesia-Salvaxe-600x750.jpeg 600w, https:\/\/www.ferrolcultura.gal\/wp-content\/uploads\/2023\/04\/Poesia-Salvaxe.jpeg 1080w\" sizes=\"auto, (max-width: 819px) 100vw, 819px\" \/><\/figure>\n\n\n\n<figure class=\"wp-block-image size-large\"><img loading=\"lazy\" decoding=\"async\" width=\"1024\" height=\"751\" data-id=\"4751\" src=\"http:\/\/www.ferrolcultura.gal\/wp-content\/uploads\/2023\/04\/Poesia-Salvaxe-2-1024x751.jpeg\" alt=\"\" class=\"wp-image-4751\" srcset=\"https:\/\/www.ferrolcultura.gal\/wp-content\/uploads\/2023\/04\/Poesia-Salvaxe-2-1024x751.jpeg 1024w, https:\/\/www.ferrolcultura.gal\/wp-content\/uploads\/2023\/04\/Poesia-Salvaxe-2-300x220.jpeg 300w, https:\/\/www.ferrolcultura.gal\/wp-content\/uploads\/2023\/04\/Poesia-Salvaxe-2-768x563.jpeg 768w, https:\/\/www.ferrolcultura.gal\/wp-content\/uploads\/2023\/04\/Poesia-Salvaxe-2-1536x1126.jpeg 1536w, https:\/\/www.ferrolcultura.gal\/wp-content\/uploads\/2023\/04\/Poesia-Salvaxe-2-600x440.jpeg 600w, https:\/\/www.ferrolcultura.gal\/wp-content\/uploads\/2023\/04\/Poesia-Salvaxe-2.jpeg 1600w\" sizes=\"auto, (max-width: 1024px) 100vw, 1024px\" \/><\/figure>\n<\/figure>\n\n<p>M\u00e1s informaci\u00f3n:<\/p>\n\n<p><a rel=\"noreferrer noopener\" href=\"https:\/\/www.poesiasalvaxe.gal\" data-type=\"URL\" data-id=\"https:\/\/www.poesiasalvaxe.gal\" target=\"_blank\">https:\/\/www.poesiasalvaxe.gal<\/a><\/p>\n","protected":false},"excerpt":{"rendered":"<p>La Semana de Poes\u00eda Salvaje es un festival de poes\u00eda inspirado en Juan Carlos Valle \u201cKarlotti\u201d, Guillermo Ferr\u00e1ndez y Marcos Lorenzo y organizado por el Ayuntamiento de Ferrol, que lleva la palabra a las calles y espacios p\u00fablicos de la&#8230;<\/p>\n","protected":false},"author":7,"featured_media":0,"parent":4057,"menu_order":10,"comment_status":"closed","ping_status":"closed","template":"","meta":{"_monsterinsights_skip_tracking":false,"_monsterinsights_sitenote_active":false,"_monsterinsights_sitenote_note":"","_monsterinsights_sitenote_category":0,"footnotes":""},"class_list":["post-4087","page","type-page","status-publish","hentry"],"yoast_head":"<!-- This site is optimized with the Yoast SEO plugin v27.0 - https:\/\/yoast.com\/product\/yoast-seo-wordpress\/ -->\r\n<title>Semana de Poes\u00eda Salvaje - Ferrol Cultura<\/title>\r\n<meta name=\"robots\" content=\"index, follow, max-snippet:-1, max-image-preview:large, max-video-preview:-1\" \/>\r\n<link rel=\"canonical\" href=\"https:\/\/www.ferrolcultura.gal\/index.php\/proyectos-unicos\/semana-de-poesia-salvaje\/\" \/>\r\n<meta property=\"og:locale\" content=\"gl_ES\" \/>\r\n<meta property=\"og:type\" content=\"article\" \/>\r\n<meta property=\"og:title\" content=\"Semana de Poes\u00eda Salvaje - Ferrol Cultura\" \/>\r\n<meta property=\"og:description\" content=\"La Semana de Poes\u00eda Salvaje es un festival de poes\u00eda inspirado en Juan Carlos Valle \u201cKarlotti\u201d, Guillermo Ferr\u00e1ndez y Marcos Lorenzo y organizado por el Ayuntamiento de Ferrol, que lleva la palabra a las calles y espacios p\u00fablicos de la...\" \/>\r\n<meta property=\"og:url\" content=\"https:\/\/www.ferrolcultura.gal\/index.php\/proyectos-unicos\/semana-de-poesia-salvaje\/?lang=es\" \/>\r\n<meta property=\"og:site_name\" content=\"Ferrol Cultura\" \/>\r\n<meta property=\"article:publisher\" content=\"https:\/\/www.facebook.com\/ConcellodeFerrol\" \/>\r\n<meta property=\"article:modified_time\" content=\"2023-05-09T11:27:15+00:00\" \/>\r\n<meta property=\"og:image\" content=\"http:\/\/www.ferrolcultura.gal\/wp-content\/uploads\/2023\/05\/poesia-salvaxe-2-1024x768.jpg\" \/>\r\n<meta name=\"twitter:card\" content=\"summary_large_image\" \/>\r\n<meta name=\"twitter:site\" content=\"@ferroloficial\" \/>\r\n<script type=\"application\/ld+json\" class=\"yoast-schema-graph\">{\"@context\":\"https:\/\/schema.org\",\"@graph\":[{\"@type\":\"WebPage\",\"@id\":\"https:\/\/www.ferrolcultura.gal\/index.php\/proyectos-unicos\/semana-de-poesia-salvaje\/?lang=es\",\"url\":\"https:\/\/www.ferrolcultura.gal\/index.php\/proyectos-unicos\/semana-de-poesia-salvaje\/?lang=es\",\"name\":\"Semana de Poes\u00eda Salvaje - Ferrol Cultura\",\"isPartOf\":{\"@id\":\"https:\/\/www.ferrolcultura.gal\/#website\"},\"primaryImageOfPage\":{\"@id\":\"https:\/\/www.ferrolcultura.gal\/index.php\/proyectos-unicos\/semana-de-poesia-salvaje\/?lang=es#primaryimage\"},\"image\":{\"@id\":\"https:\/\/www.ferrolcultura.gal\/index.php\/proyectos-unicos\/semana-de-poesia-salvaje\/?lang=es#primaryimage\"},\"thumbnailUrl\":\"http:\/\/www.ferrolcultura.gal\/wp-content\/uploads\/2023\/05\/poesia-salvaxe-2-1024x768.jpg\",\"datePublished\":\"2023-03-20T09:02:12+00:00\",\"dateModified\":\"2023-05-09T11:27:15+00:00\",\"breadcrumb\":{\"@id\":\"https:\/\/www.ferrolcultura.gal\/index.php\/proyectos-unicos\/semana-de-poesia-salvaje\/?lang=es#breadcrumb\"},\"inLanguage\":\"gl-ES\",\"potentialAction\":[{\"@type\":\"ReadAction\",\"target\":[\"https:\/\/www.ferrolcultura.gal\/index.php\/proyectos-unicos\/semana-de-poesia-salvaje\/?lang=es\"]}]},{\"@type\":\"ImageObject\",\"inLanguage\":\"gl-ES\",\"@id\":\"https:\/\/www.ferrolcultura.gal\/index.php\/proyectos-unicos\/semana-de-poesia-salvaje\/?lang=es#primaryimage\",\"url\":\"http:\/\/www.ferrolcultura.gal\/wp-content\/uploads\/2023\/05\/poesia-salvaxe-2-1024x768.jpg\",\"contentUrl\":\"http:\/\/www.ferrolcultura.gal\/wp-content\/uploads\/2023\/05\/poesia-salvaxe-2-1024x768.jpg\"},{\"@type\":\"BreadcrumbList\",\"@id\":\"https:\/\/www.ferrolcultura.gal\/index.php\/proyectos-unicos\/semana-de-poesia-salvaje\/?lang=es#breadcrumb\",\"itemListElement\":[{\"@type\":\"ListItem\",\"position\":1,\"name\":\"Portada\",\"item\":\"https:\/\/www.ferrolcultura.gal\/\"},{\"@type\":\"ListItem\",\"position\":2,\"name\":\"Proyectos singulares\",\"item\":\"https:\/\/www.ferrolcultura.gal\/index.php\/proyectos-unicos\/\"},{\"@type\":\"ListItem\",\"position\":3,\"name\":\"Semana de Poes\u00eda Salvaje\"}]},{\"@type\":\"WebSite\",\"@id\":\"https:\/\/www.ferrolcultura.gal\/#website\",\"url\":\"https:\/\/www.ferrolcultura.gal\/\",\"name\":\"Ferrol Cultura\",\"description\":\"P\u00e1xina de Cultura do Concello de Ferrol\",\"publisher\":{\"@id\":\"https:\/\/www.ferrolcultura.gal\/#organization\"},\"potentialAction\":[{\"@type\":\"SearchAction\",\"target\":{\"@type\":\"EntryPoint\",\"urlTemplate\":\"https:\/\/www.ferrolcultura.gal\/?s={search_term_string}\"},\"query-input\":{\"@type\":\"PropertyValueSpecification\",\"valueRequired\":true,\"valueName\":\"search_term_string\"}}],\"inLanguage\":\"gl-ES\"},{\"@type\":\"Organization\",\"@id\":\"https:\/\/www.ferrolcultura.gal\/#organization\",\"name\":\"Concello de Ferrol\",\"url\":\"https:\/\/www.ferrolcultura.gal\/\",\"logo\":{\"@type\":\"ImageObject\",\"inLanguage\":\"gl-ES\",\"@id\":\"https:\/\/www.ferrolcultura.gal\/#\/schema\/logo\/image\/\",\"url\":\"http:\/\/www.ferrolcultura.gal\/wp-content\/uploads\/2023\/03\/Concello-de-Ferrol-Cultura.png\",\"contentUrl\":\"http:\/\/www.ferrolcultura.gal\/wp-content\/uploads\/2023\/03\/Concello-de-Ferrol-Cultura.png\",\"width\":3033,\"height\":419,\"caption\":\"Concello de Ferrol\"},\"image\":{\"@id\":\"https:\/\/www.ferrolcultura.gal\/#\/schema\/logo\/image\/\"},\"sameAs\":[\"https:\/\/www.facebook.com\/ConcellodeFerrol\",\"https:\/\/x.com\/ferroloficial\",\"https:\/\/www.instagram.com\/concellodeferrol\",\"https:\/\/youtube.com\/@ferrolcultura\"]}]}<\/script>\r\n<!-- \/ Yoast SEO plugin. -->","yoast_head_json":{"title":"Semana de Poes\u00eda Salvaje - Ferrol Cultura","robots":{"index":"index","follow":"follow","max-snippet":"max-snippet:-1","max-image-preview":"max-image-preview:large","max-video-preview":"max-video-preview:-1"},"canonical":"https:\/\/www.ferrolcultura.gal\/index.php\/proyectos-unicos\/semana-de-poesia-salvaje\/","og_locale":"gl_ES","og_type":"article","og_title":"Semana de Poes\u00eda Salvaje - Ferrol Cultura","og_description":"La Semana de Poes\u00eda Salvaje es un festival de poes\u00eda inspirado en Juan Carlos Valle \u201cKarlotti\u201d, Guillermo Ferr\u00e1ndez y Marcos Lorenzo y organizado por el Ayuntamiento de Ferrol, que lleva la palabra a las calles y espacios p\u00fablicos de la...","og_url":"https:\/\/www.ferrolcultura.gal\/index.php\/proyectos-unicos\/semana-de-poesia-salvaje\/?lang=es","og_site_name":"Ferrol Cultura","article_publisher":"https:\/\/www.facebook.com\/ConcellodeFerrol","article_modified_time":"2023-05-09T11:27:15+00:00","og_image":[{"url":"http:\/\/www.ferrolcultura.gal\/wp-content\/uploads\/2023\/05\/poesia-salvaxe-2-1024x768.jpg","type":"","width":"","height":""}],"twitter_card":"summary_large_image","twitter_site":"@ferroloficial","schema":{"@context":"https:\/\/schema.org","@graph":[{"@type":"WebPage","@id":"https:\/\/www.ferrolcultura.gal\/index.php\/proyectos-unicos\/semana-de-poesia-salvaje\/?lang=es","url":"https:\/\/www.ferrolcultura.gal\/index.php\/proyectos-unicos\/semana-de-poesia-salvaje\/?lang=es","name":"Semana de Poes\u00eda Salvaje - Ferrol Cultura","isPartOf":{"@id":"https:\/\/www.ferrolcultura.gal\/#website"},"primaryImageOfPage":{"@id":"https:\/\/www.ferrolcultura.gal\/index.php\/proyectos-unicos\/semana-de-poesia-salvaje\/?lang=es#primaryimage"},"image":{"@id":"https:\/\/www.ferrolcultura.gal\/index.php\/proyectos-unicos\/semana-de-poesia-salvaje\/?lang=es#primaryimage"},"thumbnailUrl":"http:\/\/www.ferrolcultura.gal\/wp-content\/uploads\/2023\/05\/poesia-salvaxe-2-1024x768.jpg","datePublished":"2023-03-20T09:02:12+00:00","dateModified":"2023-05-09T11:27:15+00:00","breadcrumb":{"@id":"https:\/\/www.ferrolcultura.gal\/index.php\/proyectos-unicos\/semana-de-poesia-salvaje\/?lang=es#breadcrumb"},"inLanguage":"gl-ES","potentialAction":[{"@type":"ReadAction","target":["https:\/\/www.ferrolcultura.gal\/index.php\/proyectos-unicos\/semana-de-poesia-salvaje\/?lang=es"]}]},{"@type":"ImageObject","inLanguage":"gl-ES","@id":"https:\/\/www.ferrolcultura.gal\/index.php\/proyectos-unicos\/semana-de-poesia-salvaje\/?lang=es#primaryimage","url":"http:\/\/www.ferrolcultura.gal\/wp-content\/uploads\/2023\/05\/poesia-salvaxe-2-1024x768.jpg","contentUrl":"http:\/\/www.ferrolcultura.gal\/wp-content\/uploads\/2023\/05\/poesia-salvaxe-2-1024x768.jpg"},{"@type":"BreadcrumbList","@id":"https:\/\/www.ferrolcultura.gal\/index.php\/proyectos-unicos\/semana-de-poesia-salvaje\/?lang=es#breadcrumb","itemListElement":[{"@type":"ListItem","position":1,"name":"Portada","item":"https:\/\/www.ferrolcultura.gal\/"},{"@type":"ListItem","position":2,"name":"Proyectos singulares","item":"https:\/\/www.ferrolcultura.gal\/index.php\/proyectos-unicos\/"},{"@type":"ListItem","position":3,"name":"Semana de Poes\u00eda Salvaje"}]},{"@type":"WebSite","@id":"https:\/\/www.ferrolcultura.gal\/#website","url":"https:\/\/www.ferrolcultura.gal\/","name":"Ferrol Cultura","description":"P\u00e1xina de Cultura do Concello de Ferrol","publisher":{"@id":"https:\/\/www.ferrolcultura.gal\/#organization"},"potentialAction":[{"@type":"SearchAction","target":{"@type":"EntryPoint","urlTemplate":"https:\/\/www.ferrolcultura.gal\/?s={search_term_string}"},"query-input":{"@type":"PropertyValueSpecification","valueRequired":true,"valueName":"search_term_string"}}],"inLanguage":"gl-ES"},{"@type":"Organization","@id":"https:\/\/www.ferrolcultura.gal\/#organization","name":"Concello de Ferrol","url":"https:\/\/www.ferrolcultura.gal\/","logo":{"@type":"ImageObject","inLanguage":"gl-ES","@id":"https:\/\/www.ferrolcultura.gal\/#\/schema\/logo\/image\/","url":"http:\/\/www.ferrolcultura.gal\/wp-content\/uploads\/2023\/03\/Concello-de-Ferrol-Cultura.png","contentUrl":"http:\/\/www.ferrolcultura.gal\/wp-content\/uploads\/2023\/03\/Concello-de-Ferrol-Cultura.png","width":3033,"height":419,"caption":"Concello de Ferrol"},"image":{"@id":"https:\/\/www.ferrolcultura.gal\/#\/schema\/logo\/image\/"},"sameAs":["https:\/\/www.facebook.com\/ConcellodeFerrol","https:\/\/x.com\/ferroloficial","https:\/\/www.instagram.com\/concellodeferrol","https:\/\/youtube.com\/@ferrolcultura"]}]}},"_links":{"self":[{"href":"https:\/\/www.ferrolcultura.gal\/index.php\/wp-json\/wp\/v2\/pages\/4087","targetHints":{"allow":["GET"]}}],"collection":[{"href":"https:\/\/www.ferrolcultura.gal\/index.php\/wp-json\/wp\/v2\/pages"}],"about":[{"href":"https:\/\/www.ferrolcultura.gal\/index.php\/wp-json\/wp\/v2\/types\/page"}],"author":[{"embeddable":true,"href":"https:\/\/www.ferrolcultura.gal\/index.php\/wp-json\/wp\/v2\/users\/7"}],"replies":[{"embeddable":true,"href":"https:\/\/www.ferrolcultura.gal\/index.php\/wp-json\/wp\/v2\/comments?post=4087"}],"version-history":[{"count":0,"href":"https:\/\/www.ferrolcultura.gal\/index.php\/wp-json\/wp\/v2\/pages\/4087\/revisions"}],"up":[{"embeddable":true,"href":"https:\/\/www.ferrolcultura.gal\/index.php\/wp-json\/wp\/v2\/pages\/4057"}],"wp:attachment":[{"href":"https:\/\/www.ferrolcultura.gal\/index.php\/wp-json\/wp\/v2\/media?parent=4087"}],"curies":[{"name":"wp","href":"https:\/\/api.w.org\/{rel}","templated":true}]}}