{"id":4113,"date":"2023-03-20T09:40:49","date_gmt":"2023-03-20T09:40:49","guid":{"rendered":"http:\/\/www.ferrolcultura.gal\/centros-culturales\/teatro-jofre\/"},"modified":"2025-02-13T09:49:09","modified_gmt":"2025-02-13T09:49:09","slug":"teatro-jofre","status":"publish","type":"page","link":"https:\/\/www.ferrolcultura.gal\/index.php\/centros-culturales\/teatro-jofre\/?lang=es","title":{"rendered":"Teatro Jofre"},"content":{"rendered":"\n<p>El teatro Jofre es uno de los edificios m\u00e1s representativos de la ciudad y un espacio cultural emblem\u00e1tico, no solo para Ferrol sino para toda Galicia. Situado en el barrio de la Magdalena, fue inaugurado en 1892, fruto de un proyecto que durante veinte a\u00f1os pas\u00f3 por manos de distintos arquitectos municipales y en el que la aportaci\u00f3n econ\u00f3mica de Joaqu\u00edn Jofre y Maristany fue decisiva para destrabar los problemas econ\u00f3micos de su construcci\u00f3n. Como muestra de agradecimiento, el teatro lleva el nombre de este Ferrol\u00e1n que hizo fortuna en Argentina. En el acto inaugural, el 19 de mayo, se representaron el cl\u00e1sico de Calder\u00f3n de la Barca &#8220;El alcalde de Zalamea&#8221; y la comedia de Vital Aza &#8220;El sue\u00f1o dorado&#8221;.<\/p>\n\n<p>El interior del teatro responde a un estilo clasicista. La tolva fue encomendada al maquinista y arquitecto Egidio Piccoli y la ornamentaci\u00f3n de la sala fue obra del escen\u00f3grafo Giorgio Busato y del pintor Bernardo Bonardi, por lo que la influencia italiana es clara. Nueve a\u00f1os despu\u00e9s de su inauguraci\u00f3n, el arquitecto Rodolfo Ucha Pi\u00f1eiro dise\u00f1\u00f3 una nueva fachada de estilo modernista -la que tiene hoy el edificio-, de manera que la riqueza de la ornamentaci\u00f3n interior tuviera correspondencia en el exterior, que hasta entonces ten\u00eda un aspecto m\u00e1s sobrio.<\/p>\n\n<p>El edificio fue adquirido por el Ayuntamiento de Ferrol en 1994 y en 2001 se iniciaron las obras de rehabilitaci\u00f3n, con proyecto del arquitecto Rafael Baltar, que inclu\u00edan la construcci\u00f3n de una galer\u00eda en el muro sur del teatro con vistas al dique da Camp\u00e1. Reabri\u00f3 al p\u00fablico en diciembre de 2005 con la actuaci\u00f3n de la Orquesta Sinf\u00f3nica de Galicia.<\/p>\n\n<p>V\u00eddeo sobre la historia del teatro <a href=\"https:\/\/www.youtube.com\/watch?v=quJ9QYLiHuA\">aqu\u00ed<\/a> (documental de Localia TV)<\/p>\n\n<p>Adem\u00e1s de acoger sus propios espect\u00e1culos, la taquilla del teatro Jofre es el punto de venta anticipada de entradas para otros espacios culturales de la ciudad.<\/p>\n\n<figure class=\"wp-block-gallery has-nested-images columns-default is-cropped wp-block-gallery-1 is-layout-flex wp-block-gallery-is-layout-flex\">\n<figure class=\"wp-block-image size-large\"><img loading=\"lazy\" decoding=\"async\" width=\"650\" height=\"365\" data-id=\"3320\" src=\"https:\/\/www.ferrolcultura.gal\/wp-content\/uploads\/2023\/03\/jofre-3.jpg\" alt=\"\" class=\"wp-image-3320\"\/><\/figure>\n\n\n\n<figure class=\"wp-block-image size-large\"><img loading=\"lazy\" decoding=\"async\" width=\"646\" height=\"363\" data-id=\"3321\" src=\"https:\/\/www.ferrolcultura.gal\/wp-content\/uploads\/2023\/03\/jofre-2.jpg\" alt=\"\" class=\"wp-image-3321\"\/><\/figure>\n\n\n\n<figure class=\"wp-block-image size-large\"><img loading=\"lazy\" decoding=\"async\" width=\"1280\" height=\"960\" data-id=\"3322\" src=\"https:\/\/www.ferrolcultura.gal\/wp-content\/uploads\/2023\/03\/jofre-1.jpg\" alt=\"\" class=\"wp-image-3322\"\/><\/figure>\n<\/figure>\n\n<h4 class=\"wp-block-heading\">FICHA T\u00c9CNICA<\/h4>\n\n<p><strong>Direcci\u00f3n:<\/strong> Plaza de Galicia, s\/n. 15401 Ferrol.<\/p>\n\n<p><strong>Tel\u00e9fono:<\/strong> 981 944 245<\/p>\n\n<p><strong>Capacidad:<\/strong> 522 espectadores<\/p>\n\n<h4 class=\"wp-block-heading\">HORARIO DE TAQUILLA<\/h4>\n\n<p><strong>Horario de venta de entradas (invierno):<\/strong> De martes a viernes de 11.00 a 13.00 y de 18.00 a 20.00 horas. S\u00e1bados, domingos y festivos abre por la ma\u00f1ana de 11.00 a 13.00 horas y por la tarde dos horas y media antes del inicio del espect\u00e1culo.<\/p>\n\n<p><strong>Horario de venta de entradas (verano):<\/strong> Del 1 de julio al 15 de agosto permanecer\u00e1 cerrado. Del 16 al 31 de agosto estar\u00e1 abierto de martes a viernes de 11.00 a 13.00 horas.<\/p>\n\n<p><\/p>\n","protected":false},"excerpt":{"rendered":"<p>El teatro Jofre es uno de los edificios m\u00e1s representativos de la ciudad y un espacio cultural emblem\u00e1tico, no solo para Ferrol sino para toda Galicia. Situado en el barrio de la Magdalena, fue inaugurado en 1892, fruto de un&#8230;<\/p>\n","protected":false},"author":7,"featured_media":0,"parent":4110,"menu_order":1,"comment_status":"closed","ping_status":"closed","template":"","meta":{"_monsterinsights_skip_tracking":false,"_monsterinsights_sitenote_active":false,"_monsterinsights_sitenote_note":"","_monsterinsights_sitenote_category":0,"footnotes":""},"class_list":["post-4113","page","type-page","status-publish","hentry"],"yoast_head":"<!-- This site is optimized with the Yoast SEO plugin v27.0 - https:\/\/yoast.com\/product\/yoast-seo-wordpress\/ -->\r\n<title>Teatro Jofre - Ferrol Cultura<\/title>\r\n<meta name=\"robots\" content=\"index, follow, max-snippet:-1, max-image-preview:large, max-video-preview:-1\" \/>\r\n<link rel=\"canonical\" href=\"https:\/\/www.ferrolcultura.gal\/index.php\/centros-culturales\/teatro-jofre\/\" \/>\r\n<meta property=\"og:locale\" content=\"gl_ES\" \/>\r\n<meta property=\"og:type\" content=\"article\" \/>\r\n<meta property=\"og:title\" content=\"Teatro Jofre - Ferrol Cultura\" \/>\r\n<meta property=\"og:description\" content=\"El teatro Jofre es uno de los edificios m\u00e1s representativos de la ciudad y un espacio cultural emblem\u00e1tico, no solo para Ferrol sino para toda Galicia. Situado en el barrio de la Magdalena, fue inaugurado en 1892, fruto de un...\" \/>\r\n<meta property=\"og:url\" content=\"https:\/\/www.ferrolcultura.gal\/index.php\/centros-culturales\/teatro-jofre\/?lang=es\" \/>\r\n<meta property=\"og:site_name\" content=\"Ferrol Cultura\" \/>\r\n<meta property=\"article:publisher\" content=\"https:\/\/www.facebook.com\/ConcellodeFerrol\" \/>\r\n<meta property=\"article:modified_time\" content=\"2025-02-13T09:49:09+00:00\" \/>\r\n<meta property=\"og:image\" content=\"https:\/\/www.ferrolcultura.gal\/wp-content\/uploads\/2023\/03\/jofre-3.jpg\" \/>\r\n<meta name=\"twitter:card\" content=\"summary_large_image\" \/>\r\n<meta name=\"twitter:site\" content=\"@ferroloficial\" \/>\r\n<meta name=\"twitter:label1\" content=\"Tempo de lectura\" \/>\n\t<meta name=\"twitter:data1\" content=\"2 minutos\" \/>\r\n<script type=\"application\/ld+json\" class=\"yoast-schema-graph\">{\"@context\":\"https:\/\/schema.org\",\"@graph\":[{\"@type\":\"WebPage\",\"@id\":\"https:\/\/www.ferrolcultura.gal\/index.php\/centros-culturales\/teatro-jofre\/?lang=es\",\"url\":\"https:\/\/www.ferrolcultura.gal\/index.php\/centros-culturales\/teatro-jofre\/?lang=es\",\"name\":\"Teatro Jofre - Ferrol Cultura\",\"isPartOf\":{\"@id\":\"https:\/\/www.ferrolcultura.gal\/#website\"},\"primaryImageOfPage\":{\"@id\":\"https:\/\/www.ferrolcultura.gal\/index.php\/centros-culturales\/teatro-jofre\/?lang=es#primaryimage\"},\"image\":{\"@id\":\"https:\/\/www.ferrolcultura.gal\/index.php\/centros-culturales\/teatro-jofre\/?lang=es#primaryimage\"},\"thumbnailUrl\":\"https:\/\/www.ferrolcultura.gal\/wp-content\/uploads\/2023\/03\/jofre-3.jpg\",\"datePublished\":\"2023-03-20T09:40:49+00:00\",\"dateModified\":\"2025-02-13T09:49:09+00:00\",\"breadcrumb\":{\"@id\":\"https:\/\/www.ferrolcultura.gal\/index.php\/centros-culturales\/teatro-jofre\/?lang=es#breadcrumb\"},\"inLanguage\":\"gl-ES\",\"potentialAction\":[{\"@type\":\"ReadAction\",\"target\":[\"https:\/\/www.ferrolcultura.gal\/index.php\/centros-culturales\/teatro-jofre\/?lang=es\"]}]},{\"@type\":\"ImageObject\",\"inLanguage\":\"gl-ES\",\"@id\":\"https:\/\/www.ferrolcultura.gal\/index.php\/centros-culturales\/teatro-jofre\/?lang=es#primaryimage\",\"url\":\"https:\/\/www.ferrolcultura.gal\/wp-content\/uploads\/2023\/03\/jofre-3.jpg\",\"contentUrl\":\"https:\/\/www.ferrolcultura.gal\/wp-content\/uploads\/2023\/03\/jofre-3.jpg\",\"width\":650,\"height\":365},{\"@type\":\"BreadcrumbList\",\"@id\":\"https:\/\/www.ferrolcultura.gal\/index.php\/centros-culturales\/teatro-jofre\/?lang=es#breadcrumb\",\"itemListElement\":[{\"@type\":\"ListItem\",\"position\":1,\"name\":\"Portada\",\"item\":\"https:\/\/www.ferrolcultura.gal\/\"},{\"@type\":\"ListItem\",\"position\":2,\"name\":\"Centros culturales\",\"item\":\"https:\/\/www.ferrolcultura.gal\/index.php\/centros-culturales\/\"},{\"@type\":\"ListItem\",\"position\":3,\"name\":\"Teatro Jofre\"}]},{\"@type\":\"WebSite\",\"@id\":\"https:\/\/www.ferrolcultura.gal\/#website\",\"url\":\"https:\/\/www.ferrolcultura.gal\/\",\"name\":\"Ferrol Cultura\",\"description\":\"P\u00e1xina de Cultura do Concello de Ferrol\",\"publisher\":{\"@id\":\"https:\/\/www.ferrolcultura.gal\/#organization\"},\"potentialAction\":[{\"@type\":\"SearchAction\",\"target\":{\"@type\":\"EntryPoint\",\"urlTemplate\":\"https:\/\/www.ferrolcultura.gal\/?s={search_term_string}\"},\"query-input\":{\"@type\":\"PropertyValueSpecification\",\"valueRequired\":true,\"valueName\":\"search_term_string\"}}],\"inLanguage\":\"gl-ES\"},{\"@type\":\"Organization\",\"@id\":\"https:\/\/www.ferrolcultura.gal\/#organization\",\"name\":\"Concello de Ferrol\",\"url\":\"https:\/\/www.ferrolcultura.gal\/\",\"logo\":{\"@type\":\"ImageObject\",\"inLanguage\":\"gl-ES\",\"@id\":\"https:\/\/www.ferrolcultura.gal\/#\/schema\/logo\/image\/\",\"url\":\"http:\/\/www.ferrolcultura.gal\/wp-content\/uploads\/2023\/03\/Concello-de-Ferrol-Cultura.png\",\"contentUrl\":\"http:\/\/www.ferrolcultura.gal\/wp-content\/uploads\/2023\/03\/Concello-de-Ferrol-Cultura.png\",\"width\":3033,\"height\":419,\"caption\":\"Concello de Ferrol\"},\"image\":{\"@id\":\"https:\/\/www.ferrolcultura.gal\/#\/schema\/logo\/image\/\"},\"sameAs\":[\"https:\/\/www.facebook.com\/ConcellodeFerrol\",\"https:\/\/x.com\/ferroloficial\",\"https:\/\/www.instagram.com\/concellodeferrol\",\"https:\/\/youtube.com\/@ferrolcultura\"]}]}<\/script>\r\n<!-- \/ Yoast SEO plugin. -->","yoast_head_json":{"title":"Teatro Jofre - Ferrol Cultura","robots":{"index":"index","follow":"follow","max-snippet":"max-snippet:-1","max-image-preview":"max-image-preview:large","max-video-preview":"max-video-preview:-1"},"canonical":"https:\/\/www.ferrolcultura.gal\/index.php\/centros-culturales\/teatro-jofre\/","og_locale":"gl_ES","og_type":"article","og_title":"Teatro Jofre - Ferrol Cultura","og_description":"El teatro Jofre es uno de los edificios m\u00e1s representativos de la ciudad y un espacio cultural emblem\u00e1tico, no solo para Ferrol sino para toda Galicia. Situado en el barrio de la Magdalena, fue inaugurado en 1892, fruto de un...","og_url":"https:\/\/www.ferrolcultura.gal\/index.php\/centros-culturales\/teatro-jofre\/?lang=es","og_site_name":"Ferrol Cultura","article_publisher":"https:\/\/www.facebook.com\/ConcellodeFerrol","article_modified_time":"2025-02-13T09:49:09+00:00","og_image":[{"url":"https:\/\/www.ferrolcultura.gal\/wp-content\/uploads\/2023\/03\/jofre-3.jpg","type":"","width":"","height":""}],"twitter_card":"summary_large_image","twitter_site":"@ferroloficial","twitter_misc":{"Tempo de lectura":"2 minutos"},"schema":{"@context":"https:\/\/schema.org","@graph":[{"@type":"WebPage","@id":"https:\/\/www.ferrolcultura.gal\/index.php\/centros-culturales\/teatro-jofre\/?lang=es","url":"https:\/\/www.ferrolcultura.gal\/index.php\/centros-culturales\/teatro-jofre\/?lang=es","name":"Teatro Jofre - Ferrol Cultura","isPartOf":{"@id":"https:\/\/www.ferrolcultura.gal\/#website"},"primaryImageOfPage":{"@id":"https:\/\/www.ferrolcultura.gal\/index.php\/centros-culturales\/teatro-jofre\/?lang=es#primaryimage"},"image":{"@id":"https:\/\/www.ferrolcultura.gal\/index.php\/centros-culturales\/teatro-jofre\/?lang=es#primaryimage"},"thumbnailUrl":"https:\/\/www.ferrolcultura.gal\/wp-content\/uploads\/2023\/03\/jofre-3.jpg","datePublished":"2023-03-20T09:40:49+00:00","dateModified":"2025-02-13T09:49:09+00:00","breadcrumb":{"@id":"https:\/\/www.ferrolcultura.gal\/index.php\/centros-culturales\/teatro-jofre\/?lang=es#breadcrumb"},"inLanguage":"gl-ES","potentialAction":[{"@type":"ReadAction","target":["https:\/\/www.ferrolcultura.gal\/index.php\/centros-culturales\/teatro-jofre\/?lang=es"]}]},{"@type":"ImageObject","inLanguage":"gl-ES","@id":"https:\/\/www.ferrolcultura.gal\/index.php\/centros-culturales\/teatro-jofre\/?lang=es#primaryimage","url":"https:\/\/www.ferrolcultura.gal\/wp-content\/uploads\/2023\/03\/jofre-3.jpg","contentUrl":"https:\/\/www.ferrolcultura.gal\/wp-content\/uploads\/2023\/03\/jofre-3.jpg","width":650,"height":365},{"@type":"BreadcrumbList","@id":"https:\/\/www.ferrolcultura.gal\/index.php\/centros-culturales\/teatro-jofre\/?lang=es#breadcrumb","itemListElement":[{"@type":"ListItem","position":1,"name":"Portada","item":"https:\/\/www.ferrolcultura.gal\/"},{"@type":"ListItem","position":2,"name":"Centros culturales","item":"https:\/\/www.ferrolcultura.gal\/index.php\/centros-culturales\/"},{"@type":"ListItem","position":3,"name":"Teatro Jofre"}]},{"@type":"WebSite","@id":"https:\/\/www.ferrolcultura.gal\/#website","url":"https:\/\/www.ferrolcultura.gal\/","name":"Ferrol Cultura","description":"P\u00e1xina de Cultura do Concello de Ferrol","publisher":{"@id":"https:\/\/www.ferrolcultura.gal\/#organization"},"potentialAction":[{"@type":"SearchAction","target":{"@type":"EntryPoint","urlTemplate":"https:\/\/www.ferrolcultura.gal\/?s={search_term_string}"},"query-input":{"@type":"PropertyValueSpecification","valueRequired":true,"valueName":"search_term_string"}}],"inLanguage":"gl-ES"},{"@type":"Organization","@id":"https:\/\/www.ferrolcultura.gal\/#organization","name":"Concello de Ferrol","url":"https:\/\/www.ferrolcultura.gal\/","logo":{"@type":"ImageObject","inLanguage":"gl-ES","@id":"https:\/\/www.ferrolcultura.gal\/#\/schema\/logo\/image\/","url":"http:\/\/www.ferrolcultura.gal\/wp-content\/uploads\/2023\/03\/Concello-de-Ferrol-Cultura.png","contentUrl":"http:\/\/www.ferrolcultura.gal\/wp-content\/uploads\/2023\/03\/Concello-de-Ferrol-Cultura.png","width":3033,"height":419,"caption":"Concello de Ferrol"},"image":{"@id":"https:\/\/www.ferrolcultura.gal\/#\/schema\/logo\/image\/"},"sameAs":["https:\/\/www.facebook.com\/ConcellodeFerrol","https:\/\/x.com\/ferroloficial","https:\/\/www.instagram.com\/concellodeferrol","https:\/\/youtube.com\/@ferrolcultura"]}]}},"_links":{"self":[{"href":"https:\/\/www.ferrolcultura.gal\/index.php\/wp-json\/wp\/v2\/pages\/4113","targetHints":{"allow":["GET"]}}],"collection":[{"href":"https:\/\/www.ferrolcultura.gal\/index.php\/wp-json\/wp\/v2\/pages"}],"about":[{"href":"https:\/\/www.ferrolcultura.gal\/index.php\/wp-json\/wp\/v2\/types\/page"}],"author":[{"embeddable":true,"href":"https:\/\/www.ferrolcultura.gal\/index.php\/wp-json\/wp\/v2\/users\/7"}],"replies":[{"embeddable":true,"href":"https:\/\/www.ferrolcultura.gal\/index.php\/wp-json\/wp\/v2\/comments?post=4113"}],"version-history":[{"count":3,"href":"https:\/\/www.ferrolcultura.gal\/index.php\/wp-json\/wp\/v2\/pages\/4113\/revisions"}],"predecessor-version":[{"id":7136,"href":"https:\/\/www.ferrolcultura.gal\/index.php\/wp-json\/wp\/v2\/pages\/4113\/revisions\/7136"}],"up":[{"embeddable":true,"href":"https:\/\/www.ferrolcultura.gal\/index.php\/wp-json\/wp\/v2\/pages\/4110"}],"wp:attachment":[{"href":"https:\/\/www.ferrolcultura.gal\/index.php\/wp-json\/wp\/v2\/media?parent=4113"}],"curies":[{"name":"wp","href":"https:\/\/api.w.org\/{rel}","templated":true}]}}