{"id":4130,"date":"2023-03-20T10:05:04","date_gmt":"2023-03-20T10:05:04","guid":{"rendered":"http:\/\/www.ferrolcultura.gal\/centros-culturales\/torrent-ballester\/"},"modified":"2023-05-03T08:31:03","modified_gmt":"2023-05-03T08:31:03","slug":"torrent-ballester","status":"publish","type":"page","link":"https:\/\/www.ferrolcultura.gal\/index.php\/centros-culturales\/torrent-ballester\/?lang=es","title":{"rendered":"Centro Cultural Torrente Ballester"},"content":{"rendered":"\n<p>El centro cultural Torrente Ballester dedica su actividad a la difusi\u00f3n y promoci\u00f3n de las artes pl\u00e1sticas, especialmente del arte contempor\u00e1neo, con una programaci\u00f3n multidisciplinar.<\/p>\n\n<p>Est\u00e1 ubicado en el barrio de la Magdalena, en un edificio construido en 1783 como sede del Santo Hospital de Caridad, funci\u00f3n que cumpli\u00f3 hasta 1983. El dise\u00f1o es obra de Dionisio S\u00e1nchez Aguilera que se realiz\u00f3 a trav\u00e9s de donaciones para suplir las necesidades de la villa en materia sanitaria.<\/p>\n\n<p>Rehabilitado para uso cultural en 1993, se inaugur\u00f3 el 13 de marzo de ese a\u00f1o con una exposici\u00f3n sobre la vida y obra de Concepci\u00f3n Arenal titulada &#8220;\u00a1A la virtud, a la vida, a la ciencia!&#8221;<\/p>\n\n<p>Dispone de cuatro salas de exposiciones:<\/p>\n\n<p>&#8211; <strong>Sala de proyectos<\/strong>. Situada en el lado derecho del patio desde la entrada, es una sala abovedada con ladrillos de obra, con una superficie de 70 metros cuadrados (38 metros lineales para exposiciones) y que se dedica principalmente a muestras de fotograf\u00eda.<\/p>\n\n<p>&#8211; <strong>Salas de Fernando \u00c1lvarez de Sotomayor y Maruja Mallo<\/strong>. Hay dos salas situadas frente a la puerta de entrada, cruzando el patio, que se consideran una sola a efectos de montaje de exposiciones. Juntas ocupan 500 metros cuadrados (m\u00e1s de 160 metros lineales para exposiciones) y est\u00e1n dedicadas, por su estructura di\u00e1fana, al arte contempor\u00e1neo, incluyendo la escultura. Suelen celebrar exposiciones antol\u00f3gicas \u00f3 en proceso de artistas consagrados.<\/p>\n\n<p>&#8211; <strong>Sala Felipe Bello Pi\u00f1eiro<\/strong>. Se encuentra en la planta baja de la zona antigua, a la izquierda de la entrada. Se caracteriza por sus techos altos y cuenta con 137 metros cuadrados (48 metros lineales para exposiciones) con una gran versatilidad en cuanto a su uso. Acoge tanto exposiciones de artistas locales emergentes como muestras de tem\u00e1tica generalista.<\/p>\n\n<p>&#8211; Salas <strong>Julia Minguill\u00f3n, Gonz\u00e1lez Collado y lucernarios<\/strong>. Est\u00e1n situadas en el primero y se consideran juntos porque exhiben de forma permanente los fondos art\u00edsticos del Ayuntamiento de Ferrol. En total ocupan 267 metros cuadrados, aunque de momento solo estar\u00e1n abiertos 177 (98 metros lineales para exposiciones).<\/p>\n\n<p>Para la presentaci\u00f3n de propuestas expositivas, deber\u00e1 dirigirse al correo electr\u00f3nico <a href=\"mailto:didactico.torrente@ferrol.es\"><strong>didactico.torrente@ferrol.es<\/strong><\/a><\/p>\n\n<p>El centro cultural tambi\u00e9n cuenta con un espacio anexo -la antigua capilla- en el que se desarrollan actividades culturales de peque\u00f1o formato, como los conciertos de los Xoves da Capela, representaciones teatrales, conferencias o presentaciones de libros, entre otras.<\/p>\n\n<figure class=\"wp-block-gallery has-nested-images columns-default is-cropped wp-block-gallery-1 is-layout-flex wp-block-gallery-is-layout-flex\">\n<figure class=\"wp-block-image size-large\"><img loading=\"lazy\" decoding=\"async\" width=\"1280\" height=\"960\" data-id=\"3329\" src=\"http:\/\/www.ferrolcultura.gal\/wp-content\/uploads\/2023\/03\/torrente-1.jpg\" alt=\"\" class=\"wp-image-3329\"\/><\/figure>\n\n\n\n<figure class=\"wp-block-image size-large\"><img loading=\"lazy\" decoding=\"async\" width=\"460\" height=\"345\" data-id=\"3330\" src=\"http:\/\/www.ferrolcultura.gal\/wp-content\/uploads\/2023\/03\/torrente-3.jpg\" alt=\"\" class=\"wp-image-3330\"\/><\/figure>\n\n\n\n<figure class=\"wp-block-image size-large\"><img loading=\"lazy\" decoding=\"async\" width=\"771\" height=\"578\" data-id=\"3331\" src=\"http:\/\/www.ferrolcultura.gal\/wp-content\/uploads\/2023\/03\/torrente-5.jpg\" alt=\"\" class=\"wp-image-3331\"\/><\/figure>\n\n\n\n<figure class=\"wp-block-image size-large\"><img loading=\"lazy\" decoding=\"async\" width=\"453\" height=\"340\" data-id=\"3332\" src=\"http:\/\/www.ferrolcultura.gal\/wp-content\/uploads\/2023\/03\/torrente-4.jpg\" alt=\"\" class=\"wp-image-3332\"\/><\/figure>\n\n\n\n<figure class=\"wp-block-image size-large\"><img loading=\"lazy\" decoding=\"async\" width=\"457\" height=\"343\" data-id=\"3333\" src=\"http:\/\/www.ferrolcultura.gal\/wp-content\/uploads\/2023\/03\/torrente-2.jpg\" alt=\"\" class=\"wp-image-3333\"\/><\/figure>\n<\/figure>\n\n<h4 class=\"wp-block-heading\">FICHA T\u00c9CNICA<\/h4>\n\n<p><strong>Direcci\u00f3n:<\/strong> C\/ Concepci\u00f3n Arenal, s\/n. 15402 Ferrol<\/p>\n\n<p><strong>Tel\u00e9fono:<\/strong> 981 944 187<\/p>\n\n<p><strong>Capacidad:<\/strong> 173 espectadores en el auditorio de la capilla<\/p>\n\n<p><strong>Horario:<\/strong> De martes a s\u00e1bado de 11.30 a 14.00 y de 17.30 a 20.30 horas. Domingo de 11.00 a 14.00 hrs. Lunes cerrado<\/p>\n\n<p><strong>Entrada libre<\/strong><\/p>\n","protected":false},"excerpt":{"rendered":"<p>El centro cultural Torrente Ballester dedica su actividad a la difusi\u00f3n y promoci\u00f3n de las artes pl\u00e1sticas, especialmente del arte contempor\u00e1neo, con una programaci\u00f3n multidisciplinar. Est\u00e1 ubicado en el barrio de la Magdalena, en un edificio construido en 1783 como&#8230;<\/p>\n","protected":false},"author":7,"featured_media":0,"parent":4110,"menu_order":2,"comment_status":"closed","ping_status":"closed","template":"","meta":{"_monsterinsights_skip_tracking":false,"_monsterinsights_sitenote_active":false,"_monsterinsights_sitenote_note":"","_monsterinsights_sitenote_category":0,"footnotes":""},"class_list":["post-4130","page","type-page","status-publish","hentry"],"yoast_head":"<!-- This site is optimized with the Yoast SEO plugin v27.0 - https:\/\/yoast.com\/product\/yoast-seo-wordpress\/ -->\r\n<title>Centro Cultural Torrente Ballester - Ferrol Cultura<\/title>\r\n<meta name=\"robots\" content=\"index, follow, max-snippet:-1, max-image-preview:large, max-video-preview:-1\" \/>\r\n<link rel=\"canonical\" href=\"https:\/\/www.ferrolcultura.gal\/index.php\/centros-culturales\/torrent-ballester\/\" \/>\r\n<meta property=\"og:locale\" content=\"gl_ES\" \/>\r\n<meta property=\"og:type\" content=\"article\" \/>\r\n<meta property=\"og:title\" content=\"Centro Cultural Torrente Ballester - Ferrol Cultura\" \/>\r\n<meta property=\"og:description\" content=\"El centro cultural Torrente Ballester dedica su actividad a la difusi\u00f3n y promoci\u00f3n de las artes pl\u00e1sticas, especialmente del arte contempor\u00e1neo, con una programaci\u00f3n multidisciplinar. Est\u00e1 ubicado en el barrio de la Magdalena, en un edificio construido en 1783 como...\" \/>\r\n<meta property=\"og:url\" content=\"https:\/\/www.ferrolcultura.gal\/index.php\/centros-culturales\/torrent-ballester\/?lang=es\" \/>\r\n<meta property=\"og:site_name\" content=\"Ferrol Cultura\" \/>\r\n<meta property=\"article:publisher\" content=\"https:\/\/www.facebook.com\/ConcellodeFerrol\" \/>\r\n<meta property=\"article:modified_time\" content=\"2023-05-03T08:31:03+00:00\" \/>\r\n<meta property=\"og:image\" content=\"http:\/\/www.ferrolcultura.gal\/wp-content\/uploads\/2023\/03\/torrente-1.jpg\" \/>\r\n<meta name=\"twitter:card\" content=\"summary_large_image\" \/>\r\n<meta name=\"twitter:site\" content=\"@ferroloficial\" \/>\r\n<meta name=\"twitter:label1\" content=\"Tempo de lectura\" \/>\n\t<meta name=\"twitter:data1\" content=\"2 minutos\" \/>\r\n<script type=\"application\/ld+json\" class=\"yoast-schema-graph\">{\"@context\":\"https:\/\/schema.org\",\"@graph\":[{\"@type\":\"WebPage\",\"@id\":\"https:\/\/www.ferrolcultura.gal\/index.php\/centros-culturales\/torrent-ballester\/?lang=es\",\"url\":\"https:\/\/www.ferrolcultura.gal\/index.php\/centros-culturales\/torrent-ballester\/?lang=es\",\"name\":\"Centro Cultural Torrente Ballester - Ferrol Cultura\",\"isPartOf\":{\"@id\":\"https:\/\/www.ferrolcultura.gal\/#website\"},\"primaryImageOfPage\":{\"@id\":\"https:\/\/www.ferrolcultura.gal\/index.php\/centros-culturales\/torrent-ballester\/?lang=es#primaryimage\"},\"image\":{\"@id\":\"https:\/\/www.ferrolcultura.gal\/index.php\/centros-culturales\/torrent-ballester\/?lang=es#primaryimage\"},\"thumbnailUrl\":\"http:\/\/www.ferrolcultura.gal\/wp-content\/uploads\/2023\/03\/torrente-1.jpg\",\"datePublished\":\"2023-03-20T10:05:04+00:00\",\"dateModified\":\"2023-05-03T08:31:03+00:00\",\"breadcrumb\":{\"@id\":\"https:\/\/www.ferrolcultura.gal\/index.php\/centros-culturales\/torrent-ballester\/?lang=es#breadcrumb\"},\"inLanguage\":\"gl-ES\",\"potentialAction\":[{\"@type\":\"ReadAction\",\"target\":[\"https:\/\/www.ferrolcultura.gal\/index.php\/centros-culturales\/torrent-ballester\/?lang=es\"]}]},{\"@type\":\"ImageObject\",\"inLanguage\":\"gl-ES\",\"@id\":\"https:\/\/www.ferrolcultura.gal\/index.php\/centros-culturales\/torrent-ballester\/?lang=es#primaryimage\",\"url\":\"http:\/\/www.ferrolcultura.gal\/wp-content\/uploads\/2023\/03\/torrente-1.jpg\",\"contentUrl\":\"http:\/\/www.ferrolcultura.gal\/wp-content\/uploads\/2023\/03\/torrente-1.jpg\"},{\"@type\":\"BreadcrumbList\",\"@id\":\"https:\/\/www.ferrolcultura.gal\/index.php\/centros-culturales\/torrent-ballester\/?lang=es#breadcrumb\",\"itemListElement\":[{\"@type\":\"ListItem\",\"position\":1,\"name\":\"Portada\",\"item\":\"https:\/\/www.ferrolcultura.gal\/\"},{\"@type\":\"ListItem\",\"position\":2,\"name\":\"Centros culturales\",\"item\":\"https:\/\/www.ferrolcultura.gal\/index.php\/centros-culturales\/\"},{\"@type\":\"ListItem\",\"position\":3,\"name\":\"Centro Cultural Torrente Ballester\"}]},{\"@type\":\"WebSite\",\"@id\":\"https:\/\/www.ferrolcultura.gal\/#website\",\"url\":\"https:\/\/www.ferrolcultura.gal\/\",\"name\":\"Ferrol Cultura\",\"description\":\"P\u00e1xina de Cultura do Concello de Ferrol\",\"publisher\":{\"@id\":\"https:\/\/www.ferrolcultura.gal\/#organization\"},\"potentialAction\":[{\"@type\":\"SearchAction\",\"target\":{\"@type\":\"EntryPoint\",\"urlTemplate\":\"https:\/\/www.ferrolcultura.gal\/?s={search_term_string}\"},\"query-input\":{\"@type\":\"PropertyValueSpecification\",\"valueRequired\":true,\"valueName\":\"search_term_string\"}}],\"inLanguage\":\"gl-ES\"},{\"@type\":\"Organization\",\"@id\":\"https:\/\/www.ferrolcultura.gal\/#organization\",\"name\":\"Concello de Ferrol\",\"url\":\"https:\/\/www.ferrolcultura.gal\/\",\"logo\":{\"@type\":\"ImageObject\",\"inLanguage\":\"gl-ES\",\"@id\":\"https:\/\/www.ferrolcultura.gal\/#\/schema\/logo\/image\/\",\"url\":\"http:\/\/www.ferrolcultura.gal\/wp-content\/uploads\/2023\/03\/Concello-de-Ferrol-Cultura.png\",\"contentUrl\":\"http:\/\/www.ferrolcultura.gal\/wp-content\/uploads\/2023\/03\/Concello-de-Ferrol-Cultura.png\",\"width\":3033,\"height\":419,\"caption\":\"Concello de Ferrol\"},\"image\":{\"@id\":\"https:\/\/www.ferrolcultura.gal\/#\/schema\/logo\/image\/\"},\"sameAs\":[\"https:\/\/www.facebook.com\/ConcellodeFerrol\",\"https:\/\/x.com\/ferroloficial\",\"https:\/\/www.instagram.com\/concellodeferrol\",\"https:\/\/youtube.com\/@ferrolcultura\"]}]}<\/script>\r\n<!-- \/ Yoast SEO plugin. -->","yoast_head_json":{"title":"Centro Cultural Torrente Ballester - Ferrol Cultura","robots":{"index":"index","follow":"follow","max-snippet":"max-snippet:-1","max-image-preview":"max-image-preview:large","max-video-preview":"max-video-preview:-1"},"canonical":"https:\/\/www.ferrolcultura.gal\/index.php\/centros-culturales\/torrent-ballester\/","og_locale":"gl_ES","og_type":"article","og_title":"Centro Cultural Torrente Ballester - Ferrol Cultura","og_description":"El centro cultural Torrente Ballester dedica su actividad a la difusi\u00f3n y promoci\u00f3n de las artes pl\u00e1sticas, especialmente del arte contempor\u00e1neo, con una programaci\u00f3n multidisciplinar. Est\u00e1 ubicado en el barrio de la Magdalena, en un edificio construido en 1783 como...","og_url":"https:\/\/www.ferrolcultura.gal\/index.php\/centros-culturales\/torrent-ballester\/?lang=es","og_site_name":"Ferrol Cultura","article_publisher":"https:\/\/www.facebook.com\/ConcellodeFerrol","article_modified_time":"2023-05-03T08:31:03+00:00","og_image":[{"url":"http:\/\/www.ferrolcultura.gal\/wp-content\/uploads\/2023\/03\/torrente-1.jpg","type":"","width":"","height":""}],"twitter_card":"summary_large_image","twitter_site":"@ferroloficial","twitter_misc":{"Tempo de lectura":"2 minutos"},"schema":{"@context":"https:\/\/schema.org","@graph":[{"@type":"WebPage","@id":"https:\/\/www.ferrolcultura.gal\/index.php\/centros-culturales\/torrent-ballester\/?lang=es","url":"https:\/\/www.ferrolcultura.gal\/index.php\/centros-culturales\/torrent-ballester\/?lang=es","name":"Centro Cultural Torrente Ballester - Ferrol Cultura","isPartOf":{"@id":"https:\/\/www.ferrolcultura.gal\/#website"},"primaryImageOfPage":{"@id":"https:\/\/www.ferrolcultura.gal\/index.php\/centros-culturales\/torrent-ballester\/?lang=es#primaryimage"},"image":{"@id":"https:\/\/www.ferrolcultura.gal\/index.php\/centros-culturales\/torrent-ballester\/?lang=es#primaryimage"},"thumbnailUrl":"http:\/\/www.ferrolcultura.gal\/wp-content\/uploads\/2023\/03\/torrente-1.jpg","datePublished":"2023-03-20T10:05:04+00:00","dateModified":"2023-05-03T08:31:03+00:00","breadcrumb":{"@id":"https:\/\/www.ferrolcultura.gal\/index.php\/centros-culturales\/torrent-ballester\/?lang=es#breadcrumb"},"inLanguage":"gl-ES","potentialAction":[{"@type":"ReadAction","target":["https:\/\/www.ferrolcultura.gal\/index.php\/centros-culturales\/torrent-ballester\/?lang=es"]}]},{"@type":"ImageObject","inLanguage":"gl-ES","@id":"https:\/\/www.ferrolcultura.gal\/index.php\/centros-culturales\/torrent-ballester\/?lang=es#primaryimage","url":"http:\/\/www.ferrolcultura.gal\/wp-content\/uploads\/2023\/03\/torrente-1.jpg","contentUrl":"http:\/\/www.ferrolcultura.gal\/wp-content\/uploads\/2023\/03\/torrente-1.jpg"},{"@type":"BreadcrumbList","@id":"https:\/\/www.ferrolcultura.gal\/index.php\/centros-culturales\/torrent-ballester\/?lang=es#breadcrumb","itemListElement":[{"@type":"ListItem","position":1,"name":"Portada","item":"https:\/\/www.ferrolcultura.gal\/"},{"@type":"ListItem","position":2,"name":"Centros culturales","item":"https:\/\/www.ferrolcultura.gal\/index.php\/centros-culturales\/"},{"@type":"ListItem","position":3,"name":"Centro Cultural Torrente Ballester"}]},{"@type":"WebSite","@id":"https:\/\/www.ferrolcultura.gal\/#website","url":"https:\/\/www.ferrolcultura.gal\/","name":"Ferrol Cultura","description":"P\u00e1xina de Cultura do Concello de Ferrol","publisher":{"@id":"https:\/\/www.ferrolcultura.gal\/#organization"},"potentialAction":[{"@type":"SearchAction","target":{"@type":"EntryPoint","urlTemplate":"https:\/\/www.ferrolcultura.gal\/?s={search_term_string}"},"query-input":{"@type":"PropertyValueSpecification","valueRequired":true,"valueName":"search_term_string"}}],"inLanguage":"gl-ES"},{"@type":"Organization","@id":"https:\/\/www.ferrolcultura.gal\/#organization","name":"Concello de Ferrol","url":"https:\/\/www.ferrolcultura.gal\/","logo":{"@type":"ImageObject","inLanguage":"gl-ES","@id":"https:\/\/www.ferrolcultura.gal\/#\/schema\/logo\/image\/","url":"http:\/\/www.ferrolcultura.gal\/wp-content\/uploads\/2023\/03\/Concello-de-Ferrol-Cultura.png","contentUrl":"http:\/\/www.ferrolcultura.gal\/wp-content\/uploads\/2023\/03\/Concello-de-Ferrol-Cultura.png","width":3033,"height":419,"caption":"Concello de Ferrol"},"image":{"@id":"https:\/\/www.ferrolcultura.gal\/#\/schema\/logo\/image\/"},"sameAs":["https:\/\/www.facebook.com\/ConcellodeFerrol","https:\/\/x.com\/ferroloficial","https:\/\/www.instagram.com\/concellodeferrol","https:\/\/youtube.com\/@ferrolcultura"]}]}},"_links":{"self":[{"href":"https:\/\/www.ferrolcultura.gal\/index.php\/wp-json\/wp\/v2\/pages\/4130","targetHints":{"allow":["GET"]}}],"collection":[{"href":"https:\/\/www.ferrolcultura.gal\/index.php\/wp-json\/wp\/v2\/pages"}],"about":[{"href":"https:\/\/www.ferrolcultura.gal\/index.php\/wp-json\/wp\/v2\/types\/page"}],"author":[{"embeddable":true,"href":"https:\/\/www.ferrolcultura.gal\/index.php\/wp-json\/wp\/v2\/users\/7"}],"replies":[{"embeddable":true,"href":"https:\/\/www.ferrolcultura.gal\/index.php\/wp-json\/wp\/v2\/comments?post=4130"}],"version-history":[{"count":0,"href":"https:\/\/www.ferrolcultura.gal\/index.php\/wp-json\/wp\/v2\/pages\/4130\/revisions"}],"up":[{"embeddable":true,"href":"https:\/\/www.ferrolcultura.gal\/index.php\/wp-json\/wp\/v2\/pages\/4110"}],"wp:attachment":[{"href":"https:\/\/www.ferrolcultura.gal\/index.php\/wp-json\/wp\/v2\/media?parent=4130"}],"curies":[{"name":"wp","href":"https:\/\/api.w.org\/{rel}","templated":true}]}}