{"id":4133,"date":"2023-03-20T10:48:00","date_gmt":"2023-03-20T10:48:00","guid":{"rendered":"http:\/\/www.ferrolcultura.gal\/centros-culturales\/biblioteca-municipal\/"},"modified":"2023-10-09T07:05:23","modified_gmt":"2023-10-09T07:05:23","slug":"biblioteca-municipal","status":"publish","type":"page","link":"https:\/\/www.ferrolcultura.gal\/index.php\/centros-culturales\/biblioteca-municipal\/?lang=es","title":{"rendered":"Biblioteca Municipal"},"content":{"rendered":"\n<p>La actual biblioteca municipal fue creada mediante Orden Ministerial de 24 de abril de 1942. Sus primeros fondos fueron los de la Biblioteca del Centro Obrero de Cultura, clausurada en 1936, y a\u00fan se conservan en la secci\u00f3n de fondos antiguos. Tras pasar por diversas ubicaciones, en la d\u00e9cada de los 90 del siglo pasado, la biblioteca se traslad\u00f3 a su actual sede, en el antiguo Banco de Espa\u00f1a -edificio dise\u00f1ado por el arquitecto Jos\u00e9 Yamoz Larrosa en 1946-, aunque las obras de adecuaci\u00f3n del la construcci\u00f3n para el nuevo prop\u00f3sito no comenz\u00f3 hasta 2001.<\/p>\n\n<p>En 1989, la biblioteca fue dotada de un reglamento interno y pas\u00f3 a contar con la primera bibliotecaria profesional. Actualmente, el servicio se brinda en un \u00e1rea de 3.000 metros cuadrados y los fondos modernos se componen de m\u00e1s de 55.000 t\u00edtulos y 90.000 ejemplares, el 90% accesibles en l\u00ednea.<\/p>\n\n<p>La planta principal dispone de zona infantil\/juvenil con puntos de acceso a internet; una secci\u00f3n de m\u00fasica, cine y otros audiovisuales, con espacio para visionado de DVD y CD de autoescucha; secci\u00f3n de revistas y peri\u00f3dicos y servicio de informaci\u00f3n y pr\u00e9stamo.<\/p>\n\n<p>En la primera planta hay una colecci\u00f3n de documentos generales, centros de inter\u00e9s (c\u00f3mics para adultos, novelas de intriga, mujeres, autoayuda, viajes&#8230;), un servicio de informaci\u00f3n y pr\u00e9stamo y una sala web.<\/p>\n\n<p>En la segunda hay otro fondo documental general de consulta, una biblioteca local y un servicio de informaci\u00f3n y, por \u00faltimo, el tercero dispone de una sala de audiovisuales, un espacio expositivo y una sala de inform\u00e1tica. El semis\u00f3tano conserva el fondo antiguo, con acceso restringido.<\/p>\n\n<p>La biblioteca dispone de varios servicios online a trav\u00e9s de su <a href=\"http:\/\/www.ferrol.es\/biblioteca\/default.aspx\">web<\/a><\/p>\n\n<h4 class=\"wp-block-heading\">FICHA T\u00c9CNICA<\/h4>\n\n<p><strong>Direcci\u00f3n:<\/strong> Plaza de Espa\u00f1a, 2. 15403 Ferrol.<\/p>\n\n<p><strong>Tel\u00e9fono:<\/strong> 981 944 182<\/p>\n\n<p><strong>Horario:<\/strong> Lunes a Viernes de 9:00 a 21:00 horas.<\/p>\n\n<p><strong>Correo electr\u00f3nico:<\/strong> <a href=\"mailto:biblioteca@ferrol.es\">biblioteca@ferrol.es<\/a><\/p>\n\n<figure class=\"wp-block-gallery has-nested-images columns-default is-cropped wp-block-gallery-1 is-layout-flex wp-block-gallery-is-layout-flex\">\n<figure class=\"wp-block-image size-large\"><img loading=\"lazy\" decoding=\"async\" width=\"588\" height=\"250\" data-id=\"3347\" src=\"http:\/\/www.ferrolcultura.gal\/wp-content\/uploads\/2023\/03\/biblioteca-3.jpg\" alt=\"\" class=\"wp-image-3347\"\/><\/figure>\n\n\n\n<figure class=\"wp-block-image size-large\"><img loading=\"lazy\" decoding=\"async\" width=\"583\" height=\"248\" data-id=\"3348\" src=\"http:\/\/www.ferrolcultura.gal\/wp-content\/uploads\/2023\/03\/biblioteca-2.jpg\" alt=\"\" class=\"wp-image-3348\"\/><\/figure>\n\n\n\n<figure class=\"wp-block-image size-large\"><img loading=\"lazy\" decoding=\"async\" width=\"1280\" height=\"720\" data-id=\"3349\" src=\"http:\/\/www.ferrolcultura.gal\/wp-content\/uploads\/2023\/03\/biblioteca-1.jpg\" alt=\"\" class=\"wp-image-3349\"\/><\/figure>\n<\/figure>\n","protected":false},"excerpt":{"rendered":"<p>La actual biblioteca municipal fue creada mediante Orden Ministerial de 24 de abril de 1942. Sus primeros fondos fueron los de la Biblioteca del Centro Obrero de Cultura, clausurada en 1936, y a\u00fan se conservan en la secci\u00f3n de fondos&#8230;<\/p>\n","protected":false},"author":7,"featured_media":0,"parent":4110,"menu_order":4,"comment_status":"closed","ping_status":"closed","template":"","meta":{"_monsterinsights_skip_tracking":false,"_monsterinsights_sitenote_active":false,"_monsterinsights_sitenote_note":"","_monsterinsights_sitenote_category":0,"footnotes":""},"class_list":["post-4133","page","type-page","status-publish","hentry"],"yoast_head":"<!-- This site is optimized with the Yoast SEO plugin v27.0 - https:\/\/yoast.com\/product\/yoast-seo-wordpress\/ -->\r\n<title>Biblioteca Municipal - Ferrol Cultura<\/title>\r\n<meta name=\"robots\" content=\"index, follow, max-snippet:-1, max-image-preview:large, max-video-preview:-1\" \/>\r\n<link rel=\"canonical\" href=\"https:\/\/www.ferrolcultura.gal\/index.php\/centros-culturales\/biblioteca-municipal\/\" \/>\r\n<meta property=\"og:locale\" content=\"gl_ES\" \/>\r\n<meta property=\"og:type\" content=\"article\" \/>\r\n<meta property=\"og:title\" content=\"Biblioteca Municipal - Ferrol Cultura\" \/>\r\n<meta property=\"og:description\" content=\"La actual biblioteca municipal fue creada mediante Orden Ministerial de 24 de abril de 1942. Sus primeros fondos fueron los de la Biblioteca del Centro Obrero de Cultura, clausurada en 1936, y a\u00fan se conservan en la secci\u00f3n de fondos...\" \/>\r\n<meta property=\"og:url\" content=\"https:\/\/www.ferrolcultura.gal\/index.php\/centros-culturales\/biblioteca-municipal\/?lang=es\" \/>\r\n<meta property=\"og:site_name\" content=\"Ferrol Cultura\" \/>\r\n<meta property=\"article:publisher\" content=\"https:\/\/www.facebook.com\/ConcellodeFerrol\" \/>\r\n<meta property=\"article:modified_time\" content=\"2023-10-09T07:05:23+00:00\" \/>\r\n<meta property=\"og:image\" content=\"http:\/\/www.ferrolcultura.gal\/wp-content\/uploads\/2023\/03\/biblioteca-3.jpg\" \/>\r\n<meta name=\"twitter:card\" content=\"summary_large_image\" \/>\r\n<meta name=\"twitter:site\" content=\"@ferroloficial\" \/>\r\n<meta name=\"twitter:label1\" content=\"Tempo de lectura\" \/>\n\t<meta name=\"twitter:data1\" content=\"2 minutos\" \/>\r\n<script type=\"application\/ld+json\" class=\"yoast-schema-graph\">{\"@context\":\"https:\/\/schema.org\",\"@graph\":[{\"@type\":\"WebPage\",\"@id\":\"https:\/\/www.ferrolcultura.gal\/index.php\/centros-culturales\/biblioteca-municipal\/?lang=es\",\"url\":\"https:\/\/www.ferrolcultura.gal\/index.php\/centros-culturales\/biblioteca-municipal\/?lang=es\",\"name\":\"Biblioteca Municipal - Ferrol Cultura\",\"isPartOf\":{\"@id\":\"https:\/\/www.ferrolcultura.gal\/#website\"},\"primaryImageOfPage\":{\"@id\":\"https:\/\/www.ferrolcultura.gal\/index.php\/centros-culturales\/biblioteca-municipal\/?lang=es#primaryimage\"},\"image\":{\"@id\":\"https:\/\/www.ferrolcultura.gal\/index.php\/centros-culturales\/biblioteca-municipal\/?lang=es#primaryimage\"},\"thumbnailUrl\":\"http:\/\/www.ferrolcultura.gal\/wp-content\/uploads\/2023\/03\/biblioteca-3.jpg\",\"datePublished\":\"2023-03-20T10:48:00+00:00\",\"dateModified\":\"2023-10-09T07:05:23+00:00\",\"breadcrumb\":{\"@id\":\"https:\/\/www.ferrolcultura.gal\/index.php\/centros-culturales\/biblioteca-municipal\/?lang=es#breadcrumb\"},\"inLanguage\":\"gl-ES\",\"potentialAction\":[{\"@type\":\"ReadAction\",\"target\":[\"https:\/\/www.ferrolcultura.gal\/index.php\/centros-culturales\/biblioteca-municipal\/?lang=es\"]}]},{\"@type\":\"ImageObject\",\"inLanguage\":\"gl-ES\",\"@id\":\"https:\/\/www.ferrolcultura.gal\/index.php\/centros-culturales\/biblioteca-municipal\/?lang=es#primaryimage\",\"url\":\"http:\/\/www.ferrolcultura.gal\/wp-content\/uploads\/2023\/03\/biblioteca-3.jpg\",\"contentUrl\":\"http:\/\/www.ferrolcultura.gal\/wp-content\/uploads\/2023\/03\/biblioteca-3.jpg\"},{\"@type\":\"BreadcrumbList\",\"@id\":\"https:\/\/www.ferrolcultura.gal\/index.php\/centros-culturales\/biblioteca-municipal\/?lang=es#breadcrumb\",\"itemListElement\":[{\"@type\":\"ListItem\",\"position\":1,\"name\":\"Portada\",\"item\":\"https:\/\/www.ferrolcultura.gal\/\"},{\"@type\":\"ListItem\",\"position\":2,\"name\":\"Centros culturales\",\"item\":\"https:\/\/www.ferrolcultura.gal\/index.php\/centros-culturales\/\"},{\"@type\":\"ListItem\",\"position\":3,\"name\":\"Biblioteca Municipal\"}]},{\"@type\":\"WebSite\",\"@id\":\"https:\/\/www.ferrolcultura.gal\/#website\",\"url\":\"https:\/\/www.ferrolcultura.gal\/\",\"name\":\"Ferrol Cultura\",\"description\":\"P\u00e1xina de Cultura do Concello de Ferrol\",\"publisher\":{\"@id\":\"https:\/\/www.ferrolcultura.gal\/#organization\"},\"potentialAction\":[{\"@type\":\"SearchAction\",\"target\":{\"@type\":\"EntryPoint\",\"urlTemplate\":\"https:\/\/www.ferrolcultura.gal\/?s={search_term_string}\"},\"query-input\":{\"@type\":\"PropertyValueSpecification\",\"valueRequired\":true,\"valueName\":\"search_term_string\"}}],\"inLanguage\":\"gl-ES\"},{\"@type\":\"Organization\",\"@id\":\"https:\/\/www.ferrolcultura.gal\/#organization\",\"name\":\"Concello de Ferrol\",\"url\":\"https:\/\/www.ferrolcultura.gal\/\",\"logo\":{\"@type\":\"ImageObject\",\"inLanguage\":\"gl-ES\",\"@id\":\"https:\/\/www.ferrolcultura.gal\/#\/schema\/logo\/image\/\",\"url\":\"http:\/\/www.ferrolcultura.gal\/wp-content\/uploads\/2023\/03\/Concello-de-Ferrol-Cultura.png\",\"contentUrl\":\"http:\/\/www.ferrolcultura.gal\/wp-content\/uploads\/2023\/03\/Concello-de-Ferrol-Cultura.png\",\"width\":3033,\"height\":419,\"caption\":\"Concello de Ferrol\"},\"image\":{\"@id\":\"https:\/\/www.ferrolcultura.gal\/#\/schema\/logo\/image\/\"},\"sameAs\":[\"https:\/\/www.facebook.com\/ConcellodeFerrol\",\"https:\/\/x.com\/ferroloficial\",\"https:\/\/www.instagram.com\/concellodeferrol\",\"https:\/\/youtube.com\/@ferrolcultura\"]}]}<\/script>\r\n<!-- \/ Yoast SEO plugin. -->","yoast_head_json":{"title":"Biblioteca Municipal - Ferrol Cultura","robots":{"index":"index","follow":"follow","max-snippet":"max-snippet:-1","max-image-preview":"max-image-preview:large","max-video-preview":"max-video-preview:-1"},"canonical":"https:\/\/www.ferrolcultura.gal\/index.php\/centros-culturales\/biblioteca-municipal\/","og_locale":"gl_ES","og_type":"article","og_title":"Biblioteca Municipal - Ferrol Cultura","og_description":"La actual biblioteca municipal fue creada mediante Orden Ministerial de 24 de abril de 1942. Sus primeros fondos fueron los de la Biblioteca del Centro Obrero de Cultura, clausurada en 1936, y a\u00fan se conservan en la secci\u00f3n de fondos...","og_url":"https:\/\/www.ferrolcultura.gal\/index.php\/centros-culturales\/biblioteca-municipal\/?lang=es","og_site_name":"Ferrol Cultura","article_publisher":"https:\/\/www.facebook.com\/ConcellodeFerrol","article_modified_time":"2023-10-09T07:05:23+00:00","og_image":[{"url":"http:\/\/www.ferrolcultura.gal\/wp-content\/uploads\/2023\/03\/biblioteca-3.jpg","type":"","width":"","height":""}],"twitter_card":"summary_large_image","twitter_site":"@ferroloficial","twitter_misc":{"Tempo de lectura":"2 minutos"},"schema":{"@context":"https:\/\/schema.org","@graph":[{"@type":"WebPage","@id":"https:\/\/www.ferrolcultura.gal\/index.php\/centros-culturales\/biblioteca-municipal\/?lang=es","url":"https:\/\/www.ferrolcultura.gal\/index.php\/centros-culturales\/biblioteca-municipal\/?lang=es","name":"Biblioteca Municipal - Ferrol Cultura","isPartOf":{"@id":"https:\/\/www.ferrolcultura.gal\/#website"},"primaryImageOfPage":{"@id":"https:\/\/www.ferrolcultura.gal\/index.php\/centros-culturales\/biblioteca-municipal\/?lang=es#primaryimage"},"image":{"@id":"https:\/\/www.ferrolcultura.gal\/index.php\/centros-culturales\/biblioteca-municipal\/?lang=es#primaryimage"},"thumbnailUrl":"http:\/\/www.ferrolcultura.gal\/wp-content\/uploads\/2023\/03\/biblioteca-3.jpg","datePublished":"2023-03-20T10:48:00+00:00","dateModified":"2023-10-09T07:05:23+00:00","breadcrumb":{"@id":"https:\/\/www.ferrolcultura.gal\/index.php\/centros-culturales\/biblioteca-municipal\/?lang=es#breadcrumb"},"inLanguage":"gl-ES","potentialAction":[{"@type":"ReadAction","target":["https:\/\/www.ferrolcultura.gal\/index.php\/centros-culturales\/biblioteca-municipal\/?lang=es"]}]},{"@type":"ImageObject","inLanguage":"gl-ES","@id":"https:\/\/www.ferrolcultura.gal\/index.php\/centros-culturales\/biblioteca-municipal\/?lang=es#primaryimage","url":"http:\/\/www.ferrolcultura.gal\/wp-content\/uploads\/2023\/03\/biblioteca-3.jpg","contentUrl":"http:\/\/www.ferrolcultura.gal\/wp-content\/uploads\/2023\/03\/biblioteca-3.jpg"},{"@type":"BreadcrumbList","@id":"https:\/\/www.ferrolcultura.gal\/index.php\/centros-culturales\/biblioteca-municipal\/?lang=es#breadcrumb","itemListElement":[{"@type":"ListItem","position":1,"name":"Portada","item":"https:\/\/www.ferrolcultura.gal\/"},{"@type":"ListItem","position":2,"name":"Centros culturales","item":"https:\/\/www.ferrolcultura.gal\/index.php\/centros-culturales\/"},{"@type":"ListItem","position":3,"name":"Biblioteca Municipal"}]},{"@type":"WebSite","@id":"https:\/\/www.ferrolcultura.gal\/#website","url":"https:\/\/www.ferrolcultura.gal\/","name":"Ferrol Cultura","description":"P\u00e1xina de Cultura do Concello de Ferrol","publisher":{"@id":"https:\/\/www.ferrolcultura.gal\/#organization"},"potentialAction":[{"@type":"SearchAction","target":{"@type":"EntryPoint","urlTemplate":"https:\/\/www.ferrolcultura.gal\/?s={search_term_string}"},"query-input":{"@type":"PropertyValueSpecification","valueRequired":true,"valueName":"search_term_string"}}],"inLanguage":"gl-ES"},{"@type":"Organization","@id":"https:\/\/www.ferrolcultura.gal\/#organization","name":"Concello de Ferrol","url":"https:\/\/www.ferrolcultura.gal\/","logo":{"@type":"ImageObject","inLanguage":"gl-ES","@id":"https:\/\/www.ferrolcultura.gal\/#\/schema\/logo\/image\/","url":"http:\/\/www.ferrolcultura.gal\/wp-content\/uploads\/2023\/03\/Concello-de-Ferrol-Cultura.png","contentUrl":"http:\/\/www.ferrolcultura.gal\/wp-content\/uploads\/2023\/03\/Concello-de-Ferrol-Cultura.png","width":3033,"height":419,"caption":"Concello de Ferrol"},"image":{"@id":"https:\/\/www.ferrolcultura.gal\/#\/schema\/logo\/image\/"},"sameAs":["https:\/\/www.facebook.com\/ConcellodeFerrol","https:\/\/x.com\/ferroloficial","https:\/\/www.instagram.com\/concellodeferrol","https:\/\/youtube.com\/@ferrolcultura"]}]}},"_links":{"self":[{"href":"https:\/\/www.ferrolcultura.gal\/index.php\/wp-json\/wp\/v2\/pages\/4133","targetHints":{"allow":["GET"]}}],"collection":[{"href":"https:\/\/www.ferrolcultura.gal\/index.php\/wp-json\/wp\/v2\/pages"}],"about":[{"href":"https:\/\/www.ferrolcultura.gal\/index.php\/wp-json\/wp\/v2\/types\/page"}],"author":[{"embeddable":true,"href":"https:\/\/www.ferrolcultura.gal\/index.php\/wp-json\/wp\/v2\/users\/7"}],"replies":[{"embeddable":true,"href":"https:\/\/www.ferrolcultura.gal\/index.php\/wp-json\/wp\/v2\/comments?post=4133"}],"version-history":[{"count":0,"href":"https:\/\/www.ferrolcultura.gal\/index.php\/wp-json\/wp\/v2\/pages\/4133\/revisions"}],"up":[{"embeddable":true,"href":"https:\/\/www.ferrolcultura.gal\/index.php\/wp-json\/wp\/v2\/pages\/4110"}],"wp:attachment":[{"href":"https:\/\/www.ferrolcultura.gal\/index.php\/wp-json\/wp\/v2\/media?parent=4133"}],"curies":[{"name":"wp","href":"https:\/\/api.w.org\/{rel}","templated":true}]}}