{"id":4141,"date":"2023-03-20T10:51:58","date_gmt":"2023-03-20T10:51:58","guid":{"rendered":"http:\/\/www.ferrolcultura.gal\/centros-culturales\/archivo\/"},"modified":"2023-03-24T13:11:11","modified_gmt":"2023-03-24T13:11:11","slug":"archivo","status":"publish","type":"page","link":"https:\/\/www.ferrolcultura.gal\/index.php\/centros-culturales\/archivo\/?lang=es","title":{"rendered":"Archivo"},"content":{"rendered":"\n<p>El Archivo Municipal custodia y conserva los documentos producidos y recibidos por el Ayuntamiento de Ferrol desde el siglo XVIII hasta la actualidad, aunque cuenta con algunos anteriores, concretamente del siglo XIV. Este servicio constituye la memoria escrita m\u00e1s cercana y directa de la historia de la ciudad, testimonio de la propia gesti\u00f3n y gesti\u00f3n del Ayuntamiento y fuente primaria para la interpretaci\u00f3n, construcci\u00f3n y estudio de la historia local. El archivo vela tambi\u00e9n por la integridad, conservaci\u00f3n y difusi\u00f3n del patrimonio documental del municipio de titularidad p\u00fablica, procurando tambi\u00e9n el ingreso de los documentos privados.<\/p>\n\n<p>Los fondos p\u00fablicos del archivo corresponden en su mayor parte a la administraci\u00f3n local del Ayuntamiento de Ferrol, aunque tambi\u00e9n hay documentaci\u00f3n de los antiguos Ayuntamientos de La Gra\u00f1a y Serantes, as\u00ed como de la Fiscal\u00eda de Vivienda dependiente de la Administraci\u00f3n Central. Tambi\u00e9n se conservan los documentos de la Fundaci\u00f3n Ben\u00e9fica Ram\u00f3n Pla y los archivos personales de Goy da Silva y Vicente Garc\u00eda-Lastra Rivera. Toda esta documentaci\u00f3n se encuentra reunida en m\u00e1s de 13.000 cajas y m\u00e1s de 4.000 libros.<\/p>\n\n<p>Los servicios que se prestan son: informaci\u00f3n oral y escrita; pr\u00e9stamo a las oficinas del Ayuntamiento; consulta en sala, con capacidad para 10 personas, y asesoramiento sobre la historia y evoluci\u00f3n del Ayuntamiento.<\/p>\n\n<p>Tambi\u00e9n cuenta con una peque\u00f1a biblioteca especializada en archiv\u00edstica, derecho, historia de las instituciones e historia de la ciudad, que funciona como apoyo en el trabajo t\u00e9cnico del servicio de Archiv\u00edstica y para las consultas de los investigadores, previa solicitud.<\/p>\n\n<h4 class=\"wp-block-heading\">FICHA T\u00c9CNICA<\/h4>\n\n<p><strong>Direcci\u00f3n:<\/strong> Palacio Municipal. Plaza de Armas s\/n<\/p>\n\n<p><strong>Tel\u00e9fono:<\/strong> 981 944 185<\/p>\n\n<p><a><\/a> <strong>Correo electr\u00f3nico:<\/strong> <a href=\"mailto:arquivo@ferrol.es\">arquivo@ferrol.es<\/a><\/p>\n\n<p><strong>Enlace a la base de datos del archivo:<\/strong> <a href=\"http:\/\/www.ferrol.es\/arquivo\/index.asp#acceso\">http:\/\/www.ferrol.es\/arquivo\/index.asp#acceso<\/a><\/p>\n\n<figure class=\"wp-block-gallery has-nested-images columns-default is-cropped wp-block-gallery-1 is-layout-flex wp-block-gallery-is-layout-flex\">\n<figure class=\"wp-block-image size-large\"><img loading=\"lazy\" decoding=\"async\" width=\"752\" height=\"618\" data-id=\"3352\" src=\"http:\/\/www.ferrolcultura.gal\/wp-content\/uploads\/2023\/03\/arquivo-3.jpg\" alt=\"\" class=\"wp-image-3352\"\/><\/figure>\n\n\n\n<figure class=\"wp-block-image size-large\"><img loading=\"lazy\" decoding=\"async\" width=\"905\" height=\"679\" data-id=\"3353\" src=\"http:\/\/www.ferrolcultura.gal\/wp-content\/uploads\/2023\/03\/arquivo-1.jpg\" alt=\"\" class=\"wp-image-3353\"\/><\/figure>\n<\/figure>\n","protected":false},"excerpt":{"rendered":"<p>El Archivo Municipal custodia y conserva los documentos producidos y recibidos por el Ayuntamiento de Ferrol desde el siglo XVIII hasta la actualidad, aunque cuenta con algunos anteriores, concretamente del siglo XIV. Este servicio constituye la memoria escrita m\u00e1s cercana&#8230;<\/p>\n","protected":false},"author":7,"featured_media":0,"parent":4110,"menu_order":5,"comment_status":"closed","ping_status":"closed","template":"","meta":{"_monsterinsights_skip_tracking":false,"_monsterinsights_sitenote_active":false,"_monsterinsights_sitenote_note":"","_monsterinsights_sitenote_category":0,"footnotes":""},"class_list":["post-4141","page","type-page","status-publish","hentry"],"yoast_head":"<!-- This site is optimized with the Yoast SEO plugin v27.0 - https:\/\/yoast.com\/product\/yoast-seo-wordpress\/ -->\r\n<title>Archivo - Ferrol Cultura<\/title>\r\n<meta name=\"robots\" content=\"index, follow, max-snippet:-1, max-image-preview:large, max-video-preview:-1\" \/>\r\n<link rel=\"canonical\" href=\"https:\/\/www.ferrolcultura.gal\/index.php\/centros-culturales\/archivo\/\" \/>\r\n<meta property=\"og:locale\" content=\"gl_ES\" \/>\r\n<meta property=\"og:type\" content=\"article\" \/>\r\n<meta property=\"og:title\" content=\"Archivo - Ferrol Cultura\" \/>\r\n<meta property=\"og:description\" content=\"El Archivo Municipal custodia y conserva los documentos producidos y recibidos por el Ayuntamiento de Ferrol desde el siglo XVIII hasta la actualidad, aunque cuenta con algunos anteriores, concretamente del siglo XIV. Este servicio constituye la memoria escrita m\u00e1s cercana...\" \/>\r\n<meta property=\"og:url\" content=\"https:\/\/www.ferrolcultura.gal\/index.php\/centros-culturales\/archivo\/?lang=es\" \/>\r\n<meta property=\"og:site_name\" content=\"Ferrol Cultura\" \/>\r\n<meta property=\"article:publisher\" content=\"https:\/\/www.facebook.com\/ConcellodeFerrol\" \/>\r\n<meta property=\"article:modified_time\" content=\"2023-03-24T13:11:11+00:00\" \/>\r\n<meta property=\"og:image\" content=\"http:\/\/www.ferrolcultura.gal\/wp-content\/uploads\/2023\/03\/arquivo-3.jpg\" \/>\r\n<meta name=\"twitter:card\" content=\"summary_large_image\" \/>\r\n<meta name=\"twitter:site\" content=\"@ferroloficial\" \/>\r\n<meta name=\"twitter:label1\" content=\"Tempo de lectura\" \/>\n\t<meta name=\"twitter:data1\" content=\"2 minutos\" \/>\r\n<script type=\"application\/ld+json\" class=\"yoast-schema-graph\">{\"@context\":\"https:\/\/schema.org\",\"@graph\":[{\"@type\":\"WebPage\",\"@id\":\"https:\/\/www.ferrolcultura.gal\/index.php\/centros-culturales\/archivo\/?lang=es\",\"url\":\"https:\/\/www.ferrolcultura.gal\/index.php\/centros-culturales\/archivo\/?lang=es\",\"name\":\"Archivo - Ferrol Cultura\",\"isPartOf\":{\"@id\":\"https:\/\/www.ferrolcultura.gal\/#website\"},\"primaryImageOfPage\":{\"@id\":\"https:\/\/www.ferrolcultura.gal\/index.php\/centros-culturales\/archivo\/?lang=es#primaryimage\"},\"image\":{\"@id\":\"https:\/\/www.ferrolcultura.gal\/index.php\/centros-culturales\/archivo\/?lang=es#primaryimage\"},\"thumbnailUrl\":\"http:\/\/www.ferrolcultura.gal\/wp-content\/uploads\/2023\/03\/arquivo-3.jpg\",\"datePublished\":\"2023-03-20T10:51:58+00:00\",\"dateModified\":\"2023-03-24T13:11:11+00:00\",\"breadcrumb\":{\"@id\":\"https:\/\/www.ferrolcultura.gal\/index.php\/centros-culturales\/archivo\/?lang=es#breadcrumb\"},\"inLanguage\":\"gl-ES\",\"potentialAction\":[{\"@type\":\"ReadAction\",\"target\":[\"https:\/\/www.ferrolcultura.gal\/index.php\/centros-culturales\/archivo\/?lang=es\"]}]},{\"@type\":\"ImageObject\",\"inLanguage\":\"gl-ES\",\"@id\":\"https:\/\/www.ferrolcultura.gal\/index.php\/centros-culturales\/archivo\/?lang=es#primaryimage\",\"url\":\"http:\/\/www.ferrolcultura.gal\/wp-content\/uploads\/2023\/03\/arquivo-3.jpg\",\"contentUrl\":\"http:\/\/www.ferrolcultura.gal\/wp-content\/uploads\/2023\/03\/arquivo-3.jpg\"},{\"@type\":\"BreadcrumbList\",\"@id\":\"https:\/\/www.ferrolcultura.gal\/index.php\/centros-culturales\/archivo\/?lang=es#breadcrumb\",\"itemListElement\":[{\"@type\":\"ListItem\",\"position\":1,\"name\":\"Portada\",\"item\":\"https:\/\/www.ferrolcultura.gal\/\"},{\"@type\":\"ListItem\",\"position\":2,\"name\":\"Centros culturales\",\"item\":\"https:\/\/www.ferrolcultura.gal\/index.php\/centros-culturales\/\"},{\"@type\":\"ListItem\",\"position\":3,\"name\":\"Archivo\"}]},{\"@type\":\"WebSite\",\"@id\":\"https:\/\/www.ferrolcultura.gal\/#website\",\"url\":\"https:\/\/www.ferrolcultura.gal\/\",\"name\":\"Ferrol Cultura\",\"description\":\"P\u00e1xina de Cultura do Concello de Ferrol\",\"publisher\":{\"@id\":\"https:\/\/www.ferrolcultura.gal\/#organization\"},\"potentialAction\":[{\"@type\":\"SearchAction\",\"target\":{\"@type\":\"EntryPoint\",\"urlTemplate\":\"https:\/\/www.ferrolcultura.gal\/?s={search_term_string}\"},\"query-input\":{\"@type\":\"PropertyValueSpecification\",\"valueRequired\":true,\"valueName\":\"search_term_string\"}}],\"inLanguage\":\"gl-ES\"},{\"@type\":\"Organization\",\"@id\":\"https:\/\/www.ferrolcultura.gal\/#organization\",\"name\":\"Concello de Ferrol\",\"url\":\"https:\/\/www.ferrolcultura.gal\/\",\"logo\":{\"@type\":\"ImageObject\",\"inLanguage\":\"gl-ES\",\"@id\":\"https:\/\/www.ferrolcultura.gal\/#\/schema\/logo\/image\/\",\"url\":\"http:\/\/www.ferrolcultura.gal\/wp-content\/uploads\/2023\/03\/Concello-de-Ferrol-Cultura.png\",\"contentUrl\":\"http:\/\/www.ferrolcultura.gal\/wp-content\/uploads\/2023\/03\/Concello-de-Ferrol-Cultura.png\",\"width\":3033,\"height\":419,\"caption\":\"Concello de Ferrol\"},\"image\":{\"@id\":\"https:\/\/www.ferrolcultura.gal\/#\/schema\/logo\/image\/\"},\"sameAs\":[\"https:\/\/www.facebook.com\/ConcellodeFerrol\",\"https:\/\/x.com\/ferroloficial\",\"https:\/\/www.instagram.com\/concellodeferrol\",\"https:\/\/youtube.com\/@ferrolcultura\"]}]}<\/script>\r\n<!-- \/ Yoast SEO plugin. -->","yoast_head_json":{"title":"Archivo - Ferrol Cultura","robots":{"index":"index","follow":"follow","max-snippet":"max-snippet:-1","max-image-preview":"max-image-preview:large","max-video-preview":"max-video-preview:-1"},"canonical":"https:\/\/www.ferrolcultura.gal\/index.php\/centros-culturales\/archivo\/","og_locale":"gl_ES","og_type":"article","og_title":"Archivo - Ferrol Cultura","og_description":"El Archivo Municipal custodia y conserva los documentos producidos y recibidos por el Ayuntamiento de Ferrol desde el siglo XVIII hasta la actualidad, aunque cuenta con algunos anteriores, concretamente del siglo XIV. Este servicio constituye la memoria escrita m\u00e1s cercana...","og_url":"https:\/\/www.ferrolcultura.gal\/index.php\/centros-culturales\/archivo\/?lang=es","og_site_name":"Ferrol Cultura","article_publisher":"https:\/\/www.facebook.com\/ConcellodeFerrol","article_modified_time":"2023-03-24T13:11:11+00:00","og_image":[{"url":"http:\/\/www.ferrolcultura.gal\/wp-content\/uploads\/2023\/03\/arquivo-3.jpg","type":"","width":"","height":""}],"twitter_card":"summary_large_image","twitter_site":"@ferroloficial","twitter_misc":{"Tempo de lectura":"2 minutos"},"schema":{"@context":"https:\/\/schema.org","@graph":[{"@type":"WebPage","@id":"https:\/\/www.ferrolcultura.gal\/index.php\/centros-culturales\/archivo\/?lang=es","url":"https:\/\/www.ferrolcultura.gal\/index.php\/centros-culturales\/archivo\/?lang=es","name":"Archivo - Ferrol Cultura","isPartOf":{"@id":"https:\/\/www.ferrolcultura.gal\/#website"},"primaryImageOfPage":{"@id":"https:\/\/www.ferrolcultura.gal\/index.php\/centros-culturales\/archivo\/?lang=es#primaryimage"},"image":{"@id":"https:\/\/www.ferrolcultura.gal\/index.php\/centros-culturales\/archivo\/?lang=es#primaryimage"},"thumbnailUrl":"http:\/\/www.ferrolcultura.gal\/wp-content\/uploads\/2023\/03\/arquivo-3.jpg","datePublished":"2023-03-20T10:51:58+00:00","dateModified":"2023-03-24T13:11:11+00:00","breadcrumb":{"@id":"https:\/\/www.ferrolcultura.gal\/index.php\/centros-culturales\/archivo\/?lang=es#breadcrumb"},"inLanguage":"gl-ES","potentialAction":[{"@type":"ReadAction","target":["https:\/\/www.ferrolcultura.gal\/index.php\/centros-culturales\/archivo\/?lang=es"]}]},{"@type":"ImageObject","inLanguage":"gl-ES","@id":"https:\/\/www.ferrolcultura.gal\/index.php\/centros-culturales\/archivo\/?lang=es#primaryimage","url":"http:\/\/www.ferrolcultura.gal\/wp-content\/uploads\/2023\/03\/arquivo-3.jpg","contentUrl":"http:\/\/www.ferrolcultura.gal\/wp-content\/uploads\/2023\/03\/arquivo-3.jpg"},{"@type":"BreadcrumbList","@id":"https:\/\/www.ferrolcultura.gal\/index.php\/centros-culturales\/archivo\/?lang=es#breadcrumb","itemListElement":[{"@type":"ListItem","position":1,"name":"Portada","item":"https:\/\/www.ferrolcultura.gal\/"},{"@type":"ListItem","position":2,"name":"Centros culturales","item":"https:\/\/www.ferrolcultura.gal\/index.php\/centros-culturales\/"},{"@type":"ListItem","position":3,"name":"Archivo"}]},{"@type":"WebSite","@id":"https:\/\/www.ferrolcultura.gal\/#website","url":"https:\/\/www.ferrolcultura.gal\/","name":"Ferrol Cultura","description":"P\u00e1xina de Cultura do Concello de Ferrol","publisher":{"@id":"https:\/\/www.ferrolcultura.gal\/#organization"},"potentialAction":[{"@type":"SearchAction","target":{"@type":"EntryPoint","urlTemplate":"https:\/\/www.ferrolcultura.gal\/?s={search_term_string}"},"query-input":{"@type":"PropertyValueSpecification","valueRequired":true,"valueName":"search_term_string"}}],"inLanguage":"gl-ES"},{"@type":"Organization","@id":"https:\/\/www.ferrolcultura.gal\/#organization","name":"Concello de Ferrol","url":"https:\/\/www.ferrolcultura.gal\/","logo":{"@type":"ImageObject","inLanguage":"gl-ES","@id":"https:\/\/www.ferrolcultura.gal\/#\/schema\/logo\/image\/","url":"http:\/\/www.ferrolcultura.gal\/wp-content\/uploads\/2023\/03\/Concello-de-Ferrol-Cultura.png","contentUrl":"http:\/\/www.ferrolcultura.gal\/wp-content\/uploads\/2023\/03\/Concello-de-Ferrol-Cultura.png","width":3033,"height":419,"caption":"Concello de Ferrol"},"image":{"@id":"https:\/\/www.ferrolcultura.gal\/#\/schema\/logo\/image\/"},"sameAs":["https:\/\/www.facebook.com\/ConcellodeFerrol","https:\/\/x.com\/ferroloficial","https:\/\/www.instagram.com\/concellodeferrol","https:\/\/youtube.com\/@ferrolcultura"]}]}},"_links":{"self":[{"href":"https:\/\/www.ferrolcultura.gal\/index.php\/wp-json\/wp\/v2\/pages\/4141","targetHints":{"allow":["GET"]}}],"collection":[{"href":"https:\/\/www.ferrolcultura.gal\/index.php\/wp-json\/wp\/v2\/pages"}],"about":[{"href":"https:\/\/www.ferrolcultura.gal\/index.php\/wp-json\/wp\/v2\/types\/page"}],"author":[{"embeddable":true,"href":"https:\/\/www.ferrolcultura.gal\/index.php\/wp-json\/wp\/v2\/users\/7"}],"replies":[{"embeddable":true,"href":"https:\/\/www.ferrolcultura.gal\/index.php\/wp-json\/wp\/v2\/comments?post=4141"}],"version-history":[{"count":0,"href":"https:\/\/www.ferrolcultura.gal\/index.php\/wp-json\/wp\/v2\/pages\/4141\/revisions"}],"up":[{"embeddable":true,"href":"https:\/\/www.ferrolcultura.gal\/index.php\/wp-json\/wp\/v2\/pages\/4110"}],"wp:attachment":[{"href":"https:\/\/www.ferrolcultura.gal\/index.php\/wp-json\/wp\/v2\/media?parent=4141"}],"curies":[{"name":"wp","href":"https:\/\/api.w.org\/{rel}","templated":true}]}}