{"id":4337,"date":"2023-03-29T16:25:47","date_gmt":"2023-03-29T16:25:47","guid":{"rendered":"http:\/\/www.ferrolcultura.gal\/concurso-internacional-de-piano-ciudad-de-ferrol\/"},"modified":"2024-09-24T05:48:46","modified_gmt":"2024-09-24T05:48:46","slug":"concurso-internacional-de-piano-ciudad-de-ferrol","status":"publish","type":"page","link":"https:\/\/www.ferrolcultura.gal\/index.php\/proyectos-unicos\/concurso-internacional-de-piano-ciudad-de-ferrol\/?lang=es","title":{"rendered":"Concurso Internacional de Piano &#8220;Ciudad de Ferrol&#8221;"},"content":{"rendered":"\n<p>El <a rel=\"noreferrer noopener\" href=\"http:\/\/www.ferrolpianocompetition.com\/\" data-type=\"URL\" data-id=\"http:\/\/www.ferrolpianocompetition.com\/\" target=\"_blank\">Concurso de Piano Ciudad de Ferrol<\/a> se inici\u00f3 en 1984, bajo el nombre de &#8220;Gregorio Baudot&#8221;. Actualmente tiene car\u00e1cter internacional y tiene m\u00e1s que garantizado su prestigio, tanto por el jurado que decide los premios como por el nivel de los propios concursantes. La \u00faltima edici\u00f3n trat\u00f3 m\u00e1s que nunca de buscar la implicaci\u00f3n de la ciudad con el certamen, hasta el punto de que muchos de los participantes se alojaron en casas particulares. Tambi\u00e9n hubo ensayos y actuaciones al aire libre, espec\u00edficamente en la Plaza de Armas.<\/p>\n\n<figure class=\"wp-block-image size-large\"><img decoding=\"async\" src=\"https:\/\/www.ferrol.gal\/piano\/images\/galeria\/ganadores\/_DSF3603.jpg\" alt=\"\"\/><\/figure>\n\n<figure class=\"wp-block-gallery has-nested-images columns-default is-cropped wp-block-gallery-1 is-layout-flex wp-block-gallery-is-layout-flex\">\n<figure class=\"wp-block-image size-full\"><img loading=\"lazy\" decoding=\"async\" width=\"851\" height=\"315\" data-id=\"6696\" src=\"https:\/\/www.ferrolcultura.gal\/wp-content\/uploads\/2024\/09\/DSF2584.jpg\" alt=\"\" class=\"wp-image-6696\" srcset=\"https:\/\/www.ferrolcultura.gal\/wp-content\/uploads\/2024\/09\/DSF2584.jpg 851w, https:\/\/www.ferrolcultura.gal\/wp-content\/uploads\/2024\/09\/DSF2584-300x111.jpg 300w, https:\/\/www.ferrolcultura.gal\/wp-content\/uploads\/2024\/09\/DSF2584-768x284.jpg 768w, https:\/\/www.ferrolcultura.gal\/wp-content\/uploads\/2024\/09\/DSF2584-600x222.jpg 600w\" sizes=\"auto, (max-width: 851px) 100vw, 851px\" \/><\/figure>\n<\/figure>\n\n<p>M\u00e1s informaci\u00f3n:<\/p>\n\n<p><a data-type=\"URL\" data-id=\"https:\/\/www.facebook.com\/concursopianoferrol\/\" href=\"https:\/\/www.facebook.com\/concursopianoferrol\/\"><\/a><a href=\"http:\/\/www.pianoferrol.com\">http:\/\/www.pianofferrol.com<\/a><\/p>\n","protected":false},"excerpt":{"rendered":"<p>El Concurso de Piano Ciudad de Ferrol se inici\u00f3 en 1984, bajo el nombre de &#8220;Gregorio Baudot&#8221;. Actualmente tiene car\u00e1cter internacional y tiene m\u00e1s que garantizado su prestigio, tanto por el jurado que decide los premios como por el nivel&#8230;<\/p>\n","protected":false},"author":7,"featured_media":0,"parent":4057,"menu_order":0,"comment_status":"closed","ping_status":"closed","template":"","meta":{"_monsterinsights_skip_tracking":false,"_monsterinsights_sitenote_active":false,"_monsterinsights_sitenote_note":"","_monsterinsights_sitenote_category":0,"footnotes":""},"class_list":["post-4337","page","type-page","status-publish","hentry"],"yoast_head":"<!-- This site is optimized with the Yoast SEO plugin v27.0 - https:\/\/yoast.com\/product\/yoast-seo-wordpress\/ -->\r\n<title>Concurso Internacional de Piano &quot;Ciudad de Ferrol&quot; - Ferrol Cultura<\/title>\r\n<meta name=\"robots\" content=\"index, follow, max-snippet:-1, max-image-preview:large, max-video-preview:-1\" \/>\r\n<link rel=\"canonical\" href=\"https:\/\/www.ferrolcultura.gal\/index.php\/proyectos-unicos\/concurso-internacional-de-piano-ciudad-de-ferrol\/\" \/>\r\n<meta property=\"og:locale\" content=\"gl_ES\" \/>\r\n<meta property=\"og:type\" content=\"article\" \/>\r\n<meta property=\"og:title\" content=\"Concurso Internacional de Piano &quot;Ciudad de Ferrol&quot; - Ferrol Cultura\" \/>\r\n<meta property=\"og:description\" content=\"El Concurso de Piano Ciudad de Ferrol se inici\u00f3 en 1984, bajo el nombre de &#8220;Gregorio Baudot&#8221;. Actualmente tiene car\u00e1cter internacional y tiene m\u00e1s que garantizado su prestigio, tanto por el jurado que decide los premios como por el nivel...\" \/>\r\n<meta property=\"og:url\" content=\"https:\/\/www.ferrolcultura.gal\/index.php\/proyectos-unicos\/concurso-internacional-de-piano-ciudad-de-ferrol\/?lang=es\" \/>\r\n<meta property=\"og:site_name\" content=\"Ferrol Cultura\" \/>\r\n<meta property=\"article:publisher\" content=\"https:\/\/www.facebook.com\/ConcellodeFerrol\" \/>\r\n<meta property=\"article:modified_time\" content=\"2024-09-24T05:48:46+00:00\" \/>\r\n<meta property=\"og:image\" content=\"https:\/\/www.ferrol.gal\/piano\/images\/galeria\/ganadores\/_DSF3603.jpg\" \/>\r\n<meta name=\"twitter:card\" content=\"summary_large_image\" \/>\r\n<meta name=\"twitter:site\" content=\"@ferroloficial\" \/>\r\n<meta name=\"twitter:label1\" content=\"Tempo de lectura\" \/>\n\t<meta name=\"twitter:data1\" content=\"1 minuto\" \/>\r\n<script type=\"application\/ld+json\" class=\"yoast-schema-graph\">{\"@context\":\"https:\/\/schema.org\",\"@graph\":[{\"@type\":\"WebPage\",\"@id\":\"https:\/\/www.ferrolcultura.gal\/index.php\/proyectos-unicos\/concurso-internacional-de-piano-ciudad-de-ferrol\/?lang=es\",\"url\":\"https:\/\/www.ferrolcultura.gal\/index.php\/proyectos-unicos\/concurso-internacional-de-piano-ciudad-de-ferrol\/?lang=es\",\"name\":\"Concurso Internacional de Piano \\\"Ciudad de Ferrol\\\" - Ferrol Cultura\",\"isPartOf\":{\"@id\":\"https:\/\/www.ferrolcultura.gal\/#website\"},\"primaryImageOfPage\":{\"@id\":\"https:\/\/www.ferrolcultura.gal\/index.php\/proyectos-unicos\/concurso-internacional-de-piano-ciudad-de-ferrol\/?lang=es#primaryimage\"},\"image\":{\"@id\":\"https:\/\/www.ferrolcultura.gal\/index.php\/proyectos-unicos\/concurso-internacional-de-piano-ciudad-de-ferrol\/?lang=es#primaryimage\"},\"thumbnailUrl\":\"https:\/\/www.ferrol.gal\/piano\/images\/galeria\/ganadores\/_DSF3603.jpg\",\"datePublished\":\"2023-03-29T16:25:47+00:00\",\"dateModified\":\"2024-09-24T05:48:46+00:00\",\"breadcrumb\":{\"@id\":\"https:\/\/www.ferrolcultura.gal\/index.php\/proyectos-unicos\/concurso-internacional-de-piano-ciudad-de-ferrol\/?lang=es#breadcrumb\"},\"inLanguage\":\"gl-ES\",\"potentialAction\":[{\"@type\":\"ReadAction\",\"target\":[\"https:\/\/www.ferrolcultura.gal\/index.php\/proyectos-unicos\/concurso-internacional-de-piano-ciudad-de-ferrol\/?lang=es\"]}]},{\"@type\":\"ImageObject\",\"inLanguage\":\"gl-ES\",\"@id\":\"https:\/\/www.ferrolcultura.gal\/index.php\/proyectos-unicos\/concurso-internacional-de-piano-ciudad-de-ferrol\/?lang=es#primaryimage\",\"url\":\"https:\/\/www.ferrol.gal\/piano\/images\/galeria\/ganadores\/_DSF3603.jpg\",\"contentUrl\":\"https:\/\/www.ferrol.gal\/piano\/images\/galeria\/ganadores\/_DSF3603.jpg\"},{\"@type\":\"BreadcrumbList\",\"@id\":\"https:\/\/www.ferrolcultura.gal\/index.php\/proyectos-unicos\/concurso-internacional-de-piano-ciudad-de-ferrol\/?lang=es#breadcrumb\",\"itemListElement\":[{\"@type\":\"ListItem\",\"position\":1,\"name\":\"Portada\",\"item\":\"https:\/\/www.ferrolcultura.gal\/\"},{\"@type\":\"ListItem\",\"position\":2,\"name\":\"Proyectos singulares\",\"item\":\"https:\/\/www.ferrolcultura.gal\/index.php\/proyectos-unicos\/\"},{\"@type\":\"ListItem\",\"position\":3,\"name\":\"Concurso Internacional de Piano &#8220;Ciudad de Ferrol&#8221;\"}]},{\"@type\":\"WebSite\",\"@id\":\"https:\/\/www.ferrolcultura.gal\/#website\",\"url\":\"https:\/\/www.ferrolcultura.gal\/\",\"name\":\"Ferrol Cultura\",\"description\":\"P\u00e1xina de Cultura do Concello de Ferrol\",\"publisher\":{\"@id\":\"https:\/\/www.ferrolcultura.gal\/#organization\"},\"potentialAction\":[{\"@type\":\"SearchAction\",\"target\":{\"@type\":\"EntryPoint\",\"urlTemplate\":\"https:\/\/www.ferrolcultura.gal\/?s={search_term_string}\"},\"query-input\":{\"@type\":\"PropertyValueSpecification\",\"valueRequired\":true,\"valueName\":\"search_term_string\"}}],\"inLanguage\":\"gl-ES\"},{\"@type\":\"Organization\",\"@id\":\"https:\/\/www.ferrolcultura.gal\/#organization\",\"name\":\"Concello de Ferrol\",\"url\":\"https:\/\/www.ferrolcultura.gal\/\",\"logo\":{\"@type\":\"ImageObject\",\"inLanguage\":\"gl-ES\",\"@id\":\"https:\/\/www.ferrolcultura.gal\/#\/schema\/logo\/image\/\",\"url\":\"http:\/\/www.ferrolcultura.gal\/wp-content\/uploads\/2023\/03\/Concello-de-Ferrol-Cultura.png\",\"contentUrl\":\"http:\/\/www.ferrolcultura.gal\/wp-content\/uploads\/2023\/03\/Concello-de-Ferrol-Cultura.png\",\"width\":3033,\"height\":419,\"caption\":\"Concello de Ferrol\"},\"image\":{\"@id\":\"https:\/\/www.ferrolcultura.gal\/#\/schema\/logo\/image\/\"},\"sameAs\":[\"https:\/\/www.facebook.com\/ConcellodeFerrol\",\"https:\/\/x.com\/ferroloficial\",\"https:\/\/www.instagram.com\/concellodeferrol\",\"https:\/\/youtube.com\/@ferrolcultura\"]}]}<\/script>\r\n<!-- \/ Yoast SEO plugin. -->","yoast_head_json":{"title":"Concurso Internacional de Piano \"Ciudad de Ferrol\" - Ferrol Cultura","robots":{"index":"index","follow":"follow","max-snippet":"max-snippet:-1","max-image-preview":"max-image-preview:large","max-video-preview":"max-video-preview:-1"},"canonical":"https:\/\/www.ferrolcultura.gal\/index.php\/proyectos-unicos\/concurso-internacional-de-piano-ciudad-de-ferrol\/","og_locale":"gl_ES","og_type":"article","og_title":"Concurso Internacional de Piano \"Ciudad de Ferrol\" - Ferrol Cultura","og_description":"El Concurso de Piano Ciudad de Ferrol se inici\u00f3 en 1984, bajo el nombre de &#8220;Gregorio Baudot&#8221;. Actualmente tiene car\u00e1cter internacional y tiene m\u00e1s que garantizado su prestigio, tanto por el jurado que decide los premios como por el nivel...","og_url":"https:\/\/www.ferrolcultura.gal\/index.php\/proyectos-unicos\/concurso-internacional-de-piano-ciudad-de-ferrol\/?lang=es","og_site_name":"Ferrol Cultura","article_publisher":"https:\/\/www.facebook.com\/ConcellodeFerrol","article_modified_time":"2024-09-24T05:48:46+00:00","og_image":[{"url":"https:\/\/www.ferrol.gal\/piano\/images\/galeria\/ganadores\/_DSF3603.jpg","type":"","width":"","height":""}],"twitter_card":"summary_large_image","twitter_site":"@ferroloficial","twitter_misc":{"Tempo de lectura":"1 minuto"},"schema":{"@context":"https:\/\/schema.org","@graph":[{"@type":"WebPage","@id":"https:\/\/www.ferrolcultura.gal\/index.php\/proyectos-unicos\/concurso-internacional-de-piano-ciudad-de-ferrol\/?lang=es","url":"https:\/\/www.ferrolcultura.gal\/index.php\/proyectos-unicos\/concurso-internacional-de-piano-ciudad-de-ferrol\/?lang=es","name":"Concurso Internacional de Piano \"Ciudad de Ferrol\" - Ferrol Cultura","isPartOf":{"@id":"https:\/\/www.ferrolcultura.gal\/#website"},"primaryImageOfPage":{"@id":"https:\/\/www.ferrolcultura.gal\/index.php\/proyectos-unicos\/concurso-internacional-de-piano-ciudad-de-ferrol\/?lang=es#primaryimage"},"image":{"@id":"https:\/\/www.ferrolcultura.gal\/index.php\/proyectos-unicos\/concurso-internacional-de-piano-ciudad-de-ferrol\/?lang=es#primaryimage"},"thumbnailUrl":"https:\/\/www.ferrol.gal\/piano\/images\/galeria\/ganadores\/_DSF3603.jpg","datePublished":"2023-03-29T16:25:47+00:00","dateModified":"2024-09-24T05:48:46+00:00","breadcrumb":{"@id":"https:\/\/www.ferrolcultura.gal\/index.php\/proyectos-unicos\/concurso-internacional-de-piano-ciudad-de-ferrol\/?lang=es#breadcrumb"},"inLanguage":"gl-ES","potentialAction":[{"@type":"ReadAction","target":["https:\/\/www.ferrolcultura.gal\/index.php\/proyectos-unicos\/concurso-internacional-de-piano-ciudad-de-ferrol\/?lang=es"]}]},{"@type":"ImageObject","inLanguage":"gl-ES","@id":"https:\/\/www.ferrolcultura.gal\/index.php\/proyectos-unicos\/concurso-internacional-de-piano-ciudad-de-ferrol\/?lang=es#primaryimage","url":"https:\/\/www.ferrol.gal\/piano\/images\/galeria\/ganadores\/_DSF3603.jpg","contentUrl":"https:\/\/www.ferrol.gal\/piano\/images\/galeria\/ganadores\/_DSF3603.jpg"},{"@type":"BreadcrumbList","@id":"https:\/\/www.ferrolcultura.gal\/index.php\/proyectos-unicos\/concurso-internacional-de-piano-ciudad-de-ferrol\/?lang=es#breadcrumb","itemListElement":[{"@type":"ListItem","position":1,"name":"Portada","item":"https:\/\/www.ferrolcultura.gal\/"},{"@type":"ListItem","position":2,"name":"Proyectos singulares","item":"https:\/\/www.ferrolcultura.gal\/index.php\/proyectos-unicos\/"},{"@type":"ListItem","position":3,"name":"Concurso Internacional de Piano &#8220;Ciudad de Ferrol&#8221;"}]},{"@type":"WebSite","@id":"https:\/\/www.ferrolcultura.gal\/#website","url":"https:\/\/www.ferrolcultura.gal\/","name":"Ferrol Cultura","description":"P\u00e1xina de Cultura do Concello de Ferrol","publisher":{"@id":"https:\/\/www.ferrolcultura.gal\/#organization"},"potentialAction":[{"@type":"SearchAction","target":{"@type":"EntryPoint","urlTemplate":"https:\/\/www.ferrolcultura.gal\/?s={search_term_string}"},"query-input":{"@type":"PropertyValueSpecification","valueRequired":true,"valueName":"search_term_string"}}],"inLanguage":"gl-ES"},{"@type":"Organization","@id":"https:\/\/www.ferrolcultura.gal\/#organization","name":"Concello de Ferrol","url":"https:\/\/www.ferrolcultura.gal\/","logo":{"@type":"ImageObject","inLanguage":"gl-ES","@id":"https:\/\/www.ferrolcultura.gal\/#\/schema\/logo\/image\/","url":"http:\/\/www.ferrolcultura.gal\/wp-content\/uploads\/2023\/03\/Concello-de-Ferrol-Cultura.png","contentUrl":"http:\/\/www.ferrolcultura.gal\/wp-content\/uploads\/2023\/03\/Concello-de-Ferrol-Cultura.png","width":3033,"height":419,"caption":"Concello de Ferrol"},"image":{"@id":"https:\/\/www.ferrolcultura.gal\/#\/schema\/logo\/image\/"},"sameAs":["https:\/\/www.facebook.com\/ConcellodeFerrol","https:\/\/x.com\/ferroloficial","https:\/\/www.instagram.com\/concellodeferrol","https:\/\/youtube.com\/@ferrolcultura"]}]}},"_links":{"self":[{"href":"https:\/\/www.ferrolcultura.gal\/index.php\/wp-json\/wp\/v2\/pages\/4337","targetHints":{"allow":["GET"]}}],"collection":[{"href":"https:\/\/www.ferrolcultura.gal\/index.php\/wp-json\/wp\/v2\/pages"}],"about":[{"href":"https:\/\/www.ferrolcultura.gal\/index.php\/wp-json\/wp\/v2\/types\/page"}],"author":[{"embeddable":true,"href":"https:\/\/www.ferrolcultura.gal\/index.php\/wp-json\/wp\/v2\/users\/7"}],"replies":[{"embeddable":true,"href":"https:\/\/www.ferrolcultura.gal\/index.php\/wp-json\/wp\/v2\/comments?post=4337"}],"version-history":[{"count":9,"href":"https:\/\/www.ferrolcultura.gal\/index.php\/wp-json\/wp\/v2\/pages\/4337\/revisions"}],"predecessor-version":[{"id":6699,"href":"https:\/\/www.ferrolcultura.gal\/index.php\/wp-json\/wp\/v2\/pages\/4337\/revisions\/6699"}],"up":[{"embeddable":true,"href":"https:\/\/www.ferrolcultura.gal\/index.php\/wp-json\/wp\/v2\/pages\/4057"}],"wp:attachment":[{"href":"https:\/\/www.ferrolcultura.gal\/index.php\/wp-json\/wp\/v2\/media?parent=4337"}],"curies":[{"name":"wp","href":"https:\/\/api.w.org\/{rel}","templated":true}]}}