{"id":4342,"date":"2023-03-29T16:28:41","date_gmt":"2023-03-29T16:28:41","guid":{"rendered":"http:\/\/www.ferrolcultura.gal\/premio-maximo-ramos\/"},"modified":"2023-03-31T11:38:07","modified_gmt":"2023-03-31T11:38:07","slug":"premio-maximo-ramos","status":"publish","type":"page","link":"https:\/\/www.ferrolcultura.gal\/index.php\/proyectos-unicos\/premio-maximo-ramos\/?lang=es","title":{"rendered":"Premio M\u00e1ximo Ramos"},"content":{"rendered":"\n<p>Este premio internacional de obra gr\u00e1fica fue instituido por la Diputaci\u00f3n de Ferrol en 1984, como homenaje al artista ferrolano M\u00e1ximo Ramos, medalla de grabado en las Exposiciones Nacionales de Bellas Artes de 1934 y 1941. A lo largo de su historia, por este certamen han pasado algunos de los m\u00e1s prestigiosos exponentes de esta rama de la creaci\u00f3n art\u00edstica.<\/p>\n<div class=\"wp-block-image\">\n<figure class=\"aligncenter size-full\"><img loading=\"lazy\" decoding=\"async\" width=\"946\" height=\"668\" src=\"http:\/\/www.ferrolcultura.gal\/wp-content\/uploads\/2023\/03\/maximo-ramos.jpg\" alt=\"\" class=\"wp-image-3259\"\/><\/figure>\n<\/div>","protected":false},"excerpt":{"rendered":"<p>Este premio internacional de obra gr\u00e1fica fue instituido por la Diputaci\u00f3n de Ferrol en 1984, como homenaje al artista ferrolano M\u00e1ximo Ramos, medalla de grabado en las Exposiciones Nacionales de Bellas Artes de 1934 y 1941. A lo largo de&#8230;<\/p>\n","protected":false},"author":7,"featured_media":0,"parent":4057,"menu_order":0,"comment_status":"closed","ping_status":"closed","template":"","meta":{"_monsterinsights_skip_tracking":false,"_monsterinsights_sitenote_active":false,"_monsterinsights_sitenote_note":"","_monsterinsights_sitenote_category":0,"footnotes":""},"class_list":["post-4342","page","type-page","status-publish","hentry"],"yoast_head":"<!-- This site is optimized with the Yoast SEO plugin v27.0 - https:\/\/yoast.com\/product\/yoast-seo-wordpress\/ -->\r\n<title>Premio M\u00e1ximo Ramos - Ferrol Cultura<\/title>\r\n<meta name=\"robots\" content=\"index, follow, max-snippet:-1, max-image-preview:large, max-video-preview:-1\" \/>\r\n<link rel=\"canonical\" href=\"https:\/\/www.ferrolcultura.gal\/index.php\/proyectos-unicos\/premio-maximo-ramos\/\" \/>\r\n<meta property=\"og:locale\" content=\"gl_ES\" \/>\r\n<meta property=\"og:type\" content=\"article\" \/>\r\n<meta property=\"og:title\" content=\"Premio M\u00e1ximo Ramos - Ferrol Cultura\" \/>\r\n<meta property=\"og:description\" content=\"Este premio internacional de obra gr\u00e1fica fue instituido por la Diputaci\u00f3n de Ferrol en 1984, como homenaje al artista ferrolano M\u00e1ximo Ramos, medalla de grabado en las Exposiciones Nacionales de Bellas Artes de 1934 y 1941. A lo largo de...\" \/>\r\n<meta property=\"og:url\" content=\"https:\/\/www.ferrolcultura.gal\/index.php\/proyectos-unicos\/premio-maximo-ramos\/?lang=es\" \/>\r\n<meta property=\"og:site_name\" content=\"Ferrol Cultura\" \/>\r\n<meta property=\"article:publisher\" content=\"https:\/\/www.facebook.com\/ConcellodeFerrol\" \/>\r\n<meta property=\"article:modified_time\" content=\"2023-03-31T11:38:07+00:00\" \/>\r\n<meta property=\"og:image\" content=\"http:\/\/www.ferrolcultura.gal\/wp-content\/uploads\/2023\/03\/maximo-ramos.jpg\" \/>\r\n<meta name=\"twitter:card\" content=\"summary_large_image\" \/>\r\n<meta name=\"twitter:site\" content=\"@ferroloficial\" \/>\r\n<script type=\"application\/ld+json\" class=\"yoast-schema-graph\">{\"@context\":\"https:\/\/schema.org\",\"@graph\":[{\"@type\":\"WebPage\",\"@id\":\"https:\/\/www.ferrolcultura.gal\/index.php\/proyectos-unicos\/premio-maximo-ramos\/?lang=es\",\"url\":\"https:\/\/www.ferrolcultura.gal\/index.php\/proyectos-unicos\/premio-maximo-ramos\/?lang=es\",\"name\":\"Premio M\u00e1ximo Ramos - Ferrol Cultura\",\"isPartOf\":{\"@id\":\"https:\/\/www.ferrolcultura.gal\/#website\"},\"primaryImageOfPage\":{\"@id\":\"https:\/\/www.ferrolcultura.gal\/index.php\/proyectos-unicos\/premio-maximo-ramos\/?lang=es#primaryimage\"},\"image\":{\"@id\":\"https:\/\/www.ferrolcultura.gal\/index.php\/proyectos-unicos\/premio-maximo-ramos\/?lang=es#primaryimage\"},\"thumbnailUrl\":\"http:\/\/www.ferrolcultura.gal\/wp-content\/uploads\/2023\/03\/maximo-ramos.jpg\",\"datePublished\":\"2023-03-29T16:28:41+00:00\",\"dateModified\":\"2023-03-31T11:38:07+00:00\",\"breadcrumb\":{\"@id\":\"https:\/\/www.ferrolcultura.gal\/index.php\/proyectos-unicos\/premio-maximo-ramos\/?lang=es#breadcrumb\"},\"inLanguage\":\"gl-ES\",\"potentialAction\":[{\"@type\":\"ReadAction\",\"target\":[\"https:\/\/www.ferrolcultura.gal\/index.php\/proyectos-unicos\/premio-maximo-ramos\/?lang=es\"]}]},{\"@type\":\"ImageObject\",\"inLanguage\":\"gl-ES\",\"@id\":\"https:\/\/www.ferrolcultura.gal\/index.php\/proyectos-unicos\/premio-maximo-ramos\/?lang=es#primaryimage\",\"url\":\"http:\/\/www.ferrolcultura.gal\/wp-content\/uploads\/2023\/03\/maximo-ramos.jpg\",\"contentUrl\":\"http:\/\/www.ferrolcultura.gal\/wp-content\/uploads\/2023\/03\/maximo-ramos.jpg\"},{\"@type\":\"BreadcrumbList\",\"@id\":\"https:\/\/www.ferrolcultura.gal\/index.php\/proyectos-unicos\/premio-maximo-ramos\/?lang=es#breadcrumb\",\"itemListElement\":[{\"@type\":\"ListItem\",\"position\":1,\"name\":\"Portada\",\"item\":\"https:\/\/www.ferrolcultura.gal\/\"},{\"@type\":\"ListItem\",\"position\":2,\"name\":\"Proyectos singulares\",\"item\":\"https:\/\/www.ferrolcultura.gal\/index.php\/proyectos-unicos\/\"},{\"@type\":\"ListItem\",\"position\":3,\"name\":\"Premio M\u00e1ximo Ramos\"}]},{\"@type\":\"WebSite\",\"@id\":\"https:\/\/www.ferrolcultura.gal\/#website\",\"url\":\"https:\/\/www.ferrolcultura.gal\/\",\"name\":\"Ferrol Cultura\",\"description\":\"P\u00e1xina de Cultura do Concello de Ferrol\",\"publisher\":{\"@id\":\"https:\/\/www.ferrolcultura.gal\/#organization\"},\"potentialAction\":[{\"@type\":\"SearchAction\",\"target\":{\"@type\":\"EntryPoint\",\"urlTemplate\":\"https:\/\/www.ferrolcultura.gal\/?s={search_term_string}\"},\"query-input\":{\"@type\":\"PropertyValueSpecification\",\"valueRequired\":true,\"valueName\":\"search_term_string\"}}],\"inLanguage\":\"gl-ES\"},{\"@type\":\"Organization\",\"@id\":\"https:\/\/www.ferrolcultura.gal\/#organization\",\"name\":\"Concello de Ferrol\",\"url\":\"https:\/\/www.ferrolcultura.gal\/\",\"logo\":{\"@type\":\"ImageObject\",\"inLanguage\":\"gl-ES\",\"@id\":\"https:\/\/www.ferrolcultura.gal\/#\/schema\/logo\/image\/\",\"url\":\"http:\/\/www.ferrolcultura.gal\/wp-content\/uploads\/2023\/03\/Concello-de-Ferrol-Cultura.png\",\"contentUrl\":\"http:\/\/www.ferrolcultura.gal\/wp-content\/uploads\/2023\/03\/Concello-de-Ferrol-Cultura.png\",\"width\":3033,\"height\":419,\"caption\":\"Concello de Ferrol\"},\"image\":{\"@id\":\"https:\/\/www.ferrolcultura.gal\/#\/schema\/logo\/image\/\"},\"sameAs\":[\"https:\/\/www.facebook.com\/ConcellodeFerrol\",\"https:\/\/x.com\/ferroloficial\",\"https:\/\/www.instagram.com\/concellodeferrol\",\"https:\/\/youtube.com\/@ferrolcultura\"]}]}<\/script>\r\n<!-- \/ Yoast SEO plugin. -->","yoast_head_json":{"title":"Premio M\u00e1ximo Ramos - Ferrol Cultura","robots":{"index":"index","follow":"follow","max-snippet":"max-snippet:-1","max-image-preview":"max-image-preview:large","max-video-preview":"max-video-preview:-1"},"canonical":"https:\/\/www.ferrolcultura.gal\/index.php\/proyectos-unicos\/premio-maximo-ramos\/","og_locale":"gl_ES","og_type":"article","og_title":"Premio M\u00e1ximo Ramos - Ferrol Cultura","og_description":"Este premio internacional de obra gr\u00e1fica fue instituido por la Diputaci\u00f3n de Ferrol en 1984, como homenaje al artista ferrolano M\u00e1ximo Ramos, medalla de grabado en las Exposiciones Nacionales de Bellas Artes de 1934 y 1941. A lo largo de...","og_url":"https:\/\/www.ferrolcultura.gal\/index.php\/proyectos-unicos\/premio-maximo-ramos\/?lang=es","og_site_name":"Ferrol Cultura","article_publisher":"https:\/\/www.facebook.com\/ConcellodeFerrol","article_modified_time":"2023-03-31T11:38:07+00:00","og_image":[{"url":"http:\/\/www.ferrolcultura.gal\/wp-content\/uploads\/2023\/03\/maximo-ramos.jpg","type":"","width":"","height":""}],"twitter_card":"summary_large_image","twitter_site":"@ferroloficial","schema":{"@context":"https:\/\/schema.org","@graph":[{"@type":"WebPage","@id":"https:\/\/www.ferrolcultura.gal\/index.php\/proyectos-unicos\/premio-maximo-ramos\/?lang=es","url":"https:\/\/www.ferrolcultura.gal\/index.php\/proyectos-unicos\/premio-maximo-ramos\/?lang=es","name":"Premio M\u00e1ximo Ramos - Ferrol Cultura","isPartOf":{"@id":"https:\/\/www.ferrolcultura.gal\/#website"},"primaryImageOfPage":{"@id":"https:\/\/www.ferrolcultura.gal\/index.php\/proyectos-unicos\/premio-maximo-ramos\/?lang=es#primaryimage"},"image":{"@id":"https:\/\/www.ferrolcultura.gal\/index.php\/proyectos-unicos\/premio-maximo-ramos\/?lang=es#primaryimage"},"thumbnailUrl":"http:\/\/www.ferrolcultura.gal\/wp-content\/uploads\/2023\/03\/maximo-ramos.jpg","datePublished":"2023-03-29T16:28:41+00:00","dateModified":"2023-03-31T11:38:07+00:00","breadcrumb":{"@id":"https:\/\/www.ferrolcultura.gal\/index.php\/proyectos-unicos\/premio-maximo-ramos\/?lang=es#breadcrumb"},"inLanguage":"gl-ES","potentialAction":[{"@type":"ReadAction","target":["https:\/\/www.ferrolcultura.gal\/index.php\/proyectos-unicos\/premio-maximo-ramos\/?lang=es"]}]},{"@type":"ImageObject","inLanguage":"gl-ES","@id":"https:\/\/www.ferrolcultura.gal\/index.php\/proyectos-unicos\/premio-maximo-ramos\/?lang=es#primaryimage","url":"http:\/\/www.ferrolcultura.gal\/wp-content\/uploads\/2023\/03\/maximo-ramos.jpg","contentUrl":"http:\/\/www.ferrolcultura.gal\/wp-content\/uploads\/2023\/03\/maximo-ramos.jpg"},{"@type":"BreadcrumbList","@id":"https:\/\/www.ferrolcultura.gal\/index.php\/proyectos-unicos\/premio-maximo-ramos\/?lang=es#breadcrumb","itemListElement":[{"@type":"ListItem","position":1,"name":"Portada","item":"https:\/\/www.ferrolcultura.gal\/"},{"@type":"ListItem","position":2,"name":"Proyectos singulares","item":"https:\/\/www.ferrolcultura.gal\/index.php\/proyectos-unicos\/"},{"@type":"ListItem","position":3,"name":"Premio M\u00e1ximo Ramos"}]},{"@type":"WebSite","@id":"https:\/\/www.ferrolcultura.gal\/#website","url":"https:\/\/www.ferrolcultura.gal\/","name":"Ferrol Cultura","description":"P\u00e1xina de Cultura do Concello de Ferrol","publisher":{"@id":"https:\/\/www.ferrolcultura.gal\/#organization"},"potentialAction":[{"@type":"SearchAction","target":{"@type":"EntryPoint","urlTemplate":"https:\/\/www.ferrolcultura.gal\/?s={search_term_string}"},"query-input":{"@type":"PropertyValueSpecification","valueRequired":true,"valueName":"search_term_string"}}],"inLanguage":"gl-ES"},{"@type":"Organization","@id":"https:\/\/www.ferrolcultura.gal\/#organization","name":"Concello de Ferrol","url":"https:\/\/www.ferrolcultura.gal\/","logo":{"@type":"ImageObject","inLanguage":"gl-ES","@id":"https:\/\/www.ferrolcultura.gal\/#\/schema\/logo\/image\/","url":"http:\/\/www.ferrolcultura.gal\/wp-content\/uploads\/2023\/03\/Concello-de-Ferrol-Cultura.png","contentUrl":"http:\/\/www.ferrolcultura.gal\/wp-content\/uploads\/2023\/03\/Concello-de-Ferrol-Cultura.png","width":3033,"height":419,"caption":"Concello de Ferrol"},"image":{"@id":"https:\/\/www.ferrolcultura.gal\/#\/schema\/logo\/image\/"},"sameAs":["https:\/\/www.facebook.com\/ConcellodeFerrol","https:\/\/x.com\/ferroloficial","https:\/\/www.instagram.com\/concellodeferrol","https:\/\/youtube.com\/@ferrolcultura"]}]}},"_links":{"self":[{"href":"https:\/\/www.ferrolcultura.gal\/index.php\/wp-json\/wp\/v2\/pages\/4342","targetHints":{"allow":["GET"]}}],"collection":[{"href":"https:\/\/www.ferrolcultura.gal\/index.php\/wp-json\/wp\/v2\/pages"}],"about":[{"href":"https:\/\/www.ferrolcultura.gal\/index.php\/wp-json\/wp\/v2\/types\/page"}],"author":[{"embeddable":true,"href":"https:\/\/www.ferrolcultura.gal\/index.php\/wp-json\/wp\/v2\/users\/7"}],"replies":[{"embeddable":true,"href":"https:\/\/www.ferrolcultura.gal\/index.php\/wp-json\/wp\/v2\/comments?post=4342"}],"version-history":[{"count":0,"href":"https:\/\/www.ferrolcultura.gal\/index.php\/wp-json\/wp\/v2\/pages\/4342\/revisions"}],"up":[{"embeddable":true,"href":"https:\/\/www.ferrolcultura.gal\/index.php\/wp-json\/wp\/v2\/pages\/4057"}],"wp:attachment":[{"href":"https:\/\/www.ferrolcultura.gal\/index.php\/wp-json\/wp\/v2\/media?parent=4342"}],"curies":[{"name":"wp","href":"https:\/\/api.w.org\/{rel}","templated":true}]}}