{"id":4746,"date":"2023-04-28T08:18:53","date_gmt":"2023-04-28T08:18:53","guid":{"rendered":"http:\/\/www.ferrolcultura.gal\/centros-culturales\/torrent-ballester\/exposiciones-anteriores\/"},"modified":"2024-04-30T12:18:59","modified_gmt":"2024-04-30T12:18:59","slug":"exposiciones-anteriores","status":"publish","type":"page","link":"https:\/\/www.ferrolcultura.gal\/index.php\/centros-culturales\/torrent-ballester\/exposiciones-anteriores\/?lang=es","title":{"rendered":"Exposiciones anteriores"},"content":{"rendered":"<p>[vc_row][vc_column]<div class=\"gt-categorized-contents gt-tab-panel\"><ul class=\"nav gt-nav gt-left\" role=\"tablist\"><li><a href=\"#categorized-events-exposicions-1\" aria-controls=\"categorized-events-exposicions\" role=\"tab\" data-toggle=\"tab\" class=\"active\">Exposici\u00f3ns<\/a><\/li><\/ul><div class=\"tab-content\"><div role=\"tabpanel\" class=\"tab-pane fade active show\" id=\"categorized-events-exposicions-1\" aria-labelledby=\"categorized-events-exposicions\"><div class=\"gt-columns gt-column-3 gt-column-space-20\"><div class=\"gt-col\"><div class=\"gt-inner\"><div class=\"gt-event-style-1\" data-event-id=\"4494\"><div class=\"gt-title\"><a href=\"https:\/\/www.ferrolcultura.gal\/index.php\/event\/mauro-trastoy-e-pablo-barreiro-mais-outra-vez-mais\/\">Exposici\u00f3n &#8220;Mauro Trastoy e Pablo Barreiro: Mais outra vez m\u00e1is&#8221;<\/a><\/div><div class=\"gt-details\"><div class=\"gt-date gt-start-date\"><svg xmlns=\"http:\/\/www.w3.org\/2000\/svg\" viewBox=\"0 0 24 24\" fill=\"none\" stroke=\"currentColor\" stroke-width=\"2\" stroke-linecap=\"round\" stroke-linejoin=\"round\"><rect x=\"3\" y=\"4\" width=\"18\" height=\"18\" rx=\"2\" ry=\"2\"><\/rect><line x1=\"16\" y1=\"2\" x2=\"16\" y2=\"6\"><\/line><line x1=\"8\" y1=\"2\" x2=\"8\" y2=\"6\"><\/line><line x1=\"3\" y1=\"10\" x2=\"21\" y2=\"10\"><\/line><\/svg><span>5 de Maio de 2023<\/span><\/div><div class=\"gt-date gt-end-date\"><svg version=\"1.1\" fill=\"currentColor\" xmlns=\"http:\/\/www.w3.org\/2000\/svg\" xmlns:xlink=\"http:\/\/www.w3.org\/1999\/xlink\" x=\"0px\" y=\"0px\" viewBox=\"0 0 216.374 216.374\" style=\"enable-background:new 0 0 216.374 216.374;\" xml:space=\"preserve\"> <g> <path d=\"M207.374,30.135h-25.438V13.432c0-4.971-4.029-9-9-9s-9,4.029-9,9v16.703H52.438V13.432c0-4.971-4.029-9-9-9s-9,4.029-9,9 v16.703H9c-4.971,0-9,4.029-9,9v163.808c0,4.971,4.029,9,9,9h198.374c4.971,0,9-4.029,9-9V39.135 C216.374,34.164,212.345,30.135,207.374,30.135z M198.374,48.135v19.997H18V48.135H198.374z M18,193.942V86.132h180.374v107.811H18 z\"\/> <path d=\"M145.534,109.813c-3.115-3.873-8.781-4.488-12.653-1.373L108.187,128.3L83.494,108.44 c-3.875-3.115-9.539-2.499-12.653,1.373c-3.115,3.874-2.5,9.539,1.373,12.654l21.613,17.382l-21.613,17.382 c-3.873,3.115-4.488,8.78-1.373,12.654c1.778,2.211,4.387,3.359,7.019,3.359c1.979,0,3.972-0.649,5.634-1.986l24.693-19.859 l24.693,19.859c1.663,1.337,3.655,1.986,5.634,1.986c2.632,0,5.241-1.149,7.019-3.359c3.115-3.874,2.5-9.539-1.373-12.654 l-21.613-17.382l21.613-17.382C148.034,119.353,148.649,113.688,145.534,109.813z\"\/> <\/g> <g> <\/g> <g> <\/g> <g> <\/g> <g> <\/g> <g> <\/g> <g> <\/g> <g> <\/g> <g> <\/g> <g> <\/g> <g> <\/g> <g> <\/g> <g> <\/g> <g> <\/g> <g> <\/g> <g> <\/g> <\/svg><span>30 de Xu\u00f1o de 2023<\/span><\/div><div class=\"gt-location\"><svg xmlns=\"http:\/\/www.w3.org\/2000\/svg\" viewBox=\"0 0 24 24\" fill=\"none\" stroke=\"currentColor\" stroke-width=\"2\" stroke-linecap=\"round\" stroke-linejoin=\"round\"><path d=\"M21 10c0 7-9 13-9 13s-9-6-9-13a9 9 0 0 1 18 0z\"><\/path><circle cx=\"12\" cy=\"10\" r=\"3\"><\/circle><\/svg><ul><li class=\"gt-location-85\">Centro Cultural Torrente Ballester<\/li><\/ul><\/div><\/div><div class=\"gt-text\">Do 12 de maio ao 13 de agosto na Sala \u00c1lvarez de Sotomayor O corpo de obras que formar\u00e1n parte do proxecto M\u00c1IS UNHA VEZ M\u00c1IS te\u00f1en coma punto de partida o movemento modernista da arquitectura ferrol\u00e1. As singulares soluci\u00f3ns...<\/div><\/div><\/div><\/div><div class=\"gt-col\"><div class=\"gt-inner\"><div class=\"gt-event-style-1\" data-event-id=\"4497\"><div class=\"gt-image\"><a href=\"https:\/\/www.ferrolcultura.gal\/index.php\/event\/exposicion-carlos-muinos-disparando-cos-meus-ollos\/\"><img loading=\"lazy\" decoding=\"async\" width=\"480\" height=\"579\" src=\"https:\/\/www.ferrolcultura.gal\/wp-content\/uploads\/2023\/04\/Carlos-muinhos-480x579.jpg\" class=\"attachment-eventchamp-event-list size-eventchamp-event-list wp-post-image\" alt=\"\" \/><\/a><\/div><div class=\"gt-title\"><a href=\"https:\/\/www.ferrolcultura.gal\/index.php\/event\/exposicion-carlos-muinos-disparando-cos-meus-ollos\/\">Exposici\u00f3n &#8220;Carlos Mui\u00f1os: Disparando cos meus ollos&#8221;<\/a><\/div><div class=\"gt-details\"><div class=\"gt-date gt-start-date\"><svg xmlns=\"http:\/\/www.w3.org\/2000\/svg\" viewBox=\"0 0 24 24\" fill=\"none\" stroke=\"currentColor\" stroke-width=\"2\" stroke-linecap=\"round\" stroke-linejoin=\"round\"><rect x=\"3\" y=\"4\" width=\"18\" height=\"18\" rx=\"2\" ry=\"2\"><\/rect><line x1=\"16\" y1=\"2\" x2=\"16\" y2=\"6\"><\/line><line x1=\"8\" y1=\"2\" x2=\"8\" y2=\"6\"><\/line><line x1=\"3\" y1=\"10\" x2=\"21\" y2=\"10\"><\/line><\/svg><span>28 de Abril de 2023<\/span><\/div><div class=\"gt-date gt-end-date\"><svg version=\"1.1\" fill=\"currentColor\" xmlns=\"http:\/\/www.w3.org\/2000\/svg\" xmlns:xlink=\"http:\/\/www.w3.org\/1999\/xlink\" x=\"0px\" y=\"0px\" viewBox=\"0 0 216.374 216.374\" style=\"enable-background:new 0 0 216.374 216.374;\" xml:space=\"preserve\"> <g> <path d=\"M207.374,30.135h-25.438V13.432c0-4.971-4.029-9-9-9s-9,4.029-9,9v16.703H52.438V13.432c0-4.971-4.029-9-9-9s-9,4.029-9,9 v16.703H9c-4.971,0-9,4.029-9,9v163.808c0,4.971,4.029,9,9,9h198.374c4.971,0,9-4.029,9-9V39.135 C216.374,34.164,212.345,30.135,207.374,30.135z M198.374,48.135v19.997H18V48.135H198.374z M18,193.942V86.132h180.374v107.811H18 z\"\/> <path d=\"M145.534,109.813c-3.115-3.873-8.781-4.488-12.653-1.373L108.187,128.3L83.494,108.44 c-3.875-3.115-9.539-2.499-12.653,1.373c-3.115,3.874-2.5,9.539,1.373,12.654l21.613,17.382l-21.613,17.382 c-3.873,3.115-4.488,8.78-1.373,12.654c1.778,2.211,4.387,3.359,7.019,3.359c1.979,0,3.972-0.649,5.634-1.986l24.693-19.859 l24.693,19.859c1.663,1.337,3.655,1.986,5.634,1.986c2.632,0,5.241-1.149,7.019-3.359c3.115-3.874,2.5-9.539-1.373-12.654 l-21.613-17.382l21.613-17.382C148.034,119.353,148.649,113.688,145.534,109.813z\"\/> <\/g> <g> <\/g> <g> <\/g> <g> <\/g> <g> <\/g> <g> <\/g> <g> <\/g> <g> <\/g> <g> <\/g> <g> <\/g> <g> <\/g> <g> <\/g> <g> <\/g> <g> <\/g> <g> <\/g> <g> <\/g> <\/svg><span>11 de Maio de 2023<\/span><\/div><div class=\"gt-location\"><svg xmlns=\"http:\/\/www.w3.org\/2000\/svg\" viewBox=\"0 0 24 24\" fill=\"none\" stroke=\"currentColor\" stroke-width=\"2\" stroke-linecap=\"round\" stroke-linejoin=\"round\"><path d=\"M21 10c0 7-9 13-9 13s-9-6-9-13a9 9 0 0 1 18 0z\"><\/path><circle cx=\"12\" cy=\"10\" r=\"3\"><\/circle><\/svg><ul><li class=\"gt-location-85\">Centro Cultural Torrente Ballester<\/li><\/ul><\/div><\/div><div class=\"gt-text\">Na Sala de Proxectos do Torrente Ballester do 28 de abril ao 11 de xu\u00f1o A fotograf\u00eda de retrato \u00e9 sido o x\u00e9nero fotogr\u00e1fico de referencia de Carlos Mui\u00f1os, a trav\u00e9s do que mostra a s\u00faa necesidade de capturar as...<\/div><\/div><\/div><\/div><div class=\"gt-col\"><div class=\"gt-inner\"><div class=\"gt-event-style-1\" data-event-id=\"4534\"><div class=\"gt-image\"><a href=\"https:\/\/www.ferrolcultura.gal\/index.php\/event\/exposicion-maria-maquieira-albion\/\"><img loading=\"lazy\" decoding=\"async\" width=\"800\" height=\"579\" src=\"https:\/\/www.ferrolcultura.gal\/wp-content\/uploads\/2023\/04\/CARTEL-ALBION_NOTA-DE-PRENSA-800x579.jpg\" class=\"attachment-eventchamp-event-list size-eventchamp-event-list wp-post-image\" alt=\"\" \/><\/a><\/div><div class=\"gt-title\"><a href=\"https:\/\/www.ferrolcultura.gal\/index.php\/event\/exposicion-maria-maquieira-albion\/\">Exposici\u00f3n &#8220;Mar\u00eda Maquieira. Albion&#8221;<\/a><\/div><div class=\"gt-details\"><div class=\"gt-date gt-start-date\"><svg xmlns=\"http:\/\/www.w3.org\/2000\/svg\" viewBox=\"0 0 24 24\" fill=\"none\" stroke=\"currentColor\" stroke-width=\"2\" stroke-linecap=\"round\" stroke-linejoin=\"round\"><rect x=\"3\" y=\"4\" width=\"18\" height=\"18\" rx=\"2\" ry=\"2\"><\/rect><line x1=\"16\" y1=\"2\" x2=\"16\" y2=\"6\"><\/line><line x1=\"8\" y1=\"2\" x2=\"8\" y2=\"6\"><\/line><line x1=\"3\" y1=\"10\" x2=\"21\" y2=\"10\"><\/line><\/svg><span>31 de Marzo de 2023<\/span><\/div><div class=\"gt-date gt-end-date\"><svg version=\"1.1\" fill=\"currentColor\" xmlns=\"http:\/\/www.w3.org\/2000\/svg\" xmlns:xlink=\"http:\/\/www.w3.org\/1999\/xlink\" x=\"0px\" y=\"0px\" viewBox=\"0 0 216.374 216.374\" style=\"enable-background:new 0 0 216.374 216.374;\" xml:space=\"preserve\"> <g> <path d=\"M207.374,30.135h-25.438V13.432c0-4.971-4.029-9-9-9s-9,4.029-9,9v16.703H52.438V13.432c0-4.971-4.029-9-9-9s-9,4.029-9,9 v16.703H9c-4.971,0-9,4.029-9,9v163.808c0,4.971,4.029,9,9,9h198.374c4.971,0,9-4.029,9-9V39.135 C216.374,34.164,212.345,30.135,207.374,30.135z M198.374,48.135v19.997H18V48.135H198.374z M18,193.942V86.132h180.374v107.811H18 z\"\/> <path d=\"M145.534,109.813c-3.115-3.873-8.781-4.488-12.653-1.373L108.187,128.3L83.494,108.44 c-3.875-3.115-9.539-2.499-12.653,1.373c-3.115,3.874-2.5,9.539,1.373,12.654l21.613,17.382l-21.613,17.382 c-3.873,3.115-4.488,8.78-1.373,12.654c1.778,2.211,4.387,3.359,7.019,3.359c1.979,0,3.972-0.649,5.634-1.986l24.693-19.859 l24.693,19.859c1.663,1.337,3.655,1.986,5.634,1.986c2.632,0,5.241-1.149,7.019-3.359c3.115-3.874,2.5-9.539-1.373-12.654 l-21.613-17.382l21.613-17.382C148.034,119.353,148.649,113.688,145.534,109.813z\"\/> <\/g> <g> <\/g> <g> <\/g> <g> <\/g> <g> <\/g> <g> <\/g> <g> <\/g> <g> <\/g> <g> <\/g> <g> <\/g> <g> <\/g> <g> <\/g> <g> <\/g> <g> <\/g> <g> <\/g> <g> <\/g> <\/svg><span>14 de Maio de 2023<\/span><\/div><div class=\"gt-location\"><svg xmlns=\"http:\/\/www.w3.org\/2000\/svg\" viewBox=\"0 0 24 24\" fill=\"none\" stroke=\"currentColor\" stroke-width=\"2\" stroke-linecap=\"round\" stroke-linejoin=\"round\"><path d=\"M21 10c0 7-9 13-9 13s-9-6-9-13a9 9 0 0 1 18 0z\"><\/path><circle cx=\"12\" cy=\"10\" r=\"3\"><\/circle><\/svg><ul><li class=\"gt-location-85\">Centro Cultural Torrente Ballester<\/li><\/ul><\/div><\/div><div class=\"gt-text\">Na Sala Bello Pi\u00f1eiro do 31 de marzo ao 14 de maio Mar\u00eda Maquieira (A Coru\u00f1a, 1985) \u00e9 unha artista de formaci\u00f3n multidisciplinar que utiliza diversas t\u00e9cnicas e linguaxes como a colaxe, o debuxo, a pintura, a filosof\u00eda, a escritura...<\/div><\/div><\/div><\/div><div class=\"gt-col\"><div class=\"gt-inner\"><div class=\"gt-event-style-1\" data-event-id=\"4536\"><div class=\"gt-title\"><a href=\"https:\/\/www.ferrolcultura.gal\/index.php\/event\/exposicion-alexandre-de-caranza\/\">Exposici\u00f3n &#8220;Alexandre de Caranza&#8221;<\/a><\/div><div class=\"gt-details\"><div class=\"gt-date gt-start-date\"><svg xmlns=\"http:\/\/www.w3.org\/2000\/svg\" viewBox=\"0 0 24 24\" fill=\"none\" stroke=\"currentColor\" stroke-width=\"2\" stroke-linecap=\"round\" stroke-linejoin=\"round\"><rect x=\"3\" y=\"4\" width=\"18\" height=\"18\" rx=\"2\" ry=\"2\"><\/rect><line x1=\"16\" y1=\"2\" x2=\"16\" y2=\"6\"><\/line><line x1=\"8\" y1=\"2\" x2=\"8\" y2=\"6\"><\/line><line x1=\"3\" y1=\"10\" x2=\"21\" y2=\"10\"><\/line><\/svg><span>26 de Maio de 2023<\/span><\/div><div class=\"gt-date gt-end-date\"><svg version=\"1.1\" fill=\"currentColor\" xmlns=\"http:\/\/www.w3.org\/2000\/svg\" xmlns:xlink=\"http:\/\/www.w3.org\/1999\/xlink\" x=\"0px\" y=\"0px\" viewBox=\"0 0 216.374 216.374\" style=\"enable-background:new 0 0 216.374 216.374;\" xml:space=\"preserve\"> <g> <path d=\"M207.374,30.135h-25.438V13.432c0-4.971-4.029-9-9-9s-9,4.029-9,9v16.703H52.438V13.432c0-4.971-4.029-9-9-9s-9,4.029-9,9 v16.703H9c-4.971,0-9,4.029-9,9v163.808c0,4.971,4.029,9,9,9h198.374c4.971,0,9-4.029,9-9V39.135 C216.374,34.164,212.345,30.135,207.374,30.135z M198.374,48.135v19.997H18V48.135H198.374z M18,193.942V86.132h180.374v107.811H18 z\"\/> <path d=\"M145.534,109.813c-3.115-3.873-8.781-4.488-12.653-1.373L108.187,128.3L83.494,108.44 c-3.875-3.115-9.539-2.499-12.653,1.373c-3.115,3.874-2.5,9.539,1.373,12.654l21.613,17.382l-21.613,17.382 c-3.873,3.115-4.488,8.78-1.373,12.654c1.778,2.211,4.387,3.359,7.019,3.359c1.979,0,3.972-0.649,5.634-1.986l24.693-19.859 l24.693,19.859c1.663,1.337,3.655,1.986,5.634,1.986c2.632,0,5.241-1.149,7.019-3.359c3.115-3.874,2.5-9.539-1.373-12.654 l-21.613-17.382l21.613-17.382C148.034,119.353,148.649,113.688,145.534,109.813z\"\/> <\/g> <g> <\/g> <g> <\/g> <g> <\/g> <g> <\/g> <g> <\/g> <g> <\/g> <g> <\/g> <g> <\/g> <g> <\/g> <g> <\/g> <g> <\/g> <g> <\/g> <g> <\/g> <g> <\/g> <g> <\/g> <\/svg><span>2 de Xullo de 2023<\/span><\/div><div class=\"gt-location\"><svg xmlns=\"http:\/\/www.w3.org\/2000\/svg\" viewBox=\"0 0 24 24\" fill=\"none\" stroke=\"currentColor\" stroke-width=\"2\" stroke-linecap=\"round\" stroke-linejoin=\"round\"><path d=\"M21 10c0 7-9 13-9 13s-9-6-9-13a9 9 0 0 1 18 0z\"><\/path><circle cx=\"12\" cy=\"10\" r=\"3\"><\/circle><\/svg><ul><li class=\"gt-location-85\">Centro Cultural Torrente Ballester<\/li><\/ul><\/div><\/div><div class=\"gt-text\">Na Sala Bello Pi\u00f1eiro do 26 de maio ao 2 de xullo<\/div><\/div><\/div><\/div><div class=\"gt-col\"><div class=\"gt-inner\"><div class=\"gt-event-style-1\" data-event-id=\"4538\"><div class=\"gt-title\"><a href=\"https:\/\/www.ferrolcultura.gal\/index.php\/event\/simon-lund-demasiado-preto-do-23-de-xuno-ao-6-de-agosto\/\">Exposici\u00f3n &#8220;Simon Lund: Demasiado preto&#8221;<\/a><\/div><div class=\"gt-details\"><div class=\"gt-date gt-start-date\"><svg xmlns=\"http:\/\/www.w3.org\/2000\/svg\" viewBox=\"0 0 24 24\" fill=\"none\" stroke=\"currentColor\" stroke-width=\"2\" stroke-linecap=\"round\" stroke-linejoin=\"round\"><rect x=\"3\" y=\"4\" width=\"18\" height=\"18\" rx=\"2\" ry=\"2\"><\/rect><line x1=\"16\" y1=\"2\" x2=\"16\" y2=\"6\"><\/line><line x1=\"8\" y1=\"2\" x2=\"8\" y2=\"6\"><\/line><line x1=\"3\" y1=\"10\" x2=\"21\" y2=\"10\"><\/line><\/svg><span>23 de Xu\u00f1o de 2023<\/span><\/div><div class=\"gt-date gt-end-date\"><svg version=\"1.1\" fill=\"currentColor\" xmlns=\"http:\/\/www.w3.org\/2000\/svg\" xmlns:xlink=\"http:\/\/www.w3.org\/1999\/xlink\" x=\"0px\" y=\"0px\" viewBox=\"0 0 216.374 216.374\" style=\"enable-background:new 0 0 216.374 216.374;\" xml:space=\"preserve\"> <g> <path d=\"M207.374,30.135h-25.438V13.432c0-4.971-4.029-9-9-9s-9,4.029-9,9v16.703H52.438V13.432c0-4.971-4.029-9-9-9s-9,4.029-9,9 v16.703H9c-4.971,0-9,4.029-9,9v163.808c0,4.971,4.029,9,9,9h198.374c4.971,0,9-4.029,9-9V39.135 C216.374,34.164,212.345,30.135,207.374,30.135z M198.374,48.135v19.997H18V48.135H198.374z M18,193.942V86.132h180.374v107.811H18 z\"\/> <path d=\"M145.534,109.813c-3.115-3.873-8.781-4.488-12.653-1.373L108.187,128.3L83.494,108.44 c-3.875-3.115-9.539-2.499-12.653,1.373c-3.115,3.874-2.5,9.539,1.373,12.654l21.613,17.382l-21.613,17.382 c-3.873,3.115-4.488,8.78-1.373,12.654c1.778,2.211,4.387,3.359,7.019,3.359c1.979,0,3.972-0.649,5.634-1.986l24.693-19.859 l24.693,19.859c1.663,1.337,3.655,1.986,5.634,1.986c2.632,0,5.241-1.149,7.019-3.359c3.115-3.874,2.5-9.539-1.373-12.654 l-21.613-17.382l21.613-17.382C148.034,119.353,148.649,113.688,145.534,109.813z\"\/> <\/g> <g> <\/g> <g> <\/g> <g> <\/g> <g> <\/g> <g> <\/g> <g> <\/g> <g> <\/g> <g> <\/g> <g> <\/g> <g> <\/g> <g> <\/g> <g> <\/g> <g> <\/g> <g> <\/g> <g> <\/g> <\/svg><span>6 de Agosto de 2023<\/span><\/div><div class=\"gt-location\"><svg xmlns=\"http:\/\/www.w3.org\/2000\/svg\" viewBox=\"0 0 24 24\" fill=\"none\" stroke=\"currentColor\" stroke-width=\"2\" stroke-linecap=\"round\" stroke-linejoin=\"round\"><path d=\"M21 10c0 7-9 13-9 13s-9-6-9-13a9 9 0 0 1 18 0z\"><\/path><circle cx=\"12\" cy=\"10\" r=\"3\"><\/circle><\/svg><ul><li class=\"gt-location-85\">Centro Cultural Torrente Ballester<\/li><\/ul><\/div><\/div><div class=\"gt-text\">Na Sala de Proxectos do 23 de xu\u00f1o ao 6 de agosto<\/div><\/div><\/div><\/div><div class=\"gt-col\"><div class=\"gt-inner\"><div class=\"gt-event-style-1\" data-event-id=\"4541\"><div class=\"gt-title\"><a href=\"https:\/\/www.ferrolcultura.gal\/index.php\/event\/exposicion-luis-de-vega-ucraina-a-guerra-dos-civis\/\">Exposici\u00f3n &#8220;Lu\u00eds de Vega: Ucra\u00edna. A guerra dos civ\u00eds&#8221;<\/a><\/div><div class=\"gt-details\"><div class=\"gt-date gt-start-date\"><svg xmlns=\"http:\/\/www.w3.org\/2000\/svg\" viewBox=\"0 0 24 24\" fill=\"none\" stroke=\"currentColor\" stroke-width=\"2\" stroke-linecap=\"round\" stroke-linejoin=\"round\"><rect x=\"3\" y=\"4\" width=\"18\" height=\"18\" rx=\"2\" ry=\"2\"><\/rect><line x1=\"16\" y1=\"2\" x2=\"16\" y2=\"6\"><\/line><line x1=\"8\" y1=\"2\" x2=\"8\" y2=\"6\"><\/line><line x1=\"3\" y1=\"10\" x2=\"21\" y2=\"10\"><\/line><\/svg><span>22 de Marzo de 2023<\/span><\/div><div class=\"gt-date gt-end-date\"><svg version=\"1.1\" fill=\"currentColor\" xmlns=\"http:\/\/www.w3.org\/2000\/svg\" xmlns:xlink=\"http:\/\/www.w3.org\/1999\/xlink\" x=\"0px\" y=\"0px\" viewBox=\"0 0 216.374 216.374\" style=\"enable-background:new 0 0 216.374 216.374;\" xml:space=\"preserve\"> <g> <path d=\"M207.374,30.135h-25.438V13.432c0-4.971-4.029-9-9-9s-9,4.029-9,9v16.703H52.438V13.432c0-4.971-4.029-9-9-9s-9,4.029-9,9 v16.703H9c-4.971,0-9,4.029-9,9v163.808c0,4.971,4.029,9,9,9h198.374c4.971,0,9-4.029,9-9V39.135 C216.374,34.164,212.345,30.135,207.374,30.135z M198.374,48.135v19.997H18V48.135H198.374z M18,193.942V86.132h180.374v107.811H18 z\"\/> <path d=\"M145.534,109.813c-3.115-3.873-8.781-4.488-12.653-1.373L108.187,128.3L83.494,108.44 c-3.875-3.115-9.539-2.499-12.653,1.373c-3.115,3.874-2.5,9.539,1.373,12.654l21.613,17.382l-21.613,17.382 c-3.873,3.115-4.488,8.78-1.373,12.654c1.778,2.211,4.387,3.359,7.019,3.359c1.979,0,3.972-0.649,5.634-1.986l24.693-19.859 l24.693,19.859c1.663,1.337,3.655,1.986,5.634,1.986c2.632,0,5.241-1.149,7.019-3.359c3.115-3.874,2.5-9.539-1.373-12.654 l-21.613-17.382l21.613-17.382C148.034,119.353,148.649,113.688,145.534,109.813z\"\/> <\/g> <g> <\/g> <g> <\/g> <g> <\/g> <g> <\/g> <g> <\/g> <g> <\/g> <g> <\/g> <g> <\/g> <g> <\/g> <g> <\/g> <g> <\/g> <g> <\/g> <g> <\/g> <g> <\/g> <g> <\/g> <\/svg><span>23 de Abril de 2023<\/span><\/div><div class=\"gt-location\"><svg xmlns=\"http:\/\/www.w3.org\/2000\/svg\" viewBox=\"0 0 24 24\" fill=\"none\" stroke=\"currentColor\" stroke-width=\"2\" stroke-linecap=\"round\" stroke-linejoin=\"round\"><path d=\"M21 10c0 7-9 13-9 13s-9-6-9-13a9 9 0 0 1 18 0z\"><\/path><circle cx=\"12\" cy=\"10\" r=\"3\"><\/circle><\/svg><ul><li class=\"gt-location-85\">Centro Cultural Torrente Ballester<\/li><\/ul><\/div><\/div><div class=\"gt-text\">Na Sala Julia Minguill\u00f3n do 22 de marzo ao 23 de abril<\/div><\/div><\/div><\/div><div class=\"gt-col\"><div class=\"gt-inner\"><div class=\"gt-event-style-1\" data-event-id=\"4968\"><div class=\"gt-image\"><a href=\"https:\/\/www.ferrolcultura.gal\/index.php\/event\/exposicion-loureiro-entorno-ao-real\/\"><img loading=\"lazy\" decoding=\"async\" width=\"900\" height=\"579\" src=\"https:\/\/www.ferrolcultura.gal\/wp-content\/uploads\/2023\/07\/03_Loureiro_Entorno-ao-real-1-900x579.jpg\" class=\"attachment-eventchamp-event-list size-eventchamp-event-list wp-post-image\" alt=\"\" srcset=\"https:\/\/www.ferrolcultura.gal\/wp-content\/uploads\/2023\/07\/03_Loureiro_Entorno-ao-real-1-900x579.jpg 900w, https:\/\/www.ferrolcultura.gal\/wp-content\/uploads\/2023\/07\/03_Loureiro_Entorno-ao-real-1-870x560.jpg 870w\" sizes=\"auto, (max-width: 900px) 100vw, 900px\" \/><\/a><\/div><div class=\"gt-title\"><a href=\"https:\/\/www.ferrolcultura.gal\/index.php\/event\/exposicion-loureiro-entorno-ao-real\/\">Exposici\u00f3n &#8220;LOUREIRO. Entorno ao real&#8221;<\/a><\/div><div class=\"gt-details\"><div class=\"gt-date gt-start-date\"><svg xmlns=\"http:\/\/www.w3.org\/2000\/svg\" viewBox=\"0 0 24 24\" fill=\"none\" stroke=\"currentColor\" stroke-width=\"2\" stroke-linecap=\"round\" stroke-linejoin=\"round\"><rect x=\"3\" y=\"4\" width=\"18\" height=\"18\" rx=\"2\" ry=\"2\"><\/rect><line x1=\"16\" y1=\"2\" x2=\"16\" y2=\"6\"><\/line><line x1=\"8\" y1=\"2\" x2=\"8\" y2=\"6\"><\/line><line x1=\"3\" y1=\"10\" x2=\"21\" y2=\"10\"><\/line><\/svg><span>31 de Xaneiro de 2023<\/span><\/div><div class=\"gt-date gt-end-date\"><svg version=\"1.1\" fill=\"currentColor\" xmlns=\"http:\/\/www.w3.org\/2000\/svg\" xmlns:xlink=\"http:\/\/www.w3.org\/1999\/xlink\" x=\"0px\" y=\"0px\" viewBox=\"0 0 216.374 216.374\" style=\"enable-background:new 0 0 216.374 216.374;\" xml:space=\"preserve\"> <g> <path d=\"M207.374,30.135h-25.438V13.432c0-4.971-4.029-9-9-9s-9,4.029-9,9v16.703H52.438V13.432c0-4.971-4.029-9-9-9s-9,4.029-9,9 v16.703H9c-4.971,0-9,4.029-9,9v163.808c0,4.971,4.029,9,9,9h198.374c4.971,0,9-4.029,9-9V39.135 C216.374,34.164,212.345,30.135,207.374,30.135z M198.374,48.135v19.997H18V48.135H198.374z M18,193.942V86.132h180.374v107.811H18 z\"\/> <path d=\"M145.534,109.813c-3.115-3.873-8.781-4.488-12.653-1.373L108.187,128.3L83.494,108.44 c-3.875-3.115-9.539-2.499-12.653,1.373c-3.115,3.874-2.5,9.539,1.373,12.654l21.613,17.382l-21.613,17.382 c-3.873,3.115-4.488,8.78-1.373,12.654c1.778,2.211,4.387,3.359,7.019,3.359c1.979,0,3.972-0.649,5.634-1.986l24.693-19.859 l24.693,19.859c1.663,1.337,3.655,1.986,5.634,1.986c2.632,0,5.241-1.149,7.019-3.359c3.115-3.874,2.5-9.539-1.373-12.654 l-21.613-17.382l21.613-17.382C148.034,119.353,148.649,113.688,145.534,109.813z\"\/> <\/g> <g> <\/g> <g> <\/g> <g> <\/g> <g> <\/g> <g> <\/g> <g> <\/g> <g> <\/g> <g> <\/g> <g> <\/g> <g> <\/g> <g> <\/g> <g> <\/g> <g> <\/g> <g> <\/g> <g> <\/g> <\/svg><span>16 de Abril de 2023<\/span><\/div><div class=\"gt-location\"><svg xmlns=\"http:\/\/www.w3.org\/2000\/svg\" viewBox=\"0 0 24 24\" fill=\"none\" stroke=\"currentColor\" stroke-width=\"2\" stroke-linecap=\"round\" stroke-linejoin=\"round\"><path d=\"M21 10c0 7-9 13-9 13s-9-6-9-13a9 9 0 0 1 18 0z\"><\/path><circle cx=\"12\" cy=\"10\" r=\"3\"><\/circle><\/svg><ul><li class=\"gt-location-85\">Centro Cultural Torrente Ballester<\/li><\/ul><\/div><\/div><div class=\"gt-text\">Sala \u00c1lvarez de Sotomayor\/Sala de Proxectos. Centro Torrente Ballester 31 de xaneiro a 16 de abril de 2023 A exposici\u00f3n proposta, Da realidade \u00e1 abstracci\u00f3n, aborda a \u00faltima decada de traballo do artista e contar\u00e1 con m\u00e1is de 400 obras...<\/div><\/div><\/div><\/div><div class=\"gt-col\"><div class=\"gt-inner\"><div class=\"gt-event-style-1\" data-event-id=\"5167\"><div class=\"gt-title\"><a href=\"https:\/\/www.ferrolcultura.gal\/index.php\/event\/el-hospital-de-caridad-a-traves-de-sus-benefactores-y-patronos\/\">El hospital de caridad a trav\u00e9s de sus benefactores y patronos<\/a><\/div><div class=\"gt-details\"><div class=\"gt-date gt-start-date\"><svg xmlns=\"http:\/\/www.w3.org\/2000\/svg\" viewBox=\"0 0 24 24\" fill=\"none\" stroke=\"currentColor\" stroke-width=\"2\" stroke-linecap=\"round\" stroke-linejoin=\"round\"><rect x=\"3\" y=\"4\" width=\"18\" height=\"18\" rx=\"2\" ry=\"2\"><\/rect><line x1=\"16\" y1=\"2\" x2=\"16\" y2=\"6\"><\/line><line x1=\"8\" y1=\"2\" x2=\"8\" y2=\"6\"><\/line><line x1=\"3\" y1=\"10\" x2=\"21\" y2=\"10\"><\/line><\/svg><span>17 de Setembro de 2023<\/span><\/div><div class=\"gt-date gt-end-date\"><svg version=\"1.1\" fill=\"currentColor\" xmlns=\"http:\/\/www.w3.org\/2000\/svg\" xmlns:xlink=\"http:\/\/www.w3.org\/1999\/xlink\" x=\"0px\" y=\"0px\" viewBox=\"0 0 216.374 216.374\" style=\"enable-background:new 0 0 216.374 216.374;\" xml:space=\"preserve\"> <g> <path d=\"M207.374,30.135h-25.438V13.432c0-4.971-4.029-9-9-9s-9,4.029-9,9v16.703H52.438V13.432c0-4.971-4.029-9-9-9s-9,4.029-9,9 v16.703H9c-4.971,0-9,4.029-9,9v163.808c0,4.971,4.029,9,9,9h198.374c4.971,0,9-4.029,9-9V39.135 C216.374,34.164,212.345,30.135,207.374,30.135z M198.374,48.135v19.997H18V48.135H198.374z M18,193.942V86.132h180.374v107.811H18 z\"\/> <path d=\"M145.534,109.813c-3.115-3.873-8.781-4.488-12.653-1.373L108.187,128.3L83.494,108.44 c-3.875-3.115-9.539-2.499-12.653,1.373c-3.115,3.874-2.5,9.539,1.373,12.654l21.613,17.382l-21.613,17.382 c-3.873,3.115-4.488,8.78-1.373,12.654c1.778,2.211,4.387,3.359,7.019,3.359c1.979,0,3.972-0.649,5.634-1.986l24.693-19.859 l24.693,19.859c1.663,1.337,3.655,1.986,5.634,1.986c2.632,0,5.241-1.149,7.019-3.359c3.115-3.874,2.5-9.539-1.373-12.654 l-21.613-17.382l21.613-17.382C148.034,119.353,148.649,113.688,145.534,109.813z\"\/> <\/g> <g> <\/g> <g> <\/g> <g> <\/g> <g> <\/g> <g> <\/g> <g> <\/g> <g> <\/g> <g> <\/g> <g> <\/g> <g> <\/g> <g> <\/g> <g> <\/g> <g> <\/g> <g> <\/g> <g> <\/g> <\/svg><span>24 de Setembro de 2023<\/span><\/div><div class=\"gt-location\"><svg xmlns=\"http:\/\/www.w3.org\/2000\/svg\" viewBox=\"0 0 24 24\" fill=\"none\" stroke=\"currentColor\" stroke-width=\"2\" stroke-linecap=\"round\" stroke-linejoin=\"round\"><path d=\"M21 10c0 7-9 13-9 13s-9-6-9-13a9 9 0 0 1 18 0z\"><\/path><circle cx=\"12\" cy=\"10\" r=\"3\"><\/circle><\/svg><ul><li class=\"gt-location-85\">Centro Cultural Torrente Ballester<\/li><\/ul><\/div><\/div><div class=\"gt-text\">Ata o 24 de setembro na Sala Bello Pi\u00f1eiro<\/div><\/div><\/div><\/div><div class=\"gt-col\"><div class=\"gt-inner\"><div class=\"gt-event-style-1\" data-event-id=\"5169\"><div class=\"gt-title\"><a href=\"https:\/\/www.ferrolcultura.gal\/index.php\/event\/o-salon-da-muller-na-pintura-sociedad-artistica-ferrolana\/\">O sal\u00f3n da muller na pintura (Sociedad Art\u00edstica Ferrolana)<\/a><\/div><div class=\"gt-details\"><div class=\"gt-date gt-start-date\"><svg xmlns=\"http:\/\/www.w3.org\/2000\/svg\" viewBox=\"0 0 24 24\" fill=\"none\" stroke=\"currentColor\" stroke-width=\"2\" stroke-linecap=\"round\" stroke-linejoin=\"round\"><rect x=\"3\" y=\"4\" width=\"18\" height=\"18\" rx=\"2\" ry=\"2\"><\/rect><line x1=\"16\" y1=\"2\" x2=\"16\" y2=\"6\"><\/line><line x1=\"8\" y1=\"2\" x2=\"8\" y2=\"6\"><\/line><line x1=\"3\" y1=\"10\" x2=\"21\" y2=\"10\"><\/line><\/svg><span>6 de Outubro de 2023<\/span><\/div><div class=\"gt-date gt-end-date\"><svg version=\"1.1\" fill=\"currentColor\" xmlns=\"http:\/\/www.w3.org\/2000\/svg\" xmlns:xlink=\"http:\/\/www.w3.org\/1999\/xlink\" x=\"0px\" y=\"0px\" viewBox=\"0 0 216.374 216.374\" style=\"enable-background:new 0 0 216.374 216.374;\" xml:space=\"preserve\"> <g> <path d=\"M207.374,30.135h-25.438V13.432c0-4.971-4.029-9-9-9s-9,4.029-9,9v16.703H52.438V13.432c0-4.971-4.029-9-9-9s-9,4.029-9,9 v16.703H9c-4.971,0-9,4.029-9,9v163.808c0,4.971,4.029,9,9,9h198.374c4.971,0,9-4.029,9-9V39.135 C216.374,34.164,212.345,30.135,207.374,30.135z M198.374,48.135v19.997H18V48.135H198.374z M18,193.942V86.132h180.374v107.811H18 z\"\/> <path d=\"M145.534,109.813c-3.115-3.873-8.781-4.488-12.653-1.373L108.187,128.3L83.494,108.44 c-3.875-3.115-9.539-2.499-12.653,1.373c-3.115,3.874-2.5,9.539,1.373,12.654l21.613,17.382l-21.613,17.382 c-3.873,3.115-4.488,8.78-1.373,12.654c1.778,2.211,4.387,3.359,7.019,3.359c1.979,0,3.972-0.649,5.634-1.986l24.693-19.859 l24.693,19.859c1.663,1.337,3.655,1.986,5.634,1.986c2.632,0,5.241-1.149,7.019-3.359c3.115-3.874,2.5-9.539-1.373-12.654 l-21.613-17.382l21.613-17.382C148.034,119.353,148.649,113.688,145.534,109.813z\"\/> <\/g> <g> <\/g> <g> <\/g> <g> <\/g> <g> <\/g> <g> <\/g> <g> <\/g> <g> <\/g> <g> <\/g> <g> <\/g> <g> <\/g> <g> <\/g> <g> <\/g> <g> <\/g> <g> <\/g> <g> <\/g> <\/svg><span>12 de Novembro de 2023<\/span><\/div><div class=\"gt-location\"><svg xmlns=\"http:\/\/www.w3.org\/2000\/svg\" viewBox=\"0 0 24 24\" fill=\"none\" stroke=\"currentColor\" stroke-width=\"2\" stroke-linecap=\"round\" stroke-linejoin=\"round\"><path d=\"M21 10c0 7-9 13-9 13s-9-6-9-13a9 9 0 0 1 18 0z\"><\/path><circle cx=\"12\" cy=\"10\" r=\"3\"><\/circle><\/svg><ul><li class=\"gt-location-85\">Centro Cultural Torrente Ballester<\/li><\/ul><\/div><\/div><div class=\"gt-text\">Do 6 de outubro ao 12 de novembro na Sala Bello Pi\u00f1eiro<\/div><\/div><\/div><\/div><div class=\"gt-col\"><div class=\"gt-inner\"><div class=\"gt-event-style-1\" data-event-id=\"5171\"><div class=\"gt-title\"><a href=\"https:\/\/www.ferrolcultura.gal\/index.php\/event\/jesus-balado-paz-in-memoriam\/\">Jesus Balado Paz. In memoriam<\/a><\/div><div class=\"gt-details\"><div class=\"gt-date gt-start-date\"><svg xmlns=\"http:\/\/www.w3.org\/2000\/svg\" viewBox=\"0 0 24 24\" fill=\"none\" stroke=\"currentColor\" stroke-width=\"2\" stroke-linecap=\"round\" stroke-linejoin=\"round\"><rect x=\"3\" y=\"4\" width=\"18\" height=\"18\" rx=\"2\" ry=\"2\"><\/rect><line x1=\"16\" y1=\"2\" x2=\"16\" y2=\"6\"><\/line><line x1=\"8\" y1=\"2\" x2=\"8\" y2=\"6\"><\/line><line x1=\"3\" y1=\"10\" x2=\"21\" y2=\"10\"><\/line><\/svg><span>24 de Novembro de 2023<\/span><\/div><div class=\"gt-date gt-end-date\"><svg version=\"1.1\" fill=\"currentColor\" xmlns=\"http:\/\/www.w3.org\/2000\/svg\" xmlns:xlink=\"http:\/\/www.w3.org\/1999\/xlink\" x=\"0px\" y=\"0px\" viewBox=\"0 0 216.374 216.374\" style=\"enable-background:new 0 0 216.374 216.374;\" xml:space=\"preserve\"> <g> <path d=\"M207.374,30.135h-25.438V13.432c0-4.971-4.029-9-9-9s-9,4.029-9,9v16.703H52.438V13.432c0-4.971-4.029-9-9-9s-9,4.029-9,9 v16.703H9c-4.971,0-9,4.029-9,9v163.808c0,4.971,4.029,9,9,9h198.374c4.971,0,9-4.029,9-9V39.135 C216.374,34.164,212.345,30.135,207.374,30.135z M198.374,48.135v19.997H18V48.135H198.374z M18,193.942V86.132h180.374v107.811H18 z\"\/> <path d=\"M145.534,109.813c-3.115-3.873-8.781-4.488-12.653-1.373L108.187,128.3L83.494,108.44 c-3.875-3.115-9.539-2.499-12.653,1.373c-3.115,3.874-2.5,9.539,1.373,12.654l21.613,17.382l-21.613,17.382 c-3.873,3.115-4.488,8.78-1.373,12.654c1.778,2.211,4.387,3.359,7.019,3.359c1.979,0,3.972-0.649,5.634-1.986l24.693-19.859 l24.693,19.859c1.663,1.337,3.655,1.986,5.634,1.986c2.632,0,5.241-1.149,7.019-3.359c3.115-3.874,2.5-9.539-1.373-12.654 l-21.613-17.382l21.613-17.382C148.034,119.353,148.649,113.688,145.534,109.813z\"\/> <\/g> <g> <\/g> <g> <\/g> <g> <\/g> <g> <\/g> <g> <\/g> <g> <\/g> <g> <\/g> <g> <\/g> <g> <\/g> <g> <\/g> <g> <\/g> <g> <\/g> <g> <\/g> <g> <\/g> <g> <\/g> <\/svg><span>31 de Decembro de 2023<\/span><\/div><div class=\"gt-location\"><svg xmlns=\"http:\/\/www.w3.org\/2000\/svg\" viewBox=\"0 0 24 24\" fill=\"none\" stroke=\"currentColor\" stroke-width=\"2\" stroke-linecap=\"round\" stroke-linejoin=\"round\"><path d=\"M21 10c0 7-9 13-9 13s-9-6-9-13a9 9 0 0 1 18 0z\"><\/path><circle cx=\"12\" cy=\"10\" r=\"3\"><\/circle><\/svg><ul><li class=\"gt-location-85\">Centro Cultural Torrente Ballester<\/li><\/ul><\/div><\/div><div class=\"gt-text\">Do 24 de novembro ao 31 de decembro na Sala Bello Pi\u00f1eiro<\/div><\/div><\/div><\/div><\/div><\/div><\/div><\/div>[\/vc_column][\/vc_row]<\/p>\n","protected":false},"excerpt":{"rendered":"<p>[vc_row][vc_column][\/vc_column][\/vc_row]<\/p>\n","protected":false},"author":7,"featured_media":0,"parent":4130,"menu_order":0,"comment_status":"closed","ping_status":"closed","template":"","meta":{"_monsterinsights_skip_tracking":false,"_monsterinsights_sitenote_active":false,"_monsterinsights_sitenote_note":"","_monsterinsights_sitenote_category":0,"footnotes":""},"class_list":["post-4746","page","type-page","status-publish","hentry"],"yoast_head":"<!-- This site is optimized with the Yoast SEO plugin v27.0 - https:\/\/yoast.com\/product\/yoast-seo-wordpress\/ -->\r\n<title>Exposiciones anteriores - Ferrol Cultura<\/title>\r\n<meta name=\"robots\" content=\"index, follow, max-snippet:-1, max-image-preview:large, max-video-preview:-1\" \/>\r\n<link rel=\"canonical\" href=\"https:\/\/www.ferrolcultura.gal\/index.php\/centros-culturales\/torrent-ballester\/exposiciones-anteriores\/\" \/>\r\n<meta property=\"og:locale\" content=\"gl_ES\" \/>\r\n<meta property=\"og:type\" content=\"article\" \/>\r\n<meta property=\"og:title\" content=\"Exposiciones anteriores - Ferrol Cultura\" \/>\r\n<meta property=\"og:description\" content=\"[vc_row][vc_column][\/vc_column][\/vc_row]\" \/>\r\n<meta property=\"og:url\" content=\"https:\/\/www.ferrolcultura.gal\/index.php\/centros-culturales\/torrent-ballester\/exposiciones-anteriores\/?lang=es\" \/>\r\n<meta property=\"og:site_name\" content=\"Ferrol Cultura\" \/>\r\n<meta property=\"article:publisher\" content=\"https:\/\/www.facebook.com\/ConcellodeFerrol\" \/>\r\n<meta property=\"article:modified_time\" content=\"2024-04-30T12:18:59+00:00\" \/>\r\n<meta name=\"twitter:card\" content=\"summary_large_image\" \/>\r\n<meta name=\"twitter:site\" content=\"@ferroloficial\" \/>\r\n<script type=\"application\/ld+json\" class=\"yoast-schema-graph\">{\"@context\":\"https:\/\/schema.org\",\"@graph\":[{\"@type\":\"WebPage\",\"@id\":\"https:\/\/www.ferrolcultura.gal\/index.php\/centros-culturales\/torrent-ballester\/exposiciones-anteriores\/?lang=es\",\"url\":\"https:\/\/www.ferrolcultura.gal\/index.php\/centros-culturales\/torrent-ballester\/exposiciones-anteriores\/?lang=es\",\"name\":\"Exposiciones anteriores - Ferrol Cultura\",\"isPartOf\":{\"@id\":\"https:\/\/www.ferrolcultura.gal\/#website\"},\"datePublished\":\"2023-04-28T08:18:53+00:00\",\"dateModified\":\"2024-04-30T12:18:59+00:00\",\"breadcrumb\":{\"@id\":\"https:\/\/www.ferrolcultura.gal\/index.php\/centros-culturales\/torrent-ballester\/exposiciones-anteriores\/?lang=es#breadcrumb\"},\"inLanguage\":\"gl-ES\",\"potentialAction\":[{\"@type\":\"ReadAction\",\"target\":[\"https:\/\/www.ferrolcultura.gal\/index.php\/centros-culturales\/torrent-ballester\/exposiciones-anteriores\/?lang=es\"]}]},{\"@type\":\"BreadcrumbList\",\"@id\":\"https:\/\/www.ferrolcultura.gal\/index.php\/centros-culturales\/torrent-ballester\/exposiciones-anteriores\/?lang=es#breadcrumb\",\"itemListElement\":[{\"@type\":\"ListItem\",\"position\":1,\"name\":\"Portada\",\"item\":\"https:\/\/www.ferrolcultura.gal\/\"},{\"@type\":\"ListItem\",\"position\":2,\"name\":\"Centros culturales\",\"item\":\"https:\/\/www.ferrolcultura.gal\/index.php\/centros-culturales\/\"},{\"@type\":\"ListItem\",\"position\":3,\"name\":\"Centro Cultural Torrente Ballester\",\"item\":\"https:\/\/www.ferrolcultura.gal\/index.php\/centros-culturales\/torrent-ballester\/\"},{\"@type\":\"ListItem\",\"position\":4,\"name\":\"Exposiciones anteriores\"}]},{\"@type\":\"WebSite\",\"@id\":\"https:\/\/www.ferrolcultura.gal\/#website\",\"url\":\"https:\/\/www.ferrolcultura.gal\/\",\"name\":\"Ferrol Cultura\",\"description\":\"P\u00e1xina de Cultura do Concello de Ferrol\",\"publisher\":{\"@id\":\"https:\/\/www.ferrolcultura.gal\/#organization\"},\"potentialAction\":[{\"@type\":\"SearchAction\",\"target\":{\"@type\":\"EntryPoint\",\"urlTemplate\":\"https:\/\/www.ferrolcultura.gal\/?s={search_term_string}\"},\"query-input\":{\"@type\":\"PropertyValueSpecification\",\"valueRequired\":true,\"valueName\":\"search_term_string\"}}],\"inLanguage\":\"gl-ES\"},{\"@type\":\"Organization\",\"@id\":\"https:\/\/www.ferrolcultura.gal\/#organization\",\"name\":\"Concello de Ferrol\",\"url\":\"https:\/\/www.ferrolcultura.gal\/\",\"logo\":{\"@type\":\"ImageObject\",\"inLanguage\":\"gl-ES\",\"@id\":\"https:\/\/www.ferrolcultura.gal\/#\/schema\/logo\/image\/\",\"url\":\"http:\/\/www.ferrolcultura.gal\/wp-content\/uploads\/2023\/03\/Concello-de-Ferrol-Cultura.png\",\"contentUrl\":\"http:\/\/www.ferrolcultura.gal\/wp-content\/uploads\/2023\/03\/Concello-de-Ferrol-Cultura.png\",\"width\":3033,\"height\":419,\"caption\":\"Concello de Ferrol\"},\"image\":{\"@id\":\"https:\/\/www.ferrolcultura.gal\/#\/schema\/logo\/image\/\"},\"sameAs\":[\"https:\/\/www.facebook.com\/ConcellodeFerrol\",\"https:\/\/x.com\/ferroloficial\",\"https:\/\/www.instagram.com\/concellodeferrol\",\"https:\/\/youtube.com\/@ferrolcultura\"]}]}<\/script>\r\n<!-- \/ Yoast SEO plugin. -->","yoast_head_json":{"title":"Exposiciones anteriores - Ferrol Cultura","robots":{"index":"index","follow":"follow","max-snippet":"max-snippet:-1","max-image-preview":"max-image-preview:large","max-video-preview":"max-video-preview:-1"},"canonical":"https:\/\/www.ferrolcultura.gal\/index.php\/centros-culturales\/torrent-ballester\/exposiciones-anteriores\/","og_locale":"gl_ES","og_type":"article","og_title":"Exposiciones anteriores - Ferrol Cultura","og_description":"[vc_row][vc_column][\/vc_column][\/vc_row]","og_url":"https:\/\/www.ferrolcultura.gal\/index.php\/centros-culturales\/torrent-ballester\/exposiciones-anteriores\/?lang=es","og_site_name":"Ferrol Cultura","article_publisher":"https:\/\/www.facebook.com\/ConcellodeFerrol","article_modified_time":"2024-04-30T12:18:59+00:00","twitter_card":"summary_large_image","twitter_site":"@ferroloficial","schema":{"@context":"https:\/\/schema.org","@graph":[{"@type":"WebPage","@id":"https:\/\/www.ferrolcultura.gal\/index.php\/centros-culturales\/torrent-ballester\/exposiciones-anteriores\/?lang=es","url":"https:\/\/www.ferrolcultura.gal\/index.php\/centros-culturales\/torrent-ballester\/exposiciones-anteriores\/?lang=es","name":"Exposiciones anteriores - Ferrol Cultura","isPartOf":{"@id":"https:\/\/www.ferrolcultura.gal\/#website"},"datePublished":"2023-04-28T08:18:53+00:00","dateModified":"2024-04-30T12:18:59+00:00","breadcrumb":{"@id":"https:\/\/www.ferrolcultura.gal\/index.php\/centros-culturales\/torrent-ballester\/exposiciones-anteriores\/?lang=es#breadcrumb"},"inLanguage":"gl-ES","potentialAction":[{"@type":"ReadAction","target":["https:\/\/www.ferrolcultura.gal\/index.php\/centros-culturales\/torrent-ballester\/exposiciones-anteriores\/?lang=es"]}]},{"@type":"BreadcrumbList","@id":"https:\/\/www.ferrolcultura.gal\/index.php\/centros-culturales\/torrent-ballester\/exposiciones-anteriores\/?lang=es#breadcrumb","itemListElement":[{"@type":"ListItem","position":1,"name":"Portada","item":"https:\/\/www.ferrolcultura.gal\/"},{"@type":"ListItem","position":2,"name":"Centros culturales","item":"https:\/\/www.ferrolcultura.gal\/index.php\/centros-culturales\/"},{"@type":"ListItem","position":3,"name":"Centro Cultural Torrente Ballester","item":"https:\/\/www.ferrolcultura.gal\/index.php\/centros-culturales\/torrent-ballester\/"},{"@type":"ListItem","position":4,"name":"Exposiciones anteriores"}]},{"@type":"WebSite","@id":"https:\/\/www.ferrolcultura.gal\/#website","url":"https:\/\/www.ferrolcultura.gal\/","name":"Ferrol Cultura","description":"P\u00e1xina de Cultura do Concello de Ferrol","publisher":{"@id":"https:\/\/www.ferrolcultura.gal\/#organization"},"potentialAction":[{"@type":"SearchAction","target":{"@type":"EntryPoint","urlTemplate":"https:\/\/www.ferrolcultura.gal\/?s={search_term_string}"},"query-input":{"@type":"PropertyValueSpecification","valueRequired":true,"valueName":"search_term_string"}}],"inLanguage":"gl-ES"},{"@type":"Organization","@id":"https:\/\/www.ferrolcultura.gal\/#organization","name":"Concello de Ferrol","url":"https:\/\/www.ferrolcultura.gal\/","logo":{"@type":"ImageObject","inLanguage":"gl-ES","@id":"https:\/\/www.ferrolcultura.gal\/#\/schema\/logo\/image\/","url":"http:\/\/www.ferrolcultura.gal\/wp-content\/uploads\/2023\/03\/Concello-de-Ferrol-Cultura.png","contentUrl":"http:\/\/www.ferrolcultura.gal\/wp-content\/uploads\/2023\/03\/Concello-de-Ferrol-Cultura.png","width":3033,"height":419,"caption":"Concello de Ferrol"},"image":{"@id":"https:\/\/www.ferrolcultura.gal\/#\/schema\/logo\/image\/"},"sameAs":["https:\/\/www.facebook.com\/ConcellodeFerrol","https:\/\/x.com\/ferroloficial","https:\/\/www.instagram.com\/concellodeferrol","https:\/\/youtube.com\/@ferrolcultura"]}]}},"_links":{"self":[{"href":"https:\/\/www.ferrolcultura.gal\/index.php\/wp-json\/wp\/v2\/pages\/4746","targetHints":{"allow":["GET"]}}],"collection":[{"href":"https:\/\/www.ferrolcultura.gal\/index.php\/wp-json\/wp\/v2\/pages"}],"about":[{"href":"https:\/\/www.ferrolcultura.gal\/index.php\/wp-json\/wp\/v2\/types\/page"}],"author":[{"embeddable":true,"href":"https:\/\/www.ferrolcultura.gal\/index.php\/wp-json\/wp\/v2\/users\/7"}],"replies":[{"embeddable":true,"href":"https:\/\/www.ferrolcultura.gal\/index.php\/wp-json\/wp\/v2\/comments?post=4746"}],"version-history":[{"count":1,"href":"https:\/\/www.ferrolcultura.gal\/index.php\/wp-json\/wp\/v2\/pages\/4746\/revisions"}],"predecessor-version":[{"id":6278,"href":"https:\/\/www.ferrolcultura.gal\/index.php\/wp-json\/wp\/v2\/pages\/4746\/revisions\/6278"}],"up":[{"embeddable":true,"href":"https:\/\/www.ferrolcultura.gal\/index.php\/wp-json\/wp\/v2\/pages\/4130"}],"wp:attachment":[{"href":"https:\/\/www.ferrolcultura.gal\/index.php\/wp-json\/wp\/v2\/media?parent=4746"}],"curies":[{"name":"wp","href":"https:\/\/api.w.org\/{rel}","templated":true}]}}